{"id":13377,"date":"2019-09-12T16:19:55","date_gmt":"2019-09-12T20:19:55","guid":{"rendered":"https:\/\/www.upr.edu\/ponce\/?page_id=13377"},"modified":"2023-09-27T11:17:43","modified_gmt":"2023-09-27T15:17:43","slug":"programa-psicologia-forense","status":"publish","type":"page","link":"https:\/\/www.uprp.edu\/en\/articulos\/academicos\/departamentos\/ciso\/programa-psicologia-forense\/","title":{"rendered":"Programa de Psicolog\u00eda Forense"},"content":{"rendered":"<div class=\"wpb-content-wrapper\" id=\"wpb-content-root\"><section class=\"vc_section vc_row-o-full-height vc_section-o-content-top vc_section-flex\"><div class=\"vc_row wpb_row vc_row-fluid full-width-wrap dt-default\" style=\"padding-left: 0px;padding-right: 0px;margin-top: 0px;margin-bottom: 0px\"><div class=\"wpb_column vc_column_container vc_col-sm-12 vc_col-xs-12\"><div class=\"vc_column-inner\"><div class=\"wpb_wrapper\"><div id=\"ultib3-33247888406a9b9ae02caf6\" class=\"vc_custom_1568319176838 ultb3-box ult-adjust-bottom-margin\" style=\"background-color: rgba(255,255,255,0.01);\"><div class=\"ultb3-box-overlay\" style=\"background:rgba(255,255,255,0.01);\"><\/div><img decoding=\"async\" src=\"https:\/\/www.uprp.edu\/wp-content\/uploads\/sites\/11\/2014\/10\/uprp_sombra_2-e1469047337875.png\" style=\"\" class=\"ultb3-img ultb3-img-top-right\" alt=\"Banner con Sombra UPRP\"\/><div id=\"Info-banner-wrap6338\" class=\"ultb3-info ib3-info-left\" data-animation=\"\" data-animation-delay=\"03\"><div class=\"ultb3-title ult-responsive\"  data-ultimate-target='#Info-banner-wrap6338 .ultb3-title'  data-responsive-json-new='{\"font-size\":\"desktop:32px;\",\"line-height\":\"\"}'  style=\"font-family:Open Sans;font-weight:normal;font-style:normal;\">Programa de Psicolog\u00eda Forense<\/div><div class=\"ultb3-desc ult-responsive\"  data-ultimate-target='#Info-banner-wrap6338 .ultb3-desc'  data-responsive-json-new='{\"font-size\":\"desktop:18px;\",\"line-height\":\"\"}'  style=\"font-family:Open Sans;font-style:italic;font-weight:normal;font-style:normal;\">Departamento de Ciencias Sociales<\/div><\/div><\/div><style>\n\t\t\t\t\t#ultib3-33247888406a9b9ae02caf6 {\n\t\t\t\t\t\tmin-height:50px;\n\t\t\t\t\t}\n\t\t\t\t\t#ultib3-33247888406a9b9ae02caf6 img.ultb3-img {\n\t\t\t\t\t\theight: px;\n\t\t\t\t\t}\n\t\t\t\t\t#ultib3-33247888406a9b9ae02caf6 .ultb3-btn {\n\t\t\t\t\t\tborder:2px solid #fcfcfc;border-radius:50px;color:#1e73be;\n\t\t\t\t\t}\n\t\t\t\t\t#ultib3-33247888406a9b9ae02caf6 .ultb3-btn:hover {\n\t\t\t\t\t\tbackground:#fcfcfc;color:#dd3333;\n\t\t\t\t\t}\n\t\t\t\t\t#ultib3-33247888406a9b9ae02caf6 .ultb3-btn:focus {\n\t\t\t\t\t\toutline: 2px solid #005fcc;\n\t\t\t\t\t\toutline-offset: 2px;\n\t\t\t\t\t}\n\t\t\t\t<\/style><div class=\"ult-spacer spacer-6a9b9ae02cb56\" data-id=\"6a9b9ae02cb56\" data-height=\"10\" data-height-mobile=\"10\" data-height-tab=\"10\" data-height-tab-portrait=\"\" data-height-mobile-landscape=\"\" style=\"clear:both;display:block;\"><\/div><\/div><\/div><\/div><\/div><div class=\"vc_row wpb_row vc_row-fluid full-width-wrap dt-default\" style=\"padding-left: 0px;padding-right: 0px;margin-top: 0px;margin-bottom: 0px\"><div class=\"wpb_column vc_column_container vc_col-sm-12 vc_col-xs-12\"><div class=\"vc_column-inner vc_custom_1695827734338\"><div class=\"wpb_wrapper\"><div class=\"vc_tta-container\" data-vc-action=\"collapse\" id=\"menu-tour\"><div class=\"vc_general vc_tta vc_tta-tabs vc_tta-color-custom vc_tta-style-modern vc_tta-shape-rounded vc_tta-spacing-4 vc_tta-gap-4 vc_tta-o-no-fill vc_tta-tabs-position-left vc_tta-controls-align-left\" style=\"--vc-tta-color: #5AA1E3; --vc-tta-color-contrast: #fff; --vc-tta-active-color: #F8F8F8; --vc-tta-active-color-contrast: #666; --vc-tta-spacing: 4px; --vc-tta-gap: 4px;\"><div class=\"vc_tta-tabs-container\"><ul class=\"vc_tta-tabs-list\" role=\"tablist\"><li class=\"vc_tta-tab vc_active\" data-vc-tab role=\"presentation\"><h4 class=\"vc_tta-panel-title\"><a href=\"#program-desc\" data-vc-tabs data-vc-container=\".vc_tta\" role=\"tab\" aria-selected=\"false\" id=\"tab-program-desc\"><span class=\"vc_tta-title-text\">Descripci\u00f3n del Programa<\/span><\/a><\/h4><\/li><li class=\"vc_tta-tab\" data-vc-tab role=\"presentation\"><h4 class=\"vc_tta-panel-title\"><a href=\"#mision-vision\" data-vc-tabs data-vc-container=\".vc_tta\" role=\"tab\" aria-selected=\"false\" id=\"tab-mision-vision\"><span class=\"vc_tta-title-text\">Misi\u00f3n y Visi\u00f3n<\/span><\/a><\/h4><\/li><li class=\"vc_tta-tab\" data-vc-tab role=\"presentation\"><h4 class=\"vc_tta-panel-title\"><a href=\"#metas-objetivos\" data-vc-tabs data-vc-container=\".vc_tta\" role=\"tab\" aria-selected=\"false\" id=\"tab-metas-objetivos\"><span class=\"vc_tta-title-text\">Metas y Objetivos<\/span><\/a><\/h4><\/li><\/ul><\/div><div class=\"vc_tta-panels-container\"><div class=\"vc_tta-panels\"><div class=\"vc_tta-panel vc_active\" id=\"program-desc\" data-vc-content=\".vc_tta-panel-body\"><div class=\"vc_tta-panel-heading\"><h4 class=\"vc_tta-panel-title\"><a href=\"#program-desc\" data-vc-accordion data-vc-container=\".vc_tta-container\"><span class=\"vc_tta-title-text\">Descripci\u00f3n del Programa<\/span><\/a><\/h4><\/div><div class=\"vc_tta-panel-body\"><div class=\"vc_row wpb_row vc_inner vc_row-fluid\"><div class=\"header-bgcolor wpb_column vc_column_container vc_col-sm-12 vc_col-xs-12\"><div class=\"vc_column-inner\"><div class=\"wpb_wrapper\"><q class=\"h3-size shortcode-pullquote wf-cell align-left wf-1\"><h3 style=\"text-align: center\"><span style=\"color: #3a3a3a\">Descripci\u00f3n del Programa<\/span><\/h3>\n<\/q><\/div><\/div><\/div><\/div><div class=\"ult-spacer spacer-6a9b9ae02e317\" data-id=\"6a9b9ae02e317\" data-height=\"10\" data-height-mobile=\"10\" data-height-tab=\"10\" data-height-tab-portrait=\"\" data-height-mobile-landscape=\"\" style=\"clear:both;display:block;\"><\/div><div class=\"vc_row wpb_row vc_inner vc_row-fluid\"><div class=\"change-bgcolor wpb_column vc_column_container vc_col-sm-12 vc_col-lg-5 vc_col-md-5 vc_col-xs-12\"><div class=\"vc_column-inner\"><div class=\"wpb_wrapper\"><blockquote class=\"h3-size shortcode-blockquote block-style-widget\"><h3 style=\"text-align: center\"><span style=\"color: #333333\">Sobre el Programa<\/span><\/h3>\n<\/blockquote><\/div><\/div><\/div><div class=\"change-bgcolor wpb_column vc_column_container vc_col-sm-12 vc_col-lg-7 vc_col-md-7 vc_col-xs-12\"><div class=\"vc_column-inner\"><div class=\"wpb_wrapper\"><blockquote class=\"h3-size shortcode-blockquote block-style-widget\"><h3 style=\"text-align: center\"><span style=\"color: #333333\">Prop\u00f3sito y Duraci\u00f3n del Programa<\/span><\/h3>\n<\/blockquote><\/div><\/div><\/div><\/div><div class=\"ult-spacer spacer-6a9b9ae02e7d3\" data-id=\"6a9b9ae02e7d3\" data-height=\"10\" data-height-mobile=\"10\" data-height-tab=\"10\" data-height-tab-portrait=\"\" data-height-mobile-landscape=\"\" style=\"clear:both;display:block;\"><\/div><div class=\"vc_row wpb_row vc_inner vc_row-fluid\"><div class=\"wpb_column vc_column_container vc_col-sm-5 vc_col-lg-5 vc_col-md-5 vc_col-xs-12\"><div class=\"vc_column-inner\"><div class=\"wpb_wrapper\">\n\t<div class=\"wpb_text_column wpb_content_element\" >\n\t\t<div class=\"wpb_wrapper\">\n\t\t\t<h4 style=\"text-align: justify\"><span style=\"padding-left: 30px\">I<\/span>ste es un programa innovador orientado hacia el desarrollo integral y profesional de personas interesadas en obtener una preparaci\u00f3n acad\u00e9mica que les permita ocupar posiciones tales como:<\/h4>\n\n\t\t<\/div>\n\t<\/div>\n<div class=\"standard-arrow list-divider bullet-top\"><blockquote>\n<ul>\n<li style=\"text-align: justify\">\n<h4>T\u00e9cnicos de Servicios Contra la Adicci\u00f3n,<\/h4>\n<\/li>\n<li style=\"text-align: justify\">\n<h4>T\u00e9cnicos Socio-penales,<\/h4>\n<\/li>\n<li style=\"text-align: justify\">\n<h4>T\u00e9cnicos Comunitarios,<\/h4>\n<\/li>\n<li style=\"text-align: justify\">\n<h4>T\u00e9cnicos Psicosociales,<\/h4>\n<\/li>\n<li style=\"text-align: justify\">\n<h4>Manejadores de Casos y<\/h4>\n<\/li>\n<li style=\"text-align: justify\">\n<h4>Asistentes de Psic\u00f3logos.<\/h4>\n<\/li>\n<\/ul>\n<\/blockquote>\n<\/div>\n\t<div class=\"wpb_text_column wpb_content_element\" >\n\t\t<div class=\"wpb_wrapper\">\n\t\t\t<h4 style=\"text-align: justify\"><span style=\"padding-left: 30px\">I<\/span>ste profesional se preparar\u00e1 con unos conocimientos esenciales para el manejo adecuado de casos de manera que pueda servir de agente de cambio y confrontar la problem\u00e1tica social.\u00a0 Los bachilleratos tradicionales no contemplan en sus curr\u00edculos esta preparaci\u00f3n.<\/h4>\n\n\t\t<\/div>\n\t<\/div>\n<\/div><\/div><\/div><div class=\"wpb_column vc_column_container vc_col-sm-12 vc_col-lg-7 vc_col-md-7 vc_col-xs-12\"><div class=\"vc_column-inner\"><div class=\"wpb_wrapper\">\n\t<div class=\"wpb_text_column wpb_content_element\" >\n\t\t<div class=\"wpb_wrapper\">\n\t\t\t<h4 style=\"text-align: justify\"><span style=\"padding-left: 30px\">I<\/span>l Programa tiene como prop\u00f3sito fundamental la preparaci\u00f3n de un especialista en conducta humana \u00e9tico y bien capacitado para contribuir con la rehabilitaci\u00f3n de los confinados en instituciones de Correcci\u00f3n, con pacientes en los hospitales de psiquiatr\u00eda, clientes de los centros de Servicios Contra la Adicci\u00f3n a Drogas, en Servicios a la Familia y otras instituciones tanto p\u00fablicas como privadas que ofrezcan servicios de rehabilitaci\u00f3n y salud mental.<\/h4>\n\n\t\t<\/div>\n\t<\/div>\n\n\t<div class=\"wpb_text_column wpb_content_element\" >\n\t\t<div class=\"wpb_wrapper\">\n\t\t\t<h4 style=\"text-align: justify\"><span style=\"padding-left: 30px\">R<\/span>a concentraci\u00f3n en Psicolog\u00eda Forense proveer\u00e1 adem\u00e1s un trasfondo interdisciplinario apropiado para estudiantes que deseen proseguir carreras en psicolog\u00eda, trabajo social, derecho y otras profesiones relacionadas con la justicia criminal.<\/h4>\n\n\t\t<\/div>\n\t<\/div>\n\n\t<div class=\"wpb_text_column wpb_content_element\" >\n\t\t<div class=\"wpb_wrapper\">\n\t\t\t<h4 style=\"text-align: justify\"><span style=\"padding-left: 30px\">I<\/span>ste programa tendr\u00e1 una duraci\u00f3n de cuatro (4) a\u00f1os divididos en ocho (8) semestres de estudios universitarios.\u00a0 Los egresados del Bachillerato en Psicolog\u00eda Forense podr\u00e1n ser empleados en los siguientes programas y servicios ofrecidos por el gobierno de Puerto Rico y las agencias privadas:<\/h4>\n\n\t\t<\/div>\n\t<\/div>\n<div class=\"standard-arrow list-divider bullet-top\"><blockquote>\n<ul>\n<li style=\"text-align: justify\">\n<h4>Programas del Sistema de Correcci\u00f3n y Rehabilitaci\u00f3n,<\/h4>\n<\/li>\n<li style=\"text-align: justify\">\n<h4>Programa de Salud Mental y Servicios contra la Adicci\u00f3n y Alcoholismo,<\/h4>\n<\/li>\n<li style=\"text-align: justify\">\n<h4>Tribunales de Justicia,<\/h4>\n<\/li>\n<li style=\"text-align: justify\">\n<h4>\u00c1rea de Determinaci\u00f3n de Incapacidad del Seguro Social,<\/h4>\n<\/li>\n<li style=\"text-align: justify\">\n<h4>el Departamento del Trabajo (\u00c1rea de determinaci\u00f3n de compensaciones),<\/h4>\n<\/li>\n<li style=\"text-align: justify\">\n<h4>Instituciones Juveniles,<\/h4>\n<\/li>\n<li style=\"text-align: justify\">\n<h4>entre otros.<\/h4>\n<\/li>\n<\/ul>\n<\/blockquote>\n<\/div><\/div><\/div><\/div><\/div><div class=\"vc_empty_space\"   style=\"height: 1px\"><span class=\"vc_empty_space_inner\"><\/span><\/div><\/div><\/div><div class=\"vc_tta-panel\" id=\"mision-vision\" data-vc-content=\".vc_tta-panel-body\"><div class=\"vc_tta-panel-heading\"><h4 class=\"vc_tta-panel-title\"><a href=\"#mision-vision\" data-vc-accordion data-vc-container=\".vc_tta-container\"><span class=\"vc_tta-title-text\">Misi\u00f3n y Visi\u00f3n<\/span><\/a><\/h4><\/div><div class=\"vc_tta-panel-body\"><div class=\"vc_row wpb_row vc_inner vc_row-fluid\"><div class=\"header-bgcolor wpb_column vc_column_container vc_col-sm-12 vc_col-xs-12\"><div class=\"vc_column-inner\"><div class=\"wpb_wrapper\"><q class=\"h3-size shortcode-pullquote wf-cell align-left wf-1\"><h3 style=\"text-align: center\"><span style=\"color: #3a3a3a\">Misi\u00f3n y\u00a0Visi\u00f3n del Programa<\/span><\/h3>\n<\/q><\/div><\/div><\/div><\/div><div class=\"ult-spacer spacer-6a9b9ae02fbad\" data-id=\"6a9b9ae02fbad\" data-height=\"10\" data-height-mobile=\"10\" data-height-tab=\"10\" data-height-tab-portrait=\"\" data-height-mobile-landscape=\"\" style=\"clear:both;display:block;\"><\/div><div class=\"vc_row wpb_row vc_inner vc_row-fluid\"><div class=\"change-bgcolor wpb_column vc_column_container vc_col-sm-12 vc_col-lg-8 vc_col-md-8 vc_col-xs-12\"><div class=\"vc_column-inner\"><div class=\"wpb_wrapper\"><blockquote class=\"h3-size shortcode-blockquote block-style-widget\"><h3 style=\"text-align: center\"><span style=\"color: #333333\">Mission<\/span><\/h3>\n<\/blockquote><\/div><\/div><\/div><div class=\"change-bgcolor wpb_column vc_column_container vc_col-sm-12 vc_col-lg-4 vc_col-md-4 vc_col-xs-12\"><div class=\"vc_column-inner\"><div class=\"wpb_wrapper\"><blockquote class=\"h3-size shortcode-blockquote block-style-widget\"><h3 style=\"text-align: center\"><span style=\"color: #333333\">Visi\u00f3n<\/span><\/h3>\n<\/blockquote><\/div><\/div><\/div><\/div><div class=\"ult-spacer spacer-6a9b9ae03003b\" data-id=\"6a9b9ae03003b\" data-height=\"10\" data-height-mobile=\"10\" data-height-tab=\"10\" data-height-tab-portrait=\"\" data-height-mobile-landscape=\"\" style=\"clear:both;display:block;\"><\/div><div class=\"vc_row wpb_row vc_inner vc_row-fluid\"><div class=\"wpb_column vc_column_container vc_col-sm-12 vc_col-lg-4 vc_col-md-4 vc_col-xs-12\"><div class=\"vc_column-inner\"><div class=\"wpb_wrapper\">\n\t<div class=\"wpb_text_column wpb_content_element\" >\n\t\t<div class=\"wpb_wrapper\">\n\t\t\t<h4 style=\"text-align: justify\"><span style=\"padding-left: 30px\">I<\/span>l Bachillerato en Psicolog\u00eda Forense cuya especialidad es \u00fanica en Puerto Rico, se fundamenta en proveer al estudiantado la oportunidad de que obtengan los conocimientos te\u00f3ricos y pr\u00e1cticos para ejercer una profesi\u00f3n que llenar\u00e1 unas necesidades de servicio en el Sistema de Justicia Criminal y otros programas de rehabilitaci\u00f3n y salud mental.<\/h4>\n\n\t\t<\/div>\n\t<\/div>\n\n\t<div class=\"wpb_text_column wpb_content_element\" >\n\t\t<div class=\"wpb_wrapper\">\n\t\t\t<h4 style=\"text-align: justify\"><span style=\"padding-left: 30px\">I<\/span>ste es un programa innovador orientado hacia el desarrollo integral y profesional de personas interesadas en obtener una preparaci\u00f3n acad\u00e9mica como T\u00e9cnicos de Servicios contra la Adicci\u00f3n, T\u00e9cnicos Socio-penales, T\u00e9cnicos Comunitarios y T\u00e9cnicos Psicosociales.<\/h4>\n<h4 style=\"text-align: justify\"><span style=\"padding-left: 30px\">I<\/span>ste profesional se preparar\u00e1 con unos conocimientos esenciales para el manejo adecuado de casos de manera que pueda servir de agente de cambio y confrontar la problem\u00e1tica social.<\/h4>\n\n\t\t<\/div>\n\t<\/div>\n<\/div><\/div><\/div><div class=\"wpb_column vc_column_container vc_col-sm-12 vc_col-lg-4 vc_col-md-4 vc_col-xs-12\"><div class=\"vc_column-inner\"><div class=\"wpb_wrapper\">\n\t<div class=\"wpb_text_column wpb_content_element\" >\n\t\t<div class=\"wpb_wrapper\">\n\t\t\t<h4 style=\"text-align: justify\"><span style=\"padding-left: 30px\">I<\/span>l programa tiene como prop\u00f3sito fundamental la preparaci\u00f3n de un profesional de la conducta humana que contribuir\u00e1 con la rehabilitaci\u00f3n de los confinados en Instituciones Correccionales e Instituciones Juveniles.<\/h4>\n<h4 style=\"text-align: justify\"><span style=\"padding-left: 30px\">T<\/span>ambi\u00e9n estar\u00e1 capacitado para ofrecer servicios a pacientes en Cl\u00ednicas Ambulatorias y Hospitales de Psiquiatr\u00eda, a clientes en programas de tratamiento y rehabilitaci\u00f3n de adictos y en los del Departamento de Servicios a la Familia.<\/h4>\n<h4 style=\"text-align: justify\"><span style=\"padding-left: 30px\">A<\/span>dem\u00e1s, podr\u00e1 trabajar en la fase de prevenci\u00f3n en otras agencias gubernamentales<\/h4>\n\n\t\t<\/div>\n\t<\/div>\n<\/div><\/div><\/div><div class=\"wpb_column vc_column_container vc_col-sm-12 vc_col-lg-4 vc_col-md-4 vc_col-xs-12\"><div class=\"vc_column-inner\"><div class=\"wpb_wrapper\">\n\t<div class=\"wpb_text_column wpb_content_element\" >\n\t\t<div class=\"wpb_wrapper\">\n\t\t\t<h4 style=\"text-align: justify\"><span style=\"padding-left: 30px\">C<\/span>reparar personas con una perspectiva amplia y flexible de la conducta y el potencial de rehabilitaci\u00f3n del ser humano; con una formaci\u00f3n liberal e integradora, las competencias necesarias, un alto grado de sensibilidad y compromiso \u00e9tico con el bienestar f\u00edsico, social y emocional de sus semejantes.<\/h4>\n\n\t\t<\/div>\n\t<\/div>\n<\/div><\/div><\/div><\/div><div class=\"ult-spacer spacer-6a9b9ae030b6a\" data-id=\"6a9b9ae030b6a\" data-height=\"10\" data-height-mobile=\"10\" data-height-tab=\"10\" data-height-tab-portrait=\"\" data-height-mobile-landscape=\"\" style=\"clear:both;display:block;\"><\/div><\/div><\/div><div class=\"vc_tta-panel\" id=\"metas-objetivos\" data-vc-content=\".vc_tta-panel-body\"><div class=\"vc_tta-panel-heading\"><h4 class=\"vc_tta-panel-title\"><a href=\"#metas-objetivos\" data-vc-accordion data-vc-container=\".vc_tta-container\"><span class=\"vc_tta-title-text\">Metas y Objetivos<\/span><\/a><\/h4><\/div><div class=\"vc_tta-panel-body\"><div class=\"vc_row wpb_row vc_inner vc_row-fluid\"><div class=\"header-bgcolor wpb_column vc_column_container vc_col-sm-12 vc_col-xs-12\"><div class=\"vc_column-inner\"><div class=\"wpb_wrapper\"><q class=\"h3-size shortcode-pullquote wf-cell align-left wf-1\"><h3 style=\"text-align: center\"><span style=\"color: #3a3a3a\">Metas y Objetivos del Programa<\/span><\/h3>\n<\/q><\/div><\/div><\/div><\/div><div class=\"ult-spacer spacer-6a9b9ae0310fb\" data-id=\"6a9b9ae0310fb\" data-height=\"10\" data-height-mobile=\"10\" data-height-tab=\"10\" data-height-tab-portrait=\"\" data-height-mobile-landscape=\"\" style=\"clear:both;display:block;\"><\/div><div class=\"vc_row wpb_row vc_inner vc_row-fluid\"><div class=\"change-bgcolor wpb_column vc_column_container vc_col-sm-12 vc_col-lg-4 vc_col-md-4 vc_col-xs-12\"><div class=\"vc_column-inner\"><div class=\"wpb_wrapper\"><blockquote class=\"h3-size shortcode-blockquote block-style-widget\"><h3 style=\"text-align: center\"><span style=\"color: #333333\">Goals<\/span><\/h3>\n<\/blockquote><\/div><\/div><\/div><div class=\"change-bgcolor wpb_column vc_column_container vc_col-sm-12 vc_col-lg-8 vc_col-md-8 vc_col-xs-12\"><div class=\"vc_column-inner\"><div class=\"wpb_wrapper\"><blockquote class=\"h3-size shortcode-blockquote block-style-widget\"><h3 style=\"text-align: center\"><span style=\"color: #333333\">Objetivos<\/span><\/h3>\n<\/blockquote><\/div><\/div><\/div><\/div><div class=\"ult-spacer spacer-6a9b9ae0315a0\" data-id=\"6a9b9ae0315a0\" data-height=\"10\" data-height-mobile=\"10\" data-height-tab=\"10\" data-height-tab-portrait=\"\" data-height-mobile-landscape=\"\" style=\"clear:both;display:block;\"><\/div><div class=\"vc_row wpb_row vc_inner vc_row-fluid\"><div class=\"wpb_column vc_column_container vc_col-sm-12 vc_col-lg-4 vc_col-md-4 vc_col-xs-12\"><div class=\"vc_column-inner\"><div class=\"wpb_wrapper\">\n\t<div class=\"wpb_text_column wpb_content_element\" >\n\t\t<div class=\"wpb_wrapper\">\n\t\t\t<h4 style=\"text-align: justify\">La meta principal del Bachillerato es la preparaci\u00f3n de un profesional que se desempe\u00f1ar\u00e1 como t\u00e9cnico en el campo de la salud mental.<\/h4>\n\n\t\t<\/div>\n\t<\/div>\n\n\t<div class=\"wpb_text_column wpb_content_element\" >\n\t\t<div class=\"wpb_wrapper\">\n\t\t\t<h4 style=\"text-align: justify\">Al completar su grado de Bachillerato, este profesional estar\u00e1 capacitado para prevenir y colaborar en la prevenci\u00f3n y en la modificaci\u00f3n del comportamiento de las personas que demuestren estar en alto riesgo de caer en comportamiento desviado. Trabajar\u00e1 bajo la supervisi\u00f3n de psic\u00f3logos, psiquiatras u otro profesional licenciado en el campo de la conducta humana.<\/h4>\n\n\t\t<\/div>\n\t<\/div>\n<\/div><\/div><\/div><div class=\"wpb_column vc_column_container vc_col-sm-12 vc_col-lg-4 vc_col-md-4 vc_col-xs-12\"><div class=\"vc_column-inner\"><div class=\"wpb_wrapper\"><div class=\"standard-number-list list-divider bullet-top\"><blockquote>\n<ol>\n<li>\n<h4>Contribuir al progreso de la psicolog\u00eda como ciencia social y biol\u00f3gica mediante la integraci\u00f3n de los conocimientos de las ciencias naturales y sociales para el estudio y la comprensi\u00f3n del comportamiento humano.<\/h4>\n<\/li>\n<li>\n<h4>Fomentar la comprensi\u00f3n y el respeto a la dignidad humana.<\/h4>\n<\/li>\n<li>\n<h4>Contribuir al entendimiento y la soluci\u00f3n de los problemas sociales que confronta el pa\u00eds.<\/h4>\n<\/li>\n<li>\n<h4>Fomentar la tolerancia hacia los seres humanos que son diferentes en escala de valores, condici\u00f3n social, econ\u00f3mica, pol\u00edtica, religi\u00f3n y otras.<\/h4>\n<\/li>\n<li>\n<h4>Fomentar el inter\u00e9s de los estudiantes por su desarrollo pleno e integral como seres humanos y como profesionales.<\/h4>\n<\/li>\n<li>\n<h4>Desarrollar valores y compromisos sociales.<\/h4>\n<\/li>\n<li>\n<h4>Desarrollar \u00e9tica profesional.<\/h4>\n<\/li>\n<li>\n<h4>Apreciar el patrimonio cultural de Puerto Rico.<\/h4>\n<\/li>\n<\/ol>\n<\/blockquote>\n<\/div><\/div><\/div><\/div><div class=\"wpb_column vc_column_container vc_col-sm-12 vc_col-lg-4 vc_col-md-4 vc_col-xs-12\"><div class=\"vc_column-inner\"><div class=\"wpb_wrapper\"><div class=\"standard-number-list list-divider bullet-top\"><blockquote>\n<ol>\n<li>\n<h4>Adquirir conocimientos introductorios sobre las ciencias sociales, naturales y las humanidades.<\/h4>\n<\/li>\n<li>\n<h4>Adquirir conocimientos sobre los m\u00e9todos y los dise\u00f1os de investigaci\u00f3n, los an\u00e1lisis estad\u00edsticos e instrumentos de medici\u00f3n en la psicolog\u00eda.<\/h4>\n<\/li>\n<li>\n<h4>Conocer y aplicar las normas \u00e9ticas en la investigaci\u00f3n y en la pr\u00e1ctica de la psicolog\u00eda, seg\u00fan establecidas por los C\u00f3digos de \u00c9tica de la Junta Examinadora de Psic\u00f3logos del Estado Libre Asociado, la Asociaci\u00f3n de Psicolog\u00eda de Puerto Rico y la <em>American Psychological Association<\/em>.<\/h4>\n<\/li>\n<li>\n<h4>Adquirir conocimientos sobre la realidad hist\u00f3rica, social y cultural de Puerto Rico.<\/h4>\n<\/li>\n<li>\n<h4>Desarrollar destrezas en el manejo de la computadora y en la aplicaci\u00f3n de la misma en los an\u00e1lisis estad\u00edsticos pertinentes a las Ciencias Sociales.<\/h4>\n<\/li>\n<li>\n<h4>Desarrollar destrezas de ingl\u00e9s conversacional.<\/h4>\n<\/li>\n<li>\n<h4>Desarrollar habilidades anal\u00edticas y de pensamiento cr\u00edtico.<\/h4>\n<\/li>\n<li>\n<h4>Desarrollar destrezas para la obtenci\u00f3n de informaci\u00f3n por medio de la red de Internet y de otros recursos bibliogr\u00e1ficos.<\/h4>\n<\/li>\n<li>\n<h4>Desarrollar destrezas para la toma de decisiones en equipo interdisciplinario.<\/h4>\n<\/li>\n<li>\n<h4>Desarrollar destrezas para la conceptualizaci\u00f3n y el manejo de casos en escenarios de trabajo vinculados a la aplicaci\u00f3n de la psicolog\u00eda al sistema legal.<\/h4>\n<\/li>\n<li>\n<h4>Desarrollar destrezas de investigaci\u00f3n.<\/h4>\n<\/li>\n<li>\n<h4>Adquirir conocimientos sobre t\u00e9cnicas de entrevistas, din\u00e1micas de grupos, relaciones interpersonales, trabajo en equipo y manejo de casos.<\/h4>\n<\/li>\n<li>\n<h4>Adquirir conocimientos de la psicolog\u00eda y del sistema legal en una variedad de escenarios como salones de clases, laboratorios de conducta humana, conferencias, talleres y centros de pr\u00e1ctica.<\/h4>\n<\/li>\n<li>\n<h4>Adquirir habilidades de comunicaci\u00f3n oral y escrita para el desempe\u00f1o profesional.<\/h4>\n<\/li>\n<li>\n<h4>Entender la importancia de la \u00e9tica en la pr\u00e1ctica profesional de la psicolog\u00eda.<\/h4>\n<\/li>\n<\/ol>\n<\/blockquote>\n<\/div><\/div><\/div><\/div><\/div><div class=\"ult-spacer spacer-6a9b9ae0320b6\" data-id=\"6a9b9ae0320b6\" data-height=\"10\" data-height-mobile=\"10\" data-height-tab=\"10\" data-height-tab-portrait=\"\" data-height-mobile-landscape=\"\" style=\"clear:both;display:block;\"><\/div><\/div><\/div><\/div><\/div><\/div><\/div>\n\t<div class=\"wpb_raw_code wpb_raw_js\" >\n\t\t<div class=\"wpb_wrapper\">\n\t\t\t<script> \n\t( function( $ )\n\t{ \tsetTimeout( function()\n\t\t{\tlet anchor = $( '#menu-tour > div > .vc_tta-tabs-container > ul > .vc_tta-tab > a' );\n\t\t\t\tanchor.each( function()\n\t\t\t{ $( this ).attr( 'title', 'Ver contenido: ' + $( this ).find( 'span' ).text()); \n\t\t\t});\n\t\t}, 500 );\n\t})( jQuery );\n<\/script>\n\t\t<\/div>\n\t<\/div>\n<\/div><\/div><\/div><\/div><\/section>\n<\/div>","protected":false},"excerpt":{"rendered":"<p>Programa de Psicolog\u00eda ForenseDepartamento de Ciencias SocialesDescripci\u00f3n del ProgramaMisi\u00f3n y Visi\u00f3nMetas y ObjetivosDescripci\u00f3n del ProgramaDescripci\u00f3n del Programa Sobre el Programa Prop\u00f3sito y Duraci\u00f3n del Programa Este es un programa innovador orientado hacia el desarrollo integral y profesional de personas interesadas en obtener una preparaci\u00f3n acad\u00e9mica que les permita ocupar posiciones tales como: T\u00e9cnicos de Servicios&hellip; <a class=\"continue\" href=\"https:\/\/www.uprp.edu\/en\/articulos\/academicos\/departamentos\/ciso\/programa-psicologia-forense\/\">*Informaci\u00f3n adicional sobre el tema<span> Programa de Psicolog\u00eda Forense<\/span><\/a><\/p>","protected":false},"author":22,"featured_media":0,"parent":622,"menu_order":118,"comment_status":"closed","ping_status":"closed","template":"","meta":{"_themeisle_gutenberg_block_has_review":false,"footnotes":""},"class_list":["post-13377","page","type-page","status-publish","hentry","description-off"],"_links":{"self":[{"href":"https:\/\/www.uprp.edu\/en\/wp-json\/wp\/v2\/pages\/13377","targetHints":{"allow":["GET"]}}],"collection":[{"href":"https:\/\/www.uprp.edu\/en\/wp-json\/wp\/v2\/pages"}],"about":[{"href":"https:\/\/www.uprp.edu\/en\/wp-json\/wp\/v2\/types\/page"}],"author":[{"embeddable":true,"href":"https:\/\/www.uprp.edu\/en\/wp-json\/wp\/v2\/users\/22"}],"replies":[{"embeddable":true,"href":"https:\/\/www.uprp.edu\/en\/wp-json\/wp\/v2\/comments?post=13377"}],"version-history":[{"count":25,"href":"https:\/\/www.uprp.edu\/en\/wp-json\/wp\/v2\/pages\/13377\/revisions"}],"predecessor-version":[{"id":28552,"href":"https:\/\/www.uprp.edu\/en\/wp-json\/wp\/v2\/pages\/13377\/revisions\/28552"}],"up":[{"embeddable":true,"href":"https:\/\/www.uprp.edu\/en\/wp-json\/wp\/v2\/pages\/622"}],"wp:attachment":[{"href":"https:\/\/www.uprp.edu\/en\/wp-json\/wp\/v2\/media?parent=13377"}],"curies":[{"name":"wp","href":"https:\/\/api.w.org\/{rel}","templated":true}]}}