{"id":16493,"date":"2020-03-22T21:32:20","date_gmt":"2020-03-23T01:32:20","guid":{"rendered":"https:\/\/www.upr.edu\/ponce\/?page_id=16493"},"modified":"2026-08-27T15:22:09","modified_gmt":"2026-08-27T19:22:09","slug":"servicios-apoyo-uprp-continuidad-academica","status":"publish","type":"page","link":"https:\/\/www.uprp.edu\/en\/articulos\/servicios-apoyo-uprp-continuidad-academica\/","title":{"rendered":"Academic's Support Services"},"content":{"rendered":"<div class=\"wpb-content-wrapper\" id=\"wpb-content-root\"><section class=\"vc_section vc_section-o-content-top vc_section-flex\"><div class=\"vc_row wpb_row vc_row-fluid full-width-wrap dt-default\" style=\"padding-left: 0px;padding-right: 0px;margin-top: 0px;margin-bottom: 0px\"><div class=\"wpb_column vc_column_container vc_col-sm-12\"><div class=\"vc_column-inner\"><div class=\"wpb_wrapper\"><div id=\"ultib3-41681272956a9500267fe00\" class=\" vc_custom_1585253293742 ultb3-box ult-adjust-bottom-margin  \" style=\"background-color: rgba(255,255,255,0.01);\"><div class=\"ultb3-box-overlay\" style=\"background:rgba(255,255,255,0.01);\"><\/div><img decoding=\"async\" src=\"https:\/\/www.uprp.edu\/wp-content\/uploads\/sites\/11\/2014\/10\/uprp_sombra_2-e1469047337875.png\" style=\"\" class=\"ultb3-img ultb3-img-top-right\" alt=\"Banner con Sombra UPRP\"\/><div id=\"Info-banner-wrap3809\" class=\"ultb3-info ib3-info-left\" data-animation=\"\" data-animation-delay=\"03\"><div class=\"ultb3-title ult-responsive\"  data-ultimate-target='#Info-banner-wrap3809 .ultb3-title'  data-responsive-json-new='{\"font-size\":\"desktop:32px;\",\"line-height\":\"\"}'  style=\"font-family:Open Sans;font-weight:normal;font-style:normal;\">Servicios de Apoyo UPRP para la Continuidad Acad\u00e9mica<\/div><div class=\"ultb3-desc ult-responsive\"  data-ultimate-target='#Info-banner-wrap3809 .ultb3-desc'  data-responsive-json-new='{\"font-size\":\"desktop:18px;\",\"line-height\":\"\"}'  style=\"font-family:Open Sans;font-style:italic;font-weight:normal;font-style:normal;\">Universidad de Puerto Rico en Ponce<\/div><\/div><\/div><style>\n\t\t\t\t\t#ultib3-41681272956a9500267fe00 {\n\t\t\t\t\t\tmin-height:50px;\n\t\t\t\t\t}\n\t\t\t\t\t#ultib3-41681272956a9500267fe00 img.ultb3-img {\n\t\t\t\t\t\theight: px;\n\t\t\t\t\t}\n\t\t\t\t\t#ultib3-41681272956a9500267fe00 .ultb3-btn {\n\t\t\t\t\t\tborder:2px solid #fcfcfc;border-radius:50px;color:#1e73be;\n\t\t\t\t\t}\n\t\t\t\t\t#ultib3-41681272956a9500267fe00 .ultb3-btn:hover {\n\t\t\t\t\t\tbackground:#fcfcfc;color:#dd3333;\n\t\t\t\t\t}\n\t\t\t\t\t#ultib3-41681272956a9500267fe00 .ultb3-btn:focus {\n\t\t\t\t\t\toutline: 2px solid #005fcc;\n\t\t\t\t\t\toutline-offset: 2px;\n\t\t\t\t\t}\n\t\t\t\t<\/style><div class=\"ult-spacer spacer-6a9500267fe60\" data-id=\"6a9500267fe60\" data-height=\"\" data-height-mobile=\"\" data-height-tab=\"\" data-height-tab-portrait=\"\" data-height-mobile-landscape=\"\" style=\"clear:both;display:block;\"><\/div><\/div><\/div><\/div><\/div><div class=\"vc_row wpb_row vc_row-fluid full-width-wrap dt-default\" style=\"padding-left: 0px;padding-right: 0px;margin-top: 0px;margin-bottom: 0px\"><div class=\"wpb_column vc_column_container vc_col-sm-12\"><div class=\"vc_column-inner\"><div class=\"wpb_wrapper\"><q class=\"h4-size shortcode-pullquote wf-cell align-left wf-1\"><h4 style=\"text-align: center\">Recursos de apoyo para la continuidad acad\u00e9mica en la Universidad de Puerto Rico en Ponce<\/h4>\n<\/q><div class=\"ult-spacer spacer-6a95002680a6d\" data-id=\"6a95002680a6d\" data-height=\"10\" data-height-mobile=\"10\" data-height-tab=\"10\" data-height-tab-portrait=\"\" data-height-mobile-landscape=\"\" style=\"clear:both;display:block;\"><\/div><div class=\"vc_tta-container\" data-vc-action=\"collapse\" id=\"menu-tour\"><div class=\"vc_general vc_tta vc_tta-tabs vc_tta-color-custom vc_tta-style-modern vc_tta-shape-rounded vc_tta-spacing-4 vc_tta-gap-4  boton vc_tta-o-no-fill vc_tta-tabs-position-left vc_tta-controls-align-left vc_tta-controls-size-sm\" style=\"--vc-tta-color: #2A2A2A; --vc-tta-color-contrast: #fff; --vc-tta-active-color: #F8F8F8; --vc-tta-active-color-contrast: #666; --vc-tta-spacing: 4px; --vc-tta-gap: 4px;\"><div class=\"vc_tta-tabs-container\"><ul class=\"vc_tta-tabs-list\" role=\"tablist\"><li class=\"vc_tta-tab vc_active\" data-vc-tab role=\"presentation\"><h4 class=\"vc_tta-panel-title\"><a href=\"#apoyo-estudiantes\" data-vc-tabs data-vc-container=\".vc_tta\" role=\"tab\" aria-selected=\"false\" id=\"tab-apoyo-estudiantes\"><i class=\"vc_tta-icon fa fa-paw\"><\/i><span class=\"vc_tta-title-text\">Estudiantes<\/span><\/a><\/h4><\/li><li class=\"vc_tta-tab\" data-vc-tab role=\"presentation\"><h4 class=\"vc_tta-panel-title\"><a href=\"#apoyo-docentes\" data-vc-tabs data-vc-container=\".vc_tta\" role=\"tab\" aria-selected=\"false\" id=\"tab-apoyo-docentes\"><i class=\"vc_tta-icon fa fa-paw\"><\/i><span class=\"vc_tta-title-text\">Docentes<\/span><\/a><\/h4><\/li><li class=\"vc_tta-tab\" data-vc-tab role=\"presentation\"><h4 class=\"vc_tta-panel-title\"><a href=\"#acad\u00e9micos\" data-vc-tabs data-vc-container=\".vc_tta\" role=\"tab\" aria-selected=\"false\" id=\"tab-acad\u00e9micos\"><i class=\"vc_tta-icon fa fa-paw\"><\/i><span class=\"vc_tta-title-text\">Asuntos Acad\u00e9micos<\/span><\/a><\/h4><\/li><li class=\"vc_tta-tab\" data-vc-tab role=\"presentation\"><h4 class=\"vc_tta-panel-title\"><a href=\"#apoyo-tecnico\" data-vc-tabs data-vc-container=\".vc_tta\" role=\"tab\" aria-selected=\"false\" id=\"tab-apoyo-tecnico\"><i class=\"vc_tta-icon fas fa-paw\"><\/i><span class=\"vc_tta-title-text\">Apoyo T\u00e9cnico<\/span><\/a><\/h4><\/li><li class=\"vc_tta-tab\" data-vc-tab role=\"presentation\"><h4 class=\"vc_tta-panel-title\"><a href=\"#continuidad-academica-uprp\" data-vc-tabs data-vc-container=\".vc_tta\" role=\"tab\" aria-selected=\"false\" id=\"tab-continuidad-academica-uprp\"><i class=\"vc_tta-icon fa fa-paw\"><\/i><span class=\"vc_tta-title-text\">Continuidad Acad\u00e9mica<\/span><\/a><\/h4><\/li><\/ul><\/div><div class=\"vc_tta-panels-container\"><div class=\"vc_tta-panels\"><div class=\"vc_tta-panel vc_active\" id=\"apoyo-estudiantes\" data-vc-content=\".vc_tta-panel-body\"><div class=\"vc_tta-panel-heading\"><h4 class=\"vc_tta-panel-title\"><a href=\"#apoyo-estudiantes\" data-vc-accordion data-vc-container=\".vc_tta-container\"><i class=\"vc_tta-icon fa fa-paw\"><\/i><span class=\"vc_tta-title-text\">Estudiantes<\/span><\/a><\/h4><\/div><div class=\"vc_tta-panel-body\"><div class=\"vc_row wpb_row vc_inner vc_row-fluid\"><div class=\"wpb_column vc_column_container vc_col-sm-12\"><div class=\"vc_column-inner\"><div class=\"wpb_wrapper\">\n\t<div class=\"wpb_text_column wpb_content_element \" >\n\t\t<div class=\"wpb_wrapper\">\n\t\t\t<h3 style=\"text-align: left\">Si necesitas comunicarte o recibir los servicios de alguna de las oficinas del Decanato de Estudiantes, a continuaci\u00f3n te compartimos la informaci\u00f3n de contacto de cada una.<\/h3>\n\n\t\t<\/div>\n\t<\/div>\n\n\t<div class=\"wpb_text_column wpb_content_element \" >\n\t\t<div class=\"wpb_wrapper\">\n\t\t\t<div class=\"su-tabs su-tabs-style-default su-tabs-mobile-stack all_tabs\" data-active=\"1\" data-scroll-offset=\"0\" data-anchor-in-url=\"no\"><div class=\"su-tabs-nav\"><span class=\" single_tab smart-width\" data-url=\"\" data-target=\"_self\" tabindex=\"0\" role=\"button\">Admisiones<\/span><span class=\" single_tab smart-width\" data-url=\"\" data-target=\"_self\" tabindex=\"0\" role=\"button\">Asistencia Econ\u00f3mica<\/span><span class=\" single_tab smart-width\" data-url=\"\" data-target=\"_self\" tabindex=\"0\" role=\"button\">Servicios M\u00e9dicos<\/span><span class=\" single_tab smart-width\" data-url=\"\" data-target=\"_self\" tabindex=\"0\" role=\"button\">Consejer\u00eda y Servicios Psicol\u00f3gicos<\/span><span class=\" single_tab smart-width\" data-url=\"\" data-target=\"_self\" tabindex=\"0\" role=\"button\">Servicios a Estudiantes con Impedimentos<\/span><span class=\" single_tab smart-width\" data-url=\"\" data-target=\"_self\" tabindex=\"0\" role=\"button\">Otras Oficinas<\/span><span class=\" single_tab smart-width\" data-url=\"\" data-target=\"_self\" tabindex=\"0\" role=\"button\">Gu\u00eda Servicios Decanato de Estudiantes<\/span><span class=\" single_tab smart-width\" data-url=\"\" data-target=\"_self\" tabindex=\"0\" role=\"button\">Flyer de Apoyo UPRP<\/span><\/div><div class=\"su-tabs-panes\"><div class=\"su-tabs-pane su-u-clearfix su-u-trim single_tab smart-width\" data-title=\"Admisiones\"><\/p>\n<table style=\"text-align: center;min-width: 96%\">\n<tbody>\n<tr>\n<td style=\"text-align: center;min-width: 48%\">\n<blockquote>\n<h3 style=\"text-align: left\">Servicios estudiantiles interesados en admisi\u00f3n:<\/h3>\n<p style=\"text-align: left\"><strong style=\"font-family: inherit;font-size: inherit\">Admisiones:<br \/>\n<\/strong><a href=\"mailto:anayari.batista@upr.edu\">anayari.batista@upr.edu<\/a><br \/>\n<a href=\"mailto:emily.matos@upr.edu\">emily.matos@upr.edu<\/a><br \/>\n<a href=\"https:\/\/youtu.be\/eNB630eIAJA\">YouTube<\/a><\/p>\n<p style=\"text-align: left\"><strong>Reconsideraciones:<\/strong><br \/>\n<a href=\"mailto:karla.gonzalez6@upr.edu\">karla.gonzalez6@upr.edu<\/a><\/p>\n<p style=\"text-align: left\"><strong>Readmisiones:<\/strong><br \/>\n<a href=\"mailto:brenda.rodriguez10@upr.edu\">brenda.rodriguez10@upr.edu<\/a><\/p>\n<p style=\"text-align: left\"><strong>Transferencias:<\/strong><br \/>\n<a href=\"mailto:roberto.torres17@upr.edu\">roberto.torres17@upr.edu<\/a><\/p>\n<p style=\"text-align: left\">Para preguntas o consultas individuales o de transferencias, puede comunicarse a los correos electr\u00f3nicos.<\/p>\n<\/blockquote>\n<\/td>\n<\/tr>\n<\/tbody>\n<\/table>\n<p><\/div>\n<div class=\"su-tabs-pane su-u-clearfix su-u-trim single_tab smart-width\" data-title=\"Asistencia Econ\u00f3mica\"><\/p>\n<table style=\"text-align: center;min-width: 96%\">\n<tbody>\n<tr>\n<td style=\"text-align: center;min-width: 48%\">\n<blockquote>\n<h3 style=\"text-align: left\"><img fetchpriority=\"high\" decoding=\"async\" class=\"wp-image-18674 size-full alignnone\" src=\"https:\/\/www.upr.edu\/ponce\/wp-content\/uploads\/sites\/11\/2020\/08\/outlook-g1d3vxxw.png\" alt=\"outlook gdvxxw\" width=\"568\" height=\"383\" srcset=\"https:\/\/www.uprp.edu\/wp-content\/uploads\/sites\/11\/2020\/08\/outlook-g1d3vxxw.png 300w, https:\/\/www.uprp.edu\/wp-content\/uploads\/sites\/11\/2020\/08\/outlook-g1d3vxxw.png 568w\" sizes=\"(max-width: 568px) 100vw, 568px\" \/><\/h3>\n<h3 style=\"text-align: left\">Servicios estudiantiles relacionados en Asistencia Econ\u00f3mica:<\/h3>\n<p style=\"text-align: left\"><strong style=\"font-family: inherit;font-size: inherit\">Llenar solicitud de ayuda FAFSA:<br \/>\n<\/strong><a href=\"mailto:waleska.cruz3@upr.edu\">waleska.cruz3@upr.edu<\/a><\/p>\n<p style=\"text-align: left\"><strong>Solicitud de estudio y trabajo:<\/strong><br \/>\n<a href=\"mailto:nitzanet.rivera@upr.edu\">nitzanet.rivera@upr.edu<\/a><\/p>\n<p style=\"text-align: left\"><strong>Solicitud de pr\u00e9stamo directo William D. Ford:<\/strong><br \/>\n<a href=\"mailto:irma.polanco@upr.edu\">irma.polanco@upr.edu<\/a><br \/>\n<a href=\"mailto:reina.acosta@upr.edu\">reina.acosta@upr.edu<\/a><\/p>\n<p style=\"text-align: left\"><\/blockquote>\n<\/td>\n<\/tr>\n<\/tbody>\n<\/table>\n<p><\/div>\n<div class=\"su-tabs-pane su-u-clearfix su-u-trim single_tab smart-width\" data-title=\"Servicios M\u00e9dicos\"><\/p>\n<table style=\"text-align: center;min-width: 96%\">\n<tbody>\n<tr>\n<td style=\"text-align: center;min-width: 48%\">\n<blockquote>\n<h3 style=\"text-align: left\"><strong>Servicios M\u00e9dicos<\/strong><\/h3>\n<p style=\"text-align: left\"><strong style=\"font-family: inherit;font-size: inherit\">Consultas a correo electr\u00f3nico del personal y mantenerse atentos a los comunicados de prevenci\u00f3n y actualizaci\u00f3n.<br \/>\n<\/strong><\/p>\n<p style=\"text-align: left\"><strong style=\"font-family: inherit;font-size: inherit\">Dr. Yiselle L\u00f3pez, M\u00e9dico Generalista<br \/>\n<\/strong><a href=\"mailto:yiselle.lopez@upr.edu\">yiselle.lopez@upr.edu<\/a><\/p>\n<p style=\"text-align: left\"><strong>Madeline Serrano, Enfermera<\/strong><br \/>\n<a href=\"mailto:madeline.serrano@upr.edu\">madeline.serrano@upr.edu<\/a><\/p>\n<p style=\"text-align: left\"><strong>Asistente Administrativo:<br \/>\n<\/strong><a href=\"mailto:destinie.gonzalez@upr.edu\">destinie.gonzalez@upr.edu<\/a><br \/>\n<a href=\"mailto:ashley.jimenez1@upr.edu\">ashley.jimenez1@upr.edu<\/a><\/p>\n<\/blockquote>\n<\/td>\n<\/tr>\n<\/tbody>\n<\/table>\n<p><\/div>\n<div class=\"su-tabs-pane su-u-clearfix su-u-trim single_tab smart-width\" data-title=\"Consejer\u00eda y Servicios Psicol\u00f3gicos\"><\/p>\n<table style=\"text-align: center;min-width: 96%\">\n<tbody>\n<tr>\n<td style=\"text-align: center;min-width: 48%\">\n<blockquote>\n<h3 style=\"text-align: left\"><strong>Consejer\u00eda y Servicios Psicol\u00f3gicos:<\/strong><\/h3>\n<p style=\"text-align: left\"><strong>Orientaciones breves:<\/strong><br \/>\nDr. Efra\u00edn J. R\u00edos Ruiz, Director CONSEP\/ Psic\u00f3logo Cl\u00ednico<br \/>\n<a href=\"mailto:efrain.rios1@upr.edu\">efrain.rios1@upr.edu<\/a><\/p>\n<p style=\"text-align: left\"><strong>Consejer\u00eda individual:<\/strong><br \/>\nSra. Karen Quintana Seda, Asistente Administrativo<br \/>\n<a href=\"mailto:karen.quintana@upr.edu\">karen.quintana@upr.edu<\/a><\/p>\n<p style=\"text-align: left\"><strong>Consejer\u00eda vocacional:<\/strong><br \/>\nSra. Celeida Vega Rivera, Secretaria Administrativa<br \/>\n<a href=\"mailto:celeida.vega@upr.edu\">celeida.vega@upr.edu<\/a><\/p>\n<p style=\"text-align: left\"><strong>Grupos de apoyo virtual (Video llamadas por \u00abhangouts\u00bb):<\/strong><br \/>\nDra. Margarita Villamil Torres, Consejera Profesional<br \/>\n<a href=\"mailto:margarita.villamil@upr.edu\">margarita.villamil@upr.edu<\/a><\/p>\n<p style=\"text-align: left\"><strong>Notificaciones de ausencia:<\/strong><br \/>\nDra. Marisel Ram\u00edrez Rivera, Consejera Profesional<br \/>\n<a href=\"mailto:marisel.ramirez@upr.edu\">marisel.ramirez@upr.edu<\/a><\/p>\n<p style=\"text-align: left\"><strong>Servicios Psicol\u00f3gicos:<\/strong><br \/>\nProf. Manuel Luciano Rodr\u00edguez, Consejero Profesional<br \/>\n<a href=\"mailto:manuel.rodr\u00edguez@upr.edu\">manuel.rodr\u00edguez@upr.edu<\/a><\/p>\n<p style=\"text-align: left\">Dra. Maryorie Vega Su\u00e1rez, Psic\u00f3loga Cl\u00ednica<br \/>\n<a href=\"mailto:maryorie.vega@upr.edu\">maryorie.vega@upr.edu<\/a><\/p>\n<p style=\"text-align: left\">Dr. Miguel Torres P\u00e9rez, Psic\u00f3logo Cl\u00ednico<br \/>\n<a href=\"mailto:miguel.torres24@upr.edu\">miguel.torres24@upr.edu<\/a><\/p>\n<p style=\"text-align: left\">Para intervenciones en crisis 24\/7 llamar a la l\u00ednea PAS 1-800-981-0023<br \/>\nOrientaciones o citas nuevas: <a href=\"mailto:consep.ponce@upr.edu\">consep.ponce@upr.edu<\/a><\/p>\n<\/blockquote>\n<\/td>\n<\/tr>\n<\/tbody>\n<\/table>\n<p><\/div>\n<div class=\"su-tabs-pane su-u-clearfix su-u-trim single_tab smart-width\" data-title=\"Servicios a Estudiantes con Impedimentos\"><\/p>\n<table style=\"text-align: center;min-width: 96%\">\n<tbody>\n<tr>\n<td style=\"text-align: center;min-width: 48%\">\n<blockquote>\n<h3 style=\"text-align: left\"><strong>Oficina de Servicios a Estudiantes con Impedimentos:<\/strong><\/h3>\n<div style=\"text-align: left\"><span style=\"font-family: trebuchet ms, sans-serif\">La Universidad de Puerto Rico en Ponce y la <b>Oficina de Servicios a Estudiantes con Impedimentos (OSEI) <\/b>busca promover el bienestar integral de la comunidad de estudiantes con impedimentos y facilitar su inclusi\u00f3n en todas las actividades de la vida universitaria.<\/span><\/div>\n<div style=\"text-align: left\"><\/div>\n<div style=\"text-align: left\"><span style=\"font-family: trebuchet ms, sans-serif\"><b>Servicios en l\u00ednea:<\/b><\/span><\/div>\n<div>\n<ul>\n<li style=\"text-align: left\"><span style=\"font-family: trebuchet ms, sans-serif\">Coordinaci\u00f3n servicios nuevos de modificaci\u00f3n razonable.<br \/>\n<\/span><\/li>\n<li style=\"text-align: left\"><span style=\"font-family: trebuchet ms, sans-serif\">Seguimiento a casos activos.<\/span><\/li>\n<li style=\"text-align: left\"><span style=\"font-family: trebuchet ms, sans-serif\">Consultor\u00eda y apoyo a estudiantes y docentes sobre las modificaciones razonables.<\/span><\/li>\n<\/ul>\n<p style=\"text-align: left\">Puedes conocer m\u00e1s informaci\u00f3n sobre nuestra oficina en el siguiente enlace:<br \/>\n<a href=\"https:\/\/www.upr.edu\/ponce\/wp-content\/uploads\/sites\/11\/2020\/03\/osei-en-linea.pdf\">OSEI en Li\u0301nea<\/a><\/p>\n<p style=\"text-align: left\">Accede el formulario de solicitud de servicios nuevos de modificaci\u00f3n razonable en el siguiente enlace:\u00a0<a href=\"https:\/\/docs.google.com\/forms\/d\/e\/1FAIpQLSdQTaYVnReiRgBxYVjm3Kr_1efY3IDqiGy0kd1Uqwt75NN-xA\/viewform\">Solicitud Inicial Servicios de Modificaci\u00f3n Razonable<\/a>.<\/p>\n<p style=\"text-align: left\">Para seguimiento a casos activos, consultor\u00eda y apoyo a estudiantes y docentes favor de contactar a:<\/p>\n<\/div>\n<p style=\"text-align: left\"><strong style=\"font-family: inherit;font-size: inherit\">Sra. Mariel Nazario, Oficial de Programas I:<br \/>\n<\/strong><a href=\"mailto:mariel.nazario@upr.edu\">mariel.nazario@upr.edu<\/a><br \/>\n<a href=\"mailto:osei.ponce@upr.edu\">osei.ponce@upr.edu<\/a><\/p>\n<\/blockquote>\n<\/td>\n<\/tr>\n<\/tbody>\n<\/table>\n<p><\/div>\n<div class=\"su-tabs-pane su-u-clearfix su-u-trim single_tab smart-width\" data-title=\"Otras Oficinas\"><\/p>\n<table style=\"text-align: center;min-width: 96%\">\n<tbody>\n<tr>\n<td style=\"text-align: center;min-width: 48%\">\n<blockquote>\n<h3 style=\"text-align: left\"><strong>Oficina de Registro:<\/strong><\/h3>\n<p style=\"text-align: left\"><strong style=\"font-family: inherit;font-size: inherit\">Marya Santiago, Registradora<br \/>\n<\/strong><a href=\"mailto:marya.santiago@upr.edu\">marya.santiago@upr.edu<\/a><\/p>\n<p style=\"text-align: left\">Puedes solicitar una transcripci\u00f3n de cr\u00e9ditos en el siguiente enlace:<br \/>\n<strong style=\"font-family: inherit;font-size: inherit\"><a href=\"http:\/\/www.studentclearinghouse.org\">Transcripciones<\/a><\/strong><strong style=\"font-family: inherit;font-size: inherit\"><br \/>\n<\/strong><\/p>\n<p style=\"text-align: left\">Te compartimos las instrucciones para confirmar tu matr\u00edcula en el siguiente enlace:<br \/>\n<a href=\"https:\/\/www.upr.edu\/ponce\/wp-content\/uploads\/sites\/11\/2020\/03\/confirmacion-matricula-2020.pdf\">Instrucciones Confirmaci\u00f3n de Matr\u00edcula 2020<\/a><\/p>\n<p style=\"text-align: left\">Para realizar las bajas parciales, las certificaciones de las planillas y para comenzar el proceso de las bajas totales, se utiliza el portal NEXT en la direcci\u00f3n\u00a0<a href=\"http:\/\/portal.upr.edu\">Portal UPR.<\/a><\/p>\n<h3 style=\"text-align: left\"><strong style=\"font-family: inherit;font-size: inherit\">Programa Atl\u00e9tico:<\/strong><\/h3>\n<p style=\"text-align: left\"><strong>Anibal Montes, Oficial de Programa II<\/strong><br \/>\n<a href=\"mailto:anibal.montes@upr.edu\">anibal.montes@upr.edu<\/a><\/p>\n<p style=\"text-align: left\"><strong>Luis Cruz, Oficial de Educaci\u00f3n F\u00edsica<\/strong><br \/>\n<a href=\"mailto:luis.cruz24@upr.edu\">luis.cruz24@upr.edu<\/a><\/p>\n<\/blockquote>\n<\/td>\n<\/tr>\n<\/tbody>\n<\/table>\n<p><\/div>\n<div class=\"su-tabs-pane su-u-clearfix su-u-trim single_tab smart-width\" data-title=\"Gu\u00eda Servicios Decanato de Estudiantes\"><\/p>\n<table style=\"text-align: center;min-width: 96%\">\n<tbody>\n<tr>\n<td style=\"text-align: center;min-width: 48%\"><a href=\"https:\/\/www.uprp.edu\/wp-content\/uploads\/sites\/11\/2020\/05\/guia-servicios-decanato-de-estudiantes.png\" target=\"_blank\" rel=\"noopener nofollow noreferrer\"><img decoding=\"async\" class=\"aligncenter wp-image-18073 size-large\" src=\"https:\/\/www.uprp.edu\/wp-content\/uploads\/sites\/11\/2020\/05\/guia-servicios-decanato-de-estudiantes.png\" alt=\"Gu\u00eda Servicios Decanato de Estudiantes\" width=\"410\" height=\"1024\" srcset=\"https:\/\/www.uprp.edu\/wp-content\/uploads\/sites\/11\/2020\/05\/guia-servicios-decanato-de-estudiantes.png 120w, https:\/\/www.uprp.edu\/wp-content\/uploads\/sites\/11\/2020\/05\/guia-servicios-decanato-de-estudiantes.png 410w, https:\/\/www.uprp.edu\/wp-content\/uploads\/sites\/11\/2020\/05\/guia-servicios-decanato-de-estudiantes.png 600w\" sizes=\"(max-width: 410px) 100vw, 410px\" \/><\/a><\/td>\n<\/tr>\n<\/tbody>\n<\/table>\n<p><\/div>\n<div class=\"su-tabs-pane su-u-clearfix su-u-trim single_tab smart-width\" data-title=\"Flyer de Apoyo UPRP\"><\/p>\n<table style=\"text-align: center;min-width: 96%\">\n<tbody>\n<tr>\n<td style=\"text-align: center;min-width: 48%\">\n<blockquote>\n<h5 style=\"text-align: center\"><a href=\"https:\/\/www.uprp.edu\/wp-content\/uploads\/sites\/11\/2020\/03\/apoyoestudiantesuprp-410x1024.png\" target=\"_blank\" rel=\"noopener nofollow noreferrer\"><img decoding=\"async\" class=\"aligncenter size-large wp-image-16496\" src=\"https:\/\/www.uprp.edu\/wp-content\/uploads\/sites\/11\/2020\/03\/apoyoestudiantesuprp-410x1024.png\" alt=\"Apoyo a Estudiantes de UPRP\" width=\"410\" height=\"1024\" srcset=\"https:\/\/www.uprp.edu\/wp-content\/uploads\/sites\/11\/2020\/03\/apoyoestudiantesuprp-410x1024.png 410w, https:\/\/www.uprp.edu\/wp-content\/uploads\/sites\/11\/2020\/03\/apoyoestudiantesuprp-120x300.png 120w, https:\/\/www.uprp.edu\/wp-content\/uploads\/sites\/11\/2020\/03\/apoyoestudiantesuprp-768x1920.png 768w, https:\/\/www.uprp.edu\/wp-content\/uploads\/sites\/11\/2020\/03\/apoyoestudiantesuprp.png 819w\" sizes=\"(max-width: 410px) 100vw, 410px\" \/><\/a><\/h5>\n<\/blockquote>\n<\/td>\n<\/tr>\n<\/tbody>\n<\/table>\n<p><\/div><\/div><\/div>\n\n\t\t<\/div>\n\t<\/div>\n<\/div><\/div><\/div><\/div><\/div><\/div><div class=\"vc_tta-panel\" id=\"apoyo-docentes\" data-vc-content=\".vc_tta-panel-body\"><div class=\"vc_tta-panel-heading\"><h4 class=\"vc_tta-panel-title\"><a href=\"#apoyo-docentes\" data-vc-accordion data-vc-container=\".vc_tta-container\"><i class=\"vc_tta-icon fa fa-paw\"><\/i><span class=\"vc_tta-title-text\">Docentes<\/span><\/a><\/h4><\/div><div class=\"vc_tta-panel-body\"><div class=\"vc_row wpb_row vc_inner vc_row-fluid\"><div class=\"wpb_column vc_column_container vc_col-sm-12\"><div class=\"vc_column-inner\"><div class=\"wpb_wrapper\">\n\t<div class=\"wpb_text_column wpb_content_element \" >\n\t\t<div class=\"wpb_wrapper\">\n\t\t\t<h3>Si necesita ayuda con el uso de la Plataforma Moodle, puede hacer uso de los recursos que compartimos a continuaci\u00f3n.<\/h3>\n\n\t\t<\/div>\n\t<\/div>\n<div class=\"standard-arrow list-divider bullet-top\"><div class=\"su-tabs su-tabs-style-default su-tabs-mobile-stack all_tabs\" data-active=\"1\" data-scroll-offset=\"0\" data-anchor-in-url=\"no\"><div class=\"su-tabs-nav\"><span class=\" single_tab col-3 smart-width\" data-url=\"\" data-target=\"_self\" tabindex=\"0\" role=\"button\">Ayuda Docente UPRP<\/span><span class=\" single_tab col-3 smart-width\" data-url=\"\" data-target=\"_self\" tabindex=\"0\" role=\"button\">Recursos Adicionales<\/span><span class=\" single_tab col-3 smart-width\" data-url=\"\" data-target=\"_self\" tabindex=\"0\" role=\"button\">Recursos UPR<\/span><\/div><div class=\"su-tabs-panes\"><div class=\"su-tabs-pane su-u-clearfix su-u-trim single_tab col-3 smart-width\" data-title=\"Ayuda Docente UPRP\"><\/p>\n<table style=\"text-align: center;min-width: 96%\">\n<tbody>\n<tr>\n<td style=\"text-align: center;min-width: 48%\">\n<blockquote>\n<h4 style=\"text-align: left\">Acceda el material que se comparte a continuaci\u00f3n, el cual ha sido dise\u00f1ado por colaboradores de la UPRP como\u00a0 material de ayuda para los docentes.<\/h4>\n<h5 style=\"text-align: left\"><span id=\"yui_3_17_2_1_1585258170574_2132\" class=\"\"><span id=\"yui_3_17_2_1_1585258170574_2131\" class=\"\"><span id=\"yui_3_17_2_1_1585258170574_2130\" class=\"\">E<\/span><\/span><span class=\"\">ste espacio ha sido <\/span><\/span><span class=\"\">dise\u00f1ado para los docentes universitarios de la UPRP con el objetivo de que puedan integrar el sistema de gesti\u00f3n de aprendizaje (LMS) Moodle para facilitar experiencias de aprendizaje en l\u00ednea y enriquecer los cursos presenciales. Los recursos que se comparten proveen conocimiento b\u00e1sico de la herramienta mediante talleres y actividades pr\u00e1cticas. El contenido de esta p\u00e1gina no provee las experiencias de aprendizaje requeridas para certificar a los docentes como educadores virtuales.<\/span><\/h5>\n<ul>\n<li style=\"text-align: left\">\n<h5 style=\"color: #333\"><span style=\"color: #3366ff\"><strong><a style=\"color: #3366ff\" title=\"Curso \/ Repositorio - Capacitaci\u00f3n para Docentes UPR Ponce\" href=\"https:\/\/desarrollo.upr.edu\/course\/view.php?id=920\" target=\"_blank\" rel=\"noopener noreferrer nofollow\">Curso \/ Repositorio &#8211; Capacitaci\u00f3n para Docentes UPR Ponce<\/a><\/strong><\/span><\/h5>\n<\/li>\n<\/ul>\n<h4 style=\"text-align: left\"><strong>Gu\u00edas:<\/strong><\/h4>\n<ul>\n<li style=\"text-align: left\">\n<h5 style=\"color: #333\"><span style=\"color: #3366ff\"><strong><a style=\"color: #3366ff\" href=\"https:\/\/adistancia.upr.edu\/wp-content\/uploads\/2023\/07\/Gui\u0301a-de-Moodle-4-Online-docentes-Julio-2023-FINAL.pdf\" target=\"_blank\" rel=\"noopener nofollow noreferrer\">Gu\u00eda instruccional de Moodle 4 para Docentes<\/a><\/strong><\/span><\/h5>\n<\/li>\n<li style=\"text-align: left\">\n<h5 style=\"color: #333\"><span style=\"color: #3366ff\"><strong><a style=\"color: #3366ff\" href=\"https:\/\/sway.cloud.microsoft\/WtrVkkTBv2oP2vmN?ref=Link\" target=\"_blank\" rel=\"noopener nofollow noreferrer\">Gu\u00eda de Respondus para Estudiantes<\/a><\/strong><\/span> ( Actualizado )<\/h5>\n<\/li>\n<li style=\"text-align: left\">\n<h5 style=\"color: #333\"><span style=\"color: #3366ff\"><strong><a style=\"color: #3366ff\" href=\"https:\/\/www.canva.com\/design\/DAF6JwW2BvE\/BkW0q1ajZ4G81_moh3wQzA\/view?utm_content=DAF6JwW2BvE&amp;utm_campaign=designshare&amp;utm_medium=link&amp;utm_source=editor\" target=\"_blank\" rel=\"noopener nofollow noreferrer\">Gu\u00eda de Respondus para la Facultad<\/a><\/strong><\/span> ( Actualizado )<\/h5>\n<\/li>\n<\/ul>\n<h4 style=\"text-align: left\"><strong>Videos:<\/strong><\/h4>\n<ul>\n<li style=\"text-align: left\">\n<h5 style=\"color: #333\"><span style=\"color: #3366ff\"><strong><a style=\"color: #3366ff\" title=\"\" href=\"https:\/\/youtu.be\/UrxDM1RvhEo\" target=\"_blank\" rel=\"noopener nofollow noreferrer\">Subir videos a YouTube y su integraci\u00f3n en Moodle<\/a><\/strong><\/span><\/h5>\n<\/li>\n<li style=\"text-align: left\">\n<h5 style=\"color: #333\"><span style=\"color: #3366ff\"><strong><a style=\"color: #3366ff\" title=\"\" href=\"https:\/\/youtu.be\/hmsiydMaIFs\" target=\"_blank\" rel=\"noopener nofollow noreferrer\">Subir videos a Stream y su integraci\u00f3n en Moodle<\/a><\/strong><\/span><\/h5>\n<\/li>\n<li style=\"text-align: left\">\n<h5 style=\"color: #333\"><span style=\"color: #3366ff\"><strong><a style=\"color: #3366ff\" href=\"https:\/\/youtu.be\/8XYqvK-GCX8\" target=\"_blank\" rel=\"noopener nofollow noreferrer\">Crear Ex\u00e1men en Moodle<\/a><\/strong><\/span><\/h5>\n<\/li>\n<li style=\"text-align: left\">\n<h5 style=\"color: #333\"><span style=\"color: #3366ff\"><strong><a style=\"color: #3366ff\" href=\"https:\/\/youtu.be\/EKRFEeqzHqg\" target=\"_blank\" rel=\"noopener nofollow noreferrer\">Acceder y Colocar el Curso Visible<\/a><\/strong><\/span><\/h5>\n<\/li>\n<li style=\"text-align: left\">\n<h5 style=\"color: #333\"><span style=\"color: #3366ff\"><strong><a style=\"color: #3366ff\" href=\"https:\/\/youtu.be\/rUysE6RWyZM\" target=\"_blank\" rel=\"noopener nofollow noreferrer\">A\u00f1adir Bloques de Contenido<\/a><\/strong><\/span><\/h5>\n<\/li>\n<li style=\"text-align: left\">\n<h5 style=\"color: #333\"><span style=\"color: #3366ff\"><strong><a style=\"color: #3366ff\" href=\"https:\/\/youtu.be\/0nDnTFbnw-E\" target=\"_blank\" rel=\"noopener nofollow noreferrer\">Subir Archivos al Curso<\/a><\/strong><\/span><\/h5>\n<\/li>\n<li style=\"text-align: left\">\n<h5 style=\"color: #333\"><span style=\"color: #3366ff\"><strong><a style=\"color: #3366ff\" href=\"https:\/\/youtu.be\/_03KQr0u9x0\" target=\"_blank\" rel=\"noopener nofollow noreferrer\">Enviar Avisos<\/a><\/strong><\/span><\/h5>\n<\/li>\n<li style=\"text-align: left\">\n<h5 style=\"color: #333\"><span style=\"color: #3366ff\"><strong><a style=\"color: #3366ff\" href=\"https:\/\/youtu.be\/GWo3veRr92E\" target=\"_blank\" rel=\"noopener nofollow noreferrer\">A\u00f1adir y Configurar Tareas<\/a><\/strong><\/span><\/h5>\n<\/li>\n<li style=\"text-align: left\">\n<h5 style=\"color: #333\"><span style=\"color: #3366ff\"><strong><a style=\"color: #3366ff\" href=\"https:\/\/youtu.be\/6Oi2-ldVOEQ\" target=\"_blank\" rel=\"noopener nofollow noreferrer\">A\u00f1adir R\u00fabricas<\/a><\/strong><\/span><\/h5>\n<\/li>\n<li style=\"text-align: left\">\n<h5 style=\"color: #333\"><span style=\"color: #3366ff\"><strong><a style=\"color: #3366ff\" href=\"https:\/\/youtu.be\/2Clzj293l_s\" target=\"_blank\" rel=\"noopener nofollow noreferrer\">Acomodo Razonable<\/a><\/strong><\/span><\/h5>\n<\/li>\n<\/ul>\n<h4 style=\"text-align: left\"><strong>Tutoriales en PDF:<\/strong><\/h4>\n<ul>\n<li style=\"text-align: left\">\n<h5 style=\"color: #333\"><span style=\"color: #3366ff\"><strong><a style=\"color: #3366ff\" title=\"Subir videos a Youtube y compartir en Moodle\" href=\"https:\/\/drive.google.com\/file\/d\/1ZYZ4bXH5NlSFANOds1mqjrkg9mDwPjyi\/view\" target=\"_blank\" rel=\"noopener nofollow noreferrer\">Subir videos a Youtube y compartir en Moodle<\/a><\/strong><\/span><\/h5>\n<\/li>\n<li style=\"text-align: left\">\n<h5 style=\"color: #333\"><span style=\"color: #3366ff\"><strong><a style=\"color: #3366ff\" title=\"Subir videos a Stream y compartir en Moodle\" href=\"https:\/\/sistemaupr-my.sharepoint.com\/personal\/arline_torres_upr_edu\/_layouts\/15\/onedrive.aspx?id=%2Fpersonal%2Farline%5Ftorres%5Fupr%5Fedu%2FDocuments%2FGrupo%20Apoyo%20a%20la%20Docencia%20%28One%20Drive%29%2FRecursos%20Grupo%20Apoyo%20a%20la%20Docencia%2FC%C3%B3mo%20subir%20un%20video%20a%20Microsoft%20Stream%2Epdf&amp;parent=%2Fpersonal%2Farline%5Ftorres%5Fupr%5Fedu%2FDocuments%2FGrupo%20Apoyo%20a%20la%20Docencia%20%28One%20Drive%29%2FRecursos%20Grupo%20Apoyo%20a%20la%20Docencia&amp;originalPath=aHR0cHM6Ly9zaXN0ZW1hdXByLW15LnNoYXJlcG9pbnQuY29tLzpiOi9nL3BlcnNvbmFsL2FybGluZV90b3JyZXNfdXByX2VkdS9FY1hLS3BvaUIzWkJsUXNoZW53eXBDOEJad3dQZlNQcTBqaDJuTU5DbklCOXJ3P3J0aW1lPVJLNnh6UWprMkVn\" target=\"_blank\" rel=\"noopener nofollow noreferrer\">Subir videos a Stream y compartir en Moodle<\/a><\/strong><\/span><\/h5>\n<\/li>\n<li style=\"text-align: left\">\n<h5 style=\"color: #333\"><span style=\"color: #3366ff\"><strong><a style=\"color: #3366ff\" title=\"Tutorial - Configurar restricciones a contenido en Moodle\" href=\"https:\/\/sistemaupr-my.sharepoint.com\/personal\/arline_torres_upr_edu\/_layouts\/15\/onedrive.aspx?id=%2Fpersonal%2Farline%5Ftorres%5Fupr%5Fedu%2FDocuments%2FGrupo%20Apoyo%20a%20la%20Docencia%20%28One%20Drive%29%2FTutorial%20%2D%20Configurar%20restricciones%20a%20contenido%20en%20Moodle%2Epdf&amp;parent=%2Fpersonal%2Farline%5Ftorres%5Fupr%5Fedu%2FDocuments%2FGrupo%20Apoyo%20a%20la%20Docencia%20%28One%20Drive%29&amp;originalPath=aHR0cHM6Ly9zaXN0ZW1hdXByLW15LnNoYXJlcG9pbnQuY29tLzpiOi9nL3BlcnNvbmFsL2FybGluZV90b3JyZXNfdXByX2VkdS9FYUZMZ2tfNV80MU9xZTJNU0M0bWtib0JIRlIwRWZxbEdBMTRNeno2dTUzZUdnP3J0aW1lPXczeWN6UWprMkVn\" target=\"_blank\" rel=\"noopener nofollow noreferrer\">Tutorial &#8211; Configurar restricciones a contenido en Moodle<\/a><\/strong><\/span><\/h5>\n<\/li>\n<li style=\"text-align: left\">\n<h5 style=\"color: #333\"><span style=\"color: #3366ff\"><strong><a style=\"color: #3366ff\" href=\"https:\/\/www.uprp.edu\/wp-content\/uploads\/sites\/11\/2020\/03\/introduccion-moodle-1.pdf\" target=\"_blank\" rel=\"noopener nofollow noreferrer\">Presentaci\u00f3n Introducci\u00f3n a Moodle<\/a><\/strong><\/span><\/h5>\n<\/li>\n<li style=\"text-align: left\">\n<h5 style=\"color: #333\"><span style=\"color: #3366ff\"><strong><a style=\"color: #3366ff\" href=\"https:\/\/www.uprp.edu\/wp-content\/uploads\/sites\/11\/2020\/03\/introduccion-moodle-2.pdf\" target=\"_blank\" rel=\"noopener nofollow noreferrer\">Presentaci\u00f3n Introducci\u00f3n a Moodle &#8211; Parte 2<\/a><\/strong><\/span><\/h5>\n<\/li>\n<li style=\"text-align: left\">\n<h5 style=\"color: #333\"><span style=\"color: #3366ff\"><strong><a style=\"color: #3366ff\" href=\"https:\/\/www.uprp.edu\/wp-content\/uploads\/sites\/11\/2020\/03\/moodle-basico-facultad-notas.pdf\" target=\"_blank\" rel=\"noopener nofollow noreferrer\">Acceder y Colocar el Curso Visible &#8211; Notas del Video<\/a><\/strong><\/span><\/h5>\n<\/li>\n<li style=\"text-align: left\">\n<h5 style=\"color: #333\"><span style=\"color: #3366ff\"><strong><a style=\"color: #3366ff\" href=\"https:\/\/www.uprp.edu\/wp-content\/uploads\/sites\/11\/2020\/03\/moodle-basico-facultad-v3-notas.pdf\" target=\"_blank\" rel=\"noopener nofollow noreferrer\">Subir Archivos al Curso &#8211; Notas del Video<\/a><\/strong><\/span><\/h5>\n<\/li>\n<li style=\"text-align: left\">\n<h5 style=\"color: #333\"><span style=\"color: #3366ff\"><strong><a style=\"color: #3366ff\" href=\"https:\/\/www.uprp.edu\/wp-content\/uploads\/sites\/11\/2020\/03\/moodle-basico-facultad-v2-notas.pdf\" target=\"_blank\" rel=\"noopener nofollow noreferrer\">A\u00f1adir Bloques de Contenido &#8211; Notas del Video<\/a><\/strong><\/span><\/h5>\n<\/li>\n<li style=\"text-align: left\">\n<h5 style=\"color: #333\"><span style=\"color: #3366ff\"><strong><a style=\"color: #3366ff\" href=\"https:\/\/www.uprp.edu\/wp-content\/uploads\/sites\/11\/2020\/03\/avisos-notas.pdf\" target=\"_blank\" rel=\"noopener nofollow noreferrer\">Enviar Avisos &#8211; Notas del Video<\/a><\/strong><\/span><\/h5>\n<\/li>\n<li style=\"text-align: left\">\n<h5 style=\"color: #333\"><span style=\"color: #3366ff\"><strong><a style=\"color: #3366ff\" href=\"https:\/\/www.uprp.edu\/wp-content\/uploads\/sites\/11\/2020\/03\/cf-5-moodle-basico-facultad-parte-2-v1-tarea-notas.pdf\" target=\"_blank\" rel=\"noopener nofollow noreferrer\">A\u00f1adir y Configurar Tareas &#8211; Notas del Video<\/a><\/strong><\/span><\/h5>\n<\/li>\n<li style=\"text-align: left\">\n<h5 style=\"color: #333\"><span style=\"color: #3366ff\"><strong><a style=\"color: #3366ff\" href=\"https:\/\/www.uprp.edu\/wp-content\/uploads\/sites\/11\/2020\/03\/cf-6-rubricas-notas.pdf\" target=\"_blank\" rel=\"noopener nofollow noreferrer\">A\u00f1adir R\u00fabricas &#8211; Notas del Video<\/a><\/strong><\/span><\/h5>\n<\/li>\n<li style=\"text-align: left\">\n<h5 style=\"color: #333\"><span style=\"color: #3366ff\"><strong><a style=\"color: #3366ff\" href=\"https:\/\/www.uprp.edu\/wp-content\/uploads\/sites\/11\/2020\/03\/cf-7-acomodo-razonable.pdf\" target=\"_blank\" rel=\"noopener nofollow noreferrer\">Acomodo Razonable &#8211; Notas del Video<\/a><\/strong><\/span><\/h5>\n<\/li>\n<\/ul>\n<\/blockquote>\n<\/td>\n<\/tr>\n<\/tbody>\n<\/table>\n<p><\/div>\n<div class=\"su-tabs-pane su-u-clearfix su-u-trim single_tab col-3 smart-width\" data-title=\"Recursos Adicionales\"><\/p>\n<table style=\"text-align: center;min-width: 96%\">\n<tbody>\n<tr>\n<td style=\"text-align: center;min-width: 48%\">\n<blockquote>\n<h4 style=\"text-align: left\"><strong>Recursos Adicionales de Moodle<\/strong><\/h4>\n<h5 style=\"text-align: left\"><span class=\"\">En esta secci\u00f3n tendr\u00e1 acceso a recursos adicionales sobre la plataforma Moodle.<\/span><\/h5>\n<ul>\n<li style=\"text-align: left\">\n<h5 style=\"color: #333\"><span style=\"color: #3366ff\"><strong><a style=\"color: #3366ff\" href=\"https:\/\/youtu.be\/CEflLy1_WIk\" target=\"_blank\" rel=\"noopener nofollow noreferrer\">Video: Transformar Power Point a Video<\/a><\/strong><\/span><\/h5>\n<\/li>\n<li style=\"text-align: left\">\n<h5 style=\"color: #333\"><span style=\"color: #3366ff\"><strong><a style=\"color: #3366ff\" href=\"https:\/\/www.uprp.edu\/wp-content\/uploads\/sites\/11\/2020\/03\/transformar-presentaciones-powerpoint-en-videos-videotutorial-marzo-2020.pdf\" target=\"_blank\" rel=\"noopener nofollow noreferrer\">Transformar Power Point a Video (Notas del Video)<\/a><\/strong><\/span><\/h5>\n<\/li>\n<li style=\"text-align: left\">\n<h5 style=\"color: #333\"><span style=\"color: #3366ff\"><strong><a style=\"color: #3366ff\" href=\"https:\/\/www.uprp.edu\/wp-content\/uploads\/sites\/11\/2020\/03\/taller-creacion-de-examenes-en-linea-utilizando-moodle-y-word-edit-marzo-2020.pdf\" target=\"_blank\" rel=\"noopener nofollow noreferrer\">Creaci\u00f3n de Ex\u00e1menes Utilizando Word<\/a><\/strong><\/span><\/h5>\n<\/li>\n<li style=\"text-align: left\">\n<h5 style=\"color: #333\"><span style=\"color: #3366ff\"><strong><a style=\"color: #3366ff\" href=\"https:\/\/youtu.be\/E7LxFHl1Ez0\" target=\"_blank\" rel=\"noopener nofollow noreferrer\">Video: Crear Videos Interactivos H5P<\/a><\/strong><\/span><\/h5>\n<\/li>\n<li style=\"text-align: left\">\n<h5 style=\"color: #333\"><span style=\"color: #3366ff\"><strong><a style=\"color: #3366ff\" href=\"https:\/\/www.uprp.edu\/wp-content\/uploads\/sites\/11\/2020\/03\/instruccioneso365v3.pdf\" target=\"_blank\" rel=\"noopener nofollow noreferrer\">Instrucciones para Descargar Office 365 del Portal UPR<\/a><\/strong><\/span><\/h5>\n<\/li>\n<li style=\"text-align: left\">\n<h5 style=\"color: #333\"><span style=\"color: #3366ff\"><strong><a style=\"color: #3366ff\" href=\"https:\/\/www.uprp.edu\/wp-content\/uploads\/sites\/11\/2020\/03\/pasos-google-meet.pdf\" target=\"_blank\" rel=\"noopener nofollow noreferrer\">Uso B\u00e1sico Google Meet<\/a><\/strong><\/span><\/h5>\n<\/li>\n<li style=\"text-align: left\">\n<h5 style=\"color: #333\"><span style=\"color: #3366ff\"><strong><a style=\"color: #3366ff\" href=\"https:\/\/www.uprp.edu\/wp-content\/uploads\/sites\/11\/2020\/03\/crear-reportes-en-moodle.pdf\" target=\"_blank\" rel=\"noopener nofollow noreferrer\">Creaci\u00f3n de Reportes de Participaci\u00f3n en Moodle<\/a><\/strong><\/span><\/h5>\n<\/li>\n<\/ul>\n<h5 style=\"text-align: left\"><strong>Otros Recursos<\/strong><\/h5>\n<h5 style=\"text-align: left\">En este portal podr\u00e1 descargar aplicaciones de Microsoft adicionales como Visual Studio,\u00a0 Project Professional 2019, Visio Professional 2019, entre otros. Ideal para cursos de desarrollo de aplicaciones (SICI). Tambi\u00e9n enlaces a recursos de educaci\u00f3n continua en t\u00f3picos de desarrollo usando tecnolog\u00edas Microsoft.<br \/>\n<span style=\"color: #3366ff\"><strong><a style=\"color: #3366ff\" href=\"https:\/\/azureforeducation.microsoft.com\/devtools\" target=\"_blank\" rel=\"noopener nofollow noreferrer\">Microsoft Azure Education Hub<\/a><\/strong><\/span><\/h5>\n<\/blockquote>\n<p style=\"text-align: left\">\n<\/td>\n<\/tr>\n<\/tbody>\n<\/table>\n<p><\/div>\n<div class=\"su-tabs-pane su-u-clearfix su-u-trim single_tab col-3 smart-width\" data-title=\"Recursos UPR\"><\/p>\n<table style=\"text-align: center;min-width: 96%\">\n<tbody>\n<tr>\n<td style=\"text-align: center;min-width: 48%\">\n<blockquote>\n<h4 style=\"text-align: left\"><strong>Portal Continuidad Acad\u00e9mica UPR<\/strong><\/h4>\n<h5 style=\"text-align: left\"><span class=\"\">Este espacio ha sido creado para compartirles los recursos que a nivel sist\u00e9mico sirven de apoyo para dar paso a la modalidad de \u00a0ense\u00f1anza asistida por tecnolog\u00edas en l\u00ednea. Se comparte el acceso al portal desarrollado por la Vicepresidencia de Programas Profesionales y de Educaci\u00f3n a Distancia, con el apoyo de los miembros de la Junta Asesora de Educaci\u00f3n a Distancia. El mismo ha sido compartido \u00a0con el prop\u00f3sito de unir esfuerzos a nivel sist\u00e9mico.<\/span><\/h5>\n<h5 style=\"text-align: left\">Para acceder la p\u00e1gina acceda el siguiente enlace:<span style=\"color: #3366ff\"><strong>\u00a0<a style=\"color: #3366ff\" href=\"https:\/\/www.upr.edu\/continuidad-academica\/\" target=\"_blank\" rel=\"noopener nofollow noreferrer\">Continuidad Acad\u00e9mica UPR<\/a><\/strong><\/span><\/h5>\n<div class=\"su-divider su-divider-style-default\" style=\"margin:15px 0;border-width:3px;border-color:#ddd\"><\/div>\n<h4 style=\"text-align: left\"><strong>Recursos de ayuda Moodle 4<\/strong><\/h4>\n<h5 style=\"text-align: left\"><span class=\"\">La Vicepresidencia de Programas Profesionales y a Distancia de la Universidad de Puerto Rico ha creado una nueva p\u00e1gina web con diversos recursos, tales como gu\u00edas, videotutoriales y acceso a cursos de manejo y uso de los Sistemas de Gesti\u00f3n de Aprendizaje de la UPR.<br \/>\n<span style=\"color: #3366ff\"><strong><a style=\"color: #3366ff\" href=\"https:\/\/adistancia.upr.edu\/tecnologias\/moodle-4\/\" target=\"_blank\" rel=\"noopener nofollow noreferrer\">https:\/\/adistancia.upr.edu\/tecnologias\/moodle-4\/<\/a><\/strong><\/span><\/span><\/h5>\n<div class=\"su-divider su-divider-style-default\" style=\"margin:15px 0;border-width:3px;border-color:#ddd\"><\/div>\n<h4 style=\"text-align: left\"><strong>Acceso a canal oficial de YouTube @UPR_Online<\/strong><\/h4>\n<h5 style=\"text-align: left\"><span class=\"\">En este canal, se comparte acceso a recursos desarrollados por la Vicepresidencia de Programas Profesionales y a Distancia de la Universidad de Puerto Rico, tales como tutoriales cortos de Moodle 4, grabaciones de webinars, y \u00abshorts\u00bb de temas tecnol\u00f3gicos, entre otros.<br \/>\n<span style=\"color: #3366ff\"><strong><a style=\"color: #3366ff\" href=\"https:\/\/www.youtube.com\/@UPR_online\" target=\"_blank\" rel=\"noopener nofollow noreferrer\">https:\/\/www.youtube.com\/@UPR_online<\/a><\/strong><\/span><\/span><\/h5>\n<\/blockquote>\n<\/td>\n<\/tr>\n<\/tbody>\n<\/table>\n<p><\/div><\/div><\/div>\n<\/div>\n\t<div class=\"wpb_text_column wpb_content_element \" >\n\t\t<div class=\"wpb_wrapper\">\n\t\t\t\n\t\t<\/div>\n\t<\/div>\n<\/div><\/div><\/div><\/div><\/div><\/div><div class=\"vc_tta-panel\" id=\"acad\u00e9micos\" data-vc-content=\".vc_tta-panel-body\"><div class=\"vc_tta-panel-heading\"><h4 class=\"vc_tta-panel-title\"><a href=\"#acad\u00e9micos\" data-vc-accordion data-vc-container=\".vc_tta-container\"><i class=\"vc_tta-icon fa fa-paw\"><\/i><span class=\"vc_tta-title-text\">Asuntos Acad\u00e9micos<\/span><\/a><\/h4><\/div><div class=\"vc_tta-panel-body\"><div class=\"vc_row wpb_row vc_inner vc_row-fluid\"><div class=\"wpb_column vc_column_container vc_col-sm-12\"><div class=\"vc_column-inner\"><div class=\"wpb_wrapper\">\n\t<div class=\"wpb_text_column wpb_content_element \" >\n\t\t<div class=\"wpb_wrapper\">\n\t\t\t<h3>Si necesitas comunicarte o recibir los servicios del Decanato de Asuntos Acad\u00e9micos, a continuaci\u00f3n te compartimos la informaci\u00f3n de contacto.<\/h3>\n\n\t\t<\/div>\n\t<\/div>\n\n\t<div class=\"wpb_text_column wpb_content_element \" >\n\t\t<div class=\"wpb_wrapper\">\n\t\t\t<div class=\"su-tabs su-tabs-style-default su-tabs-mobile-stack all_tabs\" data-active=\"1\" data-scroll-offset=\"0\" data-anchor-in-url=\"no\"><div class=\"su-tabs-nav\"><span class=\" single_tab col-2 smart-width\" data-url=\"\" data-target=\"_self\" tabindex=\"0\" role=\"button\">Departamentos Acad\u00e9micos<\/span><span class=\" single_tab col-2 smart-width\" data-url=\"\" data-target=\"_self\" tabindex=\"0\" role=\"button\">Decanato<\/span><\/div><div class=\"su-tabs-panes\"><div class=\"su-tabs-pane su-u-clearfix su-u-trim single_tab col-2 smart-width\" data-title=\"Departamentos Acad\u00e9micos\"><\/p>\n<table style=\"text-align: center;min-width: 96%\">\n<tbody>\n<tr>\n<td style=\"text-align: center;min-width: 48%\">\n<blockquote>\n<h5 style=\"text-align: left\">Les compartimos la informaci\u00f3n de contacto de los Directores de Departamentos.<\/h5>\n<p style=\"text-align: left\"><span class=\"\"><strong>Administraci\u00f3n de Empresas y Ciencias en Computadoras<\/strong><br \/>\nDr. Ismael San Miguel Qui\u00f1ones<br \/>\n<a href=\"mailto:ismael.sanmiguel@upr.edu\">ismael.sanmiguel@upr.edu<\/a><br \/>\n<\/span><\/p>\n<p style=\"text-align: left\"><strong>Biblioteca<\/strong><br \/>\nProf. Jos\u00e9 Oliveras V\u00e9lez<br \/>\n<a href=\"mailto:jose.oliveras2@upr.edu\">jose.oliveras2@upr.edu<\/a><\/p>\n<p style=\"text-align: left\"><strong>Biolog\u00eda<\/strong><br \/>\nDr. Wilfredo Ayala L\u00f3pez<br \/>\n<a href=\"mailto:wilfredo.ayala1@upr.edu\">wilfredo.ayala1@upr.edu<\/a><\/p>\n<p style=\"text-align: left\"><strong>Ciencias Sociales<\/strong><br \/>\nDr. Luis R. S\u00e1nchez Peraza<br \/>\n<a href=\"mailto:luis.sanchez11@upr.edu\">luis.sanchez11@upr.edu<\/a><\/p>\n<p style=\"text-align: left\"><strong>Consejer\u00eda y Servicios Psicol\u00f3gicos<\/strong><br \/>\nDr. Efra\u00edn R\u00edos Ru\u00edz<br \/>\n<a href=\"mailto:efrain.rios1@upr.edu\">efrain.rios1@upr.edu<\/a><\/p>\n<p style=\"text-align: left\"><strong>Divisi\u00f3n de Educaci\u00f3n Continua y Estudios Profesionales (DECEP)<\/strong><br \/>\nDra. Eva Cab\u00e1n Gonz\u00e1lez<br \/>\n<a href=\"mailto:eva.caban1@upr.edu\">eva.caban1@upr.edu<\/a><\/p>\n<p style=\"text-align: left\"><strong>Educaci\u00f3n<\/strong><br \/>\nProf. Carlos H. Pag\u00e1n Rivera<br \/>\n<a href=\"mailto:carlos.pagan6@upr.edu\">carlos.pagan6@upr.edu<\/a><\/p>\n<p style=\"text-align: left\"><strong>Espa\u00f1ol<\/strong><br \/>\nDra. Ana Nadal Quir\u00f3s<br \/>\n<a href=\"mailto:ana.nadal@upr.edu\">ana.nadal@upr.edu<\/a><\/p>\n<p style=\"text-align: left\"><strong>Estudios Aliados a la Salud<\/strong><br \/>\nDr. Jos\u00e9 Cruz Salgado<br \/>\n<a href=\"mailto:jose.cruz1@upr.edu\">jose.cruz1@upr.edu<\/a><\/p>\n<p style=\"text-align: left\"><strong>Humanidades<\/strong><br \/>\nDra. Ana Nadal Quir\u00f3s<br \/>\n<a href=\"mailto:ana.nadal@upr.edu\">ana.nadal@upr.edu<\/a><\/p>\n<p style=\"text-align: left\"><strong>Ingenier\u00eda<\/strong><br \/>\nProf. Antonio Zaragoza Rodr\u00edguez<br \/>\n<a href=\"mailto:antonio.zaragoza@upr.edu\">antonio.zaragoza@upr.edu<\/a><\/p>\n<p style=\"text-align: left\"><strong>Ingl\u00e9s<\/strong><br \/>\nDra. Lourdes Ortiz Soto<br \/>\n<a href=\"mailto:lourdes.ortiz7@upr.edu\">lourdes.ortiz7@upr.edu<\/a><\/p>\n<p style=\"text-align: left\"><strong>Matem\u00e1ticas<\/strong><br \/>\nDra. Mar\u00eda de L. Zayas Torres<br \/>\n<a href=\"mailto:maria.zayas@upr.edu\">maria.zayas@upr.edu<\/a><\/p>\n<p style=\"text-align: left\"><strong>Programa de Honor<\/strong><br \/>\nDra. Yolanda S\u00e1ez Pag\u00e1n<br \/>\n<a href=\"mailto:yolanda.saez1@upr.edu\">yolanda.saez1@upr.edu<\/a><\/p>\n<p style=\"text-align: left\"><strong>Qu\u00edmica-F\u00edsica<\/strong><br \/>\nDr. Milton E. Rivera Ramos<br \/>\n<a href=\"mailto:milton.rivera@upr.edu\">milton.rivera@upr.edu<\/a><\/p>\n<p style=\"text-align: left\"><strong>Sistemas de Oficina<\/strong><br \/>\nDra.\u00a0Yannira\u00a0Rodr\u00edguez Rodr\u00edguez<br \/>\n<a href=\"mailto:yannira.rodriguez@upr.edu\">yannira.rodriguez@upr.edu<\/a><\/p>\n<p style=\"text-align: left\"><strong>Universidad Nocturna (UNA)<\/strong><br \/>\nProf. Geoffrey Vega Rosado<br \/>\n<a href=\"mailto:geoffrey.vega@upr.edu\">geoffrey.vega@upr.edu<\/a><\/p>\n<p>&nbsp;\n<\/p><\/blockquote>\n<\/td>\n<\/tr>\n<\/tbody>\n<\/table>\n<p><\/div>\n<div class=\"su-tabs-pane su-u-clearfix su-u-trim single_tab col-2 smart-width\" data-title=\"Decanato\"><\/p>\n<table style=\"text-align: center;min-width: 96%\">\n<tbody>\n<tr>\n<td style=\"text-align: center;min-width: 48%\">\n<blockquote>\n<p style=\"text-align: left\"><strong>Decano Asuntos Acad\u00e9micos<\/strong><br \/>\nDr. Federico Irizarry Natal<br \/>\n<a href=\"mailto:federico.irizarry@upr.edu\">federico.irizarry@upr.edu<\/a><\/p>\n<p style=\"text-align: left\"><strong>Decana Asociada de Asuntos Acad\u00e9micos<\/strong><br \/>\nDra. Joahana Ramos Virola<br \/>\n<a href=\"mailto:joahana.ramos@upr.edu\">joahana.ramos@upr.edu<\/a><\/p>\n<p style=\"text-align: left\">Acceda el siguiente enlace para ver el organigrama de las diferentes l\u00edneas de apoyo de la UPRP durante este periodo:<\/p>\n<p style=\"text-align: left\"><a href=\"https:\/\/www.upr.edu\/ponce\/wp-content\/uploads\/sites\/11\/2020\/04\/organigrama-de-apoyo-ead-uprp.pdf\">Organigrama de Apoyo EaD UPRP<\/a><\/p>\n<\/blockquote>\n<p style=\"text-align: left\">\n<\/td>\n<\/tr>\n<\/tbody>\n<\/table>\n<p><\/div><\/div><\/div>\n\n\t\t<\/div>\n\t<\/div>\n\n\t<div class=\"wpb_text_column wpb_content_element \" >\n\t\t<div class=\"wpb_wrapper\">\n\t\t\t\n\t\t<\/div>\n\t<\/div>\n<\/div><\/div><\/div><\/div><\/div><\/div><div class=\"vc_tta-panel form\" id=\"apoyo-tecnico\" data-vc-content=\".vc_tta-panel-body\"><div class=\"vc_tta-panel-heading\"><h4 class=\"vc_tta-panel-title\"><a href=\"#apoyo-tecnico\" data-vc-accordion data-vc-container=\".vc_tta-container\"><i class=\"vc_tta-icon fas fa-paw\"><\/i><span class=\"vc_tta-title-text\">Apoyo T\u00e9cnico<\/span><\/a><\/h4><\/div><div class=\"vc_tta-panel-body\"><div class=\"vc_row wpb_row vc_inner vc_row-fluid solicitud\"><div class=\"wpb_column vc_column_container vc_col-sm-12\"><div class=\"vc_column-inner\"><div class=\"wpb_wrapper\">\n\t<div class=\"wpb_text_column wpb_content_element \" >\n\t\t<div class=\"wpb_wrapper\">\n\t\t\t<h3>Solicitud de Ayuda para Estudiantes y Docentes<\/h3>\n\n\t\t<\/div>\n\t<\/div>\n\n\t<div class=\"wpb_text_column wpb_content_element \" >\n\t\t<div class=\"wpb_wrapper\">\n\t\t\t<div class=\"su-tabs su-tabs-style-default su-tabs-mobile-stack all_tabs\" data-active=\"1\" data-scroll-offset=\"0\" data-anchor-in-url=\"no\"><div class=\"su-tabs-nav\"><span class=\" single_tab col-1 smart-width\" data-url=\"\" data-target=\"_self\" tabindex=\"0\" role=\"button\">Apoyo T\u00e9cnico<\/span><\/div><div class=\"su-tabs-panes\"><div class=\"su-tabs-pane su-u-clearfix su-u-trim single_tab col-1 smart-width\" data-title=\"Apoyo T\u00e9cnico\"><\/p>\n<table style=\"text-align: center;min-width: 96%\">\n<tbody>\n<tr>\n<td style=\"text-align: center;min-width: 48%\">\n<p style=\"text-align: left\"><strong>Si necesitas alguna ayuda, puedes contactar el personal de apoyo t\u00e9cnico.\u00a0 Accede en el siguiente enlace y estaremos brindando la ayuda que necesitas.<\/strong><\/p>\n<p style=\"text-align: right\"><a href=\"https:\/\/www.uprp.edu\" class=\"su-button su-button-style-flat link-01\" style=\"color:#333;background-color:#e7e7e7;border-color:#b9b9b9;border-radius:45px\" target=\"_blank\" onClick=\"this.href=&#039;https:\/\/docs.google.com\/forms\/d\/e\/1FAIpQLSe8Uasd_WkNFRD0Euck5CPQMqVXtTP-SD2qzyIabfnSNZYKxA\/viewform&#039;; return confirm(&#039;Desea ver el documento en una nueva ventana?&#039;);\" rel=\"noreferrer noopener nofollow\"><span style=\"color:#333;padding:7px 22px;font-size:17px;line-height:26px;border-color:#efefef;border-radius:45px;text-shadow:none\"><i class=\"sui sui-file-pdf-o\" style=\"font-size:17px;color:#FFFFFF\"><\/i> Abrir en Nueva Ventana<\/span><\/a><\/p>\n<p><a class=\"dt-pswp-item\" href=\"https:\/\/docs.google.com\/forms\/d\/e\/1FAIpQLSe8Uasd_WkNFRD0Euck5CPQMqVXtTP-SD2qzyIabfnSNZYKxA\/viewform\" target=\"_blank\" rel=\"noreferrer nofollow noopener\" data-dt-img-description=\"\" data-large_image_width=\"717\" data-large_image_height=\"415\"><img loading=\"lazy\" decoding=\"async\" class=\"aligncenter wp-image-25439 size-full\" src=\"https:\/\/www.uprp.edu\/wp-content\/uploads\/sites\/11\/2023\/02\/google-form-apoyo-tecnico.png\" alt=\"Forma Google - Apoyo Tecnico\" width=\"717\" height=\"415\" srcset=\"https:\/\/www.uprp.edu\/wp-content\/uploads\/sites\/11\/2023\/02\/google-form-apoyo-tecnico.png 717w, https:\/\/www.uprp.edu\/wp-content\/uploads\/sites\/11\/2023\/02\/google-form-apoyo-tecnico-300x174.png 300w, https:\/\/www.uprp.edu\/wp-content\/uploads\/sites\/11\/2023\/02\/google-form-apoyo-tecnico-18x10.png 18w\" sizes=\"(max-width: 717px) 100vw, 717px\" \/><\/a><\/td>\n<\/tr>\n<\/tbody>\n<\/table>\n<p><\/div><\/div><\/div>\n\n\t\t<\/div>\n\t<\/div>\n<\/div><\/div><\/div><\/div><\/div><\/div><div class=\"vc_tta-panel\" id=\"continuidad-academica-uprp\" data-vc-content=\".vc_tta-panel-body\"><div class=\"vc_tta-panel-heading\"><h4 class=\"vc_tta-panel-title\"><a href=\"#continuidad-academica-uprp\" data-vc-accordion data-vc-container=\".vc_tta-container\"><i class=\"vc_tta-icon fa fa-paw\"><\/i><span class=\"vc_tta-title-text\">Continuidad Acad\u00e9mica<\/span><\/a><\/h4><\/div><div class=\"vc_tta-panel-body\"><div class=\"vc_row wpb_row vc_inner vc_row-fluid\"><div class=\"wpb_column vc_column_container vc_col-sm-12\"><div class=\"vc_column-inner\"><div class=\"wpb_wrapper\">\n\t<div class=\"wpb_text_column wpb_content_element \" >\n\t\t<div class=\"wpb_wrapper\">\n\t\t\t<h4 style=\"text-align: center\">Si necesitas comunicarte con el <strong>Grupo de Apoyo a la Docencia<\/strong>, te compartimos su informaci\u00f3n de contacto: <span style=\"color: #3366ff\"><strong><a style=\"color: #3366ff\" href=\"mailto:apoyodocencia.ponce@upr.edu\">apoyodocencia.ponce@upr.edu<\/a><\/strong><\/span><br \/>\nPara solicitar ayuda t\u00e9cnica, completa el formulario en l\u00ednea disponible en: <span style=\"color: #3366ff\"><strong><a style=\"color: #3366ff\" href=\"http:\/\/bit.ly\/solicitud-ayuda-tecnica-uprp\" target=\"_blank\" rel=\"noopener noreferrer nofollow\">http:\/\/bit.ly\/solicitud-ayuda-tecnica-uprp<\/a><\/strong><\/span><\/h4>\n\n\t\t<\/div>\n\t<\/div>\n\n\t<div class=\"wpb_text_column wpb_content_element \" >\n\t\t<div class=\"wpb_wrapper\">\n\t\t\t<div class=\"su-tabs su-tabs-style-default su-tabs-mobile-stack all_tabs\" data-active=\"1\" data-scroll-offset=\"0\" data-anchor-in-url=\"no\"><div class=\"su-tabs-nav\"><span class=\" single_tab col-2 smart-width\" data-url=\"\" data-target=\"_self\" tabindex=\"0\" role=\"button\">Continuidad Acad\u00e9mica UPRP<\/span><\/div><div class=\"su-tabs-panes\"><div class=\"su-tabs-pane su-u-clearfix su-u-trim single_tab col-2 smart-width\" data-title=\"Continuidad Acad\u00e9mica UPRP\"><\/p>\n<table style=\"text-align: center;width: 99.99%\">\n<tbody>\n<tr>\n<td style=\"text-align: center;width: 33.33%;vertical-align: top\">\n<blockquote>\n<h4 style=\"text-align: left\">Grupo de Apoyo a la Docencia (GAD):<\/h4>\n<ul>\n<li style=\"text-align: left\">\n<h5 style=\"margin: 0;padding: 0\"><strong>Arline Torres V\u00e9lez<\/strong><\/h5>\n<\/li>\n<li style=\"text-align: left\">\n<h5 style=\"margin: 0;padding: 0\"><strong>Anayar\u00ed Batista Rodr\u00edguez<\/strong><\/h5>\n<\/li>\n<li style=\"text-align: left\">\n<h5 style=\"margin: 0;padding: 0\"><strong>Carmen Nieves Fern\u00e1ndez<\/strong><\/h5>\n<\/li>\n<li style=\"text-align: left\">\n<h5 style=\"margin: 0;padding: 0\"><strong>Neyla I. Rivera Ca\u00f1o<\/strong><\/h5>\n<\/li>\n<\/ul>\n<\/blockquote>\n<\/td>\n<td style=\"text-align: center;width: 66.66%;vertical-align: top\">\n<blockquote><p>\n<a class=\"openModal\" href=\"https:\/\/www.uprp.edu\/wp-content\/uploads\/sites\/11\/2021\/03\/anuncio-grupo-apoyo-a-la-docencia.pdf\" target=\"_blank\" rel=\"noopener nofollow noreferrer\"><img loading=\"lazy\" decoding=\"async\" class=\"openModal aligncenter wp-image-20647 size-large\" title=\"Anuncio Grupo Apoyo a la Docencia\" src=\"https:\/\/www.upr.edu\/ponce\/wp-content\/uploads\/sites\/11\/2021\/03\/anuncio-grupo-apoyo-a-la-docencia_page-0001.jpg\" alt=\"Anuncio Grupo Apoyo a la Docencia\" width=\"410\" height=\"1024\" srcset=\"https:\/\/www.uprp.edu\/wp-content\/uploads\/sites\/11\/2021\/03\/anuncio-grupo-apoyo-a-la-docencia_page-0001.jpg 120w, https:\/\/www.uprp.edu\/wp-content\/uploads\/sites\/11\/2021\/03\/anuncio-grupo-apoyo-a-la-docencia_page-0001.jpg 410w, https:\/\/www.uprp.edu\/wp-content\/uploads\/sites\/11\/2021\/03\/anuncio-grupo-apoyo-a-la-docencia_page-0001.jpg 768w, https:\/\/www.uprp.edu\/wp-content\/uploads\/sites\/11\/2021\/03\/anuncio-grupo-apoyo-a-la-docencia_page-0001-scaled.jpg 819w\" sizes=\"(max-width: 410px) 100vw, 410px\" \/><\/a>\n<\/p><\/blockquote>\n<\/td>\n<\/tr>\n<\/tbody>\n<\/table>\n<p><\/div><\/div><\/div>\n\n\t\t<\/div>\n\t<\/div>\n<div id=\"modal-trg-txt-wrap-9416\" class=\"ult-modal-input-wrapper ult-adjust-bottom-margin    \" data-keypress-control=\"keypress-control-enable\" data-overlay-control=\"overlay-control-enable\"><span data-class-id=\"content-6a95002685dd21-70875351\"><\/span>\n\t\t\t\t<script type=\"text\/javascript\">\n\t\t\t\t(function($){\n\t\t\t\t\t$(document).ready(function(){\n\t\t\t\t\t\tvar selector = \"#continuidad-academica-uprp .vc_tta-panel-body .su-tabs-panes table blockquote .openModal\";\n\t\t\t\t\t\t$(selector).addClass(\"custom-ult-modal overlay-show\");\n\t\t\t\t\t\t$(selector).attr(\"data-class-id\", \"content-6a95002685dd21-70875351\");\n\t\t\t\t\t\t$(selector).attr(\"data-overlay-class\", \"overlay-cornerbottomleft\");\n\t\t\t\t\t\t$(selector).attr(\"data-keypress-control\", \"keypress-control-enable\");\n\t\t\t\t\t\t$(selector).attr(\"data-overlay-control\", \"overlay-control-enable\");\n\t\t\t\t\t});\n\t\t\t\t})(jQuery);\n\t\t\t\t<\/script><\/div>\n<div class=\"ult-overlay content-6a95002685dd21-70875351 \" data-class=\"content-6a95002685dd21-70875351\" id=\"button-click-overlay\" style=\"background:rgba(51,51,51,0.8); display:none;\">\n\t<div class=\"ult_modal ult-fade ult-container\">\n\t\t<div id=\"ult-modal-wrap-7871\" class=\"ult_modal-content ult-hide\" style=\"border-style:solid;border-width:2px;border-radius:0px;border-color:#333333;\">\n\t\t\t<div  data-ultimate-target='#ult-modal-wrap-7871 .ult_modal-body'  data-responsive-json-new='{\"font-size\":\"\",\"line-height\":\"\"}'  class=\"ult_modal-body ult-responsive ult-html\" style=\"background:rgba(0,0,0,0.01);\">\n\t\t\t<a class=\"openNewWin\" href=\"https:\/\/www.uprp.edu\/wp-content\/uploads\/sites\/11\/2021\/03\/anuncio-grupo-apoyo-a-la-docencia.pdf\" target=\"_blank\" rel=\"noopener nofollow noreferrer\"><img loading=\"lazy\" decoding=\"async\" class=\"openNewWin aligncenter wp-image-20647 size-full\" title=\"Anuncio Grupo Apoyo a la Docencia\" src=\"https:\/\/www.upr.edu\/ponce\/wp-content\/uploads\/sites\/11\/2021\/03\/anuncio-grupo-apoyo-a-la-docencia_page-0001-scaled.jpg\" alt=\"Anuncio Grupo Apoyo a la Docencia\" width=\"819\" height=\"2048\" srcset=\"https:\/\/www.uprp.edu\/wp-content\/uploads\/sites\/11\/2021\/03\/anuncio-grupo-apoyo-a-la-docencia_page-0001-scaled.jpg 819w, https:\/\/www.uprp.edu\/wp-content\/uploads\/sites\/11\/2021\/03\/anuncio-grupo-apoyo-a-la-docencia_page-0001.jpg 120w, https:\/\/www.uprp.edu\/wp-content\/uploads\/sites\/11\/2021\/03\/anuncio-grupo-apoyo-a-la-docencia_page-0001.jpg 410w, https:\/\/www.uprp.edu\/wp-content\/uploads\/sites\/11\/2021\/03\/anuncio-grupo-apoyo-a-la-docencia_page-0001.jpg 768w, https:\/\/www.uprp.edu\/wp-content\/uploads\/sites\/11\/2021\/03\/anuncio-grupo-apoyo-a-la-docencia_page-0001.jpg 614w\" sizes=\"(max-width: 819px) 100vw, 819px\" \/><\/a>\n\t\t\t<\/div>\n\t<\/div>\n\t<\/div>\n\t<div class=\"ult-overlay-close top-right\" style=\"width:80px;height:80px; \"><div class=\"ult-overlay-close-inside\">Close<\/div><\/div>\n<\/div><\/div><\/div><\/div><\/div><\/div><\/div><\/div><\/div><\/div><\/div><\/div><\/div><\/div><\/div><div class=\"vc_row wpb_row vc_row-fluid dt-default\" style=\"margin-top: 0px;margin-bottom: 0px\"><div class=\"wpb_column vc_column_container vc_col-sm-12\"><div class=\"vc_column-inner\"><div class=\"wpb_wrapper\">\n\t<div class=\"wpb_raw_code wpb_raw_js\" >\n\t\t<div class=\"wpb_wrapper\">\n\t\t\t<script> \n\t( function( $ )\n\t{ \tsetTimeout( function()\n\t\t{\tlet anchor = $( '#menu-tour > div > .vc_tta-tabs-container > ul > .vc_tta-tab > a' );\n\t\t\t\tanchor.each( function()\n\t\t\t{ $( this ).attr( 'title', 'Ver contenido: ' + $( this ).find( 'span' ).text()); \n\t\t\t});\n\t\t}, 500 );\n\t})( jQuery );\n<\/script>\n\t\t<\/div>\n\t<\/div>\n\n\t<div class=\"wpb_raw_code wpb_raw_html wpb_content_element\" >\n\t\t<div class=\"wpb_wrapper\">\n\t\t\t<style>\n    \/* ------------------------------ \/\/\n     *   D O   N O T   D E L E T E   T H I S   C S S   C O D E S\n     *   T H I S   C S S    C O D E S   D O   T H E   S P E C I A L S   F E A T U R E S\n     *   T H A N K    Y O U    ! ! !\n    \/\/ ------------------------------ *\/\n    \/* Using a url: \/\/ @import url(\"https:\/\/fonts.googleapis.com\/css?family=Oswald:400\"); *\/\n    div[id^=\"oferta\"] > div.vc_toggle_title > h4 { font-size: 1.8em; line-height: 1.8em; color: #fff; font-family: Oswald, sans-serif; font-weight: 400; }\n    div[id^=\"oferta\"] > div.vc_toggle_title > h4:hover { color: #fff; }\n    \/* ------------------------------ *\/\n    .su-tabs.all_tabs > .su-tabs-nav, \n    .su-tabs.all_tabs > .su-tabs-nav > .single_tab { text-align: center; }\n    .su-tabs.all_tabs > .su-tabs-nav > .single_tab { color: #f9f9f9; font-size: 1.2em; }\n    \/* ------------------------------ *\/\n    .su-tabs.all_tabs > .su-tabs-panes { \t\t\t\t\tbackground: #e7e7e7; }\n    .su-tabs.all_tabs > .su-tabs-nav > .single_tab { \t\t\tbackground: #333; \t }\n    .su-tabs.all_tabs > .su-tabs-nav > .su-tabs-current { \t\tbackground: #b70000; }\n    .su-tabs.all_tabs > .su-tabs-nav > .single_tab:hover { \t\tbackground: #535362; }\n    .su-tabs.all_tabs > .su-tabs-nav > .su-tabs-current:hover { \tbackground: #8a0000; }\n    \/* ------------------------------ *\/\n    .su-tabs.all_tabs > .su-tabs-nav > .single_tab.smart-width { width: auto; }\n    .su-tabs.all_tabs > .su-tabs-nav > .single_tab.col-1 { min-width: 99.99%; }\n    .su-tabs.all_tabs > .su-tabs-nav > .single_tab.col-2 { min-width: 49.33%; }\n    .su-tabs.all_tabs > .su-tabs-nav > .single_tab.col-3 { min-width: 32.99%; }\n    .su-tabs.all_tabs > .su-tabs-nav > .single_tab.col-4 { min-width: 24.33%; }\n    .su-tabs.all_tabs > .su-tabs-nav > .single_tab.col-4.smart-width { padding: auto 1.0em; }\n    .su-tabs.all_tabs > .su-tabs-nav > .single_tab.col-5 { min-width: 19.33%; }\n    .su-tabs.all_tabs > .su-tabs-nav > .single_tab.col-5.smart-width { padding: auto 0.9em; }\n    .su-tabs.all_tabs > .su-tabs-nav > .single_tab.col-6 { min-width: 16.33%; }\n    .su-tabs.all_tabs > .su-tabs-nav > .single_tab.col-6.smart-width { padding: auto 0.8em; }\n    .su-tabs.all_tabs > .su-tabs-nav > .single_tab.col-custom.smart-width { padding: auto 0.4em; }\n    \/* ------------------------------ *\/\n<\/style>\n\n\t\t<\/div>\n\t<\/div>\n<\/div><\/div><\/div><\/div><\/section>\n<\/div>","protected":false},"excerpt":{"rendered":"<p>Servicios de Apoyo UPRP para la Continuidad Acad\u00e9micaUniversidad de Puerto Rico en PonceRecursos de apoyo para la continuidad acad\u00e9mica en la Universidad de Puerto Rico en Ponce EstudiantesDocentesAsuntos Acad\u00e9micosApoyo T\u00e9cnicoContinuidad Acad\u00e9micaEstudiantes Si necesitas comunicarte o recibir los servicios de alguna de las oficinas del Decanato de Estudiantes, a continuaci\u00f3n te compartimos la informaci\u00f3n de contacto&hellip; <a class=\"continue\" href=\"https:\/\/www.uprp.edu\/en\/articulos\/servicios-apoyo-uprp-continuidad-academica\/\">*Informaci\u00f3n adicional sobre el tema<span> Academic's Support Services<\/span><\/a><\/p>","protected":false},"author":249,"featured_media":0,"parent":49,"menu_order":111,"comment_status":"closed","ping_status":"closed","template":"","meta":{"_themeisle_gutenberg_block_has_review":false,"footnotes":""},"class_list":["post-16493","page","type-page","status-publish","hentry","description-off"],"_links":{"self":[{"href":"https:\/\/www.uprp.edu\/en\/wp-json\/wp\/v2\/pages\/16493","targetHints":{"allow":["GET"]}}],"collection":[{"href":"https:\/\/www.uprp.edu\/en\/wp-json\/wp\/v2\/pages"}],"about":[{"href":"https:\/\/www.uprp.edu\/en\/wp-json\/wp\/v2\/types\/page"}],"author":[{"embeddable":true,"href":"https:\/\/www.uprp.edu\/en\/wp-json\/wp\/v2\/users\/249"}],"replies":[{"embeddable":true,"href":"https:\/\/www.uprp.edu\/en\/wp-json\/wp\/v2\/comments?post=16493"}],"version-history":[{"count":141,"href":"https:\/\/www.uprp.edu\/en\/wp-json\/wp\/v2\/pages\/16493\/revisions"}],"predecessor-version":[{"id":38857,"href":"https:\/\/www.uprp.edu\/en\/wp-json\/wp\/v2\/pages\/16493\/revisions\/38857"}],"up":[{"embeddable":true,"href":"https:\/\/www.uprp.edu\/en\/wp-json\/wp\/v2\/pages\/49"}],"wp:attachment":[{"href":"https:\/\/www.uprp.edu\/en\/wp-json\/wp\/v2\/media?parent=16493"}],"curies":[{"name":"wp","href":"https:\/\/api.w.org\/{rel}","templated":true}]}}