{"id":23067,"date":"2022-01-14T08:48:07","date_gmt":"2022-01-14T12:48:07","guid":{"rendered":"https:\/\/www.upr.edu\/ponce\/?page_id=23067"},"modified":"2026-03-11T10:19:16","modified_gmt":"2026-03-11T14:19:16","slug":"otros","status":"publish","type":"page","link":"https:\/\/www.uprp.edu\/en\/articulos\/rectoria\/opei\/dashboards\/otros\/","title":{"rendered":"Otros"},"content":{"rendered":"<div class=\"wpb-content-wrapper\" id=\"wpb-content-root\"><section class=\"vc_section vc_section-o-content-top vc_section-flex\"><div class=\"vc_row wpb_row vc_row-fluid full-width-wrap dt-default\" style=\"padding-left: 0px;padding-right: 0px;margin-top: 0px;margin-bottom: 0px\"><div class=\"wpb_column vc_column_container vc_col-sm-12\"><div class=\"vc_column-inner\"><div class=\"wpb_wrapper\"><div id=\"ultib3-12090689856a9b7fdc36d05\" class=\"vc_custom_1642160478664 ultb3-box ult-adjust-bottom-margin\" style=\"background-color: rgba(255,255,255,0.01);\"><div class=\"ultb3-box-overlay\" style=\"background:rgba(255,255,255,0.01);\"><\/div><img decoding=\"async\" src=\"https:\/\/www.uprp.edu\/wp-content\/uploads\/sites\/11\/2014\/10\/uprp_sombra_2-e1469047337875.png\" style=\"\" class=\"ultb3-img ultb3-img-top-right\" alt=\"Banner con Sombra UPRP\"\/><div id=\"Info-banner-wrap8390\" class=\"ultb3-info ib3-info-left\" data-animation=\"\" data-animation-delay=\"03\"><div class=\"ultb3-title ult-responsive\"  data-ultimate-target='#Info-banner-wrap8390 .ultb3-title'  data-responsive-json-new='{\"font-size\":\"desktop:32px;\",\"line-height\":\"\"}'  style=\"font-family:Open Sans;font-weight:normal;font-style:normal;\">Dashboards - Otros<\/div><div class=\"ultb3-desc ult-responsive\"  data-ultimate-target='#Info-banner-wrap8390 .ultb3-desc'  data-responsive-json-new='{\"font-size\":\"desktop:18px;\",\"line-height\":\"\"}'  style=\"font-family:Open Sans;font-style:italic;font-weight:normal;font-style:normal;\">Oficina de Planificaci\u00f3n y Estudios Institucionales<\/div><\/div><\/div><style>\n\t\t\t\t\t#ultib3-12090689856a9b7fdc36d05 {\n\t\t\t\t\t\tmin-height:50px;\n\t\t\t\t\t}\n\t\t\t\t\t#ultib3-12090689856a9b7fdc36d05 img.ultb3-img {\n\t\t\t\t\t\theight: px;\n\t\t\t\t\t}\n\t\t\t\t\t#ultib3-12090689856a9b7fdc36d05 .ultb3-btn {\n\t\t\t\t\t\tborder:2px solid #fcfcfc;border-radius:50px;color:#1e73be;\n\t\t\t\t\t}\n\t\t\t\t\t#ultib3-12090689856a9b7fdc36d05 .ultb3-btn:hover {\n\t\t\t\t\t\tbackground:#fcfcfc;color:#dd3333;\n\t\t\t\t\t}\n\t\t\t\t\t#ultib3-12090689856a9b7fdc36d05 .ultb3-btn:focus {\n\t\t\t\t\t\toutline: 2px solid #005fcc;\n\t\t\t\t\t\toutline-offset: 2px;\n\t\t\t\t\t}\n\t\t\t\t<\/style><div class=\"ult-spacer spacer-6a9b7fdc36d65\" data-id=\"6a9b7fdc36d65\" data-height=\"10\" data-height-mobile=\"10\" data-height-tab=\"10\" data-height-tab-portrait=\"\" data-height-mobile-landscape=\"\" style=\"clear:both;display:block;\"><\/div><\/div><\/div><\/div><\/div><div class=\"vc_row wpb_row vc_row-fluid dt-default\" style=\"margin-top: 0px;margin-bottom: 0px\"><div class=\"wpb_column vc_column_container vc_col-sm-12\"><div class=\"vc_column-inner\"><div class=\"wpb_wrapper\"><div class=\"ubtn-ctn-left\"><a class=\"ubtn-link ult-adjust-bottom-margin ubtn-left ubtn-normal\" href=\"https:\/\/www.uprp.edu\/en\/articulos\/rectoria\/opei\/#tableros-opei\" title=\"Regresar a Tablero\" ><button type=\"button\" id=\"ubtn-9319\"  class=\"ubtn ult-adjust-bottom-margin ult-responsive ubtn-normal ubtn-no-hover-bg  none  ubtn-left   tooltip-6a9b7fdc37685\"  data-hover=\"\" data-border-color=\"\" data-bg=\"#e0e0e0\" data-hover-bg=\"\" data-border-hover=\"\" data-shadow-hover=\"\" data-shadow-click=\"none\" data-shadow=\"\" data-shd-shadow=\"\"  data-ultimate-target='#ubtn-9319'  data-responsive-json-new='{\"font-size\":\"\",\"line-height\":\"\"}'  style=\"font-weight:normal;border:none;background: #e0e0e0;color: #000000;\"><span class=\"ubtn-hover\" style=\"background-color:\"><\/span><span class=\"ubtn-data ubtn-text\" >Regresar a Tableros<\/span><\/button><\/a><\/div><div class=\"vc_tta-container\" data-vc-action=\"collapse\"><div class=\"vc_general vc_tta vc_tta-accordion vc_tta-color-custom vc_tta-style-classic vc_tta-shape-rounded vc_tta-o-shape-group vc_tta-controls-align-left\" style=\"--vc-tta-color: #F8F8F8; --vc-tta-color-contrast: #666; --vc-tta-spacing: 0px; --vc-tta-gap: 0px;\"><div class=\"vc_tta-panels-container\"><div class=\"vc_tta-panels\"><div class=\"vc_tta-panel\" id=\"dashboard-suspendidos\" data-vc-content=\".vc_tta-panel-body\"><div class=\"vc_tta-panel-heading\"><h4 class=\"vc_tta-panel-title vc_tta-controls-icon-position-left\"><a href=\"#dashboard-suspendidos\" data-vc-accordion data-vc-container=\".vc_tta-container\"><span class=\"vc_tta-title-text\">Estudiantes Suspendidos y Probatoria (Suspended and Conditional Retention Students)<\/span><i class=\"vc_tta-controls-icon vc_tta-controls-icon-plus\"><\/i><\/a><\/h4><\/div><div class=\"vc_tta-panel-body\">\n\t<div class=\"wpb_text_column wpb_content_element\" >\n\t\t<div class=\"wpb_wrapper\">\n\t\t\t<p>Se presentan la cantidad de estudiantes suspendidos por deficiencia acad\u00e9mica y en probatoria por cada programa acad\u00e9mico.\u00a0 Se incluyen los estudiantes de bachillerato, grado asociado y traslado.\u00a0 Los datos pueden filtrarse por a\u00f1o acad\u00e9mico y programa.<\/p>\n\n\t\t<\/div>\n\t<\/div>\n\n\t<div class=\"wpb_raw_code wpb_raw_html wpb_content_element\" >\n\t\t<div class=\"wpb_wrapper\">\n\t\t\t<iframe title=\"SuspendidosProbatoria PBI\" width=\"1000\" height=\"600\" src=\"https:\/\/app.powerbi.com\/view?r=eyJrIjoiYjJhOWJkYzEtMDdjNy00ZWYwLWJlNTUtMTlkYWY0YTdhMjcwIiwidCI6IjBkZmE1ZGMwLTAzNmYtNDYxNS05OWU0LTk0YWY4MjJmMmI4NCIsImMiOjF9&pageName=ReportSection\" frameborder=\"0\" allowfullscreen=\"true\"><\/iframe>\n\t\t<\/div>\n\t<\/div>\n<\/div><\/div><div class=\"vc_tta-panel\" id=\"dashboard-bajas\" data-vc-content=\".vc_tta-panel-body\"><div class=\"vc_tta-panel-heading\"><h4 class=\"vc_tta-panel-title vc_tta-controls-icon-position-left\"><a href=\"#dashboard-bajas\" data-vc-accordion data-vc-container=\".vc_tta-container\"><span class=\"vc_tta-title-text\">Bajas Totales (Total Withdrawal)<\/span><i class=\"vc_tta-controls-icon vc_tta-controls-icon-plus\"><\/i><\/a><\/h4><\/div><div class=\"vc_tta-panel-body\">\n\t<div class=\"wpb_text_column wpb_content_element\" >\n\t\t<div class=\"wpb_wrapper\">\n\t\t\t<p>El dashboard permite visualizar la cantidad de estudiantes que se han dado de baja total por cada uno de los programas acad\u00e9micos.<\/p>\n\n\t\t<\/div>\n\t<\/div>\n\n\t<div class=\"wpb_raw_code wpb_raw_html wpb_content_element\" >\n\t\t<div class=\"wpb_wrapper\">\n\t\t\t<iframe title=\"Bajas Totales PBI\" width=\"1000\" height=\"600\" src=\"https:\/\/app.powerbi.com\/view?r=eyJrIjoiZGRhODMxODQtNDA4YS00YWMyLThhYTUtMGMwMzllYWZiMDJiIiwidCI6IjBkZmE1ZGMwLTAzNmYtNDYxNS05OWU0LTk0YWY4MjJmMmI4NCIsImMiOjF9&pageName=ReportSection\" frameborder=\"0\" allowfullscreen=\"true\"><\/iframe>\n\t\t<\/div>\n\t<\/div>\n<\/div><\/div><div class=\"vc_tta-panel\" id=\"dashboard-perdida-programa\" data-vc-content=\".vc_tta-panel-body\"><div class=\"vc_tta-panel-heading\"><h4 class=\"vc_tta-panel-title vc_tta-controls-icon-position-left\"><a href=\"#dashboard-perdida-programa\" data-vc-accordion data-vc-container=\".vc_tta-container\"><span class=\"vc_tta-title-text\">P\u00e9rdida Estudiantil por Programa (Student's Program Leave)<\/span><i class=\"vc_tta-controls-icon vc_tta-controls-icon-plus\"><\/i><\/a><\/h4><\/div><div class=\"vc_tta-panel-body\">\n\t<div class=\"wpb_text_column wpb_content_element\" >\n\t\t<div class=\"wpb_wrapper\">\n\t\t\t<p>Se presentan los datos de estudiantes que se cambiaron de su programa acad\u00e9mico (p\u00e9rdida de programa) y aquellos que se fueron de la universidad (p\u00e9rdida institucional). Se realiza una comparaci\u00f3n de los datos, filtrados por programa y a\u00f1o acad\u00e9mico.<\/p>\n\n\t\t<\/div>\n\t<\/div>\n\n\t<div class=\"wpb_raw_code wpb_raw_html wpb_content_element\" >\n\t\t<div class=\"wpb_wrapper\">\n\t\t\t<iframe title=\"Perdida Estudiantil PBI\" width=\"1000\" height=\"600\" src=\"https:\/\/app.powerbi.com\/view?r=eyJrIjoiNjRhN2I1YTAtOGZmMS00YzQ3LWEwYjktOGJlYzlhNGE0YTk0IiwidCI6IjBkZmE1ZGMwLTAzNmYtNDYxNS05OWU0LTk0YWY4MjJmMmI4NCIsImMiOjF9&pageName=ReportSection\" frameborder=\"0\" allowfullscreen=\"true\"><\/iframe>\n\t\t<\/div>\n\t<\/div>\n<\/div><\/div><div class=\"vc_tta-panel\" id=\"dashboard-noretenidos2020\" data-vc-content=\".vc_tta-panel-body\"><div class=\"vc_tta-panel-heading\"><h4 class=\"vc_tta-panel-title vc_tta-controls-icon-position-left\"><a href=\"#dashboard-noretenidos2020\" data-vc-accordion data-vc-container=\".vc_tta-container\"><span class=\"vc_tta-title-text\">Perfil de Estudiantes No Retenidos<\/span><i class=\"vc_tta-controls-icon vc_tta-controls-icon-plus\"><\/i><\/a><\/h4><\/div><div class=\"vc_tta-panel-body\">\n\t<div class=\"wpb_text_column wpb_content_element\" >\n\t\t<div class=\"wpb_wrapper\">\n\t\t\t<p>Se presentan los datos de estudiantes no retenidos por cada programa acad\u00e9mico.\u00a0 Se incluyen datos de escuela superior, resultados en pruebas del College Board, promedio de escuela superior, razones de baja total, entre otros.<\/p>\n\n\t\t<\/div>\n\t<\/div>\n\n\t<div class=\"wpb_raw_code wpb_raw_html wpb_content_element\" >\n\t\t<div class=\"wpb_wrapper\">\n\t\t\t<iframe title=\"An\u00e1lisis P\u00e9rdida NI\" width=\"1000\" height=\"600\" src=\"https:\/\/app.powerbi.com\/view?r=eyJrIjoiM2U0MmZiMDUtYjg2Yi00ZjlmLTg3YTYtOGQxZWUxZmI0MDdiIiwidCI6IjBkZmE1ZGMwLTAzNmYtNDYxNS05OWU0LTk0YWY4MjJmMmI4NCIsImMiOjF9&pageName=ReportSection04ee31417209f6e43af2\" frameborder=\"0\" allowfullscreen=\"true\"><\/iframe>\n\t\t<\/div>\n\t<\/div>\n<\/div><\/div><div class=\"vc_tta-panel\" id=\"avaluo-satisfaccion-institucional\" data-vc-content=\".vc_tta-panel-body\"><div class=\"vc_tta-panel-heading\"><h4 class=\"vc_tta-panel-title vc_tta-controls-icon-position-left\"><a href=\"#avaluo-satisfaccion-institucional\" data-vc-accordion data-vc-container=\".vc_tta-container\"><span class=\"vc_tta-title-text\">Satisfacci\u00f3n de Servicios Acad\u00e9micos y Estudiantiles (Institutional assessment)<\/span><i class=\"vc_tta-controls-icon vc_tta-controls-icon-plus\"><\/i><\/a><\/h4><\/div><div class=\"vc_tta-panel-body\">\n\t<div class=\"wpb_text_column wpb_content_element\" >\n\t\t<div class=\"wpb_wrapper\">\n\t\t\t<p>Se presentan los datos de satisfacci\u00f3n de servicios de las oficinas y departamentos adscritos al Decanato de Asuntos Acad\u00e9micos y Decanato de Asuntos Estudiantiles.\u00a0 Los datos se pueden filtrar por a\u00f1o acad\u00e9mico, departamento, oficina, entre otros.<\/p>\n\n\t\t<\/div>\n\t<\/div>\n\n\t<div class=\"wpb_raw_code wpb_raw_html wpb_content_element\" >\n\t\t<div class=\"wpb_wrapper\">\n\t\t\t<iframe title=\"Avaluo Satisfaccion BI\" width=\"1000\" height=\"600\" src=\"https:\/\/app.powerbi.com\/view?r=eyJrIjoiY2FiYTRjZjItM2Y5Ni00ODRiLWJiMzQtNWE2NzI5YWVjMjc3IiwidCI6IjBkZmE1ZGMwLTAzNmYtNDYxNS05OWU0LTk0YWY4MjJmMmI4NCIsImMiOjF9\" frameborder=\"0\" allowfullscreen=\"true\"><\/iframe>\n\t\t<\/div>\n\t<\/div>\n<\/div><\/div><div class=\"vc_tta-panel\" id=\"dash-student-fte\" data-vc-content=\".vc_tta-panel-body\"><div class=\"vc_tta-panel-heading\"><h4 class=\"vc_tta-panel-title vc_tta-controls-icon-position-left\"><a href=\"#dash-student-fte\" data-vc-accordion data-vc-container=\".vc_tta-container\"><span class=\"vc_tta-title-text\">Estudiante Equivalente Regular (Student FTE)<\/span><i class=\"vc_tta-controls-icon vc_tta-controls-icon-plus\"><\/i><\/a><\/h4><\/div><div class=\"vc_tta-panel-body\">\n\t<div class=\"wpb_text_column wpb_content_element\" >\n\t\t<div class=\"wpb_wrapper\">\n\t\t\t<p>El tablero incluye el total de estudiante equivalente regular (FTE por sus siglas en ingl\u00e9s) por cada programa acad\u00e9mico. Se filtran los datos por a\u00f1o acad\u00e9mico y programa. Los datos se presentan para ambos semestres.<\/p>\n\n\t\t<\/div>\n\t<\/div>\n\n\t<div class=\"wpb_raw_code wpb_raw_html wpb_content_element\" >\n\t\t<div class=\"wpb_wrapper\">\n\t\t\t<iframe title=\"Student FTE\" width=\"1000\" height=\"600\" src=\"https:\/\/app.powerbi.com\/view?r=eyJrIjoiODBmMDQyNDMtY2Y4ZC00Njc3LWIxZjktYzkwNDRlN2VhNTgxIiwidCI6IjBkZmE1ZGMwLTAzNmYtNDYxNS05OWU0LTk0YWY4MjJmMmI4NCIsImMiOjF9&pageName=ReportSection\" frameborder=\"0\" allowfullscreen=\"true\"><\/iframe>\n\t\t<\/div>\n\t<\/div>\n<\/div><\/div><div class=\"vc_tta-panel\" id=\"dash-student-fte-inst\" data-vc-content=\".vc_tta-panel-body\"><div class=\"vc_tta-panel-heading\"><h4 class=\"vc_tta-panel-title vc_tta-controls-icon-position-left\"><a href=\"#dash-student-fte-inst\" data-vc-accordion data-vc-container=\".vc_tta-container\"><span class=\"vc_tta-title-text\">Estudiante Equivalente Regular Institucional (Institutional FTE)<\/span><i class=\"vc_tta-controls-icon vc_tta-controls-icon-plus\"><\/i><\/a><\/h4><\/div><div class=\"vc_tta-panel-body\">\n\t<div class=\"wpb_text_column wpb_content_element\" >\n\t\t<div class=\"wpb_wrapper\">\n\t\t\t<p>Se presenta la data hist\u00f3rica del total de estudiantes equivalente regular (FTE por sus siglas en ingl\u00e9s) institucional. Los datos se pueden filtrar por a\u00f1o y semestre acad\u00e9mico.\u00a0 Se incluye el valor m\u00ednimo, m\u00e1ximo y promedio.<\/p>\n\n\t\t<\/div>\n\t<\/div>\n\n\t<div class=\"wpb_raw_code wpb_raw_html wpb_content_element\" >\n\t\t<div class=\"wpb_wrapper\">\n\t\t\t<iframe title=\"Inst FTE Historical Data\" width=\"1000\" height=\"600\" src=\"https:\/\/app.powerbi.com\/view?r=eyJrIjoiZDE5ZjRmOWYtM2RmMi00ZmI3LWI3OWUtOWQ5YTJjODZkNzhjIiwidCI6IjBkZmE1ZGMwLTAzNmYtNDYxNS05OWU0LTk0YWY4MjJmMmI4NCIsImMiOjF9&pageName=ReportSection\" frameborder=\"0\" allowfullscreen=\"true\"><\/iframe>\n\t\t<\/div>\n\t<\/div>\n<\/div><\/div><div class=\"vc_tta-panel\" id=\"dash-creditos-avg\" data-vc-content=\".vc_tta-panel-body\"><div class=\"vc_tta-panel-heading\"><h4 class=\"vc_tta-panel-title vc_tta-controls-icon-position-left\"><a href=\"#dash-creditos-avg\" data-vc-accordion data-vc-container=\".vc_tta-container\"><span class=\"vc_tta-title-text\">Promedio de Cr\u00e9ditos por Estudiante (Average Credits per Student)<\/span><i class=\"vc_tta-controls-icon vc_tta-controls-icon-plus\"><\/i><\/a><\/h4><\/div><div class=\"vc_tta-panel-body\">\n\t<div class=\"wpb_text_column wpb_content_element\" >\n\t\t<div class=\"wpb_wrapper\">\n\t\t\t<p>Se presenta el promedio de cr\u00e9ditos de los estudiantes a tiempo parcial y tiempo completo. Los datos se pueden filtrar por a\u00f1o acad\u00e9mico, semestre y programa.<\/p>\n\n\t\t<\/div>\n\t<\/div>\n\n\t<div class=\"wpb_raw_code wpb_raw_html wpb_content_element\" >\n\t\t<div class=\"wpb_wrapper\">\n\t\t\t<iframe title=\"Average Credits\" width=\"1000\" height=\"600\" src=\"https:\/\/app.powerbi.com\/view?r=eyJrIjoiZjM4ODU3YTctZGM3My00NmI3LTllNmMtYzNlOTk4YmYxZGFkIiwidCI6IjBkZmE1ZGMwLTAzNmYtNDYxNS05OWU0LTk0YWY4MjJmMmI4NCIsImMiOjF9&pageName=ReportSection\" frameborder=\"0\" allowfullscreen=\"true\"><\/iframe>\n\t\t<\/div>\n\t<\/div>\n<\/div><\/div><div class=\"vc_tta-panel\" id=\"dash-deportes\" data-vc-content=\".vc_tta-panel-body\"><div class=\"vc_tta-panel-heading\"><h4 class=\"vc_tta-panel-title vc_tta-controls-icon-position-left\"><a href=\"#dash-deportes\" data-vc-accordion data-vc-container=\".vc_tta-container\"><span class=\"vc_tta-title-text\">Estudiantes Atletas por Deporte (Athletic Students by Sport)<\/span><i class=\"vc_tta-controls-icon vc_tta-controls-icon-plus\"><\/i><\/a><\/h4><\/div><div class=\"vc_tta-panel-body\">\n\t<div class=\"wpb_text_column wpb_content_element\" >\n\t\t<div class=\"wpb_wrapper\">\n\t\t\t<p>Se presenta la cantidad de estudiantes atletas por cada uno de los deportes. Los datos se pueden filtrar por a\u00f1o acad\u00e9mico.<\/p>\n\n\t\t<\/div>\n\t<\/div>\n\n\t<div class=\"wpb_raw_code wpb_raw_html wpb_content_element\" >\n\t\t<div class=\"wpb_wrapper\">\n\t\t\t<iframe title=\"Deportes BI\" width=\"1000\" height=\"600\" src=\"https:\/\/app.powerbi.com\/view?r=eyJrIjoiYWRmNjFmZDQtNGM1Ni00MWUxLTlhMTAtZmFjYzc5ODYyZWYwIiwidCI6IjBkZmE1ZGMwLTAzNmYtNDYxNS05OWU0LTk0YWY4MjJmMmI4NCIsImMiOjF9&pageName=ReportSection\" frameborder=\"0\" allowfullscreen=\"true\"><\/iframe>\n\t\t<\/div>\n\t<\/div>\n<\/div><\/div><\/div><\/div><\/div><\/div><\/div><\/div><\/div><\/div><\/section>\n<\/div>","protected":false},"excerpt":{"rendered":"<p>Dashboards &#8211; OtrosOficina de Planificaci\u00f3n y Estudios InstitucionalesRegresar a TablerosEstudiantes Suspendidos y Probatoria (Suspended and Conditional Retention Students) Se presentan la cantidad de estudiantes suspendidos por deficiencia acad\u00e9mica y en probatoria por cada programa acad\u00e9mico.\u00a0 Se incluyen los estudiantes de bachillerato, grado asociado y traslado.\u00a0 Los datos pueden filtrarse por a\u00f1o acad\u00e9mico y programa. Bajas&hellip; <a class=\"continue\" href=\"https:\/\/www.uprp.edu\/en\/articulos\/rectoria\/opei\/dashboards\/otros\/\">*Informaci\u00f3n adicional sobre el tema<span> Otros<\/span><\/a><\/p>","protected":false},"author":249,"featured_media":0,"parent":25905,"menu_order":21,"comment_status":"closed","ping_status":"closed","template":"","meta":{"_themeisle_gutenberg_block_has_review":false,"footnotes":""},"class_list":["post-23067","page","type-page","status-publish","hentry","description-off"],"_links":{"self":[{"href":"https:\/\/www.uprp.edu\/en\/wp-json\/wp\/v2\/pages\/23067","targetHints":{"allow":["GET"]}}],"collection":[{"href":"https:\/\/www.uprp.edu\/en\/wp-json\/wp\/v2\/pages"}],"about":[{"href":"https:\/\/www.uprp.edu\/en\/wp-json\/wp\/v2\/types\/page"}],"author":[{"embeddable":true,"href":"https:\/\/www.uprp.edu\/en\/wp-json\/wp\/v2\/users\/249"}],"replies":[{"embeddable":true,"href":"https:\/\/www.uprp.edu\/en\/wp-json\/wp\/v2\/comments?post=23067"}],"version-history":[{"count":9,"href":"https:\/\/www.uprp.edu\/en\/wp-json\/wp\/v2\/pages\/23067\/revisions"}],"predecessor-version":[{"id":35574,"href":"https:\/\/www.uprp.edu\/en\/wp-json\/wp\/v2\/pages\/23067\/revisions\/35574"}],"up":[{"embeddable":true,"href":"https:\/\/www.uprp.edu\/en\/wp-json\/wp\/v2\/pages\/25905"}],"wp:attachment":[{"href":"https:\/\/www.uprp.edu\/en\/wp-json\/wp\/v2\/media?parent=23067"}],"curies":[{"name":"wp","href":"https:\/\/api.w.org\/{rel}","templated":true}]}}