{"id":4783,"date":"2016-08-15T16:37:32","date_gmt":"2016-08-15T20:37:32","guid":{"rendered":"https:\/\/www.upr.edu\/ponce\/?page_id=4783"},"modified":"2026-05-15T17:10:23","modified_gmt":"2026-05-15T21:10:23","slug":"calendario-academico","status":"publish","type":"page","link":"https:\/\/www.uprp.edu\/en\/articulos\/academicos\/ofrecimientos-academicos\/calendario-academico\/","title":{"rendered":"Academic Calendar"},"content":{"rendered":"<div class=\"wpb-content-wrapper\" id=\"wpb-content-root\"><section class=\"vc_section vc_section-o-content-top vc_section-flex\"><div class=\"vc_row wpb_row vc_row-fluid full-width-wrap dt-default\" style=\"padding-left: 0px;padding-right: 0px;margin-top: 0px;margin-bottom: 0px\"><div class=\"wpb_column vc_column_container vc_col-sm-12 vc_col-xs-12\"><div class=\"vc_column-inner\"><div class=\"wpb_wrapper\"><div id=\"ultib3-20847369296a9b92d8c37ba\" class=\"vc_custom_1515772701537 ultb3-box ult-adjust-bottom-margin\" style=\"background-color: rgba(255,255,255,0.01);\"><div class=\"ultb3-box-overlay\" style=\"background:rgba(255,255,255,0.01);\"><\/div><img decoding=\"async\" src=\"https:\/\/www.uprp.edu\/wp-content\/uploads\/sites\/11\/2014\/10\/uprp_sombra_2-e1469047337875.png\" style=\"\" class=\"ultb3-img ultb3-img-top-right\" alt=\"Banner con Sombra UPRP\"\/><div id=\"Info-banner-wrap5344\" class=\"ultb3-info ib3-info-left\" data-animation=\"\" data-animation-delay=\"03\"><div class=\"ultb3-title ult-responsive\"  data-ultimate-target='#Info-banner-wrap5344 .ultb3-title'  data-responsive-json-new='{\"font-size\":\"desktop:32px;\",\"line-height\":\"\"}'  style=\"font-family:Open Sans;font-weight:normal;font-style:normal;\">Calendario Acad\u00e9mico - (por Semestres)<\/div><div class=\"ultb3-desc ult-responsive\"  data-ultimate-target='#Info-banner-wrap5344 .ultb3-desc'  data-responsive-json-new='{\"font-size\":\"desktop:18px;\",\"line-height\":\"\"}'  style=\"font-family:Open Sans;font-style:italic;font-weight:normal;font-style:normal;\">Dean of Academic Affairs<\/div><\/div><\/div><style>\n\t\t\t\t\t#ultib3-20847369296a9b92d8c37ba {\n\t\t\t\t\t\tmin-height:50px;\n\t\t\t\t\t}\n\t\t\t\t\t#ultib3-20847369296a9b92d8c37ba img.ultb3-img {\n\t\t\t\t\t\theight: px;\n\t\t\t\t\t}\n\t\t\t\t\t#ultib3-20847369296a9b92d8c37ba .ultb3-btn {\n\t\t\t\t\t\tborder:2px solid #1e73be;border-radius:50px;color:#898989;\n\t\t\t\t\t}\n\t\t\t\t\t#ultib3-20847369296a9b92d8c37ba .ultb3-btn:hover {\n\t\t\t\t\t\tbackground:#1e73be;color:#ffffff;\n\t\t\t\t\t}\n\t\t\t\t\t#ultib3-20847369296a9b92d8c37ba .ultb3-btn:focus {\n\t\t\t\t\t\toutline: 2px solid #005fcc;\n\t\t\t\t\t\toutline-offset: 2px;\n\t\t\t\t\t}\n\t\t\t\t<\/style><div class=\"ult-spacer spacer-6a9b92d8c3817\" data-id=\"6a9b92d8c3817\" data-height=\"10\" data-height-mobile=\"10\" data-height-tab=\"10\" data-height-tab-portrait=\"\" data-height-mobile-landscape=\"\" style=\"clear:both;display:block;\"><\/div><\/div><\/div><\/div><\/div><div class=\"vc_row wpb_row vc_row-fluid dt-default\" style=\"margin-top: 0px;margin-bottom: 0px\"><div class=\"wpb_column vc_column_container vc_col-sm-9\"><div class=\"vc_column-inner\"><div class=\"wpb_wrapper\"><div class=\"standard-arrow list-divider bullet-top\"><div class=\"su-tabs su-tabs-style-default su-tabs-mobile-stack all_tabs\" data-active=\"3\" data-scroll-offset=\"0\" data-anchor-in-url=\"no\"><div class=\"su-tabs-nav\"><span class=\"single_tab smart-width\" data-url=\"\" data-target=\"blank\" tabindex=\"0\" role=\"button\">Calendario Acad\u00e9mico 1er Sem. 2026-27 (C61)<\/span><span class=\"single_tab smart-width\" data-url=\"\" data-target=\"blank\" tabindex=\"0\" role=\"button\">Calendario Acad\u00e9mico 2do Sem. 2026-27 (C62)<\/span><span class=\"single_tab smart-width\" data-url=\"\" data-target=\"blank\" tabindex=\"0\" role=\"button\">Calendario Acad\u00e9mico Verano 2026 (C53)<\/span><\/div><div class=\"su-tabs-panes\"><div class=\"su-tabs-pane su-u-clearfix su-u-trim single_tab smart-width\" data-title=\"Calendario Acad\u00e9mico 1er Sem. 2026-27 (C61)\"><\/p>\n<p style=\"text-align: center\"><div style=\"display:block\">\n<!-- FlowPaper PDF flipbook plugin v.2.0.8 wordpress.org\/plugins\/flowpaper\/ -->\n<iframe title=\"FlowPaper flipbook pdf viewer\" width=\"100%\" height=\"1200\" scrolling=\"no\" class=\"flowpaper-class\" frameborder=\"0\" allowfullscreen=\"true\" lightbox=\"false\" cover id=\"calendario-academica-1er-semestre-2026-27-c61\" src = \"https:\/\/flowpaper.com\/flipbook\/?pdf=https:\/\/www.uprp.edu\/wp-content\/uploads\/sites\/11\/2026\/05\/certificacion-2025-2026-38-aprobacion-calendario-primer-y-segundo-semestre-2026-2027-y-hoja-de-tramite-com-univ.pdf#page=3&amp;zoom=100%&amp;view=fit&title=calendario-academico-1er-sem-2026-27-c61&header=...%20Espere%20mientras%20carga%20el%20documento%20PDF%20...&theme=light&singlepage=auto&thumbs=1&modified=260515510\" seamless=\"seamless\" style=\"margin-bottom:0;display:block;\">Your browser does not seem to support iframes. <a href=\"https:\/\/flowpaper.com\/flipbook\/?pdf=https:\/\/www.uprp.edu\/wp-content\/uploads\/sites\/11\/2026\/05\/certificacion-2025-2026-38-aprobacion-calendario-primer-y-segundo-semestre-2026-2027-y-hoja-de-tramite-com-univ.pdf#page=3&amp;zoom=100%&amp;view=fit\" target=\"_blank\">Click here to read this PDF<\/a>.<\/iframe>\n<div id=\"flowpaper-logo-bottom\" class=\"flowpaper-logo-bg\" style=\"background:linear-gradient(to right, rgba(0,0,0,0.65) 0%,rgba(0,0,0,0) 200px);width:100%;height:19px; padding-bottom: 1px; padding-left: 5px; padding-right: 10px; display: flex; align-items: center;z-index:9999\"><span style=\"height: 37px; padding-left: 6px;width:90%\"> <a id=\"flowpaper-link\" style=\"fill: #fff\" alt=\"FlowPaper logotype\" title=\"FlowPaper logotype\" href=\"https:\/\/flowpaper.com\" target=\"_blank\"> <img decoding=\"async\" alt=\"Publish PDF flipbooks online\" style=\"height:17px;width:auto;margin-top:11px;\" src=\"https:\/\/www.uprp.edu\/wp-content\/plugins\/flowpaper-lite-pdf-flipbook\/assets\/flowpaper-logo.png\" border=\"0\"> <\/a> <\/span><span style=\" float: right; right: 0; font-size: 10px; white-space: nowrap; opacity:0.8\"><a href=\"https:\/\/flowpaper.com\/flipbook-maker\/\" target=\"_new\" style=\"text-decoration:none;border-bottom:none;\">This flipbook was created in FlowPaper &#8599;<\/a><\/span><\/div><\/div>\r\n                <script>\r\n                document.addEventListener(\"DOMContentLoaded\", function(){\r\n                    var target_element, iframe_element;\r\n                    iframe_element = document.querySelector(\"iframe.flowpaper-class\");\r\n                    target_element = document.querySelector(\"\");\r\n                    iframe_element.style.height = target_element.offsetHeight + \"px\";\r\n                });\r\n                <\/script>\r\n            <\/p>\n<p><\/div>\n<div class=\"su-tabs-pane su-u-clearfix su-u-trim single_tab smart-width\" data-title=\"Calendario Acad\u00e9mico 2do Sem. 2026-27 (C62)\"><\/p>\n<p style=\"text-align: center\"><div style=\"display:block\">\n<!-- FlowPaper PDF flipbook plugin v.2.0.8 wordpress.org\/plugins\/flowpaper\/ -->\n<iframe title=\"FlowPaper flipbook pdf viewer\" width=\"100%\" height=\"1200\" scrolling=\"no\" class=\"flowpaper-class\" frameborder=\"0\" allowfullscreen=\"true\" lightbox=\"false\" cover id=\"calendario-academica-2do-semestre-2026-27-c62\" src = \"https:\/\/flowpaper.com\/flipbook\/?pdf=https:\/\/www.uprp.edu\/wp-content\/uploads\/sites\/11\/2026\/05\/certificacion-2025-2026-38-aprobacion-calendario-primer-y-segundo-semestre-2026-2027-y-hoja-de-tramite-com-univ.pdf#page=5&amp;zoom=100%&amp;view=fit&title=calendario-academico-2do-sem-2026-27-c62&header=...%20Espere%20mientras%20carga%20el%20documento%20PDF%20...&theme=light&singlepage=auto&thumbs=1&modified=260515510\" seamless=\"seamless\" style=\"margin-bottom:0;display:block;\">Your browser does not seem to support iframes. <a href=\"https:\/\/flowpaper.com\/flipbook\/?pdf=https:\/\/www.uprp.edu\/wp-content\/uploads\/sites\/11\/2026\/05\/certificacion-2025-2026-38-aprobacion-calendario-primer-y-segundo-semestre-2026-2027-y-hoja-de-tramite-com-univ.pdf#page=5&amp;zoom=100%&amp;view=fit\" target=\"_blank\">Click here to read this PDF<\/a>.<\/iframe>\n<div id=\"flowpaper-logo-bottom\" class=\"flowpaper-logo-bg\" style=\"background:linear-gradient(to right, rgba(0,0,0,0.65) 0%,rgba(0,0,0,0) 200px);width:100%;height:19px; padding-bottom: 1px; padding-left: 5px; padding-right: 10px; display: flex; align-items: center;z-index:9999\"><span style=\"height: 37px; padding-left: 6px;width:90%\"> <a id=\"flowpaper-link\" style=\"fill: #fff\" alt=\"FlowPaper logotype\" title=\"FlowPaper logotype\" href=\"https:\/\/flowpaper.com\" target=\"_blank\"> <img decoding=\"async\" alt=\"Publish PDF flipbooks online\" style=\"height:17px;width:auto;margin-top:11px;\" src=\"https:\/\/www.uprp.edu\/wp-content\/plugins\/flowpaper-lite-pdf-flipbook\/assets\/flowpaper-logo.png\" border=\"0\"> <\/a> <\/span><span style=\" float: right; right: 0; font-size: 10px; white-space: nowrap; opacity:0.8\"><a href=\"https:\/\/flowpaper.com\/flipbook-maker\/\" target=\"_new\" style=\"text-decoration:none;border-bottom:none;\">This flipbook was created in FlowPaper &#8599;<\/a><\/span><\/div><\/div>\r\n                <script>\r\n                document.addEventListener(\"DOMContentLoaded\", function(){\r\n                    var target_element, iframe_element;\r\n                    iframe_element = document.querySelector(\"iframe.flowpaper-class\");\r\n                    target_element = document.querySelector(\"\");\r\n                    iframe_element.style.height = target_element.offsetHeight + \"px\";\r\n                });\r\n                <\/script>\r\n            <\/p>\n<p><\/div>\n<div class=\"su-tabs-pane su-u-clearfix su-u-trim single_tab smart-width\" data-title=\"Calendario Acad\u00e9mico Verano 2026 (C53)\"><\/p>\n<p style=\"text-align: center\"><div style=\"display:block\">\n<!-- FlowPaper PDF flipbook plugin v.2.0.8 wordpress.org\/plugins\/flowpaper\/ -->\n<iframe title=\"FlowPaper flipbook pdf viewer\" width=\"100%\" height=\"1200\" scrolling=\"no\" class=\"flowpaper-class\" frameborder=\"0\" allowfullscreen=\"true\" lightbox=\"false\" cover id=\"calendario-academica-verano-2026-c53\" src = \"https:\/\/flowpaper.com\/flipbook\/?pdf=https:\/\/www.uprp.edu\/wp-content\/uploads\/sites\/11\/2026\/04\/certificacion-2025-2026-31-enmienda-calendario-verano-2026.pdf#page=2&amp;zoom=100%&amp;view=fit&title=calendario-academico-verano-2026-c53&header=...%20Espere%20mientras%20carga%20el%20documento%20PDF%20...&theme=light&singlepage=auto&thumbs=1&modified=260515510\" seamless=\"seamless\" style=\"margin-bottom:0;display:block;\">Your browser does not seem to support iframes. <a href=\"https:\/\/flowpaper.com\/flipbook\/?pdf=https:\/\/www.uprp.edu\/wp-content\/uploads\/sites\/11\/2026\/04\/certificacion-2025-2026-31-enmienda-calendario-verano-2026.pdf#page=2&amp;zoom=100%&amp;view=fit\" target=\"_blank\">Click here to read this PDF<\/a>.<\/iframe>\n<div id=\"flowpaper-logo-bottom\" class=\"flowpaper-logo-bg\" style=\"background:linear-gradient(to right, rgba(0,0,0,0.65) 0%,rgba(0,0,0,0) 200px);width:100%;height:19px; padding-bottom: 1px; padding-left: 5px; padding-right: 10px; display: flex; align-items: center;z-index:9999\"><span style=\"height: 37px; padding-left: 6px;width:90%\"> <a id=\"flowpaper-link\" style=\"fill: #fff\" alt=\"FlowPaper logotype\" title=\"FlowPaper logotype\" href=\"https:\/\/flowpaper.com\" target=\"_blank\"> <img decoding=\"async\" alt=\"Publish PDF flipbooks online\" style=\"height:17px;width:auto;margin-top:11px;\" src=\"https:\/\/www.uprp.edu\/wp-content\/plugins\/flowpaper-lite-pdf-flipbook\/assets\/flowpaper-logo.png\" border=\"0\"> <\/a> <\/span><span style=\" float: right; right: 0; font-size: 10px; white-space: nowrap; opacity:0.8\"><a href=\"https:\/\/flowpaper.com\/flipbook-maker\/\" target=\"_new\" style=\"text-decoration:none;border-bottom:none;\">This flipbook was created in FlowPaper &#8599;<\/a><\/span><\/div><\/div>\r\n                <script>\r\n                document.addEventListener(\"DOMContentLoaded\", function(){\r\n                    var target_element, iframe_element;\r\n                    iframe_element = document.querySelector(\"iframe.flowpaper-class\");\r\n                    target_element = document.querySelector(\"\");\r\n                    iframe_element.style.height = target_element.offsetHeight + \"px\";\r\n                });\r\n                <\/script>\r\n            <\/p>\n<p><\/div><\/div><\/div>\n<\/div><\/div><\/div><\/div><div class=\"wpb_column vc_column_container vc_col-sm-3\"><div class=\"vc_column-inner\"><div class=\"wpb_wrapper\"><div class=\"standard-arrow list-divider bullet-top\"><p><a href=\"https:\/\/www.uprp.edu\/wp-content\/uploads\/sites\/11\/2026\/05\/certificacion-2025-2026-38-aprobacion-calendario-primer-y-segundo-semestre-2026-2027-y-hoja-de-tramite-com-univ.pdf#page=3&#038;zoom=100%&#038;view=fit\" class=\"su-button su-button-style-default su-button-wide\" style=\"color:#f9f9f9;background-color:#d51000;border-color:#ab0d00;border-radius:66px\" target=\"_blank\" rel=\"nofollow noopener noreferrer\" title=\"Ver calendario 1er Sem. 2026-27 (C61)\"><span style=\"color:#f9f9f9;padding:9px 30px;font-size:22px;line-height:33px;border-color:#e2584d;border-radius:66px;text-shadow:1px 1px 1px #333\"><i class=\"sui sui-file-pdf-o\" style=\"font-size:22px;color:#f9f9f9\"><\/i> <code><u>Ampliar Vista<\/u><\/code> Calendario 1er Sem. 2026-27 (C61).<\/span><\/a><a href=\"https:\/\/www.uprp.edu\/wp-content\/uploads\/sites\/11\/2026\/05\/certificacion-2025-2026-38-aprobacion-calendario-primer-y-segundo-semestre-2026-2027-y-hoja-de-tramite-com-univ.pdf#page=5&#038;zoom=100%&#038;view=fit\" class=\"su-button su-button-style-default su-button-wide\" style=\"color:#f9f9f9;background-color:#d51000;border-color:#ab0d00;border-radius:66px\" target=\"_blank\" rel=\"nofollow noopener noreferrer\" title=\"Ver calendario 2do Sem. 2026-27 (C62).\"><span style=\"color:#f9f9f9;padding:9px 30px;font-size:22px;line-height:33px;border-color:#e2584d;border-radius:66px;text-shadow:1px 1px 1px #333\"><i class=\"sui sui-file-pdf-o\" style=\"font-size:22px;color:#f9f9f9\"><\/i> <code><u>Ampliar Vista<\/u><\/code> Calendario 2do Sem. 2026-27 (C62).<\/span><\/a><a href=\"https:\/\/www.uprp.edu\/wp-content\/uploads\/sites\/11\/2026\/04\/certificacion-2025-2026-31-enmienda-calendario-verano-2026.pdf#page=2&#038;zoom=100%&#038;view=fit\" class=\"su-button su-button-style-default su-button-wide\" style=\"color:#f9f9f9;background-color:#d51000;border-color:#ab0d00;border-radius:66px\" target=\"_blank\" rel=\"nofollow noopener noreferrer\" title=\"Ampliar Vista Calendario Verano 2026 (C53).\"><span style=\"color:#f9f9f9;padding:9px 30px;font-size:22px;line-height:33px;border-color:#e2584d;border-radius:66px;text-shadow:1px 1px 1px #333\"><i class=\"sui sui-file-pdf-o\" style=\"font-size:22px;color:#f9f9f9\"><\/i> <code><u>Ampliar Vista<\/u><\/code> Calendario Verano 2026 (C53).<\/span><\/a><div class=\"su-divider su-divider-style-dashed\" style=\"margin:5px 0;border-width:3px;border-color:#f9f9f9\"><\/div>\n<blockquote>\n<h4>Calendario 2do Sem. 2025-26 (C52)<\/h4>\n<ul>\n<li>\n<h4 title=\"4ta Enmienda Calendario 2do Sem. 2025-26 (C52)\"><span style=\"color: #3366ff\"><a style=\"color: #3366ff\" title=\"4ta Enmienda Calendario 2do Sem. 2025-26 (C52)\" href=\"https:\/\/www.uprp.edu\/wp-content\/uploads\/sites\/11\/2026\/05\/certificacion-2025-2026-43-cuarta-enmienda-cal-2do-sem-2025-2026-y-hoja-de-tramite-com-univ.pdf#page=1&amp;zoom=100%&amp;view=fit\" target=\"_blank\" rel=\"noopener\"><code style=\"color: #3366ff\"><u>Ver 4ta Enmienda<\/u><\/code><\/a><\/span><\/h4>\n<\/li>\n<li>\n<h4 title=\"3ra Enmienda Calendario 2do Sem. 2025-26 (C52)\"><span style=\"color: #3366ff\"><a style=\"color: #3366ff\" title=\"3ra Enmienda Calendario 2do Sem. 2025-26 (C52)\" href=\"https:\/\/www.uprp.edu\/wp-content\/uploads\/sites\/11\/2026\/05\/certificacion-2025-2026-39-enmienda-calendario-segundo-semestre-2025-2026-y-hoja-de-tramite-com-univ.pdf#page=1&amp;zoom=100%&amp;view=fit\" target=\"_blank\" rel=\"noopener\"><code style=\"color: #3366ff\"><u>Ver 3ra Enmienda<\/u><\/code><\/a><\/span><\/h4>\n<\/li>\n<li>\n<h4 title=\"2da Enmienda Calendario 2do Sem. 2025-26 (C52)\"><span style=\"color: #3366ff\"><a style=\"color: #3366ff\" title=\"2da Enmienda Calendario 2do Sem. 2025-26 (C52)\" href=\"https:\/\/www.uprp.edu\/wp-content\/uploads\/sites\/11\/2026\/05\/certificacion-2025-2026-30-segunda-enmienda-calendario-2do-sem-2025-2026-y-hoja-de-tramite-comunidad-univ.pdf#page=1&amp;zoom=100%&amp;view=fit\" target=\"_blank\" rel=\"noopener\"><code style=\"color: #3366ff\"><u>Ver 2da Enmienda<\/u><\/code><\/a><\/span><\/h4>\n<\/li>\n<li>\n<h4 title=\"1ra Enmienda Calendario 2do Sem. 2025-26 (C52)\"><span style=\"color: #3366ff\"><a style=\"color: #3366ff\" title=\"1ra Enmienda Calendario 2do Sem. 2025-26 (C52)\" href=\"https:\/\/www.uprp.edu\/wp-content\/uploads\/sites\/11\/2026\/05\/certificacion-2025-2026-23-primera-enmienda-calendario-segundo-semestre-2025-2026-y-hoja-de-tramite-com-univ.pdf#page=1&amp;zoom=100%&amp;view=fit\" target=\"_blank\" rel=\"noopener\"><code style=\"color: #3366ff\"><u>Ver 1ra Enmienda<\/u><\/code><\/a><\/span><\/h4>\n<\/li>\n<\/ul>\n<\/blockquote>\n<div class=\"su-divider su-divider-style-dashed\" style=\"margin:5px 0;border-width:3px;border-color:#f9f9f9\"><\/div>\n<\/div><\/div><\/div><\/div><\/div><\/section>\n<\/div>","protected":false},"excerpt":{"rendered":"<p>Calendario Acad\u00e9mico &#8211; (por Semestres)Decanato de Asuntos Acad\u00e9micosCalendario Acad\u00e9mico 1er Sem. 2026-27 (C61)Calendario Acad\u00e9mico 2do Sem. 2026-27 (C62)Calendario Acad\u00e9mico Verano 2026 (C53) Your browser does not seem to support iframes. Click here to read this PDF. This flipbook was created in FlowPaper &#8599; Your browser does not seem to support iframes. Click here to read&hellip; <a class=\"continue\" href=\"https:\/\/www.uprp.edu\/en\/articulos\/academicos\/ofrecimientos-academicos\/calendario-academico\/\">*Informaci\u00f3n adicional sobre el tema<span> Academic Calendar<\/span><\/a><\/p>","protected":false},"author":43,"featured_media":7338,"parent":7284,"menu_order":214,"comment_status":"closed","ping_status":"closed","template":"","meta":{"_themeisle_gutenberg_block_has_review":false,"footnotes":""},"class_list":["post-4783","page","type-page","status-publish","has-post-thumbnail","hentry","description-off"],"_links":{"self":[{"href":"https:\/\/www.uprp.edu\/en\/wp-json\/wp\/v2\/pages\/4783","targetHints":{"allow":["GET"]}}],"collection":[{"href":"https:\/\/www.uprp.edu\/en\/wp-json\/wp\/v2\/pages"}],"about":[{"href":"https:\/\/www.uprp.edu\/en\/wp-json\/wp\/v2\/types\/page"}],"author":[{"embeddable":true,"href":"https:\/\/www.uprp.edu\/en\/wp-json\/wp\/v2\/users\/43"}],"replies":[{"embeddable":true,"href":"https:\/\/www.uprp.edu\/en\/wp-json\/wp\/v2\/comments?post=4783"}],"version-history":[{"count":63,"href":"https:\/\/www.uprp.edu\/en\/wp-json\/wp\/v2\/pages\/4783\/revisions"}],"predecessor-version":[{"id":35770,"href":"https:\/\/www.uprp.edu\/en\/wp-json\/wp\/v2\/pages\/4783\/revisions\/35770"}],"up":[{"embeddable":true,"href":"https:\/\/www.uprp.edu\/en\/wp-json\/wp\/v2\/pages\/7284"}],"wp:featuredmedia":[{"embeddable":true,"href":"https:\/\/www.uprp.edu\/en\/wp-json\/wp\/v2\/media\/7338"}],"wp:attachment":[{"href":"https:\/\/www.uprp.edu\/en\/wp-json\/wp\/v2\/media?parent=4783"}],"curies":[{"name":"wp","href":"https:\/\/api.w.org\/{rel}","templated":true}]}}