{"id":545,"date":"2015-07-02T10:30:08","date_gmt":"2015-07-02T14:30:08","guid":{"rendered":"https:\/\/www.upr.edu\/ponce\/?page_id=545"},"modified":"2023-11-02T15:04:19","modified_gmt":"2023-11-02T19:04:19","slug":"comision-artes","status":"publish","type":"page","link":"https:\/\/www.uprp.edu\/en\/articulos\/rectoria\/comision-artes\/","title":{"rendered":"Arts Commission"},"content":{"rendered":"<div class=\"wpb-content-wrapper\" id=\"wpb-content-root\"><section class=\"vc_section vc_row-o-full-height vc_section-o-content-top vc_section-flex\"><div class=\"vc_row wpb_row vc_row-fluid full-width-wrap dt-default\" style=\"padding-left: 0px;padding-right: 0px;margin-top: 0px;margin-bottom: 0px\"><div class=\"wpb_column vc_column_container vc_col-sm-12 vc_col-xs-12\"><div class=\"vc_column-inner\"><div class=\"wpb_wrapper\"><div id=\"ultib3-20085573146a9b782774190\" class=\" vc_custom_1569708711020 ultb3-box ult-adjust-bottom-margin  \" style=\"background-color: rgba(255,255,255,0.01);\"><div class=\"ultb3-box-overlay\" style=\"background:rgba(255,255,255,0.01);\"><\/div><img decoding=\"async\" src=\"https:\/\/www.uprp.edu\/wp-content\/uploads\/sites\/11\/2014\/10\/uprp_sombra_2-e1469047337875.png\" style=\"\" class=\"ultb3-img ultb3-img-top-right\" alt=\"Banner con Sombra UPRP\"\/><div id=\"Info-banner-wrap6030\" class=\"ultb3-info ib3-info-left\" data-animation=\"\" data-animation-delay=\"03\"><div class=\"ultb3-title ult-responsive\"  data-ultimate-target='#Info-banner-wrap6030 .ultb3-title'  data-responsive-json-new='{\"font-size\":\"desktop:32px;\",\"line-height\":\"\"}'  style=\"font-family:Open Sans;font-weight:normal;font-style:normal;\">Comisi\u00f3n de las Artes<\/div><div class=\"ultb3-desc ult-responsive\"  data-ultimate-target='#Info-banner-wrap6030 .ultb3-desc'  data-responsive-json-new='{\"font-size\":\"desktop:18px;\",\"line-height\":\"\"}'  style=\"font-family:Open Sans;font-style:italic;font-weight:normal;font-style:normal;\">Descripci\u00f3n<\/div><\/div><\/div><style>\n\t\t\t\t\t#ultib3-20085573146a9b782774190 {\n\t\t\t\t\t\tmin-height:50px;\n\t\t\t\t\t}\n\t\t\t\t\t#ultib3-20085573146a9b782774190 img.ultb3-img {\n\t\t\t\t\t\theight: px;\n\t\t\t\t\t}\n\t\t\t\t\t#ultib3-20085573146a9b782774190 .ultb3-btn {\n\t\t\t\t\t\tborder:2px solid #fcfcfc;border-radius:50px;color:#1e73be;\n\t\t\t\t\t}\n\t\t\t\t\t#ultib3-20085573146a9b782774190 .ultb3-btn:hover {\n\t\t\t\t\t\tbackground:#fcfcfc;color:#dd3333;\n\t\t\t\t\t}\n\t\t\t\t\t#ultib3-20085573146a9b782774190 .ultb3-btn:focus {\n\t\t\t\t\t\toutline: 2px solid #005fcc;\n\t\t\t\t\t\toutline-offset: 2px;\n\t\t\t\t\t}\n\t\t\t\t<\/style><div class=\"ult-spacer spacer-6a9b7827741eb\" data-id=\"6a9b7827741eb\" data-height=\"10\" data-height-mobile=\"10\" data-height-tab=\"10\" data-height-tab-portrait=\"\" data-height-mobile-landscape=\"\" style=\"clear:both;display:block;\"><\/div><\/div><\/div><\/div><\/div><div class=\"vc_row wpb_row vc_row-fluid full-width-wrap dt-default\" style=\"padding-left: 0px;padding-right: 0px;margin-top: 0px;margin-bottom: 0px\"><div class=\"wpb_column vc_column_container vc_col-sm-12 vc_col-xs-12\"><div class=\"vc_column-inner\"><div class=\"wpb_wrapper\"><div class=\"vc_tta-container\" data-vc-action=\"collapse\" id=\"menu-tour\"><div class=\"vc_general vc_tta vc_tta-tabs vc_tta-color-custom vc_tta-style-modern vc_tta-shape-rounded vc_tta-spacing-4 vc_tta-gap-4 vc_tta-o-no-fill vc_tta-tabs-position-left vc_tta-controls-align-left \" style=\"--vc-tta-color: #5AA1E3; --vc-tta-color-contrast: #fff; --vc-tta-active-color: #F8F8F8; --vc-tta-active-color-contrast: #666; --vc-tta-spacing: 4px; --vc-tta-gap: 4px;\"><div class=\"vc_tta-tabs-container\"><ul class=\"vc_tta-tabs-list\" role=\"tablist\"><li class=\"vc_tta-tab vc_active\" data-vc-tab role=\"presentation\"><h4 class=\"vc_tta-panel-title\"><a href=\"#bienvenida\" data-vc-tabs data-vc-container=\".vc_tta\" role=\"tab\" aria-selected=\"false\" id=\"tab-bienvenida\"><i class=\"vc_tta-icon fa fa-paw\"><\/i><span class=\"vc_tta-title-text\">Bienvenida<\/span><\/a><\/h4><\/li><li class=\"vc_tta-tab\" data-vc-tab role=\"presentation\"><h4 class=\"vc_tta-panel-title\"><a href=\"#integrantes\" data-vc-tabs data-vc-container=\".vc_tta\" role=\"tab\" aria-selected=\"false\" id=\"tab-integrantes\"><i class=\"vc_tta-icon fa fa-paw\"><\/i><span class=\"vc_tta-title-text\">Integrantes<\/span><\/a><\/h4><\/li><li class=\"vc_tta-tab\" data-vc-tab role=\"presentation\"><h4 class=\"vc_tta-panel-title\"><a href=\"#exposiciones-colectivas\" data-vc-tabs data-vc-container=\".vc_tta\" role=\"tab\" aria-selected=\"false\" id=\"tab-exposiciones-colectivas\"><i class=\"vc_tta-icon fa fa-paw\"><\/i><span class=\"vc_tta-title-text\">Exposiciones Colectivas<\/span><\/a><\/h4><\/li><li class=\"vc_tta-tab\" data-vc-tab role=\"presentation\"><h4 class=\"vc_tta-panel-title\"><a href=\"#informe-anual\" data-vc-tabs data-vc-container=\".vc_tta\" role=\"tab\" aria-selected=\"false\" id=\"tab-informe-anual\"><i class=\"vc_tta-icon fa fa-paw\"><\/i><span class=\"vc_tta-title-text\">Informe Anual<\/span><\/a><\/h4><\/li><\/ul><\/div><div class=\"vc_tta-panels-container\"><div class=\"vc_tta-panels\"><div class=\"vc_tta-panel vc_active\" id=\"bienvenida\" data-vc-content=\".vc_tta-panel-body\"><div class=\"vc_tta-panel-heading\"><h4 class=\"vc_tta-panel-title\"><a href=\"#bienvenida\" data-vc-accordion data-vc-container=\".vc_tta-container\"><i class=\"vc_tta-icon fa fa-paw\"><\/i><span class=\"vc_tta-title-text\">Bienvenida<\/span><\/a><\/h4><\/div><div class=\"vc_tta-panel-body\"><div class=\"vc_row wpb_row vc_inner vc_row-fluid\"><div class=\"wpb_column vc_column_container vc_col-sm-12 vc_col-xs-12\"><div class=\"vc_column-inner\"><div class=\"wpb_wrapper\"><div class=\"dt-fancy-separator title-left h3-size accent-border-color\" style=\"width: 100%;\"><div class=\"dt-fancy-title bg-on\"><span class=\"separator-holder separator-left\"><\/span>Mensaje de Bienvenida<span class=\"separator-holder separator-right\"><\/span><\/div><\/div><div class=\"ult-spacer spacer-6a9b7827754be\" data-id=\"6a9b7827754be\" data-height=\"10\" data-height-mobile=\"10\" data-height-tab=\"10\" data-height-tab-portrait=\"\" data-height-mobile-landscape=\"\" style=\"clear:both;display:block;\"><\/div><div class=\"hr-thin style-line\" style=\"width: 100%;border-color: #dd3333;border-top-width: 1px;\"><\/div><\/div><\/div><\/div><\/div><div class=\"ult-spacer spacer-6a9b782775516\" data-id=\"6a9b782775516\" data-height=\"10\" data-height-mobile=\"10\" data-height-tab=\"10\" data-height-tab-portrait=\"\" data-height-mobile-landscape=\"\" style=\"clear:both;display:block;\"><\/div><div class=\"vc_row wpb_row vc_inner vc_row-fluid\"><div class=\"wpb_column vc_column_container vc_col-sm-11 vc_col-lg-3 vc_col-md-3 vc_col-xs-12\"><div class=\"vc_column-inner\"><div class=\"wpb_wrapper\">\n\t<div  class=\"wpb_single_image wpb_content_element vc_align_left\">\n\t\t\n\t\t<figure class=\"wpb_wrapper vc_figure\">\n\t\t\t<div class=\"vc_single_image-wrapper  \"><img fetchpriority=\"high\" decoding=\"async\" width=\"765\" height=\"943\" src=\"https:\/\/www.uprp.edu\/wp-content\/uploads\/sites\/11\/2015\/07\/logo-comision-de-las-artes.png\" class=\"vc_single_image-img attachment-full\" alt=\"logo comision de las artes\" title=\"Logo Comisi\u00f3n de las Artes\" srcset=\"https:\/\/www.uprp.edu\/wp-content\/uploads\/sites\/11\/2015\/07\/logo-comision-de-las-artes.png 765w, https:\/\/www.uprp.edu\/wp-content\/uploads\/sites\/11\/2015\/07\/logo-comision-de-las-artes-243x300.png 243w\" sizes=\"(max-width: 765px) 100vw, 765px\"  data-dt-location=\"https:\/\/www.uprp.edu\/en\/articulos\/rectoria\/comision-artes\/logo-comision-de-las-artes\/\" \/><\/div>\n\t\t<\/figure>\n\t<\/div>\n<\/div><\/div><\/div><div class=\"wpb_column vc_column_container vc_col-sm-12 vc_col-lg-9 vc_col-md-9 vc_col-xs-12\"><div class=\"vc_column-inner\"><div class=\"wpb_wrapper\">\n\t<div class=\"wpb_text_column wpb_content_element \" >\n\t\t<div class=\"wpb_wrapper\">\n\t\t\t<blockquote>\n<p>La Comisi\u00f3n de las Artes fue creada mediante Certificaci\u00f3n 2011-2012-73 de la Junta Administrativa de la Universidad de Puerto Rico en Ponce, del 29 de junio de 2012, cuyo \u00e9nfasis promordial es:<\/p>\n<ol>\n<li>Hacer de la Universidad de Puerto Rico en Ponce uno de los principales centros de desarrollo art\u00edstico e intercambio cultural de la regi\u00f3n sur.<\/li>\n<li>Desarrollar y promover actividades dirigidas a fomentar las expresiones art\u00edsticas.<\/li>\n<li>Proveer un espacio a los artistas del \u00e1rea sur de la Isla, para la presentaci\u00f3n y difusi\u00f3n de sus obras.<\/li>\n<\/ol>\n<\/blockquote>\n\n\t\t<\/div>\n\t<\/div>\n<\/div><\/div><\/div><\/div><\/div><\/div><div class=\"vc_tta-panel\" id=\"integrantes\" data-vc-content=\".vc_tta-panel-body\"><div class=\"vc_tta-panel-heading\"><h4 class=\"vc_tta-panel-title\"><a href=\"#integrantes\" data-vc-accordion data-vc-container=\".vc_tta-container\"><i class=\"vc_tta-icon fa fa-paw\"><\/i><span class=\"vc_tta-title-text\">Integrantes<\/span><\/a><\/h4><\/div><div class=\"vc_tta-panel-body\"><div class=\"vc_row wpb_row vc_inner vc_row-fluid\"><div class=\"wpb_column vc_column_container vc_col-sm-12 vc_col-xs-12\"><div class=\"vc_column-inner\"><div class=\"wpb_wrapper\"><div class=\"dt-fancy-separator title-left h3-size accent-border-color\" style=\"width: 100%;\"><div class=\"dt-fancy-title bg-on\"><span class=\"separator-holder separator-left\"><\/span>Integrantes<span class=\"separator-holder separator-right\"><\/span><\/div><\/div><div class=\"ult-spacer spacer-6a9b782776cab\" data-id=\"6a9b782776cab\" data-height=\"10\" data-height-mobile=\"10\" data-height-tab=\"10\" data-height-tab-portrait=\"\" data-height-mobile-landscape=\"\" style=\"clear:both;display:block;\"><\/div><div class=\"hr-thin style-line\" style=\"width: 100%;border-color: #dd3333;border-top-width: 1px;\"><\/div><\/div><\/div><\/div><\/div><div class=\"ult-spacer spacer-6a9b782776cfb\" data-id=\"6a9b782776cfb\" data-height=\"10\" data-height-mobile=\"10\" data-height-tab=\"10\" data-height-tab-portrait=\"\" data-height-mobile-landscape=\"\" style=\"clear:both;display:block;\"><\/div><div class=\"vc_row wpb_row vc_inner vc_row-fluid\"><div class=\"wpb_column vc_column_container vc_col-sm-12 vc_col-xs-12\"><div class=\"vc_column-inner\"><div class=\"wpb_wrapper\">\n\t<div class=\"wpb_text_column wpb_content_element \" >\n\t\t<div class=\"wpb_wrapper\">\n\t\t\t<blockquote>\n<h3>La Junta de Directores de la Comisi\u00f3n la componen:<\/h3>\n<ul>\n<li>Prof. Margarita S. Balmaceda<\/li>\n<li>Prof. Luis Gonz\u00e1lez Sotomayor<\/li>\n<li>Prof. Jorge Luis Morales Torres<\/li>\n<li>Sr. Miguel Conesa Osuna<\/li>\n<li>Prof. Jaime L. Atiles Calder\u00f3n (falleci\u00f3 en febrero de 2015)<\/li>\n<li>Sr. Isaac Col\u00f3n Degr\u00f3<\/li>\n<li>Arq. Milton Gonz\u00e1lez<\/li>\n<li>Dr. Roberto Col\u00f3n Ocasio<\/li>\n<li>Prof. Brett D. D\u00edaz Simmons (director de la Biblioteca)<\/li>\n<\/ul>\n<p>La Junta Ejecutiva de la Comisi\u00f3n la componen: Prof. Luis Gonz\u00e1lez Sotomayor\u00a0(presidente), Prof. Jorge Luis Morales (vice-presidente) y Sr. Miguel Conesa (secretario).<\/p>\n<p>A nivel administrativo, la Sra. Wanda Rivera Nieves es la secretaria de la Comisi\u00f3n.<\/p>\n<\/blockquote>\n\n\t\t<\/div>\n\t<\/div>\n<\/div><\/div><\/div><\/div><div class=\"ult-spacer spacer-6a9b7827771af\" data-id=\"6a9b7827771af\" data-height=\"10\" data-height-mobile=\"10\" data-height-tab=\"10\" data-height-tab-portrait=\"\" data-height-mobile-landscape=\"\" style=\"clear:both;display:block;\"><\/div><\/div><\/div><div class=\"vc_tta-panel\" id=\"exposiciones-colectivas\" data-vc-content=\".vc_tta-panel-body\"><div class=\"vc_tta-panel-heading\"><h4 class=\"vc_tta-panel-title\"><a href=\"#exposiciones-colectivas\" data-vc-accordion data-vc-container=\".vc_tta-container\"><i class=\"vc_tta-icon fa fa-paw\"><\/i><span class=\"vc_tta-title-text\">Exposiciones Colectivas<\/span><\/a><\/h4><\/div><div class=\"vc_tta-panel-body\"><div class=\"vc_row wpb_row vc_inner vc_row-fluid\"><div class=\"wpb_column vc_column_container vc_col-sm-12 vc_col-xs-12\"><div class=\"vc_column-inner\"><div class=\"wpb_wrapper\"><div class=\"dt-fancy-separator title-left h3-size accent-border-color\" style=\"width: 100%;\"><div class=\"dt-fancy-title bg-on\"><span class=\"separator-holder separator-left\"><\/span>Exposiciones Colectivas<span class=\"separator-holder separator-right\"><\/span><\/div><\/div><div class=\"ult-spacer spacer-6a9b78277762c\" data-id=\"6a9b78277762c\" data-height=\"10\" data-height-mobile=\"10\" data-height-tab=\"10\" data-height-tab-portrait=\"\" data-height-mobile-landscape=\"\" style=\"clear:both;display:block;\"><\/div><div class=\"hr-thin style-line\" style=\"width: 100%;border-color: #dd3333;border-top-width: 1px;\"><\/div><\/div><\/div><\/div><\/div><div class=\"ult-spacer spacer-6a9b78277768d\" data-id=\"6a9b78277768d\" data-height=\"10\" data-height-mobile=\"10\" data-height-tab=\"10\" data-height-tab-portrait=\"\" data-height-mobile-landscape=\"\" style=\"clear:both;display:block;\"><\/div><div id=\"ultimate-heading-17666a9b7827776b1\" class=\"uvc-heading ult-adjust-bottom-margin ultimate-heading-17666a9b7827776b1 uvc-7401  uvc-heading-default-font-sizes\" data-hspacer=\"no_spacer\"  data-halign=\"center\" style=\"text-align:center\"><div class=\"uvc-heading-spacer no_spacer\" style=\"top\"><\/div><div class=\"uvc-sub-heading ult-responsive\"  data-ultimate-target='.uvc-heading.ultimate-heading-17666a9b7827776b1 .uvc-sub-heading '  data-responsive-json-new='{\"font-size\":\"\",\"line-height\":\"\"}'  style=\"font-weight:normal;\"><\/p>\n<h4>10<sup>ma<\/sup> Exposici\u00f3n Colectiva<\/h4>\n<p><\/div><\/div><div class=\"vc_row wpb_row vc_inner vc_row-fluid\"><div class=\"wpb_column vc_column_container vc_col-sm-12 vc_col-lg-6 vc_col-md-6 vc_col-xs-12\"><div class=\"vc_column-inner\"><div class=\"wpb_wrapper\">\n\t<div  class=\"wpb_single_image wpb_content_element vc_align_left\">\n\t\t\n\t\t<figure class=\"wpb_wrapper vc_figure\">\n\t\t\t<div class=\"vc_single_image-wrapper  \"><img decoding=\"async\" width=\"2048\" height=\"1325\" src=\"https:\/\/www.uprp.edu\/wp-content\/uploads\/sites\/11\/2015\/07\/10ma-exposicion-colectiva-p1.png\" class=\"vc_single_image-img attachment-full\" alt=\"ma exposicion colectiva p\" title=\"10ma Exposici\u00f3n Colectiva p1\" srcset=\"https:\/\/www.uprp.edu\/wp-content\/uploads\/sites\/11\/2015\/07\/10ma-exposicion-colectiva-p1.png 2048w, https:\/\/www.uprp.edu\/wp-content\/uploads\/sites\/11\/2015\/07\/10ma-exposicion-colectiva-p1-300x194.png 300w, https:\/\/www.uprp.edu\/wp-content\/uploads\/sites\/11\/2015\/07\/10ma-exposicion-colectiva-p1-768x497.png 768w, https:\/\/www.uprp.edu\/wp-content\/uploads\/sites\/11\/2015\/07\/10ma-exposicion-colectiva-p1-1024x663.png 1024w\" sizes=\"(max-width: 2048px) 100vw, 2048px\"  data-dt-location=\"https:\/\/www.uprp.edu\/en\/articulos\/rectoria\/comision-artes\/10ma-exposicion-colectiva-p1\/\" \/><\/div>\n\t\t<\/figure>\n\t<\/div>\n<\/div><\/div><\/div><div class=\"wpb_column vc_column_container vc_col-sm-12 vc_col-lg-6 vc_col-md-6 vc_col-xs-12\"><div class=\"vc_column-inner\"><div class=\"wpb_wrapper\">\n\t<div  class=\"wpb_single_image wpb_content_element vc_align_left\">\n\t\t\n\t\t<figure class=\"wpb_wrapper vc_figure\">\n\t\t\t<div class=\"vc_single_image-wrapper  \"><img decoding=\"async\" width=\"2048\" height=\"1243\" src=\"https:\/\/www.uprp.edu\/wp-content\/uploads\/sites\/11\/2015\/07\/10ma-exposicion-colectiva-p2.png\" class=\"vc_single_image-img attachment-full\" alt=\"ma exposicion colectiva p\" title=\"10ma Exposici\u00f3n Colectiva p2\" srcset=\"https:\/\/www.uprp.edu\/wp-content\/uploads\/sites\/11\/2015\/07\/10ma-exposicion-colectiva-p2.png 2048w, https:\/\/www.uprp.edu\/wp-content\/uploads\/sites\/11\/2015\/07\/10ma-exposicion-colectiva-p2-300x182.png 300w, https:\/\/www.uprp.edu\/wp-content\/uploads\/sites\/11\/2015\/07\/10ma-exposicion-colectiva-p2-768x466.png 768w, https:\/\/www.uprp.edu\/wp-content\/uploads\/sites\/11\/2015\/07\/10ma-exposicion-colectiva-p2-1024x622.png 1024w\" sizes=\"(max-width: 2048px) 100vw, 2048px\"  data-dt-location=\"https:\/\/www.uprp.edu\/en\/articulos\/rectoria\/comision-artes\/10ma-exposicion-colectiva-p2\/\" \/><\/div>\n\t\t<\/figure>\n\t<\/div>\n<\/div><\/div><\/div><\/div><div id=\"ultimate-heading-34116a9b782778e78\" class=\"uvc-heading ult-adjust-bottom-margin ultimate-heading-34116a9b782778e78 uvc-9609  uvc-heading-default-font-sizes\" data-hspacer=\"no_spacer\"  data-halign=\"center\" style=\"text-align:center\"><div class=\"uvc-heading-spacer no_spacer\" style=\"top\"><\/div><div class=\"uvc-sub-heading ult-responsive\"  data-ultimate-target='.uvc-heading.ultimate-heading-34116a9b782778e78 .uvc-sub-heading '  data-responsive-json-new='{\"font-size\":\"\",\"line-height\":\"\"}'  style=\"font-weight:normal;\"><\/p>\n<h4>9<sup>na<\/sup> Exposici\u00f3n Colectiva<\/h4>\n<p><\/div><\/div><div class=\"vc_row wpb_row vc_inner vc_row-fluid\"><div class=\"wpb_column vc_column_container vc_col-sm-12 vc_col-lg-6 vc_col-md-6 vc_col-xs-12\"><div class=\"vc_column-inner\"><div class=\"wpb_wrapper\">\n\t<div  class=\"wpb_single_image wpb_content_element vc_align_left\">\n\t\t\n\t\t<figure class=\"wpb_wrapper vc_figure\">\n\t\t\t<div class=\"vc_single_image-wrapper  \"><img loading=\"lazy\" decoding=\"async\" width=\"2048\" height=\"1325\" src=\"https:\/\/www.uprp.edu\/wp-content\/uploads\/sites\/11\/2015\/07\/9na-exposicion-colectiva.png\" class=\"vc_single_image-img attachment-full\" alt=\"na exposicion colectiva\" title=\"9na Exposici\u00f3n Colectiva\" srcset=\"https:\/\/www.uprp.edu\/wp-content\/uploads\/sites\/11\/2015\/07\/9na-exposicion-colectiva.png 2048w, https:\/\/www.uprp.edu\/wp-content\/uploads\/sites\/11\/2015\/07\/9na-exposicion-colectiva-300x194.png 300w, https:\/\/www.uprp.edu\/wp-content\/uploads\/sites\/11\/2015\/07\/9na-exposicion-colectiva-768x497.png 768w, https:\/\/www.uprp.edu\/wp-content\/uploads\/sites\/11\/2015\/07\/9na-exposicion-colectiva-1024x663.png 1024w\" sizes=\"(max-width: 2048px) 100vw, 2048px\"  data-dt-location=\"https:\/\/www.uprp.edu\/en\/articulos\/rectoria\/comision-artes\/9na-exposicion-colectiva\/\" \/><\/div>\n\t\t<\/figure>\n\t<\/div>\n<\/div><\/div><\/div><div class=\"wpb_column vc_column_container vc_col-sm-12 vc_col-lg-6 vc_col-md-6 vc_col-xs-12\"><div class=\"vc_column-inner\"><div class=\"wpb_wrapper\"><\/div><\/div><\/div><\/div><div id=\"ultimate-heading-96276a9b782779a01\" class=\"uvc-heading ult-adjust-bottom-margin ultimate-heading-96276a9b782779a01 uvc-7277  uvc-heading-default-font-sizes\" data-hspacer=\"no_spacer\"  data-halign=\"center\" style=\"text-align:center\"><div class=\"uvc-heading-spacer no_spacer\" style=\"top\"><\/div><div class=\"uvc-sub-heading ult-responsive\"  data-ultimate-target='.uvc-heading.ultimate-heading-96276a9b782779a01 .uvc-sub-heading '  data-responsive-json-new='{\"font-size\":\"\",\"line-height\":\"\"}'  style=\"font-weight:normal;\"><\/p>\n<h4>6<sup>ta<\/sup> Exposici\u00f3n Colectiva<\/h4>\n<p><\/div><\/div><div class=\"vc_row wpb_row vc_inner vc_row-fluid\"><div class=\"wpb_column vc_column_container vc_col-sm-12 vc_col-lg-6 vc_col-md-6 vc_col-xs-12\"><div class=\"vc_column-inner\"><div class=\"wpb_wrapper\">\n\t<div  class=\"wpb_single_image wpb_content_element vc_align_left\">\n\t\t\n\t\t<figure class=\"wpb_wrapper vc_figure\">\n\t\t\t<div class=\"vc_single_image-wrapper  \"><img loading=\"lazy\" decoding=\"async\" width=\"2048\" height=\"1243\" src=\"https:\/\/www.uprp.edu\/wp-content\/uploads\/sites\/11\/2015\/07\/6ta-exposicion-colectiva-p1.png\" class=\"vc_single_image-img attachment-full\" alt=\"ta exposicion colectiva p\" title=\"6ta Exposici\u00f3n Colectiva p1\" srcset=\"https:\/\/www.uprp.edu\/wp-content\/uploads\/sites\/11\/2015\/07\/6ta-exposicion-colectiva-p1.png 2048w, https:\/\/www.uprp.edu\/wp-content\/uploads\/sites\/11\/2015\/07\/6ta-exposicion-colectiva-p1-300x182.png 300w, https:\/\/www.uprp.edu\/wp-content\/uploads\/sites\/11\/2015\/07\/6ta-exposicion-colectiva-p1-768x466.png 768w, https:\/\/www.uprp.edu\/wp-content\/uploads\/sites\/11\/2015\/07\/6ta-exposicion-colectiva-p1-1024x622.png 1024w\" sizes=\"(max-width: 2048px) 100vw, 2048px\"  data-dt-location=\"https:\/\/www.uprp.edu\/en\/articulos\/rectoria\/comision-artes\/6ta-exposicion-colectiva-p1\/\" \/><\/div>\n\t\t<\/figure>\n\t<\/div>\n<\/div><\/div><\/div><div class=\"wpb_column vc_column_container vc_col-sm-12 vc_col-lg-6 vc_col-md-6 vc_col-xs-12\"><div class=\"vc_column-inner\"><div class=\"wpb_wrapper\">\n\t<div  class=\"wpb_single_image wpb_content_element vc_align_left\">\n\t\t\n\t\t<figure class=\"wpb_wrapper vc_figure\">\n\t\t\t<div class=\"vc_single_image-wrapper  \"><img loading=\"lazy\" decoding=\"async\" width=\"2048\" height=\"1243\" src=\"https:\/\/www.uprp.edu\/wp-content\/uploads\/sites\/11\/2015\/07\/6ta-exposicion-colectiva-p2.png\" class=\"vc_single_image-img attachment-full\" alt=\"ta exposicion colectiva p\" title=\"6ta Exposici\u00f3n Colectiva p2\" srcset=\"https:\/\/www.uprp.edu\/wp-content\/uploads\/sites\/11\/2015\/07\/6ta-exposicion-colectiva-p2.png 2048w, https:\/\/www.uprp.edu\/wp-content\/uploads\/sites\/11\/2015\/07\/6ta-exposicion-colectiva-p2-300x182.png 300w, https:\/\/www.uprp.edu\/wp-content\/uploads\/sites\/11\/2015\/07\/6ta-exposicion-colectiva-p2-768x466.png 768w, https:\/\/www.uprp.edu\/wp-content\/uploads\/sites\/11\/2015\/07\/6ta-exposicion-colectiva-p2-1024x622.png 1024w\" sizes=\"(max-width: 2048px) 100vw, 2048px\"  data-dt-location=\"https:\/\/www.uprp.edu\/en\/articulos\/rectoria\/comision-artes\/6ta-exposicion-colectiva-p2\/\" \/><\/div>\n\t\t<\/figure>\n\t<\/div>\n<\/div><\/div><\/div><\/div><div id=\"ultimate-heading-95686a9b78277ab87\" class=\"uvc-heading ult-adjust-bottom-margin ultimate-heading-95686a9b78277ab87 uvc-1922  uvc-heading-default-font-sizes\" data-hspacer=\"no_spacer\"  data-halign=\"center\" style=\"text-align:center\"><div class=\"uvc-heading-spacer no_spacer\" style=\"top\"><\/div><div class=\"uvc-sub-heading ult-responsive\"  data-ultimate-target='.uvc-heading.ultimate-heading-95686a9b78277ab87 .uvc-sub-heading '  data-responsive-json-new='{\"font-size\":\"\",\"line-height\":\"\"}'  style=\"font-weight:normal;\"><\/p>\n<h4>5<sup>ta<\/sup> Exposici\u00f3n Colectiva<\/h4>\n<p><\/div><\/div><div class=\"vc_row wpb_row vc_inner vc_row-fluid\"><div class=\"wpb_column vc_column_container vc_col-sm-12 vc_col-lg-6 vc_col-md-6 vc_col-xs-12\"><div class=\"vc_column-inner\"><div class=\"wpb_wrapper\">\n\t<div  class=\"wpb_single_image wpb_content_element vc_align_left\">\n\t\t\n\t\t<figure class=\"wpb_wrapper vc_figure\">\n\t\t\t<div class=\"vc_single_image-wrapper  \"><img loading=\"lazy\" decoding=\"async\" width=\"2048\" height=\"1325\" src=\"https:\/\/www.uprp.edu\/wp-content\/uploads\/sites\/11\/2015\/07\/5ta-exposicion-colectiva-p1.png\" class=\"vc_single_image-img attachment-full\" alt=\"ta exposicion colectiva p\" title=\"5ta Exposici\u00f3n Colectiva\" srcset=\"https:\/\/www.uprp.edu\/wp-content\/uploads\/sites\/11\/2015\/07\/5ta-exposicion-colectiva-p1.png 2048w, https:\/\/www.uprp.edu\/wp-content\/uploads\/sites\/11\/2015\/07\/5ta-exposicion-colectiva-p1-300x194.png 300w, https:\/\/www.uprp.edu\/wp-content\/uploads\/sites\/11\/2015\/07\/5ta-exposicion-colectiva-p1-768x497.png 768w, https:\/\/www.uprp.edu\/wp-content\/uploads\/sites\/11\/2015\/07\/5ta-exposicion-colectiva-p1-1024x663.png 1024w\" sizes=\"(max-width: 2048px) 100vw, 2048px\"  data-dt-location=\"https:\/\/www.uprp.edu\/en\/articulos\/rectoria\/comision-artes\/5ta-exposicion-colectiva-p1\/\" \/><\/div>\n\t\t<\/figure>\n\t<\/div>\n<\/div><\/div><\/div><div class=\"wpb_column vc_column_container vc_col-sm-12 vc_col-lg-6 vc_col-md-6 vc_col-xs-12\"><div class=\"vc_column-inner\"><div class=\"wpb_wrapper\">\n\t<div  class=\"wpb_single_image wpb_content_element vc_align_left\">\n\t\t\n\t\t<figure class=\"wpb_wrapper vc_figure\">\n\t\t\t<div class=\"vc_single_image-wrapper  \"><img loading=\"lazy\" decoding=\"async\" width=\"2048\" height=\"1325\" src=\"https:\/\/www.uprp.edu\/wp-content\/uploads\/sites\/11\/2015\/07\/5ta-exposicion-colectiva-p2.png\" class=\"vc_single_image-img attachment-full\" alt=\"ta exposicion colectiva p\" title=\"5ta Exposici\u00f3n Colectiva\" srcset=\"https:\/\/www.uprp.edu\/wp-content\/uploads\/sites\/11\/2015\/07\/5ta-exposicion-colectiva-p2.png 2048w, https:\/\/www.uprp.edu\/wp-content\/uploads\/sites\/11\/2015\/07\/5ta-exposicion-colectiva-p2-300x194.png 300w, https:\/\/www.uprp.edu\/wp-content\/uploads\/sites\/11\/2015\/07\/5ta-exposicion-colectiva-p2-768x497.png 768w, https:\/\/www.uprp.edu\/wp-content\/uploads\/sites\/11\/2015\/07\/5ta-exposicion-colectiva-p2-1024x663.png 1024w\" sizes=\"(max-width: 2048px) 100vw, 2048px\"  data-dt-location=\"https:\/\/www.uprp.edu\/en\/articulos\/rectoria\/comision-artes\/5ta-exposicion-colectiva-p2\/\" \/><\/div>\n\t\t<\/figure>\n\t<\/div>\n<\/div><\/div><\/div><\/div><div id=\"ultimate-heading-47326a9b78277bcc5\" class=\"uvc-heading ult-adjust-bottom-margin ultimate-heading-47326a9b78277bcc5 uvc-2123  uvc-heading-default-font-sizes\" data-hspacer=\"no_spacer\"  data-halign=\"center\" style=\"text-align:center\"><div class=\"uvc-heading-spacer no_spacer\" style=\"top\"><\/div><div class=\"uvc-sub-heading ult-responsive\"  data-ultimate-target='.uvc-heading.ultimate-heading-47326a9b78277bcc5 .uvc-sub-heading '  data-responsive-json-new='{\"font-size\":\"\",\"line-height\":\"\"}'  style=\"font-weight:normal;\"><\/p>\n<h4>4<sup>ta<\/sup> Exposici\u00f3n Colectiva<\/h4>\n<p><\/div><\/div><div class=\"vc_row wpb_row vc_inner vc_row-fluid\"><div class=\"wpb_column vc_column_container vc_col-sm-12 vc_col-lg-6 vc_col-md-6 vc_col-xs-12\"><div class=\"vc_column-inner\"><div class=\"wpb_wrapper\">\n\t<div  class=\"wpb_single_image wpb_content_element vc_align_left\">\n\t\t\n\t\t<figure class=\"wpb_wrapper vc_figure\">\n\t\t\t<div class=\"vc_single_image-wrapper  \"><img loading=\"lazy\" decoding=\"async\" width=\"2048\" height=\"1325\" src=\"https:\/\/www.uprp.edu\/wp-content\/uploads\/sites\/11\/2015\/07\/4ta-exposicion-colectiva-p1.png\" class=\"vc_single_image-img attachment-full\" alt=\"ta exposicion colectiva p\" title=\"4ta Exposici\u00f3n Colectiva\" srcset=\"https:\/\/www.uprp.edu\/wp-content\/uploads\/sites\/11\/2015\/07\/4ta-exposicion-colectiva-p1.png 2048w, https:\/\/www.uprp.edu\/wp-content\/uploads\/sites\/11\/2015\/07\/4ta-exposicion-colectiva-p1-300x194.png 300w, https:\/\/www.uprp.edu\/wp-content\/uploads\/sites\/11\/2015\/07\/4ta-exposicion-colectiva-p1-768x497.png 768w, https:\/\/www.uprp.edu\/wp-content\/uploads\/sites\/11\/2015\/07\/4ta-exposicion-colectiva-p1-1024x663.png 1024w\" sizes=\"(max-width: 2048px) 100vw, 2048px\"  data-dt-location=\"https:\/\/www.uprp.edu\/en\/articulos\/rectoria\/comision-artes\/4ta-exposicion-colectiva-p1\/\" \/><\/div>\n\t\t<\/figure>\n\t<\/div>\n<\/div><\/div><\/div><div class=\"wpb_column vc_column_container vc_col-sm-12 vc_col-lg-6 vc_col-md-6 vc_col-xs-12\"><div class=\"vc_column-inner\"><div class=\"wpb_wrapper\">\n\t<div  class=\"wpb_single_image wpb_content_element vc_align_left\">\n\t\t\n\t\t<figure class=\"wpb_wrapper vc_figure\">\n\t\t\t<div class=\"vc_single_image-wrapper  \"><img loading=\"lazy\" decoding=\"async\" width=\"2048\" height=\"1325\" src=\"https:\/\/www.uprp.edu\/wp-content\/uploads\/sites\/11\/2015\/07\/4ta-exposicion-colectiva-p2.png\" class=\"vc_single_image-img attachment-full\" alt=\"ta exposicion colectiva p\" title=\"4ta Exposici\u00f3n Colectiva\" srcset=\"https:\/\/www.uprp.edu\/wp-content\/uploads\/sites\/11\/2015\/07\/4ta-exposicion-colectiva-p2.png 2048w, https:\/\/www.uprp.edu\/wp-content\/uploads\/sites\/11\/2015\/07\/4ta-exposicion-colectiva-p2-300x194.png 300w, https:\/\/www.uprp.edu\/wp-content\/uploads\/sites\/11\/2015\/07\/4ta-exposicion-colectiva-p2-768x497.png 768w, https:\/\/www.uprp.edu\/wp-content\/uploads\/sites\/11\/2015\/07\/4ta-exposicion-colectiva-p2-1024x663.png 1024w\" sizes=\"(max-width: 2048px) 100vw, 2048px\"  data-dt-location=\"https:\/\/www.uprp.edu\/en\/articulos\/rectoria\/comision-artes\/4ta-exposicion-colectiva-p2\/\" \/><\/div>\n\t\t<\/figure>\n\t<\/div>\n<\/div><\/div><\/div><\/div><div id=\"ultimate-heading-33976a9b78277ceac\" class=\"uvc-heading ult-adjust-bottom-margin ultimate-heading-33976a9b78277ceac uvc-8038  uvc-heading-default-font-sizes\" data-hspacer=\"no_spacer\"  data-halign=\"center\" style=\"text-align:center\"><div class=\"uvc-heading-spacer no_spacer\" style=\"top\"><\/div><div class=\"uvc-sub-heading ult-responsive\"  data-ultimate-target='.uvc-heading.ultimate-heading-33976a9b78277ceac .uvc-sub-heading '  data-responsive-json-new='{\"font-size\":\"\",\"line-height\":\"\"}'  style=\"font-weight:normal;\"><\/p>\n<h4>Exposici\u00f3n Colectiva Sinopsis Puertorrique\u00f1a<\/h4>\n<p><\/div><\/div><div class=\"vc_row wpb_row vc_inner vc_row-fluid\"><div class=\"wpb_column vc_column_container vc_col-sm-12 vc_col-lg-6 vc_col-md-6 vc_col-xs-12\"><div class=\"vc_column-inner\"><div class=\"wpb_wrapper\">\n\t<div  class=\"wpb_single_image wpb_content_element vc_align_left\">\n\t\t\n\t\t<figure class=\"wpb_wrapper vc_figure\">\n\t\t\t<div class=\"vc_single_image-wrapper  \"><img loading=\"lazy\" decoding=\"async\" width=\"2048\" height=\"1243\" src=\"https:\/\/www.uprp.edu\/wp-content\/uploads\/sites\/11\/2015\/07\/exposicion-colectiva-sinopsis-puertorriquena-p1.png\" class=\"vc_single_image-img attachment-full\" alt=\"exposicion colectiva sinopsis puertorriquena p\" title=\"Exposici\u00f3n Colectiva Sinopsis Puertorrique\u00f1a\" srcset=\"https:\/\/www.uprp.edu\/wp-content\/uploads\/sites\/11\/2015\/07\/exposicion-colectiva-sinopsis-puertorriquena-p1.png 2048w, https:\/\/www.uprp.edu\/wp-content\/uploads\/sites\/11\/2015\/07\/exposicion-colectiva-sinopsis-puertorriquena-p1-300x182.png 300w, https:\/\/www.uprp.edu\/wp-content\/uploads\/sites\/11\/2015\/07\/exposicion-colectiva-sinopsis-puertorriquena-p1-768x466.png 768w, https:\/\/www.uprp.edu\/wp-content\/uploads\/sites\/11\/2015\/07\/exposicion-colectiva-sinopsis-puertorriquena-p1-1024x622.png 1024w\" sizes=\"(max-width: 2048px) 100vw, 2048px\"  data-dt-location=\"https:\/\/www.uprp.edu\/en\/articulos\/rectoria\/comision-artes\/exposicion-colectiva-sinopsis-puertorriquena-p1\/\" \/><\/div>\n\t\t<\/figure>\n\t<\/div>\n<\/div><\/div><\/div><div class=\"wpb_column vc_column_container vc_col-sm-12 vc_col-lg-6 vc_col-md-6 vc_col-xs-12\"><div class=\"vc_column-inner\"><div class=\"wpb_wrapper\">\n\t<div  class=\"wpb_single_image wpb_content_element vc_align_left\">\n\t\t\n\t\t<figure class=\"wpb_wrapper vc_figure\">\n\t\t\t<div class=\"vc_single_image-wrapper  \"><img loading=\"lazy\" decoding=\"async\" width=\"2048\" height=\"1243\" src=\"https:\/\/www.uprp.edu\/wp-content\/uploads\/sites\/11\/2015\/07\/exposicion-colectiva-sinopsis-puertorriquena-p2.png\" class=\"vc_single_image-img attachment-full\" alt=\"exposicion colectiva sinopsis puertorriquena p\" title=\"Exposici\u00f3n Colectiva Sinopsis Puertorrique\u00f1a\" srcset=\"https:\/\/www.uprp.edu\/wp-content\/uploads\/sites\/11\/2015\/07\/exposicion-colectiva-sinopsis-puertorriquena-p2.png 2048w, https:\/\/www.uprp.edu\/wp-content\/uploads\/sites\/11\/2015\/07\/exposicion-colectiva-sinopsis-puertorriquena-p2-300x182.png 300w, https:\/\/www.uprp.edu\/wp-content\/uploads\/sites\/11\/2015\/07\/exposicion-colectiva-sinopsis-puertorriquena-p2-768x466.png 768w, https:\/\/www.uprp.edu\/wp-content\/uploads\/sites\/11\/2015\/07\/exposicion-colectiva-sinopsis-puertorriquena-p2-1024x622.png 1024w\" sizes=\"(max-width: 2048px) 100vw, 2048px\"  data-dt-location=\"https:\/\/www.uprp.edu\/en\/articulos\/rectoria\/comision-artes\/exposicion-colectiva-sinopsis-puertorriquena-p2\/\" \/><\/div>\n\t\t<\/figure>\n\t<\/div>\n<\/div><\/div><\/div><\/div><div id=\"ultimate-heading-4186a9b78277e1b7\" class=\"uvc-heading ult-adjust-bottom-margin ultimate-heading-4186a9b78277e1b7 uvc-8328  uvc-heading-default-font-sizes\" data-hspacer=\"no_spacer\"  data-halign=\"center\" style=\"text-align:center\"><div class=\"uvc-heading-spacer no_spacer\" style=\"top\"><\/div><div class=\"uvc-sub-heading ult-responsive\"  data-ultimate-target='.uvc-heading.ultimate-heading-4186a9b78277e1b7 .uvc-sub-heading '  data-responsive-json-new='{\"font-size\":\"\",\"line-height\":\"\"}'  style=\"font-weight:normal;\"><\/p>\n<h4>Exposici\u00f3n Colectiva Trascendencia<\/h4>\n<p><\/div><\/div><div class=\"vc_row wpb_row vc_inner vc_row-fluid\"><div class=\"wpb_column vc_column_container vc_col-sm-12 vc_col-lg-6 vc_col-md-6 vc_col-xs-12\"><div class=\"vc_column-inner\"><div class=\"wpb_wrapper\">\n\t<div  class=\"wpb_single_image wpb_content_element vc_align_left\">\n\t\t\n\t\t<figure class=\"wpb_wrapper vc_figure\">\n\t\t\t<div class=\"vc_single_image-wrapper  \"><img loading=\"lazy\" decoding=\"async\" width=\"2048\" height=\"1325\" src=\"https:\/\/www.uprp.edu\/wp-content\/uploads\/sites\/11\/2015\/07\/exposicion-colectiva-trascendencia-p1.png\" class=\"vc_single_image-img attachment-full\" alt=\"exposicion colectiva trascendencia p\" title=\"Exposici\u00f3n Colectiva Trascendencia p1\" srcset=\"https:\/\/www.uprp.edu\/wp-content\/uploads\/sites\/11\/2015\/07\/exposicion-colectiva-trascendencia-p1.png 2048w, https:\/\/www.uprp.edu\/wp-content\/uploads\/sites\/11\/2015\/07\/exposicion-colectiva-trascendencia-p1-300x194.png 300w, https:\/\/www.uprp.edu\/wp-content\/uploads\/sites\/11\/2015\/07\/exposicion-colectiva-trascendencia-p1-768x497.png 768w, https:\/\/www.uprp.edu\/wp-content\/uploads\/sites\/11\/2015\/07\/exposicion-colectiva-trascendencia-p1-1024x663.png 1024w\" sizes=\"(max-width: 2048px) 100vw, 2048px\"  data-dt-location=\"https:\/\/www.uprp.edu\/en\/articulos\/rectoria\/comision-artes\/exposicion-colectiva-trascendencia-p1\/\" \/><\/div>\n\t\t<\/figure>\n\t<\/div>\n<\/div><\/div><\/div><div class=\"wpb_column vc_column_container vc_col-sm-12 vc_col-lg-6 vc_col-md-6 vc_col-xs-12\"><div class=\"vc_column-inner\"><div class=\"wpb_wrapper\">\n\t<div  class=\"wpb_single_image wpb_content_element vc_align_left\">\n\t\t\n\t\t<figure class=\"wpb_wrapper vc_figure\">\n\t\t\t<div class=\"vc_single_image-wrapper  \"><img loading=\"lazy\" decoding=\"async\" width=\"2048\" height=\"1325\" src=\"https:\/\/www.uprp.edu\/wp-content\/uploads\/sites\/11\/2015\/07\/exposicion-colectiva-trascendencia-p2.png\" class=\"vc_single_image-img attachment-full\" alt=\"exposicion colectiva trascendencia p\" title=\"Exposici\u00f3n Colectiva Trascendencia p2\" srcset=\"https:\/\/www.uprp.edu\/wp-content\/uploads\/sites\/11\/2015\/07\/exposicion-colectiva-trascendencia-p2.png 2048w, https:\/\/www.uprp.edu\/wp-content\/uploads\/sites\/11\/2015\/07\/exposicion-colectiva-trascendencia-p2-300x194.png 300w, https:\/\/www.uprp.edu\/wp-content\/uploads\/sites\/11\/2015\/07\/exposicion-colectiva-trascendencia-p2-768x497.png 768w, https:\/\/www.uprp.edu\/wp-content\/uploads\/sites\/11\/2015\/07\/exposicion-colectiva-trascendencia-p2-1024x663.png 1024w\" sizes=\"(max-width: 2048px) 100vw, 2048px\"  data-dt-location=\"https:\/\/www.uprp.edu\/en\/articulos\/rectoria\/comision-artes\/exposicion-colectiva-trascendencia-p2\/\" \/><\/div>\n\t\t<\/figure>\n\t<\/div>\n<\/div><\/div><\/div><\/div><div id=\"ultimate-heading-6236a9b78277f95a\" class=\"uvc-heading ult-adjust-bottom-margin ultimate-heading-6236a9b78277f95a uvc-6521  uvc-heading-default-font-sizes\" data-hspacer=\"no_spacer\"  data-halign=\"center\" style=\"text-align:center\"><div class=\"uvc-heading-spacer no_spacer\" style=\"top\"><\/div><div class=\"uvc-sub-heading ult-responsive\"  data-ultimate-target='.uvc-heading.ultimate-heading-6236a9b78277f95a .uvc-sub-heading '  data-responsive-json-new='{\"font-size\":\"\",\"line-height\":\"\"}'  style=\"font-weight:normal;\"><\/p>\n<h4>Exposici\u00f3n Colectiva<\/h4>\n<p><\/div><\/div><div class=\"vc_row wpb_row vc_inner vc_row-fluid\"><div class=\"wpb_column vc_column_container vc_col-sm-12 vc_col-lg-6 vc_col-md-6 vc_col-xs-12\"><div class=\"vc_column-inner\"><div class=\"wpb_wrapper\">\n\t<div  class=\"wpb_single_image wpb_content_element vc_align_left\">\n\t\t\n\t\t<figure class=\"wpb_wrapper vc_figure\">\n\t\t\t<div class=\"vc_single_image-wrapper  \"><img loading=\"lazy\" decoding=\"async\" width=\"2048\" height=\"1325\" src=\"https:\/\/www.uprp.edu\/wp-content\/uploads\/sites\/11\/2015\/07\/exposicion-colectiva.png\" class=\"vc_single_image-img attachment-full\" alt=\"exposicion colectiva\" title=\"Exposici\u00f3n Colectiva\" srcset=\"https:\/\/www.uprp.edu\/wp-content\/uploads\/sites\/11\/2015\/07\/exposicion-colectiva.png 2048w, https:\/\/www.uprp.edu\/wp-content\/uploads\/sites\/11\/2015\/07\/exposicion-colectiva-300x194.png 300w, https:\/\/www.uprp.edu\/wp-content\/uploads\/sites\/11\/2015\/07\/exposicion-colectiva-768x497.png 768w, https:\/\/www.uprp.edu\/wp-content\/uploads\/sites\/11\/2015\/07\/exposicion-colectiva-1024x663.png 1024w\" sizes=\"(max-width: 2048px) 100vw, 2048px\"  data-dt-location=\"https:\/\/www.uprp.edu\/en\/articulos\/rectoria\/comision-artes\/exposicion-colectiva\/\" \/><\/div>\n\t\t<\/figure>\n\t<\/div>\n<\/div><\/div><\/div><div class=\"wpb_column vc_column_container vc_col-sm-6\"><div class=\"vc_column-inner\"><div class=\"wpb_wrapper\"><\/div><\/div><\/div><\/div><div class=\"ult-spacer spacer-6a9b782780668\" data-id=\"6a9b782780668\" data-height=\"10\" data-height-mobile=\"10\" data-height-tab=\"10\" data-height-tab-portrait=\"\" data-height-mobile-landscape=\"\" style=\"clear:both;display:block;\"><\/div><\/div><\/div><div class=\"vc_tta-panel\" id=\"informe-anual\" data-vc-content=\".vc_tta-panel-body\"><div class=\"vc_tta-panel-heading\"><h4 class=\"vc_tta-panel-title\"><a href=\"#informe-anual\" data-vc-accordion data-vc-container=\".vc_tta-container\"><i class=\"vc_tta-icon fa fa-paw\"><\/i><span class=\"vc_tta-title-text\">Informe Anual<\/span><\/a><\/h4><\/div><div class=\"vc_tta-panel-body\"><div class=\"vc_row wpb_row vc_inner vc_row-fluid\"><div class=\"wpb_column vc_column_container vc_col-sm-12 vc_col-xs-12\"><div class=\"vc_column-inner\"><div class=\"wpb_wrapper\"><div class=\"dt-fancy-separator title-left h3-size accent-border-color\" style=\"width: 100%;\"><div class=\"dt-fancy-title bg-on\"><span class=\"separator-holder separator-left\"><\/span>Informe Anual<span class=\"separator-holder separator-right\"><\/span><\/div><\/div><div class=\"ult-spacer spacer-6a9b782780b8b\" data-id=\"6a9b782780b8b\" data-height=\"10\" data-height-mobile=\"10\" data-height-tab=\"10\" data-height-tab-portrait=\"\" data-height-mobile-landscape=\"\" style=\"clear:both;display:block;\"><\/div><div class=\"hr-thin style-line\" style=\"width: 100%;border-color: #dd3333;border-top-width: 1px;\"><\/div><\/div><\/div><\/div><\/div><div class=\"ult-spacer spacer-6a9b782780bdb\" data-id=\"6a9b782780bdb\" data-height=\"10\" data-height-mobile=\"10\" data-height-tab=\"10\" data-height-tab-portrait=\"\" data-height-mobile-landscape=\"\" style=\"clear:both;display:block;\"><\/div><div class=\"vc_row wpb_row vc_inner vc_row-fluid\"><div class=\"wpb_column vc_column_container vc_col-sm-12 vc_col-xs-12\"><div class=\"vc_column-inner\"><div class=\"wpb_wrapper\">\n\t<div class=\"wpb_text_column wpb_content_element \" >\n\t\t<div class=\"wpb_wrapper\">\n\t\t\t<p style=\"text-align: right\"><a href=\"https:\/\/www.uprp.edu\" class=\"su-button su-button-style-flat\" style=\"color:#333;background-color:#e7e7e7;border-color:#b9b9b9;border-radius:45px\" target=\"_blank\" onClick=\"this.href=&#039;http:\/\/www.uprp.edu\/wp-content\/uploads\/sites\/11\/2015\/07\/Informe-Anual-2015.pdf&#039;; return confirm(&#039;Desea ver el documento en una nueva ventana?&#039;);\" rel=\"noreferrer noopener nofollow\"><span style=\"color:#333;padding:7px 22px;font-size:17px;line-height:26px;border-color:#efefef;border-radius:45px;text-shadow:none\"><i class=\"sui sui-file-pdf-o\" style=\"font-size:17px;color:#FFFFFF\"><\/i> Abrir en Nueva Ventana<\/span><\/a><\/p>\n<p style=\"text-align: center\"><div class=\"su-document su-u-responsive-media-yes\"><iframe src=\"\/\/docs.google.com\/viewer?embedded=true&url=http:\/\/www.uprp.edu\/wp-content\/uploads\/sites\/11\/2015\/07\/Informe-Anual-2015.pdf\" width=\"1200\" height=\"1200\" class=\"su-document myDocPDF\" title=\"\"><\/iframe><\/div>\n\n\t\t<\/div>\n\t<\/div>\n\n\t<div class=\"wpb_raw_code wpb_raw_js\" >\n\t\t<div class=\"wpb_wrapper\">\n\t\t\t<script> (function( $ ){ setTimeout( function(){ \n\t  var myDocSrc, myDocUrl, myDocPDF = $( \"* > .su-document > .myDocPDF\" );\n\t  \/\/ validar si esta en preview o en vivo!\n\t  if( myDocPDF.length > 0 || myDocPDF != null )\n\t  { if( typeof myDocPDF.attr( \"data-src\" ) !== \"undefined\" )\n\t    \t { myDocSrc = myDocPDF.attr( \"data-src\" ); console.info( \"data-src => \" + myDocSrc ); } \/\/ en vivo \n\t    else { myDocSrc = myDocPDF.attr( \"src\" ); console.info( \"src => \" + myDocSrc ); } \/\/ en preview \n\t    myDocUrl = myDocSrc.split( \"url=\" ); console.info( \"myDocUrl[0] => \" + myDocUrl[0] );\n\t    myDocPDF.attr( \"data-src\", myDocUrl[1] ); console.info( \"myDocUrl[1] => \" + myDocUrl[1] );\n\t    myDocPDF.attr( \"src\", myDocUrl[1] ); console.info( \"src => \" + myDocPDF.attr( \"src\" ));\n}}, 1000 ); })( jQuery ); <\/script>\n\t\t<\/div>\n\t<\/div>\n<\/div><\/div><\/div><\/div><div class=\"ult-spacer spacer-6a9b782781438\" data-id=\"6a9b782781438\" data-height=\"10\" data-height-mobile=\"10\" data-height-tab=\"10\" data-height-tab-portrait=\"\" data-height-mobile-landscape=\"\" style=\"clear:both;display:block;\"><\/div><\/div><\/div><\/div><\/div><\/div><\/div>\n\t<div class=\"wpb_raw_code wpb_raw_js\" >\n\t\t<div class=\"wpb_wrapper\">\n\t\t\t<script> \/\/ codigo q manipula los botones tipo tabs del tour menu, \n\/\/ a\u00f1adiendole el parametro title para q muestre info en contexto a lo q se muestra.\n\t( function( $ )\n\t{ \tsetTimeout( function()\n\t\t{\tlet anchor = $( '#menu-tour > div > .vc_tta-tabs-container > ul > .vc_tta-tab > a' );\n\t\t\t\tanchor.each( function(){ \n\t\t\t\t\t$( this ).attr( 'title', 'Ver contenido: ' + $( this ).find( 'span' ).text()); \n\t\t\t\t});\n\t\t}, 500 );\n\t})( jQuery );\n<\/script>\n\n\t\t<\/div>\n\t<\/div>\n<\/div><\/div><\/div><\/div><\/section>\n<\/div>","protected":false},"excerpt":{"rendered":"<p>Comisi\u00f3n de las ArtesDescripci\u00f3nBienvenidaIntegrantesExposiciones ColectivasInforme AnualBienvenidaMensaje de Bienvenida La Comisi\u00f3n de las Artes fue creada mediante Certificaci\u00f3n 2011-2012-73 de la Junta Administrativa de la Universidad de Puerto Rico en Ponce, del 29 de junio de 2012, cuyo \u00e9nfasis promordial es: Hacer de la Universidad de Puerto Rico en Ponce uno de los principales centros de&hellip; <a class=\"continue\" href=\"https:\/\/www.uprp.edu\/en\/articulos\/rectoria\/comision-artes\/\">*Informaci\u00f3n adicional sobre el tema<span> Arts Commission<\/span><\/a><\/p>","protected":false},"author":35,"featured_media":254,"parent":220,"menu_order":297,"comment_status":"closed","ping_status":"closed","template":"","meta":{"_themeisle_gutenberg_block_has_review":false,"footnotes":""},"class_list":["post-545","page","type-page","status-publish","has-post-thumbnail","hentry","description-off"],"_links":{"self":[{"href":"https:\/\/www.uprp.edu\/en\/wp-json\/wp\/v2\/pages\/545","targetHints":{"allow":["GET"]}}],"collection":[{"href":"https:\/\/www.uprp.edu\/en\/wp-json\/wp\/v2\/pages"}],"about":[{"href":"https:\/\/www.uprp.edu\/en\/wp-json\/wp\/v2\/types\/page"}],"author":[{"embeddable":true,"href":"https:\/\/www.uprp.edu\/en\/wp-json\/wp\/v2\/users\/35"}],"replies":[{"embeddable":true,"href":"https:\/\/www.uprp.edu\/en\/wp-json\/wp\/v2\/comments?post=545"}],"version-history":[{"count":25,"href":"https:\/\/www.uprp.edu\/en\/wp-json\/wp\/v2\/pages\/545\/revisions"}],"predecessor-version":[{"id":29426,"href":"https:\/\/www.uprp.edu\/en\/wp-json\/wp\/v2\/pages\/545\/revisions\/29426"}],"up":[{"embeddable":true,"href":"https:\/\/www.uprp.edu\/en\/wp-json\/wp\/v2\/pages\/220"}],"wp:featuredmedia":[{"embeddable":true,"href":"https:\/\/www.uprp.edu\/en\/wp-json\/wp\/v2\/media\/254"}],"wp:attachment":[{"href":"https:\/\/www.uprp.edu\/en\/wp-json\/wp\/v2\/media?parent=545"}],"curies":[{"name":"wp","href":"https:\/\/api.w.org\/{rel}","templated":true}]}}