{"id":8783,"date":"2018-08-24T14:10:22","date_gmt":"2018-08-24T18:10:22","guid":{"rendered":"https:\/\/www.upr.edu\/ponce\/articulos\/academicos\/departamentos\/estudios-aliados\/terapia-fisica-tefi\/"},"modified":"2026-02-02T14:41:55","modified_gmt":"2026-02-02T18:41:55","slug":"tefi-version-espanol","status":"publish","type":"page","link":"https:\/\/www.uprp.edu\/en\/articulos\/academicos\/departamentos\/deas\/tefi-version-espanol\/","title":{"rendered":"Terapia F\u00edsica (TEFI) &#8211; espa\u00f1ol"},"content":{"rendered":"<div class=\"wpb-content-wrapper\" id=\"wpb-content-root\"><section class=\"vc_section vc_row-o-full-height vc_section-o-content-top vc_section-flex\"><div class=\"vc_row wpb_row vc_row-fluid full-width-wrap dt-default\" style=\"padding-left: 0px;padding-right: 0px;margin-top: 0px;margin-bottom: 0px\"><div class=\"wpb_column vc_column_container vc_col-sm-12 vc_col-xs-12\"><div class=\"vc_column-inner\"><div class=\"wpb_wrapper\"><div id=\"ultib3-22531492176a9b713318149\" class=\" vc_custom_1550169044004 ultb3-box ult-adjust-bottom-margin  \" style=\"background-color: rgba(255,255,255,0.01);\"><div class=\"ultb3-box-overlay\" style=\"background:rgba(255,255,255,0.01);\"><\/div><img decoding=\"async\" src=\"https:\/\/www.uprp.edu\/wp-content\/uploads\/sites\/11\/2014\/10\/uprp_sombra_2-e1469047337875.png\" style=\"\" class=\"ultb3-img ultb3-img-top-right\" alt=\"Banner con Sombra UPRP\"\/><div id=\"Info-banner-wrap2963\" class=\"ultb3-info ib3-info-left\" data-animation=\"\" data-animation-delay=\"03\"><div class=\"ultb3-title ult-responsive\"  data-ultimate-target='#Info-banner-wrap2963 .ultb3-title'  data-responsive-json-new='{\"font-size\":\"desktop:32px;\",\"line-height\":\"\"}'  style=\"font-family:Open Sans;font-weight:normal;font-style:normal;\">Terapia F\u00edsica (TEFI)<\/div><div class=\"ultb3-desc ult-responsive\"  data-ultimate-target='#Info-banner-wrap2963 .ultb3-desc'  data-responsive-json-new='{\"font-size\":\"desktop:18px;\",\"line-height\":\"\"}'  style=\"font-family:Open Sans;font-style:italic;font-weight:normal;font-style:normal;\">Departamento de Estudios Aliados a la Salud<\/div><\/div><\/div><style>\n\t\t\t\t\t#ultib3-22531492176a9b713318149 {\n\t\t\t\t\t\tmin-height:50px;\n\t\t\t\t\t}\n\t\t\t\t\t#ultib3-22531492176a9b713318149 img.ultb3-img {\n\t\t\t\t\t\theight: px;\n\t\t\t\t\t}\n\t\t\t\t\t#ultib3-22531492176a9b713318149 .ultb3-btn {\n\t\t\t\t\t\tborder:2px solid #fcfcfc;border-radius:50px;color:#1e73be;\n\t\t\t\t\t}\n\t\t\t\t\t#ultib3-22531492176a9b713318149 .ultb3-btn:hover {\n\t\t\t\t\t\tbackground:#fcfcfc;color:#dd3333;\n\t\t\t\t\t}\n\t\t\t\t\t#ultib3-22531492176a9b713318149 .ultb3-btn:focus {\n\t\t\t\t\t\toutline: 2px solid #005fcc;\n\t\t\t\t\t\toutline-offset: 2px;\n\t\t\t\t\t}\n\t\t\t\t<\/style><div class=\"ult-spacer spacer-6a9b7133181af\" data-id=\"6a9b7133181af\" data-height=\"10\" data-height-mobile=\"10\" data-height-tab=\"10\" data-height-tab-portrait=\"\" data-height-mobile-landscape=\"\" style=\"clear:both;display:block;\"><\/div><\/div><\/div><\/div><\/div><div class=\"vc_row wpb_row vc_row-fluid full-width-wrap dt-default\" style=\"padding-left: 0px;padding-right: 25px;margin-top: 0px;margin-bottom: 0px\"><div class=\"wpb_column vc_column_container vc_col-sm-12\"><div class=\"vc_column-inner vc_custom_1569954240577\"><div class=\"wpb_wrapper\"><div class=\"vc_tta-container\" data-vc-action=\"collapse\" id=\"menu-tour\"><div class=\"vc_general vc_tta vc_tta-tabs vc_tta-color-custom vc_tta-style-modern vc_tta-shape-rounded vc_tta-spacing-4 vc_tta-gap-4 vc_tta-o-no-fill vc_tta-tabs-position-left vc_tta-controls-align-left \" style=\"--vc-tta-color: #5AA1E3; --vc-tta-color-contrast: #fff; --vc-tta-active-color: #F8F8F8; --vc-tta-active-color-contrast: #666; --vc-tta-spacing: 4px; --vc-tta-gap: 4px;\"><div class=\"vc_tta-tabs-container\"><ul class=\"vc_tta-tabs-list\" role=\"tablist\"><li class=\"vc_tta-tab vc_active\" data-vc-tab role=\"presentation\"><h4 class=\"vc_tta-panel-title\"><a href=\"#portada-bienvenida\" data-vc-tabs data-vc-container=\".vc_tta\" role=\"tab\" aria-selected=\"false\" id=\"tab-portada-bienvenida\"><i class=\"vc_tta-icon fas fa-paw\"><\/i><span class=\"vc_tta-title-text\">Bienvenida<\/span><\/a><\/h4><\/li><li class=\"vc_tta-tab\" data-vc-tab role=\"presentation\"><h4 class=\"vc_tta-panel-title\"><a href=\"#vision-mision-valores\" data-vc-tabs data-vc-container=\".vc_tta\" role=\"tab\" aria-selected=\"false\" id=\"tab-vision-mision-valores\"><i class=\"vc_tta-icon fas fa-paw\"><\/i><span class=\"vc_tta-title-text\">Visi\u00f3n, Misi\u00f3n y Valores<\/span><\/a><\/h4><\/li><li class=\"vc_tta-tab\" data-vc-tab role=\"presentation\"><h4 class=\"vc_tta-panel-title\"><a href=\"#metas-objetivos\" data-vc-tabs data-vc-container=\".vc_tta\" role=\"tab\" aria-selected=\"false\" id=\"tab-metas-objetivos\"><i class=\"vc_tta-icon fas fa-paw\"><\/i><span class=\"vc_tta-title-text\">Metas<\/span><\/a><\/h4><\/li><li class=\"vc_tta-tab\" data-vc-tab role=\"presentation\"><h4 class=\"vc_tta-panel-title\"><a href=\"#fundamentos-filosoficos\" data-vc-tabs data-vc-container=\".vc_tta\" role=\"tab\" aria-selected=\"false\" id=\"tab-fundamentos-filosoficos\"><i class=\"vc_tta-icon fas fa-paw\"><\/i><span class=\"vc_tta-title-text\">Fundamentos Filos\u00f3ficos<\/span><\/a><\/h4><\/li><li class=\"vc_tta-tab\" data-vc-tab role=\"presentation\"><h4 class=\"vc_tta-panel-title\"><a href=\"#conceptos\" data-vc-tabs data-vc-container=\".vc_tta\" role=\"tab\" aria-selected=\"false\" id=\"tab-conceptos\"><i class=\"vc_tta-icon fas fa-paw\"><\/i><span class=\"vc_tta-title-text\">Definici\u00f3n de Conceptos<\/span><\/a><\/h4><\/li><li class=\"vc_tta-tab\" data-vc-tab role=\"presentation\"><h4 class=\"vc_tta-panel-title\"><a href=\"#funciones-esenciales\" data-vc-tabs data-vc-container=\".vc_tta\" role=\"tab\" aria-selected=\"false\" id=\"tab-funciones-esenciales\"><i class=\"vc_tta-icon fas fa-paw\"><\/i><span class=\"vc_tta-title-text\">Funciones Esenciales<\/span><\/a><\/h4><\/li><li class=\"vc_tta-tab\" data-vc-tab role=\"presentation\"><h4 class=\"vc_tta-panel-title\"><a href=\"#perfil-egresado\" data-vc-tabs data-vc-container=\".vc_tta\" role=\"tab\" aria-selected=\"false\" id=\"tab-perfil-egresado\"><i class=\"vc_tta-icon fas fa-paw\"><\/i><span class=\"vc_tta-title-text\">Perfil del Egresado<\/span><\/a><\/h4><\/li><li class=\"vc_tta-tab\" data-vc-tab role=\"presentation\"><h4 class=\"vc_tta-panel-title\"><a href=\"#requisitos-admision\" data-vc-tabs data-vc-container=\".vc_tta\" role=\"tab\" aria-selected=\"false\" id=\"tab-requisitos-admision\"><i class=\"vc_tta-icon fas fa-paw\"><\/i><span class=\"vc_tta-title-text\">Requisitos de Admisi\u00f3n<\/span><\/a><\/h4><\/li><li class=\"vc_tta-tab\" data-vc-tab role=\"presentation\"><h4 class=\"vc_tta-panel-title\"><a href=\"#programa-curriculo\" data-vc-tabs data-vc-container=\".vc_tta\" role=\"tab\" aria-selected=\"false\" id=\"tab-programa-curriculo\"><i class=\"vc_tta-icon fas fa-paw\"><\/i><span class=\"vc_tta-title-text\">Curr\u00edculo<\/span><\/a><\/h4><\/li><li class=\"vc_tta-tab\" data-vc-tab role=\"presentation\"><h4 class=\"vc_tta-panel-title\"><a href=\"#descripcion-cursos\" data-vc-tabs data-vc-container=\".vc_tta\" role=\"tab\" aria-selected=\"false\" id=\"tab-descripcion-cursos\"><i class=\"vc_tta-icon fas fa-paw\"><\/i><span class=\"vc_tta-title-text\">Descripci\u00f3n de Cursos<\/span><\/a><\/h4><\/li><li class=\"vc_tta-tab\" data-vc-tab role=\"presentation\"><h4 class=\"vc_tta-panel-title\"><a href=\"#oportunidades-empleo\" data-vc-tabs data-vc-container=\".vc_tta\" role=\"tab\" aria-selected=\"false\" id=\"tab-oportunidades-empleo\"><i class=\"vc_tta-icon fas fa-paw\"><\/i><span class=\"vc_tta-title-text\">Oportunidades de Empleo<\/span><\/a><\/h4><\/li><li class=\"vc_tta-tab\" data-vc-tab role=\"presentation\"><h4 class=\"vc_tta-panel-title\"><a href=\"#opusculo\" data-vc-tabs data-vc-container=\".vc_tta\" role=\"tab\" aria-selected=\"false\" id=\"tab-opusculo\"><i class=\"vc_tta-icon fas fa-paw\"><\/i><span class=\"vc_tta-title-text\">Op\u00fasculo<\/span><\/a><\/h4><\/li><li class=\"vc_tta-tab\" data-vc-tab role=\"presentation\"><h4 class=\"vc_tta-panel-title\"><a href=\"#estatus-acreditacion\" data-vc-tabs data-vc-container=\".vc_tta\" role=\"tab\" aria-selected=\"false\" id=\"tab-estatus-acreditacion\"><i class=\"vc_tta-icon fas fa-paw\"><\/i><span class=\"vc_tta-title-text\">Estatus de la Acreditaci\u00f3n<\/span><\/a><\/h4><\/li><li class=\"vc_tta-tab\" data-vc-tab role=\"presentation\"><h4 class=\"vc_tta-panel-title\"><a href=\"#manual-estudiantes\" data-vc-tabs data-vc-container=\".vc_tta\" role=\"tab\" aria-selected=\"false\" id=\"tab-manual-estudiantes\"><i class=\"vc_tta-icon fa fa-solid fa-paw\"><\/i><span class=\"vc_tta-title-text\">Manual del Estudiante<\/span><\/a><\/h4><\/li><li class=\"vc_tta-tab\" data-vc-tab role=\"presentation\"><h4 class=\"vc_tta-panel-title\"><a href=\"#students-outcomes\" data-vc-tabs data-vc-container=\".vc_tta\" role=\"tab\" aria-selected=\"false\" id=\"tab-students-outcomes\"><i class=\"vc_tta-icon fas fa-paw\"><\/i><span class=\"vc_tta-title-text\">\"Students Outcomes\"<\/span><\/a><\/h4><\/li><li class=\"vc_tta-tab\" data-vc-tab role=\"presentation\"><h4 class=\"vc_tta-panel-title\"><a href=\"#solicitud-examen-revalida\" data-vc-tabs data-vc-container=\".vc_tta\" role=\"tab\" aria-selected=\"false\" id=\"tab-solicitud-examen-revalida\"><i class=\"vc_tta-icon fas fa-paw\"><\/i><span class=\"vc_tta-title-text\">Solicitud Examen de Rev\u00e1lida<\/span><\/a><\/h4><\/li><li class=\"vc_tta-tab\" data-vc-tab role=\"presentation\"><h4 class=\"vc_tta-panel-title\"><a href=\"#actividades-programa\" data-vc-tabs data-vc-container=\".vc_tta\" role=\"tab\" aria-selected=\"false\" id=\"tab-actividades-programa\"><i class=\"vc_tta-icon fas fa-paw\"><\/i><span class=\"vc_tta-title-text\">Actividades del Programa<\/span><\/a><\/h4><\/li><li class=\"vc_tta-tab\" data-vc-tab role=\"presentation\"><h4 class=\"vc_tta-panel-title\"><a href=\"#facultad-personal\" data-vc-tabs data-vc-container=\".vc_tta\" role=\"tab\" aria-selected=\"false\" id=\"tab-facultad-personal\"><i class=\"vc_tta-icon fas fa-paw\"><\/i><span class=\"vc_tta-title-text\">Facultad y Personal Administrativo<\/span><\/a><\/h4><\/li><\/ul><\/div><div class=\"vc_tta-panels-container\"><div class=\"vc_tta-panels\"><div class=\"vc_tta-panel vc_active\" id=\"portada-bienvenida\" data-vc-content=\".vc_tta-panel-body\"><div class=\"vc_tta-panel-heading\"><h4 class=\"vc_tta-panel-title\"><a href=\"#portada-bienvenida\" data-vc-accordion data-vc-container=\".vc_tta-container\"><i class=\"vc_tta-icon fas fa-paw\"><\/i><span class=\"vc_tta-title-text\">Bienvenida<\/span><\/a><\/h4><\/div><div class=\"vc_tta-panel-body\"><div class=\"vc_row wpb_row vc_inner vc_row-fluid\"><div class=\"wpb_column vc_column_container vc_col-sm-12 vc_col-xs-12\"><div class=\"vc_column-inner\"><div class=\"wpb_wrapper\"><q class=\"h4-size shortcode-pullquote wf-cell align-left wf-1\"><h3 style=\"text-align: center\"><span style=\"color: #333333\">Mensaje de Bienvenida<\/span><\/h3>\n<\/q><\/div><\/div><\/div><\/div><div class=\"ult-spacer spacer-6a9b71331a2d1\" data-id=\"6a9b71331a2d1\" data-height=\"10\" data-height-mobile=\"10\" data-height-tab=\"10\" data-height-tab-portrait=\"\" data-height-mobile-landscape=\"\" style=\"clear:both;display:block;\"><\/div>\n\t<div class=\"wpb_text_column wpb_content_element \" >\n\t\t<div class=\"wpb_wrapper\">\n\t\t\t\n\t\t<\/div>\n\t<\/div>\n<div class=\"vc_row wpb_row vc_inner vc_row-fluid\"><div class=\"wpb_column vc_column_container vc_col-sm-12 vc_col-xs-12\"><div class=\"vc_column-inner\"><div class=\"wpb_wrapper\">\n\t<div class=\"wpb_text_column wpb_content_element \" >\n\t\t<div class=\"wpb_wrapper\">\n\t\t\t<h4 style=\"text-align: left\"><span class=\"su-dropcap su-dropcap-style-flat blueLetter\" style=\"font-size:1.5em\">B<\/span>ienvenidos al programa de Grado Asociado en Terapia F\u00edsica de la Universidad de Puerto Rico en Ponce.\u00a0 Este prepara a sus estudiantes para ejercer como Asistentes del Terapista F\u00edsico bajo la supervisi\u00f3n de un(a) terapista f\u00edsico para ofrecer servicios de terapia f\u00edsica de alta calidad y basado en evidencia cient\u00edfica y cl\u00ednica.\u00a0 El estudiante debe completar 72 cr\u00e9ditos en un periodo de dos a\u00f1os para graduarse.\u00a0 Debe completar varias experiencias cl\u00ednicas en las cuales ejecutar\u00e1 diferentes destrezas de acuerdo con el nivel de pr\u00e1ctica.\u00a0 Estas pr\u00e1cticas deben ser realizadas en diferentes lugares, lo que requerir\u00e1 que el estudiante se transporte a otros pueblos. Los estudiantes son responsables de su propia transportaci\u00f3n hacia y desde la experiencia cl\u00ednica.<\/h4>\n<h4>El egresado del Programa ejercer\u00e1 como Asistente del Terapista F\u00edsico y junto al Terapista F\u00edsico es responsable del cuidado del paciente\/cliente, siguiendo los procedimientos de cuidado establecidos y observando las precauciones en la aplicaci\u00f3n de las intervenciones terap\u00e9uticas.\u00a0 El Asistente del Terapista F\u00edsico provee intervenciones de tratamiento seg\u00fan delegadas por el Terapista Fisco que forman\u00a0 parte\u00a0 del plan de cuidado desarrollado por este.<\/h4>\n<h4>De acuerdo a la descripci\u00f3n brindada por la Asociaci\u00f3n Americana de Terapia F\u00edsica\u00a0 un Asistente del Terapista F\u00edsico\u00a0realiza intervenciones que incluyen, pero no se limitan a: ejercicios terap\u00e9uticos, tracci\u00f3n, masaje, ultrasonido, electroterapia, entrenamiento de balance y ambulaci\u00f3n, aprendizaje y desarrollo motor y educaci\u00f3n al paciente y su familia.\u00a0 Las intervenciones a menudo incluir\u00e1n el uso de equipos asistidos como muletas, sillas de ruedas, \u00f3rtesis y pr\u00f3tesis.\u00a0 Un componente importante de las intervenciones implica ense\u00f1ar a los pacientes t\u00e9cnicas apropiadas de prevenci\u00f3n\u00a0 de lesiones y promoci\u00f3n de salud y el bienestar.<\/h4>\n<h4>El Asistente del Terapista F\u00edsico tambi\u00e9n documenta informaci\u00f3n sobre la respuesta del paciente al tratamiento, incluyendo datos objetivos que forman parte\u00a0 del expediente m\u00e9dico del paciente. El Asistente del Terapista F\u00edsico est\u00e1 capacitado para responder a situaciones de emergencia en el ambiente cl\u00ednico. Adem\u00e1s, de la atenci\u00f3n al paciente\/cliente, participa en actividades relacionadas con la facturaci\u00f3n y la codificaci\u00f3n, el control de calidad para el manejo de riesgos y otras actividades administrativas dentro del Departamento.<\/h4>\n<h4>Despu\u00e9s de graduarse los candidatos deben aprobar el examen de rev\u00e1lida de Puerto Rico para obtener la licencia requerida en PR.\u00a0\u00a0Para mantener su licencia activa el egresado debe renovar su licencia cada tres a\u00f1os.\u00a0 Para esto debe participar regularmente en actividades <a class=\"waffle-rich-text-link\" href=\"http:\/\/papertyper.net\/\">papertyper.net<\/a> de educaci\u00f3n continua, incluyendo actividades de estudio independiente.<\/h4>\n<h4>El Asistente del Terapista F\u00edsico trabaja en diversos escenarios cl\u00ednica que incluyen: oficinas privadas, hospitales p\u00fablicos y privados, centros de rehabilitaci\u00f3n, programas de servicios de salud en el hogar (Home Care), industrias, medicina deportiva, centros pedi\u00e1tricos, centros geri\u00e1tricos, hospicios, programas escolares y programas de promoci\u00f3n de salud, entre otros.<\/h4>\n\n\t\t<\/div>\n\t<\/div>\n<\/div><\/div><\/div><\/div><div class=\"vc_empty_space\"   style=\"height: 1px\"><span class=\"vc_empty_space_inner\"><\/span><\/div><div class=\"vc_row wpb_row vc_inner vc_row-fluid\"><div class=\"wpb_column vc_column_container vc_col-sm-12 vc_col-lg-2 vc_col-md-2 vc_col-xs-12\"><div class=\"vc_column-inner\"><div class=\"wpb_wrapper\"><div class=\"vc_empty_space\"   style=\"height: 1px\"><span class=\"vc_empty_space_inner\"><\/span><\/div><\/div><\/div><\/div><div class=\"wpb_column vc_column_container vc_col-sm-12 vc_col-lg-8 vc_col-md-8 vc_col-xs-12\"><div class=\"vc_column-inner\"><div class=\"wpb_wrapper\">\n\t<div  class=\"wpb_single_image wpb_content_element vc_align_center  wpb_animate_when_almost_visible wpb_fadeInLeftBig fadeInLeftBig vc_custom_1694787825136\">\n\t\t\n\t\t<figure class=\"wpb_wrapper vc_figure\">\n\t\t\t\n<a\n\thref=\"https:\/\/www.uprp.edu\/wp-content\/uploads\/sites\/11\/2019\/03\/visita-apf-1.jpg\"\n\t\t\tclass=\"vc_single_image-wrapper vc_box_shadow_border  dt-pswp-item\"\n\t\tdata-large_image_width=\"1007\" data-large_image_height=\"755\"\t\ttitle=\"Visita APF 1\"\n\t>\n\t<img fetchpriority=\"high\" decoding=\"async\" width=\"1007\" height=\"755\" src=\"https:\/\/www.uprp.edu\/wp-content\/uploads\/sites\/11\/2019\/03\/visita-apf-1.jpg\" class=\"vc_single_image-img attachment-full\" alt=\"visita apf\" title=\"Visita APF 1\" srcset=\"https:\/\/www.uprp.edu\/wp-content\/uploads\/sites\/11\/2019\/03\/visita-apf-1.jpg 1007w, https:\/\/www.uprp.edu\/wp-content\/uploads\/sites\/11\/2019\/03\/visita-apf-1-300x225.jpg 300w, https:\/\/www.uprp.edu\/wp-content\/uploads\/sites\/11\/2019\/03\/visita-apf-1-768x576.jpg 768w\" sizes=\"(max-width: 1007px) 100vw, 1007px\" data-dt-location=\"https:\/\/www.uprp.edu\/en\/articulos\/academicos\/departamentos\/deas\/tefi-version-espanol\/visita-apf-1\/\" \/><\/a>\n\n\t\t<\/figure>\n\t<\/div>\n<div class=\"ult-spacer spacer-6a9b71331be3d\" data-id=\"6a9b71331be3d\" data-height=\"10\" data-height-mobile=\"10\" data-height-tab=\"10\" data-height-tab-portrait=\"\" data-height-mobile-landscape=\"\" style=\"clear:both;display:block;\"><\/div><div class=\"ult-spacer spacer-6a9b71331be4c\" data-id=\"6a9b71331be4c\" data-height=\"10\" data-height-mobile=\"10\" data-height-tab=\"10\" data-height-tab-portrait=\"\" data-height-mobile-landscape=\"\" style=\"clear:both;display:block;\"><\/div><\/div><\/div><\/div><div class=\"wpb_column vc_column_container vc_col-sm-12 vc_col-lg-2 vc_col-md-2 vc_col-xs-12\"><div class=\"vc_column-inner\"><div class=\"wpb_wrapper\"><div class=\"vc_empty_space\"   style=\"height: 1px\"><span class=\"vc_empty_space_inner\"><\/span><\/div><\/div><\/div><\/div><\/div><div class=\"vc_empty_space\"   style=\"height: 1px\"><span class=\"vc_empty_space_inner\"><\/span><\/div><\/div><\/div><div class=\"vc_tta-panel\" id=\"vision-mision-valores\" data-vc-content=\".vc_tta-panel-body\"><div class=\"vc_tta-panel-heading\"><h4 class=\"vc_tta-panel-title\"><a href=\"#vision-mision-valores\" data-vc-accordion data-vc-container=\".vc_tta-container\"><i class=\"vc_tta-icon fas fa-paw\"><\/i><span class=\"vc_tta-title-text\">Visi\u00f3n, Misi\u00f3n y Valores<\/span><\/a><\/h4><\/div><div class=\"vc_tta-panel-body\"><div class=\"vc_row wpb_row vc_inner vc_row-fluid\"><div class=\"wpb_column vc_column_container vc_col-sm-12 vc_col-xs-12\"><div class=\"vc_column-inner\"><div class=\"wpb_wrapper\"><blockquote class=\"text-big shortcode-blockquote block-style-widget\"><h3 style=\"text-align: center\"><span style=\"color: #333333\">Visi\u00f3n, Misi\u00f3n y Valores<\/span><\/h3>\n<\/blockquote><\/div><\/div><\/div><\/div><div class=\"ult-spacer spacer-6a9b71331c738\" data-id=\"6a9b71331c738\" data-height=\"10\" data-height-mobile=\"10\" data-height-tab=\"10\" data-height-tab-portrait=\"\" data-height-mobile-landscape=\"\" style=\"clear:both;display:block;\"><\/div><div class=\"vc_row wpb_row vc_inner vc_row-fluid\"><div class=\"wpb_column vc_column_container vc_col-sm-12 vc_col-xs-12\"><div class=\"vc_column-inner\"><div class=\"wpb_wrapper\"><blockquote class=\"text-big shortcode-blockquote block-style-widget\"><h3 style=\"text-align: center\"><span style=\"color: #333333\">Visi\u00f3n<\/span><\/h3>\n<\/blockquote><div class=\"ult-spacer spacer-6a9b71331ca15\" data-id=\"6a9b71331ca15\" data-height=\"10\" data-height-mobile=\"10\" data-height-tab=\"10\" data-height-tab-portrait=\"\" data-height-mobile-landscape=\"\" style=\"clear:both;display:block;\"><\/div>\n\t<div class=\"wpb_text_column wpb_content_element \" >\n\t\t<div class=\"wpb_wrapper\">\n\t\t\t<h4 style=\"text-align: left\"><span class=\"su-dropcap su-dropcap-style-flat blueLetter\" style=\"font-size:1.5em\">E<\/span>l Grado Asociado en Terapia F\u00edsica ser\u00e1 un programa ampliamente reconocido con el compromiso de excelencia acad\u00e9mica para aumentar el logro educativo y la preparaci\u00f3n de la fuerza laboral.\u00a0 Los graduados de nuestro programa proveer\u00e1n el m\u00e1s alto nivel de servicios de terapia f\u00edsica a la comunidad y ser\u00e1n los empleados elegidos por los proveedores de servicios de salud.<\/h4>\n\n\t\t<\/div>\n\t<\/div>\n<\/div><\/div><\/div><\/div><div class=\"ult-spacer spacer-6a9b71331cbf6\" data-id=\"6a9b71331cbf6\" data-height=\"10\" data-height-mobile=\"10\" data-height-tab=\"10\" data-height-tab-portrait=\"\" data-height-mobile-landscape=\"\" style=\"clear:both;display:block;\"><\/div><div class=\"vc_row wpb_row vc_inner vc_row-fluid\"><div class=\"wpb_column vc_column_container vc_col-sm-12 vc_col-xs-12\"><div class=\"vc_column-inner\"><div class=\"wpb_wrapper\"><blockquote class=\"text-big shortcode-blockquote block-style-widget\"><h3 style=\"text-align: center\"><span style=\"color: #333333\">Misi\u00f3n<\/span><\/h3>\n<\/blockquote><div class=\"ult-spacer spacer-6a9b71331cecb\" data-id=\"6a9b71331cecb\" data-height=\"10\" data-height-mobile=\"10\" data-height-tab=\"10\" data-height-tab-portrait=\"\" data-height-mobile-landscape=\"\" style=\"clear:both;display:block;\"><\/div>\n\t<div class=\"wpb_text_column wpb_content_element \" >\n\t\t<div class=\"wpb_wrapper\">\n\t\t\t<h4 style=\"text-align: left\"><span class=\"su-dropcap su-dropcap-style-flat blueLetter\" style=\"font-size:1.5em\">E<\/span>l Grado Asociado en Terapia F\u00edsica de la Universidad de Puerto Rico en Ponce prepara Asistentes del terapista f\u00edsico con las competencias y el liderazgo necesarios para cumplir con sus roles y funciones de manera segura, legal, \u00e9tica y efectiva en una sociedad global, bajo la direcci\u00f3n y supervisi\u00f3n del Terapista f\u00edsico. De acuerdo con la misi\u00f3n institucional, el programa ofrece una excelente educaci\u00f3n, manteniendo un enfoque integral y hol\u00edstico basado en la apreciaci\u00f3n de los valores human\u00edsticos y \u00e9ticos dentro de las diferencias culturales. Fomenta un proceso de aprendizaje a lo largo de la vida a trav\u00e9s de un entorno desafiante donde el estudiante es guiado en un aprendizaje basado en la evidencia y pr\u00e1cticas para servir mejor a la comunidad.<\/h4>\n<h4 style=\"text-align: left\">Para cumplir con esta misi\u00f3n, el programa cuenta con el apoyo institucional entre otras agencias acreditadas de educaci\u00f3n superior y una facultad altamente calificada involucrada en la investigaci\u00f3n, pr\u00e1ctica cl\u00ednica y profesionales nacionales y locales relacionados con la pr\u00e1ctica de la terapia f\u00edsica.<\/h4>\n\n\t\t<\/div>\n\t<\/div>\n<\/div><\/div><\/div><\/div><div class=\"ult-spacer spacer-6a9b71331d0ca\" data-id=\"6a9b71331d0ca\" data-height=\"10\" data-height-mobile=\"10\" data-height-tab=\"10\" data-height-tab-portrait=\"\" data-height-mobile-landscape=\"\" style=\"clear:both;display:block;\"><\/div><div class=\"vc_row wpb_row vc_inner vc_row-fluid\"><div class=\"wpb_column vc_column_container vc_col-sm-12 vc_col-xs-12\"><div class=\"vc_column-inner\"><div class=\"wpb_wrapper\"><blockquote class=\"text-big shortcode-blockquote block-style-widget\"><h3 style=\"text-align: center\"><span style=\"color: #333333\">Valores<\/span><\/h3>\n<\/blockquote><div class=\"ult-spacer spacer-6a9b71331d3ca\" data-id=\"6a9b71331d3ca\" data-height=\"10\" data-height-mobile=\"10\" data-height-tab=\"10\" data-height-tab-portrait=\"\" data-height-mobile-landscape=\"\" style=\"clear:both;display:block;\"><\/div>\n\t<div class=\"wpb_text_column wpb_content_element \" >\n\t\t<div class=\"wpb_wrapper\">\n\t\t\t<h4 style=\"text-align: left\"><span class=\"su-dropcap su-dropcap-style-flat blueLetter\" style=\"font-size:1.5em\">E<\/span>l Grado Asociado en Ciencias de la fisioterapia endosa los valores fundamentales establecidos y promovidos por la Asociaci\u00f3n Americana de fisioterapia. Estos valores principales son:<\/h4>\n<ul>\n<li style=\"text-align: left\">\n<h4>compromiso<\/h4>\n<\/li>\n<li style=\"text-align: left\">\n<h4>altruismo<\/h4>\n<\/li>\n<li style=\"text-align: left\">\n<h4>compasi\u00f3n\/cuidado<\/h4>\n<\/li>\n<li style=\"text-align: left\">\n<h4>excelencia<\/h4>\n<\/li>\n<li style=\"text-align: left\">\n<h4>integridad<\/h4>\n<\/li>\n<li style=\"text-align: left\">\n<h4>deber profesional<\/h4>\n<\/li>\n<li style=\"text-align: left\">\n<h4>responsabilidad social<\/h4>\n<\/li>\n<\/ul>\n\n\t\t<\/div>\n\t<\/div>\n<\/div><\/div><\/div><\/div><\/div><\/div><div class=\"vc_tta-panel\" id=\"metas-objetivos\" data-vc-content=\".vc_tta-panel-body\"><div class=\"vc_tta-panel-heading\"><h4 class=\"vc_tta-panel-title\"><a href=\"#metas-objetivos\" data-vc-accordion data-vc-container=\".vc_tta-container\"><i class=\"vc_tta-icon fas fa-paw\"><\/i><span class=\"vc_tta-title-text\">Metas<\/span><\/a><\/h4><\/div><div class=\"vc_tta-panel-body\"><div class=\"vc_row wpb_row vc_inner vc_row-fluid\"><div class=\"wpb_column vc_column_container vc_col-sm-12 vc_col-xs-12\"><div class=\"vc_column-inner\"><div class=\"wpb_wrapper\"><blockquote class=\"text-big shortcode-blockquote block-style-widget\"><h3 style=\"text-align: center\"><span style=\"color: #333333\">Metas<\/span><\/h3>\n<\/blockquote><div class=\"ult-spacer spacer-6a9b71331dba5\" data-id=\"6a9b71331dba5\" data-height=\"10\" data-height-mobile=\"10\" data-height-tab=\"10\" data-height-tab-portrait=\"\" data-height-mobile-landscape=\"\" style=\"clear:both;display:block;\"><\/div>\n\t<div class=\"wpb_text_column wpb_content_element \" >\n\t\t<div class=\"wpb_wrapper\">\n\t\t\t<h4><span style=\"color: #000000\"><span class=\"su-dropcap su-dropcap-style-flat blueLetter\" style=\"font-size:1.5em\">L<\/span>as metas del programa de Grado Asociado en Terapia F\u00edsica son:<\/span><\/h4>\n<ul>\n<li>\n<h4><span style=\"color: #000000\"><strong>Meta 1:<\/strong>\u00a0 \u00a0Admitir y retener a los estudiantes que posean las cualidades acad\u00e9micas y profesionales necesarias para lograr la misi\u00f3n del programa y para completar exitosamente el mismo.<\/span><\/h4>\n<\/li>\n<li>\n<h4><span style=\"color: #000000\"><strong>Meta 2:\u00a0<\/strong>\u00a0 Graduar cl\u00ednicos que poseen habilidades de un Asistente del Terapista F\u00edsico de nivel de entrada para trabajar bajo la direcci\u00f3n y supervisi\u00f3n de un fisioterapeuta en una variedad de escenarios.<\/span><\/h4>\n<\/li>\n<li>\n<h4><span style=\"color: #000000\"><strong>Meta 3:\u00a0<\/strong>\u00a0 Preparar egresados para que puedan superar el examen de rev\u00e1lida de la Junta Examinadora de Terapia F\u00edsica de Puerto Rico para obtener su licencia\u00a0 profesional y trabajar como Asistente del Terapista F\u00edsico.<\/span><\/h4>\n<\/li>\n<li>\n<h4><span style=\"color: #000000\"><strong>Meta 4:<\/strong>\u00a0 \u00a0Graduar Asistentes del Terapista F\u00edsico que satisfagan las necesidades de\u00a0 una sociedad cambiante a trav\u00e9s de los diferentes escenarios cl\u00ednicos en el\u00a0 trabajo.<\/span><\/h4>\n<\/li>\n<li>\n<h4><span style=\"color: #000000\"><strong>Meta 5:<\/strong>\u00a0 \u00a0Preparar Asistentes del Terapista F\u00edsico con las competencias necesarias para cumplir con sus roles y funciones de una pr\u00e1ctica contempor\u00e1nea en Puerto Rico y globalmente.<\/span><\/h4>\n<\/li>\n<li>\n<h4><span style=\"color: #000000\"><strong>Meta 6:<\/strong>\u00a0 \u00a0Preparar Asistentes del Terapista F\u00edsico con los conocimientos esenciales para entender y trabajar con las diferencias y necesidades\u00a0 culturales, sociales, econ\u00f3micas, de g\u00e9nero, de raza y creencias en una sociedad cambiante dentro de su alcance de pr\u00e1ctica.<\/span><\/h4>\n<\/li>\n<li>\n<h4><span style=\"color: #000000\"><strong>Meta 7:\u00a0 \u00a0\u00a0<\/strong>Divulgar informaci\u00f3n sobre el programa y la profesi\u00f3n de terapia f\u00edsica entre la comunidad universitaria y comunidad externa.<\/span><\/h4>\n<\/li>\n<li>\n<h4><span style=\"color: #000000\"><strong>Meta 8:<\/strong>\u00a0 \u00a0 <strong>Mantener el apoyo institucional para que el programa tenga los recursos necesarios para cumplir con su misi\u00f3n.<\/strong><\/span><\/h4>\n<\/li>\n<li>\n<h4><span style=\"color: #000000\"><strong>Meta 9<\/strong>:\u00a0 \u00a0 Mantener una cantidad apropiada de contratos con centros cl\u00ednicos cualificados para proveer las experiencias cl\u00ednicas necesarias a los estudiantes del programa.<\/span><\/h4>\n<\/li>\n<li>\n<h4><span style=\"color: #000000\"><strong>Meta 10<\/strong>:\u00a0 \u00a0Proveer experiencias cl\u00ednicas variadas en diferentes escenarios cl\u00ednicos para enriquecer y desarrollar las habilidades cl\u00ednicas de los estudiantes.<\/span><\/h4>\n<\/li>\n<li>\n<h4><span style=\"color: #000000\"><strong>Meta 11:\u00a0 \u00a0 <\/strong>Mantener un aval\u00fao continuo de todos los componentes del programa para promover un proceso efectivo de planificaci\u00f3n.<\/span><\/h4>\n<\/li>\n<li>\n<h4><span style=\"color: #000000\"><strong>Meta 12:<\/strong>\u00a0 \u00a0Reclutar y mantener la facultad acad\u00e9mica y cl\u00ednica con la experiencia y pr\u00e1ctica contempor\u00e1nea en las \u00e1reas de ense\u00f1anza asignadas y con las credenciales profesionales necesarias para proporcionar una educaci\u00f3n de excelencia y ser un modelo a seguir.<\/span><\/h4>\n<\/li>\n<li>\n<h4><span style=\"color: #000000\"><strong>Meta 13:<\/strong>\u00a0 \u00a0Promover la participaci\u00f3n docente en actividades acad\u00e9micas, servicios de educaci\u00f3n y desarrollo profesional en Puerto Rico y en otros pa\u00edses.<\/span><\/h4>\n<\/li>\n<li>\n<h4><span style=\"color: #000000\"><strong>Meta 14:\u00a0 \u00a0<\/strong>Desarrollo de la Facultad Cl\u00ednica a trav\u00e9s de un Plan de Mejoramiento ofrecido por la instituci\u00f3n.<\/span><\/h4>\n<\/li>\n<li>\n<h4><span style=\"color: #000000\"><strong>Meta 15:<\/strong>\u00a0 \u00a0 El programa servir\u00e1 de enlace entre la instituci\u00f3n y la comunidad externa para facilitar el aprendizaje perdurable y la integraci\u00f3n de los graduados en el campo laboral y en el desarrollo de actividades relacionadas con el servicio comunitario y la promoci\u00f3n de la salud.<\/span><\/h4>\n<\/li>\n<\/ul>\n\n\t\t<\/div>\n\t<\/div>\n<div class=\"ult-spacer spacer-6a9b71331dff0\" data-id=\"6a9b71331dff0\" data-height=\"10\" data-height-mobile=\"10\" data-height-tab=\"10\" data-height-tab-portrait=\"\" data-height-mobile-landscape=\"\" style=\"clear:both;display:block;\"><\/div><\/div><\/div><\/div><\/div><\/div><\/div><div class=\"vc_tta-panel\" id=\"fundamentos-filosoficos\" data-vc-content=\".vc_tta-panel-body\"><div class=\"vc_tta-panel-heading\"><h4 class=\"vc_tta-panel-title\"><a href=\"#fundamentos-filosoficos\" data-vc-accordion data-vc-container=\".vc_tta-container\"><i class=\"vc_tta-icon fas fa-paw\"><\/i><span class=\"vc_tta-title-text\">Fundamentos Filos\u00f3ficos<\/span><\/a><\/h4><\/div><div class=\"vc_tta-panel-body\"><blockquote class=\"text-big shortcode-blockquote block-style-widget\"><h3 style=\"text-align: center\"><span style=\"color: #333333\">Fundamentos Filos\u00f3ficos<\/span><\/h3>\n<\/blockquote><div class=\"vc_row wpb_row vc_inner vc_row-fluid\"><div class=\"wpb_column vc_column_container vc_col-sm-12 vc_col-xs-12\"><div class=\"vc_column-inner\"><div class=\"wpb_wrapper\">\n\t<div class=\"wpb_text_column wpb_content_element \" >\n\t\t<div class=\"wpb_wrapper\">\n\t\t\t<h4><span class=\"su-dropcap su-dropcap-style-flat blueLetter\" style=\"font-size:1.5em\">L<\/span>a facultad ser\u00e1 un ejemplo positivo para el beneficio de estudiantes, otros proveedores de salud y la comunidad.\u00a0 Debe fomentarse un intercambio de actitudes afirmativas entre los estudiantes, facultad acad\u00e9mica y cl\u00ednica, y otro personal para lograr nuestra filosof\u00eda, misi\u00f3n y metas.\u00a0 El Programa de Grado Asociado en Terapia F\u00edsica se esfuerza por ser una parte integral en la formaci\u00f3n de sus estudiantes para que puedan estar preparados para funcionar como Asistentes del Terapista F\u00edsico bajo la direcci\u00f3n y supervisi\u00f3n de un terapista f\u00edsico en Puerto Rico y en otros lugares.\u00a0 La excelencia en la educaci\u00f3n ser\u00e1 el principio esencial para lograr nuestro prop\u00f3sito, en respuesta al derecho inalienable que todo ser humano tiene para una educaci\u00f3n de calidad. La educaci\u00f3n ofrecida ser\u00e1 de naturaleza hol\u00edstica y human\u00edstica y se caracterizar\u00e1 por el deseo de servir y la comprensi\u00f3n de la naturaleza cambiante de la profesi\u00f3n y la atenci\u00f3n m\u00e9dica en general, que promover\u00e1 la sensibilidad requerida para satisfacer las necesidades de la poblaci\u00f3n.<\/h4>\n<h4><strong>\u201cDebe fomentarse un intercambio de actitudes afirmativas entre los estudiantes, profesores acad\u00e9micos y cl\u00ednicos, para lograr nuestra filosof\u00eda, misi\u00f3n y metas.\u201d<\/strong><\/h4>\n<h4>El curr\u00edculo del Grado Asociado en Terapia F\u00edsica est\u00e1 dise\u00f1ado para cumplir con las expectativas de los estudiantes.\u00a0\u00a0Nuestro curr\u00edculo incluye educaci\u00f3n general y estudios especializados que resultan en un programa acad\u00e9mico integral. Promueve un aprendizaje coordinado y secuencial a trav\u00e9s de dos componentes principales de experiencias acad\u00e9micas y cl\u00ednicas para desarrollar estudiantes que sean flexibles y comprometidos con un enfoque de cuidado centrado en el paciente. El curr\u00edculo brinda a los estudiantes la oportunidad de explorar valores, habilidades, conocimientos personales, profesionales, y aplicar e integrar estos con la b\u00fasqueda evidencia cl\u00ednica.<\/h4>\n<h4>La facultad del Grado Asociado en Terapia F\u00edsica ser\u00e1 un modelo positivo a trav\u00e9s del servicio y el liderazgo en la profesi\u00f3n de terapia f\u00edsica para beneficiar a los estudiantes, a otros proveedores de salud y a la comunidad. Tambi\u00e9n est\u00e1 comprometida con la calidad y la efectividad de la ense\u00f1anza para brindar las experiencias educativas necesarias y destrezas de nivel de entrada que sean competitivas para la profesi\u00f3n de terapia f\u00edsica y se ajusten a las demandas de un entorno de servicios de salud cambiante.<\/h4>\n\n\t\t<\/div>\n\t<\/div>\n<\/div><\/div><\/div><\/div><div class=\"ult-spacer spacer-6a9b71331e7f2\" data-id=\"6a9b71331e7f2\" data-height=\"10\" data-height-mobile=\"10\" data-height-tab=\"10\" data-height-tab-portrait=\"\" data-height-mobile-landscape=\"\" style=\"clear:both;display:block;\"><\/div><div class=\"vc_row wpb_row vc_inner vc_row-fluid\"><div class=\"wpb_column vc_column_container vc_col-sm-12 vc_col-xs-12\"><div class=\"vc_column-inner\"><div class=\"wpb_wrapper\"><div class=\"ult-spacer spacer-6a9b71331ea96\" data-id=\"6a9b71331ea96\" data-height=\"10\" data-height-mobile=\"10\" data-height-tab=\"10\" data-height-tab-portrait=\"\" data-height-mobile-landscape=\"\" style=\"clear:both;display:block;\"><\/div><div class=\"ult-spacer spacer-6a9b71331eaa5\" data-id=\"6a9b71331eaa5\" data-height=\"10\" data-height-mobile=\"10\" data-height-tab=\"10\" data-height-tab-portrait=\"\" data-height-mobile-landscape=\"\" style=\"clear:both;display:block;\"><\/div><div class=\"ult-spacer spacer-6a9b71331eaaf\" data-id=\"6a9b71331eaaf\" data-height=\"10\" data-height-mobile=\"10\" data-height-tab=\"10\" data-height-tab-portrait=\"\" data-height-mobile-landscape=\"\" style=\"clear:both;display:block;\"><\/div><\/div><\/div><\/div><\/div><\/div><\/div><div class=\"vc_tta-panel\" id=\"conceptos\" data-vc-content=\".vc_tta-panel-body\"><div class=\"vc_tta-panel-heading\"><h4 class=\"vc_tta-panel-title\"><a href=\"#conceptos\" data-vc-accordion data-vc-container=\".vc_tta-container\"><i class=\"vc_tta-icon fas fa-paw\"><\/i><span class=\"vc_tta-title-text\">Definici\u00f3n de Conceptos<\/span><\/a><\/h4><\/div><div class=\"vc_tta-panel-body\"><blockquote class=\"text-big shortcode-blockquote block-style-widget\"><h3 style=\"text-align: center\">Definici\u00f3n de Conceptos<\/h3>\n<\/blockquote><div class=\"ult-spacer spacer-6a9b71331ed11\" data-id=\"6a9b71331ed11\" data-height=\"10\" data-height-mobile=\"10\" data-height-tab=\"10\" data-height-tab-portrait=\"\" data-height-mobile-landscape=\"\" style=\"clear:both;display:block;\"><\/div><blockquote class=\"text-big shortcode-blockquote block-style-widget\"><h3 style=\"text-align: center\">\u00bfQu\u00e9 es la Terapia F\u00edsica o Fisioterapia?<\/h3>\n<\/blockquote>\n\t<div class=\"wpb_text_column wpb_content_element \" >\n\t\t<div class=\"wpb_wrapper\">\n\t\t\t<h4><span title=\"\"><span class=\"su-dropcap su-dropcap-style-flat blueLetter\" style=\"font-size:1.5em\">L<\/span>os t\u00e9rminos \u00abterapia f\u00edsica\u00bb y \u00abfisioterapia\u00bb y los t\u00e9rminos \u00abfisioterapeuta\u00bb y \u00abfisioterapeuta\u00bb son sin\u00f3nimos. Como participantes esenciales en el sistema de prestaci\u00f3n de atenci\u00f3n m\u00e9dica, los fisioterapeutas asumen roles de liderazgo en la rehabilitaci\u00f3n; en prevenci\u00f3n, mantenimiento de la salud y programas que promueven la salud, el bienestar y la forma f\u00edsica en organizaciones profesionales y comunitarias. Los fisioterapeutas tambi\u00e9n desempe\u00f1an funciones importantes tanto en el desarrollo de est\u00e1ndares para la pr\u00e1ctica del fisioterapeuta como en el desarrollo de pol\u00edticas de atenci\u00f3n m\u00e9dica para garantizar la disponibilidad, accesibilidad y la prestaci\u00f3n \u00f3ptima de servicios de atenci\u00f3n m\u00e9dica. La terapia f\u00edsica est\u00e1 cubierta por planes de seguro federales, estatales y privados. Los servicios de fisioterapeutas tienen un impacto positivo en la calidad de vida relacionada con la salud. Como cl\u00ednicos, los fisioterapeutas se involucran en un proceso de examen que incluye: tomar el historial del paciente \/ cliente, realizar una revisi\u00f3n de sistemas y realizar pruebas y medidas para identificar problemas potenciales y existentes.<\/span><\/h4>\n\n\t\t<\/div>\n\t<\/div>\n<div class=\"ult-spacer spacer-6a9b71331ef02\" data-id=\"6a9b71331ef02\" data-height=\"\" data-height-mobile=\"\" data-height-tab=\"\" data-height-tab-portrait=\"\" data-height-mobile-landscape=\"\" style=\"clear:both;display:block;\"><\/div><blockquote class=\"text-big shortcode-blockquote block-style-widget\"><h3 style=\"text-align: center\">\u00bfQui\u00e9n es el Terapista F\u00edsico o el Fisioterapista?<\/h3>\n<\/blockquote>\n\t<div class=\"wpb_text_column wpb_content_element \" >\n\t\t<div class=\"wpb_wrapper\">\n\t\t\t<h4><span class=\"su-dropcap su-dropcap-style-flat blueLetter\" style=\"font-size:1.5em\">E<\/span>l Fisioterapeuta es la profesi\u00f3n de salud que diagnostica y trata a personas de todas las edades, desde reci\u00e9n nacidos a los muy mayores, que tienen problemas m\u00e9dicos u otras condiciones relacionadas con la salud que limitan su capacidad para moverse y realizar funciones actividades en su vida diaria.\u00a0 Los Fisioterapeutas examinan a cada persona y desarrollan un plan de t\u00e9cnicas de tratamiento para promover la capacidad de mover, reducir el dolor, restaurar la funci\u00f3n y prevenir la discapacidad.\u00a0 Adem\u00e1s, trabajan con los individuos para evitar la p\u00e9rdida de la movilidad antes de que ocurra mediante el desarrollo de fitness y wellness orientadas a programas para estilos de vida m\u00e1s saludables y m\u00e1s activas.\u00a0 Los terapistas f\u00edsicos atienden en una variedad de escenarios, incluyendo hospitales, consultorios privados, consultorios, agencias de salud en el hogar, escuelas, deportes y gimnasio, de trabajo y hogares de ancianos. Licencia del estado es necesaria en cada estado en el que las pr\u00e1cticas de un fisioterapeuta.<\/h4>\n\n\t\t<\/div>\n\t<\/div>\n<div class=\"ult-spacer spacer-6a9b71331f0e3\" data-id=\"6a9b71331f0e3\" data-height=\"10\" data-height-mobile=\"10\" data-height-tab=\"10\" data-height-tab-portrait=\"\" data-height-mobile-landscape=\"\" style=\"clear:both;display:block;\"><\/div><blockquote class=\"text-big shortcode-blockquote block-style-widget\"><h3 style=\"text-align: center\">\u00bfQui\u00e9n es el Asistente del Terapista F\u00edsico?<\/h3>\n<\/blockquote>\n\t<div class=\"wpb_text_column wpb_content_element \" >\n\t\t<div class=\"wpb_wrapper\">\n\t\t\t<h4><span class=\"su-dropcap su-dropcap-style-flat blueLetter\" style=\"font-size:1.5em\">E<\/span>l Asistente de Terapista F\u00edsico (ATF) funciona como parte de un equipo para proporcionar servicios de terapia f\u00edsica bajo la direcci\u00f3n y supervisi\u00f3n del fisioterapeuta.\u00a0 El Asistente del Terapista F\u00edsico ejecuta las intervenciones del paciente\/cliente (tratamientos), obtener datos relacionados con las intervenciones que se proporcionan y hacer modificaciones en las intervenciones, ya sea para el paciente\/cliente como lo indique el fisioterapeuta o para el paciente\/cliente seguridad y comodidad. El Asistente del Terapista F\u00edsico (PTA) ayuda al Terapista F\u00edsico en el tratamiento de individuos de todas las edades, desde reci\u00e9n nacidos a los muy mayores, que tienen problemas m\u00e9dicos o de otras condiciones relacionadas con la salud que limitan su capacidad para moverse y realizar actividades funcionales en su vida diaria.<\/h4>\n\n\t\t<\/div>\n\t<\/div>\n<div class=\"ult-spacer spacer-6a9b71331f2b3\" data-id=\"6a9b71331f2b3\" data-height=\"10\" data-height-mobile=\"10\" data-height-tab=\"10\" data-height-tab-portrait=\"\" data-height-mobile-landscape=\"\" style=\"clear:both;display:block;\"><\/div><blockquote class=\"text-big shortcode-blockquote block-style-widget\"><h3 style=\"text-align: center\">Funciones generales del Asistente del Terapista F\u00edsico<\/h3>\n<\/blockquote>\n\t<div class=\"wpb_text_column wpb_content_element \" >\n\t\t<div class=\"wpb_wrapper\">\n\t\t\t<h4><span class=\"su-dropcap su-dropcap-style-flat blueLetter\" style=\"font-size:1.5em\">E<\/span>s el profesional que ayuda al fisioterapeuta en la implementaci\u00f3n del programa de tratamiento seg\u00fan el plan de atenci\u00f3n.\u00a0 Junto con el fisioterapeuta, es responsable del cuidado del paciente \/ cliente y el medio ambiente en el cual \u00e9l \/ ella es durante el curso del tratamiento, sigue los procedimientos establecidos y observa las precauciones de seguridad en la aplicaci\u00f3n de modalidades terap\u00e9uticas.\u00a0 Realiza ejercicios terap\u00e9uticos, masajes, entrenamiento en actividades de ambulaci\u00f3n y diariamente la vida. Cuidar de las abrazaderas, pr\u00f3tesis y cualquier otro equipo utilizado por el paciente \/ cliente. Registrar e informar a la Supervisora de las condiciones del paciente, reacciones y respuestas. Es responsable del mantenimiento de equipos y materiales. Atender otras responsabilidades delegadas.<\/h4>\n\n\t\t<\/div>\n\t<\/div>\n\n\t<div class=\"wpb_text_column wpb_content_element  wpb_animate_when_almost_visible wpb_fadeInRightBig fadeInRightBig\" >\n\t\t<div class=\"wpb_wrapper\">\n\t\t\t<h3><\/h3>\n\n\t\t<\/div>\n\t<\/div>\n<\/div><\/div><div class=\"vc_tta-panel\" id=\"funciones-esenciales\" data-vc-content=\".vc_tta-panel-body\"><div class=\"vc_tta-panel-heading\"><h4 class=\"vc_tta-panel-title\"><a href=\"#funciones-esenciales\" data-vc-accordion data-vc-container=\".vc_tta-container\"><i class=\"vc_tta-icon fas fa-paw\"><\/i><span class=\"vc_tta-title-text\">Funciones Esenciales<\/span><\/a><\/h4><\/div><div class=\"vc_tta-panel-body\"><blockquote class=\"text-big shortcode-blockquote block-style-widget\"><h3 style=\"text-align: center\">Funciones Esenciales<\/h3>\n<\/blockquote><div class=\"ult-spacer spacer-6a9b71331f87c\" data-id=\"6a9b71331f87c\" data-height=\"10\" data-height-mobile=\"10\" data-height-tab=\"10\" data-height-tab-portrait=\"\" data-height-mobile-landscape=\"\" style=\"clear:both;display:block;\"><\/div>\n\t<div class=\"wpb_text_column wpb_content_element \" >\n\t\t<div class=\"wpb_wrapper\">\n\t\t\t<h4><span class=\"su-dropcap su-dropcap-style-flat blueLetter\" style=\"font-size:1.5em\">E<\/span>l Programa del Asistente del Terapista F\u00edsico en la Universidad de Puerto Rico en Ponce ha sido dise\u00f1ado con el prop\u00f3sito de preparar estudiantes para ingresar a la profesi\u00f3n del Asistente del Terapista F\u00edsico con el conocimiento y las destrezas y competencias necesarias para ejecutar exitosamente.\u00a0 Para cumplir con nuestra responsabilidad se requiere que el estudiante cumpla tanto con los est\u00e1ndares acad\u00e9micos como con las funciones esenciales del programa.<\/h4>\n<h4>Funciones esenciales se refieren a la demostraci\u00f3n aceptable de dominio y\/o competencia en las destrezas que se ense\u00f1an a lo largo de del programa. Los niveles aceptables de dominio y competencia son evaluados por los miembros de la facultad, utilizando diferentes medios incluyendo ex\u00e1menes te\u00f3ricos y de ejecuci\u00f3n en los diferentes cursos a trav\u00e9s del programa. Las funciones esenciales conllevan las caracter\u00edsticas y destrezas f\u00edsicas, mentales, psicosociales y de comunicaci\u00f3n que son necesarias para cumplir con las demandas del proceso educativo y el cuidado terap\u00e9utico seguro a los pacientes, as\u00ed como, con todas las tareas asociadas que lleva a cabo un ATF<\/h4>\n<h4>Los solicitantes necesitan familiarizarse con las funciones esenciales para que comprendan las demandas de la profesi\u00f3n. Todos los estudiantes aceptados en el programa deben cumplir con las funciones esenciales, las destrezas y habilidades requeridas para proveer al paciente una pr\u00e1ctica segura con o sin acomodo razonable.\u00a0 Adoptando estas funciones esenciales, el Programa del Asistente de Terapia F\u00edsica asegura que se cumplan los derechos de los pacientes y que estos reciban un tratamiento seguro y de calidad por un Asistente del Terapista F\u00edsico competente.<\/h4>\n<h4><strong>\u00a0<\/strong>Las funciones esenciales de nuestro programa son las siguientes:<\/h4>\n\n\t\t<\/div>\n\t<\/div>\n<blockquote class=\"text-big shortcode-blockquote block-style-widget\"><h3 style=\"text-align: center\">Destrezas Cognitivas<\/h3>\n<\/blockquote>\n\t<div class=\"wpb_text_column wpb_content_element \" >\n\t\t<div class=\"wpb_wrapper\">\n\t\t\t<h4>Habilidad de recopilar, interpretar e integrar informaci\u00f3n para tomar decisiones l\u00f3gicas y evaluar resultados<\/h4>\n<ol>\n<li>\n<h4>Cumplir con los est\u00e1ndares para completar los cursos exitosamente incluyendo mantener al menos una calificaci\u00f3n de \u00abC\u00bb en todos los cursos de concentraci\u00f3n requeridos para el Grado Asociado de Asistente de Terapia F\u00edsica.<\/h4>\n<\/li>\n<li>\n<h4>Priorizar m\u00faltiples tareas y llevar a cabo secuencias complejas de instrucciones.<\/h4>\n<\/li>\n<li>\n<h4>Leer, medir, calcular, razonar y analizar informaci\u00f3n.<\/h4>\n<\/li>\n<li>\n<h4>Utilizar destrezas de soluci\u00f3n de problemas para promover la seguridad y transferir el conocimiento aprendido de una situaci\u00f3n a otra y tomar las decisiones apropiadas en un tiempo razonable.<\/h4>\n<\/li>\n<li>\n<h4>Aplicar destrezas de pensamiento cr\u00edtico a una variedad de temas.<\/h4>\n<\/li>\n<li>\n<h4>Interactuar eficaz y apropiadamente con pacientes de diferentes edades, comportamientos, habilidades cognitivas, culturas y or\u00edgenes \u00e9tnicos.<\/h4>\n<\/li>\n<li>\n<h4>Leer, comprender, analizar y aplicar la informaci\u00f3n pertinente de una variedad de fuentes (libros de texto, computadoras, registros m\u00e9dicos y literatura profesional) de manera precisa, completa y r\u00e1pida.<\/h4>\n<\/li>\n<li>\n<h4>Saber cu\u00e1ndo y c\u00f3mo es necesario aplicar las precauciones universales (mascarilla, bata, gafas, guantes).<\/h4>\n<\/li>\n<li>\n<h4>Evaluar y monitorear los problemas del paciente y adaptar adecuadamente las intervenciones seg\u00fan lo indicado.<\/h4>\n<\/li>\n<li>\n<h4>Responder calmadamente y eficazmente a emergencias.<\/h4>\n<\/li>\n<\/ol>\n\n\t\t<\/div>\n\t<\/div>\n<div class=\"ult-spacer spacer-6a9b71331fcad\" data-id=\"6a9b71331fcad\" data-height=\"10\" data-height-mobile=\"10\" data-height-tab=\"10\" data-height-tab-portrait=\"\" data-height-mobile-landscape=\"\" style=\"clear:both;display:block;\"><\/div><blockquote class=\"text-big shortcode-blockquote block-style-widget\"><h3 style=\"text-align: center\">Habilidades afectivas de Comportamiento<\/h3>\n<\/blockquote>\n\t<div class=\"wpb_text_column wpb_content_element  wpb_animate_when_almost_visible wpb_fadeInRightBig fadeInRightBig\" >\n\t\t<div class=\"wpb_wrapper\">\n\t\t\t<h4>Capacidad para responder adecuadamente a ambientes estresantes o situaciones imprevistas.<\/h4>\n<ol>\n<li>\n<h4>Responder apropiadamente al estr\u00e9s de cargas de trabajo (fechas l\u00edmites, pacientes exigentes y situaciones cl\u00ednicas que amenazan la vida).<\/h4>\n<\/li>\n<li>\n<h4>Mostrar la madurez, la sensibilidad, el buen juicio y la estabilidad emocional en el sal\u00f3n de clases, en los laboratorios y en la experiencia cl\u00ednica.<\/h4>\n<\/li>\n<li>\n<h4>Demostrar un esp\u00edritu de cooperaci\u00f3n, empleando las habilidades b\u00e1sicas de manejo de conflictos seg\u00fan las situaciones lo requieran.<\/h4>\n<\/li>\n<li>\n<h4>Establecer una relaci\u00f3n positiva y de apoyo con los pacientes y colegas.<\/h4>\n<\/li>\n<li>\n<h4>Participar en todos los ejercicios\/escenarios de laboratorio para adquirir experiencia cl\u00ednica y desarrollar destrezas de empat\u00eda con el paciente.<\/h4>\n<\/li>\n<li>\n<h4>Establecer relaciones positivas, de apoyo, eficaces y armoniosas en diversos escenarios acad\u00e9micos y profesionales.<\/h4>\n<\/li>\n<li>\n<h4>Manejar efectivamente un horario acad\u00e9mico cargado y retante.<\/h4>\n<\/li>\n<li>\n<h4>Concentrarse en tareas profesionales sin distracci\u00f3n en los distintos ambientes\/escenarios requeridos por la profesi\u00f3n.<\/h4>\n<\/li>\n<li>\n<h4>Establecer prioridades y llevar a cabo todos los servicios de terapia en situaciones acad\u00e9micas y cl\u00ednicas en el tiempo adecuado.<\/h4>\n<\/li>\n<li>\n<h4>Enfrentar eficazmente los problemas psicosociales que involucran enfermedad, discapacidad y muerte sin obstaculizar el desempe\u00f1o efectivo de sus deberes.<\/h4>\n<\/li>\n<li>\n<h4>Reconocer y responder adecuadamente a los impactos psicosociales y culturales de la disfunci\u00f3n \/ discapacidad.<\/h4>\n<\/li>\n<li>\n<h4>Reconocer y responder adecuadamente a individuos de todas las edades, g\u00e9neros, razas, religiones, culturas y niveles socioecon\u00f3micos.<\/h4>\n<\/li>\n<\/ol>\n\n\t\t<\/div>\n\t<\/div>\n<div class=\"ult-spacer spacer-6a9b71331ff0b\" data-id=\"6a9b71331ff0b\" data-height=\"10\" data-height-mobile=\"10\" data-height-tab=\"10\" data-height-tab-portrait=\"\" data-height-mobile-landscape=\"\" style=\"clear:both;display:block;\"><\/div><blockquote class=\"text-big shortcode-blockquote block-style-widget\"><h3 style=\"text-align: center\">Destrezas de Comunicaci\u00f3n<\/h3>\n<\/blockquote>\n\t<div class=\"wpb_text_column wpb_content_element \" >\n\t\t<div class=\"wpb_wrapper\">\n\t\t\t<h4>Capacidad para comunicarse en espa\u00f1ol e ingl\u00e9s utilizando formatos verbales (orales) y escritos<\/h4>\n<ol>\n<li>\n<h4>Comunicarse eficazmente en espa\u00f1ol o ingl\u00e9s con profesores, otros estudiantes, pacientes, familias y profesionales de la salud.<\/h4>\n<\/li>\n<li>\n<h4>Describir, demostrar y ense\u00f1ar procedimientos de Terapia F\u00edsica tanto en formatos orales como escritos.<\/h4>\n<\/li>\n<li>\n<h4>Uso adecuado de la terminolog\u00eda m\u00e9dica, gram\u00e1tica, ortograf\u00eda y puntuaci\u00f3n en el sal\u00f3n de clases, laboratorios y escenarios cl\u00ednicos y la capacidad de documentar la informaci\u00f3n en forma oportuna.<\/h4>\n<\/li>\n<li>\n<h4>Mostrar habilidades de escucha activa.<\/h4>\n<\/li>\n<li>\n<h4>Reconocer, interpretar y responder al comportamiento no verbal de s\u00ed mismo y de los dem\u00e1s.<\/h4>\n<\/li>\n<li>\n<h4>Documentar los pensamientos de manera legible y clara para las tareas escritas.<\/h4>\n<\/li>\n<\/ol>\n\n\t\t<\/div>\n\t<\/div>\n<div class=\"ult-spacer spacer-6a9b7133200ff\" data-id=\"6a9b7133200ff\" data-height=\"10\" data-height-mobile=\"10\" data-height-tab=\"10\" data-height-tab-portrait=\"\" data-height-mobile-landscape=\"\" style=\"clear:both;display:block;\"><\/div><blockquote class=\"text-big shortcode-blockquote block-style-widget\"><h3 style=\"text-align: center\">Habilidades Sensoriales<\/h3>\n<\/blockquote>\n\t<div class=\"wpb_text_column wpb_content_element \" >\n\t\t<div class=\"wpb_wrapper\">\n\t\t\t<h4>Capacidad auditiva, visual y t\u00e1ctil suficiente para monitorear y evaluar las necesidades de salud.<\/h4>\n<ol>\n<li>\n<h4>Usar los sentidos visuales, auditivos y t\u00e1ctiles para observar a los pacientes y recopilar e interpretar datos.<\/h4>\n<\/li>\n<li>\n<h4>Demostrar una agudeza visual efectiva para poder observar y evaluar a un paciente a 10 pies de distancia.<\/h4>\n<\/li>\n<li>\n<h4>Demostrar una agudeza visual efectiva para poder establecer y leer los valores a utilizarse en la aplicaci\u00f3n de agentes f\u00edsicos y agentes mec\u00e1nicos para aplicar terapias de compresi\u00f3n, crioterapia, agentes electro-terap\u00e9uticos, hidroterapia, agentes t\u00e9rmicos superficiales y profundos y tracci\u00f3n.<\/h4>\n<\/li>\n<li>\n<h4>Demostrar agudeza auditiva para poder responder r\u00e1pidamente a un temporizador auditivo.<\/h4>\n<\/li>\n<li>\n<h4>Realizar palpaci\u00f3n y evaluaci\u00f3n f\u00edsica incluyendo palpaci\u00f3n del pulso, detecci\u00f3n de cambios en la textura de la piel \/ temperatura \/ contorno y tono muscular. Proporcionar una resistencia manual apropiada durante el ejercicio.<\/h4>\n<\/li>\n<li>\n<h4>Demostrar suficiente audici\u00f3n para comunicarse con los pacientes y otros miembros del equipo de atenci\u00f3n m\u00e9dica, monitorear a los pacientes mediante se\u00f1ales de los aud\u00edfonos y alarmas.<\/h4>\n<\/li>\n<li>\n<h4>Demostrar el olfato suficiente para evaluar el estado del paciente y mantener un ambiente de pr\u00e1ctica seguro.<\/h4>\n<\/li>\n<\/ol>\n\n\t\t<\/div>\n\t<\/div>\n<div class=\"ult-spacer spacer-6a9b7133202f4\" data-id=\"6a9b7133202f4\" data-height=\"10\" data-height-mobile=\"10\" data-height-tab=\"10\" data-height-tab-portrait=\"\" data-height-mobile-landscape=\"\" style=\"clear:both;display:block;\"><\/div><blockquote class=\"text-big shortcode-blockquote block-style-widget\"><h3 style=\"text-align: center\">Habilidades Psicomotoras<\/h3>\n<\/blockquote>\n\t<div class=\"wpb_text_column wpb_content_element \" >\n\t\t<div class=\"wpb_wrapper\">\n\t\t\t<h4>Capacidades motrices gruesas y finas suficientes para proporcionar intervenciones de Terapia F\u00edsica seguras y eficaces.<\/h4>\n<ol>\n<li>\n<h4>Manipular con seguridad objetos peque\u00f1os y ser capaz de asignar valores en los distintos aparatos electr\u00f3nicos a utilizarse como parte de la terapia.<\/h4>\n<\/li>\n<li>\n<h4>Sentarse, pararse y caminar hasta 2 horas sin descanso.<\/h4>\n<\/li>\n<li>\n<h4>Capacidad de levantar, llevar, halar, empujar, alcanzar, gatear, arrodillarse, trepar y caminar usando la mec\u00e1nica adecuada del cuerpo.<\/h4>\n<\/li>\n<li>\n<h4>Mover y acomodar equipos y o pacientes en distintas posiciones que impliquen doblarse, inclinarse hacia el piso, levantar por encima de la cabeza, levantar, tirar o empujar hasta 250 libras.<\/h4>\n<\/li>\n<li>\n<h4>Realizar CPR y atenci\u00f3n de emergencia.<\/h4>\n<\/li>\n<li>\n<h4>Utilizar equipos que emitan energ\u00eda el\u00e9ctrica, ultras\u00f3nica y\/o t\u00e9rmica.<\/h4>\n<\/li>\n<li>\n<h4>Realizar movimientos especializados requeridos para un tratamiento de Terapia F\u00edsica seguro y efectivo.<\/h4>\n<\/li>\n<li>\n<h4>Demostrar velocidad, agilidad, coordinaci\u00f3n y equilibrio adecuados para entrenar y ayudar a los pacientes a caminar en terrenos irregulares, escaleras, bordes, rampas, c\u00e9sped, gravilla.<\/h4>\n<\/li>\n<li>\n<h4>Palpar las estructuras anat\u00f3micas y manejar las partes del cuerpo lesionadas sin causar lesiones al paciente.<\/h4>\n<\/li>\n<li>\n<h4>Demostrar y llevar a cabo programas de ejercicios e intervenciones requeridas en el cuidado del paciente sin lesionarse a s\u00ed mismo ni a los pacientes.<\/h4>\n<\/li>\n<li>\n<h4>Demostrar destreza suficiente en ambas manos para manipular el equipo utilizado en la terapia, como ajustar los aparatos requeridos en la terapia con una mano mientras se mueve un dispositivo t\u00e9rmico con la otra.<\/h4>\n<\/li>\n<\/ol>\n\n\t\t<\/div>\n\t<\/div>\n<div class=\"ult-spacer spacer-6a9b713320542\" data-id=\"6a9b713320542\" data-height=\"10\" data-height-mobile=\"10\" data-height-tab=\"10\" data-height-tab-portrait=\"\" data-height-mobile-landscape=\"\" style=\"clear:both;display:block;\"><\/div>\n\t<div class=\"wpb_text_column wpb_content_element \" >\n\t\t<div class=\"wpb_wrapper\">\n\t\t\t<h4>Referencias:<\/h4>\n<h4>Habilidades m\u00ednimas requeridas de los Asistentes de Terapistas f\u00edsicos, APTA 2009.<\/h4>\n\n\t\t<\/div>\n\t<\/div>\n\n\t<div class=\"wpb_text_column wpb_content_element \" >\n\t\t<div class=\"wpb_wrapper\">\n\t\t\t<h4>La Universidad de Puerto Rico en Ponce les da la bienvenida a los estudiantes a los programas educativos de la Instituci\u00f3n. Es por esto que si el estudiante reconoce o identifica alguna raz\u00f3n por la cual no puede cumplir con todas las funciones esenciales indicadas previamente, este es responsable de informar al Coordinador del Programa y al Decanato de Asuntos Estudiantiles para que as\u00ed pueda ser orientado acerca de los acomodos razonables.\u00a0 La Universidad de Puerto Rico en Ponce hace los acomodos razonables a aquellos estudiantes que as\u00ed lo ameriten y lo soliciten. Es importante se\u00f1alar que los acomodos razonables son los cambios o ajustes que se hacen en el \u00e1mbito acad\u00e9mico para que un estudiante cualificado con impedimento complete las tareas y deberes de su programa de estudios.\u00a0Es una adaptaci\u00f3n que le ofrece la Universidad de Puerto Rico en Ponce a todos sus estudiantes con necesidades especiales para que puedan realizar sus actividades de manera efectiva.<\/h4>\n<h4>Los acomodos razonables son acuerdos formales entre el profesor o la Instituci\u00f3n con el estudiante.\u00a0 Todas las partes involucradas deben cumplir con su responsabilidad.\u00a0 Un acomodo no significa que el profesor o la Instituci\u00f3n est\u00e1 bajando sus est\u00e1ndares acad\u00e9micos.\u00a0 Solo conlleva unas modificaciones para facilitar la inclusi\u00f3n del estudiante en la comunidad universitaria, sin embargo, no pretende garantizar que los estudiantes cumplan con los requisitos de cualquier curso o educaci\u00f3n cl\u00ednica.<\/h4>\n\n\t\t<\/div>\n\t<\/div>\n<\/div><\/div><div class=\"vc_tta-panel\" id=\"perfil-egresado\" data-vc-content=\".vc_tta-panel-body\"><div class=\"vc_tta-panel-heading\"><h4 class=\"vc_tta-panel-title\"><a href=\"#perfil-egresado\" data-vc-accordion data-vc-container=\".vc_tta-container\"><i class=\"vc_tta-icon fas fa-paw\"><\/i><span class=\"vc_tta-title-text\">Perfil del Egresado<\/span><\/a><\/h4><\/div><div class=\"vc_tta-panel-body\"><blockquote class=\"text-big shortcode-blockquote\"><h3 style=\"text-align: center\">Perfil del Egresado<\/h3>\n<\/blockquote><div class=\"ult-spacer spacer-6a9b713320aa6\" data-id=\"6a9b713320aa6\" data-height=\"10\" data-height-mobile=\"10\" data-height-tab=\"10\" data-height-tab-portrait=\"\" data-height-mobile-landscape=\"\" style=\"clear:both;display:block;\"><\/div>\n\t<div class=\"wpb_text_column wpb_content_element \" >\n\t\t<div class=\"wpb_wrapper\">\n\t\t\t<h4><span class=\"su-dropcap su-dropcap-style-flat blueLetter\" style=\"font-size:1.5em\">E<\/span>l perfil del egresado del Programa establece que el egresado est\u00e1 capacitado para:<\/h4>\n<ol>\n<li>\n<h4>Demostrar conocimientos y destrezas en el proceso de recolecci\u00f3n de datos, implementaci\u00f3n del plan de tratamiento integral incluyendo modificaciones apropiadas de acuerdo a la respuesta del paciente, participaci\u00f3n en la planificaci\u00f3n de alta delegado y bajo la direcci\u00f3n y supervisi\u00f3n apropiadas de un Terapista F\u00edsico.<\/h4>\n<\/li>\n<li>\n<h4>Demostrar una comunicaci\u00f3n escrita, verbal y no verbal efectiva y apropiada con la facultad acad\u00e9mica y cl\u00ednica, los compa\u00f1eros de clase, los pacientes y otros profesionales de la salud.<\/h4>\n<\/li>\n<li>\n<h4>Demostrar sensibilidad a las diferencias individuales, psico-sociales, econ\u00f3micas, de g\u00e9nero, de raza, creencias y culturales en todos los aspectos de los servicios de la Terapia F\u00edsica.<\/h4>\n<\/li>\n<li>\n<h4>Demostrar comportamientos profesionales para asegurar una conducta \u00e9tica, segura y adecuada en todas las interacciones dentro de la profesi\u00f3n.<\/h4>\n<\/li>\n<li>\n<h4>Demostrar destrezas de soluci\u00f3n de problemas, pensamiento y juicio cr\u00edtico para ofrecer intervenciones de Terapia F\u00edsica seguras, eficientes y efectivas en diferentes escenarios y a poblaciones variadas, bajo la direcci\u00f3n y supervisi\u00f3n de un Terapista F\u00edsico.<\/h4>\n<\/li>\n<li>\n<h4>Proporcionar una educaci\u00f3n efectiva con respecto a los servicios de terapia f\u00edsica a pacientes, familiares y otros profesionales de la salud.<\/h4>\n<\/li>\n<li>\n<h4>Demostrar habilidades de documentaci\u00f3n precisas, l\u00f3gicas, concisas, a tiempo y legibles que siguen las gu\u00edas y los formatos de documentaci\u00f3n espec\u00edficos requeridos por las regulaciones de pr\u00e1ctica estatales, los escenarios de practica y otras agencias reguladoras.<\/h4>\n<\/li>\n<li>\n<h4>Demostrar responsabilidad social, destrezas de trabajo en equipo y liderazgo, incluyendo la participaci\u00f3n en servicios comunitarios, organizaciones y actividades.<\/h4>\n<\/li>\n<li>\n<h4>Demostrar un compromiso consistente con la profesi\u00f3n a trav\u00e9s de la participaci\u00f3n regular en oportunidades de aprendizaje para la educaci\u00f3n continua, incluyendo actividades de estudios independiente.<\/h4>\n<\/li>\n<li>\n<h4>Demostrar la capacidad de localizar informaci\u00f3n relevante de Terapia F\u00edsica utilizando la tecnolog\u00eda y evidenciar la capacidad de leer y aplicar la literatura relacionada al \u00e1rea de la salud para promover una pr\u00e1ctica basada en evidencia.<\/h4>\n<\/li>\n<\/ol>\n\n\t\t<\/div>\n\t<\/div>\n<\/div><\/div><div class=\"vc_tta-panel\" id=\"requisitos-admision\" data-vc-content=\".vc_tta-panel-body\"><div class=\"vc_tta-panel-heading\"><h4 class=\"vc_tta-panel-title\"><a href=\"#requisitos-admision\" data-vc-accordion data-vc-container=\".vc_tta-container\"><i class=\"vc_tta-icon fas fa-paw\"><\/i><span class=\"vc_tta-title-text\">Requisitos de Admisi\u00f3n<\/span><\/a><\/h4><\/div><div class=\"vc_tta-panel-body\"><blockquote class=\"text-big shortcode-blockquote block-style-widget\"><h3 style=\"text-align: center\">Requisitos de Admisi\u00f3n<\/h3>\n<\/blockquote><div class=\"ult-spacer spacer-6a9b713320f44\" data-id=\"6a9b713320f44\" data-height=\"10\" data-height-mobile=\"10\" data-height-tab=\"10\" data-height-tab-portrait=\"\" data-height-mobile-landscape=\"\" style=\"clear:both;display:block;\"><\/div><blockquote class=\"text-big shortcode-blockquote block-style-widget\"><h3 style=\"text-align: center\">Nuevo Ingreso<\/h3>\n<\/blockquote><div class=\"ult-spacer spacer-6a9b713320f8a\" data-id=\"6a9b713320f8a\" data-height=\"10\" data-height-mobile=\"10\" data-height-tab=\"10\" data-height-tab-portrait=\"\" data-height-mobile-landscape=\"\" style=\"clear:both;display:block;\"><\/div>\n\t<div class=\"wpb_text_column wpb_content_element \" >\n\t\t<div class=\"wpb_wrapper\">\n\t\t\t<h4>Los estudiantes de <em>nuevo ingreso<\/em> deber\u00e1n cumplir con todos los requisitos establecidos por la Universidad de Puerto Rico y tener un IGS de 285 o m\u00e1s.<\/h4>\n\n\t\t<\/div>\n\t<\/div>\n<blockquote class=\"text-big shortcode-blockquote block-style-widget\"><h3 style=\"text-align: center\">Reclasificaci\u00f3n, Readmisi\u00f3n, Traslados y Transferencias<\/h3>\n<\/blockquote><div class=\"ult-spacer spacer-6a9b713321132\" data-id=\"6a9b713321132\" data-height=\"10\" data-height-mobile=\"10\" data-height-tab=\"10\" data-height-tab-portrait=\"\" data-height-mobile-landscape=\"\" style=\"clear:both;display:block;\"><\/div>\n\t<div class=\"wpb_text_column wpb_content_element \" >\n\t\t<div class=\"wpb_wrapper\">\n\t\t\t<h4>Los estudiantes de <em>reclasificaci\u00f3n, traslado, transferencias y readmisi\u00f3n<\/em> deber\u00e1n tener un promedio general m\u00ednimo 2.50 o m\u00e1s y 24 cr\u00e9ditos aprobados al momento de radicar la solicitud.<\/h4>\n\n\t\t<\/div>\n\t<\/div>\n<div class=\"ult-spacer spacer-6a9b71332127c\" data-id=\"6a9b71332127c\" data-height=\"10\" data-height-mobile=\"10\" data-height-tab=\"10\" data-height-tab-portrait=\"\" data-height-mobile-landscape=\"\" style=\"clear:both;display:block;\"><\/div><blockquote class=\"text-big shortcode-blockquote block-style-widget\"><h3 style=\"text-align: center\">Definici\u00f3n de Conceptos:<\/h3>\n<\/blockquote>\n\t<div class=\"wpb_text_column wpb_content_element \" >\n\t\t<div class=\"wpb_wrapper\">\n\t\t\t<h4><em>Estudiantes de Nuevo Ingreso<\/em><\/h4>\n<ul>\n<li style=\"text-align: left\"><span style=\"color: #333333\">Estudiantes provenientes de Escuela Superior<\/span><\/li>\n<\/ul>\n<h4><em><strong>Estudiantes de Reclasificaci\u00f3n<\/strong><\/em><\/h4>\n<ul>\n<li><span style=\"color: #333333\">Estudiantes clasificados en un programa acad\u00e9mico en la Instituci\u00f3n y que desean continuar estudios en otro programa<\/span><\/li>\n<\/ul>\n<h4><em><strong>Estudiantes de Traslado<\/strong><\/em><\/h4>\n<ul>\n<li><span style=\"color: #333333\">Estudiantes provenientes de otras unidades del Sistema UPR<\/span><\/li>\n<\/ul>\n<h4><em><strong>Estudiantes de Transferencia<\/strong><\/em><\/h4>\n<ul>\n<li><span style=\"color: #333333\">Estudiantes provenientes de universidades privadas<\/span><\/li>\n<\/ul>\n\n\t\t<\/div>\n\t<\/div>\n<div class=\"ult-content-box-container \" >\t\t<div class=\"ult-content-box\" style=\"box-shadow: px px px px none;-webkit-transition: all 700ms ease;-moz-transition: all 700ms ease;-ms-transition: all 700ms ease;-o-transition: all 700ms ease;transition: all 700ms ease;\"  data-hover_box_shadow=\"none\"    >\t\t<\/div><\/div><\/div><\/div><div class=\"vc_tta-panel\" id=\"programa-curriculo\" data-vc-content=\".vc_tta-panel-body\"><div class=\"vc_tta-panel-heading\"><h4 class=\"vc_tta-panel-title\"><a href=\"#programa-curriculo\" data-vc-accordion data-vc-container=\".vc_tta-container\"><i class=\"vc_tta-icon fas fa-paw\"><\/i><span class=\"vc_tta-title-text\">Curr\u00edculo<\/span><\/a><\/h4><\/div><div class=\"vc_tta-panel-body\"><div class=\"vc_row wpb_row vc_inner vc_row-fluid\"><div class=\"wpb_column vc_column_container vc_col-sm-12 vc_col-xs-12\"><div class=\"vc_column-inner\"><div class=\"wpb_wrapper\"><q class=\"h4-size fadeInRightBig animate-element shortcode-pullquote wf-cell align-left wf-1\"><h3 style=\"text-align: center\"><span style=\"color: #333333\">Curr\u00edculo<\/span><\/h3>\n<\/q><\/div><\/div><\/div><\/div><div class=\"ult-spacer spacer-6a9b713321b1d\" data-id=\"6a9b713321b1d\" data-height=\"10\" data-height-mobile=\"10\" data-height-tab=\"10\" data-height-tab-portrait=\"\" data-height-mobile-landscape=\"\" style=\"clear:both;display:block;\"><\/div><div class=\"vc_row wpb_row vc_inner vc_row-fluid\"><div class=\"wpb_column vc_column_container vc_col-sm-12 vc_col-lg-2 vc_col-md-2 vc_col-xs-12\"><div class=\"vc_column-inner\"><div class=\"wpb_wrapper\"><\/div><\/div><\/div><div class=\"wpb_column vc_column_container vc_col-sm-12 vc_col-lg-8 vc_col-md-8 vc_col-xs-12\"><div class=\"vc_column-inner\"><div class=\"wpb_wrapper\">\n\t<div class=\"wpb_text_column wpb_content_element  wpb_animate_when_almost_visible wpb_fadeInRightBig fadeInRightBig\" >\n\t\t<div class=\"wpb_wrapper\">\n\t\t\t<h3 style=\"text-align: center;padding-left: 40px\"><span style=\"color: #000000\">Grado Asociado en Terapia F\u00edsica<\/span><\/h3>\n<table style=\"margin-left: 40px\">\n<tbody style=\"padding-left: 40px\">\n<tr style=\"padding-left: 40px\">\n<td style=\"padding-left: 40px\" colspan=\"4\"><span style=\"color: #000000\">Primer A\u00f1o<\/span><\/td>\n<\/tr>\n<tr style=\"padding-left: 40px\">\n<td style=\"padding-left: 40px\" colspan=\"3\"><span style=\"color: #000000\"><strong>Primer Semestre<\/strong><\/span><\/td>\n<td style=\"padding-left: 40px\"><span style=\"color: #000000\"><strong>Cr\u00e9ditos<\/strong><\/span><\/td>\n<\/tr>\n<tr style=\"padding-left: 40px\">\n<td style=\"padding-left: 40px\"><span style=\"color: #000000\">INGL<\/span><\/td>\n<td style=\"padding-left: 40px\"><span style=\"color: #000000\">3101<\/span><\/td>\n<td style=\"padding-left: 40px\"><span style=\"color: #000000\">Ingl\u00e9s B\u00e1sico I<\/span><\/td>\n<td style=\"padding-left: 40px\"><span style=\"color: #000000\">3<\/span><\/td>\n<\/tr>\n<tr style=\"padding-left: 40px\">\n<td style=\"padding-left: 40px\"><span style=\"color: #000000\">INGL<\/span><\/td>\n<td style=\"padding-left: 40px\"><span style=\"color: #000000\">3113<\/span><\/td>\n<td style=\"padding-left: 40px\"><span style=\"color: #000000\">Pr\u00e1ctica Oral Ingl\u00e9s B\u00e1sico I<\/span><\/td>\n<td style=\"padding-left: 40px\"><span style=\"color: #000000\">0<\/span><\/td>\n<\/tr>\n<tr style=\"padding-left: 40px\">\n<td style=\"padding-left: 40px\"><span style=\"color: #000000\">BIOL<\/span><\/td>\n<td style=\"padding-left: 40px\"><span style=\"color: #000000\">1011<\/span><\/td>\n<td style=\"padding-left: 40px\"><span style=\"color: #000000\">Anatom\u00eda y Fisiolog\u00eda Humana I I***<\/span><\/td>\n<td style=\"padding-left: 40px\"><span style=\"color: #000000\">4<\/span><\/td>\n<\/tr>\n<tr style=\"padding-left: 40px\">\n<td style=\"padding-left: 40px\"><span style=\"color: #000000\">BIOL<\/span><\/td>\n<td style=\"padding-left: 40px\"><span style=\"color: #000000\">1012<\/span><\/td>\n<td style=\"padding-left: 40px\"><span style=\"color: #000000\">Laboratorio Anatom\u00eda y Fisiolog\u00eda Humana I<\/span><\/td>\n<td style=\"padding-left: 40px\"><span style=\"color: #000000\">0<\/span><\/td>\n<\/tr>\n<tr style=\"padding-left: 40px\">\n<td style=\"padding-left: 40px\"><span style=\"color: #000000\">TEFI<\/span><\/td>\n<td style=\"padding-left: 40px\"><span style=\"color: #000000\">1005<\/span><\/td>\n<td style=\"padding-left: 40px\"><span style=\"color: #000000\">Introducci\u00f3n a Terapia F\u00edsica\u00a0 I***<\/span><\/td>\n<td style=\"padding-left: 40px\"><span style=\"color: #000000\">\u00a03<\/span><\/td>\n<\/tr>\n<tr style=\"padding-left: 40px\">\n<td style=\"padding-left: 40px\"><span style=\"color: #000000\">TEFI<\/span><\/td>\n<td style=\"padding-left: 40px\"><span style=\"color: #000000\">1037<\/span><\/td>\n<td style=\"padding-left: 40px\"><span style=\"color: #000000\">Introducci\u00f3n a la Disfunci\u00f3n F\u00edsica I***<\/span><\/td>\n<td style=\"padding-left: 40px\"><span style=\"color: #000000\">4<\/span><\/td>\n<\/tr>\n<tr style=\"padding-left: 40px\">\n<td style=\"padding-left: 40px\"><span style=\"color: #000000\">TEFI<\/span><\/td>\n<td style=\"padding-left: 40px\"><span style=\"color: #000000\">1016<\/span><\/td>\n<td style=\"padding-left: 40px\"><span style=\"color: #000000\">T\u00e9cnicas de Hospital I***<\/span><\/td>\n<td style=\"padding-left: 40px\"><span style=\"color: #000000\">2<\/span><\/td>\n<\/tr>\n<tr style=\"padding-left: 40px\">\n<td style=\"padding-left: 40px\"><span style=\"color: #000000\">TEFI<\/span><\/td>\n<td style=\"padding-left: 40px\"><span style=\"color: #000000\">1017<\/span><\/td>\n<td style=\"padding-left: 40px\"><span style=\"color: #000000\">Laboratorio T\u00e9cnicas de Hospital<\/span><\/td>\n<td style=\"padding-left: 40px\"><span style=\"color: #000000\">0<\/span><\/td>\n<\/tr>\n<tr style=\"padding-left: 40px\">\n<td style=\"padding-left: 40px\"><span style=\"color: #000000\">MATE<\/span><\/td>\n<td style=\"padding-left: 40px\"><span style=\"color: #000000\">3001<\/span><\/td>\n<td style=\"padding-left: 40px\"><span style=\"color: #000000\">Matem\u00e1tica Introductoria I<\/span><\/td>\n<td style=\"padding-left: 40px\"><span style=\"color: #000000\">3<\/span><\/td>\n<\/tr>\n<tr style=\"padding-left: 40px\">\n<td style=\"padding-left: 40px\"><\/td>\n<td style=\"padding-left: 40px\"><\/td>\n<td style=\"padding-left: 40px\"><\/td>\n<td style=\"padding-left: 40px\"><\/td>\n<\/tr>\n<tr style=\"padding-left: 40px\">\n<td style=\"padding-left: 40px\"><\/td>\n<td style=\"padding-left: 40px\"><\/td>\n<td style=\"padding-left: 40px\"><span style=\"color: #000000\"><strong>Subtotal<\/strong><\/span><\/td>\n<td style=\"padding-left: 40px\"><span style=\"color: #000000\"><strong>19<\/strong><\/span><\/td>\n<\/tr>\n<tr style=\"padding-left: 40px\">\n<td style=\"padding-left: 40px\" colspan=\"3\"><span style=\"color: #000000\"><strong>Segundo Semestre<\/strong><\/span><\/td>\n<td style=\"padding-left: 40px\"><span style=\"color: #000000\"><strong>Cr\u00e9ditos<\/strong><\/span><\/td>\n<\/tr>\n<tr style=\"padding-left: 40px\">\n<td style=\"padding-left: 40px\"><span style=\"color: #000000\">INGL<\/span><\/td>\n<td style=\"padding-left: 40px\"><span style=\"color: #000000\">3102<\/span><\/td>\n<td style=\"padding-left: 40px\"><span style=\"color: #000000\">Ingl\u00e9s B\u00e1sico II<\/span><\/td>\n<td style=\"padding-left: 40px\"><span style=\"color: #000000\">3<\/span><\/td>\n<\/tr>\n<tr style=\"padding-left: 40px\">\n<td style=\"padding-left: 40px\"><span style=\"color: #000000\">INGL<\/span><\/td>\n<td style=\"padding-left: 40px\"><span style=\"color: #000000\">3114<\/span><\/td>\n<td style=\"padding-left: 40px\"><span style=\"color: #000000\">Pr\u00e1ctica Oral Ingl\u00e9s B\u00e1sico II<\/span><\/td>\n<td style=\"padding-left: 40px\"><span style=\"color: #000000\">0<\/span><\/td>\n<\/tr>\n<tr style=\"padding-left: 40px\">\n<td style=\"padding-left: 40px\"><span style=\"color: #000000\">BIOL<\/span><\/td>\n<td style=\"padding-left: 40px\"><span style=\"color: #000000\">1013<\/span><\/td>\n<td style=\"padding-left: 40px\"><span style=\"color: #000000\">Anatom\u00eda y Fisiolog\u00eda Humana II ***<\/span><\/td>\n<td style=\"padding-left: 40px\"><span style=\"color: #000000\">4<\/span><\/td>\n<\/tr>\n<tr style=\"padding-left: 40px\">\n<td style=\"padding-left: 40px\"><span style=\"color: #000000\">BIOL<\/span><\/td>\n<td style=\"padding-left: 40px\"><span style=\"color: #000000\">1014<\/span><\/td>\n<td style=\"padding-left: 40px\"><span style=\"color: #000000\">Laboratorio Anatom\u00eda y Fisiolog\u00eda Humana II<\/span><\/td>\n<td style=\"padding-left: 40px\"><span style=\"color: #000000\">0<\/span><\/td>\n<\/tr>\n<tr style=\"padding-left: 40px\">\n<td style=\"padding-left: 40px\"><span style=\"color: #000000\">TEFI<\/span><\/td>\n<td style=\"padding-left: 40px\"><span style=\"color: #000000\">1006<\/span><\/td>\n<td style=\"padding-left: 40px\"><span style=\"color: #000000\">Termoterapia ***<\/span><\/td>\n<td style=\"padding-left: 40px\"><span style=\"color: #000000\">4<\/span><\/td>\n<\/tr>\n<tr style=\"padding-left: 40px\">\n<td style=\"padding-left: 40px\"><span style=\"color: #000000\">TEFI<\/span><\/td>\n<td style=\"padding-left: 40px\"><span style=\"color: #000000\">1007<\/span><\/td>\n<td style=\"padding-left: 40px\"><span style=\"color: #000000\">Laboratorio Termoterapia<\/span><\/td>\n<td style=\"padding-left: 40px\"><span style=\"color: #000000\">0<\/span><\/td>\n<\/tr>\n<tr style=\"padding-left: 40px\">\n<td style=\"padding-left: 40px\"><span style=\"color: #000000\">TEFI<\/span><\/td>\n<td style=\"padding-left: 40px\"><span style=\"color: #000000\">1008<\/span><\/td>\n<td style=\"padding-left: 40px\"><span style=\"color: #000000\">Masaje ***<\/span><\/td>\n<td style=\"padding-left: 40px\"><span style=\"color: #000000\">2<\/span><\/td>\n<\/tr>\n<tr style=\"padding-left: 40px\">\n<td style=\"padding-left: 40px\"><span style=\"color: #000000\">TEFI<\/span><\/td>\n<td style=\"padding-left: 40px\"><span style=\"color: #000000\">1009<\/span><\/td>\n<td style=\"padding-left: 40px\"><span style=\"color: #000000\">Laboratorio Masaje<\/span><\/td>\n<td style=\"padding-left: 40px\"><span style=\"color: #000000\">0<\/span><\/td>\n<\/tr>\n<tr style=\"padding-left: 40px\">\n<td style=\"padding-left: 40px\"><\/td>\n<td style=\"padding-left: 40px\"><\/td>\n<td style=\"padding-left: 40px\"><span style=\"color: #000000\">Electiva Dirigida (EDFI 3645: Primeros Aux.<\/span><\/td>\n<td style=\"padding-left: 40px\"><span style=\"color: #000000\">2<\/span><\/td>\n<\/tr>\n<tr style=\"padding-left: 40px\">\n<td style=\"padding-left: 40px\"><\/td>\n<td style=\"padding-left: 40px\"><\/td>\n<td style=\"padding-left: 40px\"><span style=\"color: #000000\"><strong>Subtotal<\/strong><\/span><\/td>\n<td style=\"padding-left: 40px\"><span style=\"color: #000000\">15<\/span><\/td>\n<\/tr>\n<tr style=\"padding-left: 40px\">\n<td style=\"padding-left: 40px\"><\/td>\n<td style=\"padding-left: 40px\"><\/td>\n<td style=\"padding-left: 40px\"><span style=\"color: #000000\"><strong>\u00a0<\/strong><\/span><\/td>\n<td style=\"padding-left: 40px\"><\/td>\n<\/tr>\n<tr style=\"padding-left: 40px\">\n<td style=\"padding-left: 40px\" colspan=\"3\"><span style=\"color: #000000\"><strong>Verano<\/strong><\/span><\/td>\n<td style=\"padding-left: 40px\"><span style=\"color: #000000\"><strong>Cr\u00e9ditos<\/strong><\/span><\/td>\n<\/tr>\n<tr style=\"padding-left: 40px\">\n<td style=\"padding-left: 40px\"><span style=\"color: #000000\">TEFI<\/span><\/td>\n<td style=\"padding-left: 40px\"><span style=\"color: #000000\">1015<\/span><\/td>\n<td style=\"padding-left: 40px\"><span style=\"color: #000000\">Experiencia Cl\u00ednica I ***<\/span><\/td>\n<td style=\"padding-left: 40px\"><span style=\"color: #000000\">1<\/span><\/td>\n<\/tr>\n<tr style=\"padding-left: 40px\">\n<td style=\"padding-left: 40px\"><\/td>\n<td style=\"padding-left: 40px\"><\/td>\n<td style=\"padding-left: 40px\"><\/td>\n<td style=\"padding-left: 40px\"><\/td>\n<\/tr>\n<tr style=\"padding-left: 40px\">\n<td style=\"padding-left: 40px\" colspan=\"4\"><span style=\"color: #000000\"><strong>Segundo A\u00f1o<\/strong><\/span><\/td>\n<\/tr>\n<tr style=\"padding-left: 40px\">\n<td style=\"padding-left: 40px\" colspan=\"3\"><span style=\"color: #000000\"><strong>Primer Semestre<\/strong><\/span><\/td>\n<td style=\"padding-left: 40px\"><span style=\"color: #000000\"><strong>Cr\u00e9ditos<\/strong><\/span><\/td>\n<\/tr>\n<tr style=\"padding-left: 40px\">\n<td style=\"padding-left: 40px\"><span style=\"color: #000000\">ESPA<\/span><\/td>\n<td style=\"padding-left: 40px\"><span style=\"color: #000000\">3101<\/span><\/td>\n<td style=\"padding-left: 40px\"><span style=\"color: #000000\">Espa\u00f1ol B\u00e1sico I<\/span><\/td>\n<td style=\"padding-left: 40px\"><span style=\"color: #000000\">3<\/span><\/td>\n<\/tr>\n<tr style=\"padding-left: 40px\">\n<td style=\"padding-left: 40px\"><span style=\"color: #000000\">CISO<\/span><\/td>\n<td style=\"padding-left: 40px\"><span style=\"color: #000000\">3121<\/span><\/td>\n<td style=\"padding-left: 40px\"><span style=\"color: #000000\">Introducci\u00f3n a las Ciencias Sociales I**<\/span><\/td>\n<td style=\"padding-left: 40px\"><span style=\"color: #000000\">3<\/span><\/td>\n<\/tr>\n<tr style=\"padding-left: 40px\">\n<td style=\"padding-left: 40px\"><span style=\"color: #000000\">PSIC<\/span><\/td>\n<td style=\"padding-left: 40px\"><span style=\"color: #000000\">3025<\/span><\/td>\n<td style=\"padding-left: 40px\"><span style=\"color: #000000\">Desarrollo Humano<\/span><\/td>\n<td style=\"padding-left: 40px\"><span style=\"color: #000000\">3<\/span><\/td>\n<\/tr>\n<tr style=\"padding-left: 40px\">\n<td style=\"padding-left: 40px\"><span style=\"color: #000000\">TFOC<\/span><\/td>\n<td style=\"padding-left: 40px\"><span style=\"color: #000000\">1005<\/span><\/td>\n<td style=\"padding-left: 40px\"><span style=\"color: #000000\">Anatom\u00eda Funcional I***<\/span><\/td>\n<td style=\"padding-left: 40px\"><span style=\"color: #000000\">3<\/span><\/td>\n<\/tr>\n<tr style=\"padding-left: 40px\">\n<td style=\"padding-left: 40px\"><span style=\"color: #000000\">TFOC<\/span><\/td>\n<td style=\"padding-left: 40px\"><span style=\"color: #000000\">1008<\/span><\/td>\n<td style=\"padding-left: 40px\"><span style=\"color: #000000\">Laboratorio de Anatom\u00eda Funcional<\/span><\/td>\n<td style=\"padding-left: 40px\"><span style=\"color: #000000\">0<\/span><\/td>\n<\/tr>\n<tr style=\"padding-left: 40px\">\n<td style=\"padding-left: 40px\"><span style=\"color: #000000\">TEFI<\/span><\/td>\n<td style=\"padding-left: 40px\"><span style=\"color: #000000\">2001<\/span><\/td>\n<td style=\"padding-left: 40px\"><span style=\"color: #000000\">Experiencia Cl\u00ednica II ***<\/span><\/td>\n<td style=\"padding-left: 40px\"><span style=\"color: #000000\">2<\/span><\/td>\n<\/tr>\n<tr style=\"padding-left: 40px\">\n<td style=\"padding-left: 40px\"><span style=\"color: #000000\">TEFI<\/span><\/td>\n<td style=\"padding-left: 40px\"><span style=\"color: #000000\">2005<\/span><\/td>\n<td style=\"padding-left: 40px\"><span style=\"color: #000000\">Ejercicios Terap\u00e9uticos ***<\/span><\/td>\n<td style=\"padding-left: 40px\"><span style=\"color: #000000\">4<\/span><\/td>\n<\/tr>\n<tr style=\"padding-left: 40px\">\n<td style=\"padding-left: 40px\"><span style=\"color: #000000\">TEFI<\/span><\/td>\n<td style=\"padding-left: 40px\"><span style=\"color: #000000\">2006<\/span><\/td>\n<td style=\"padding-left: 40px\"><span style=\"color: #000000\">Laboratorio Ejercicios Terap\u00e9uticos<\/span><\/td>\n<td style=\"padding-left: 40px\"><span style=\"color: #000000\">0<\/span><\/td>\n<\/tr>\n<tr style=\"padding-left: 40px\">\n<td style=\"padding-left: 40px\"><\/td>\n<td style=\"padding-left: 40px\"><\/td>\n<td style=\"padding-left: 40px\"><span style=\"color: #000000\"><strong>Subtotal<\/strong><\/span><\/td>\n<td style=\"padding-left: 40px\"><span style=\"color: #000000\">18<\/span><\/td>\n<\/tr>\n<tr style=\"padding-left: 40px\">\n<td style=\"padding-left: 40px\" colspan=\"3\"><span style=\"color: #000000\"><strong>Segundo Semestre<\/strong><\/span><\/td>\n<td style=\"padding-left: 40px\"><span style=\"color: #000000\"><strong>Cr\u00e9ditos<\/strong><\/span><\/td>\n<\/tr>\n<tr style=\"padding-left: 40px\">\n<td style=\"padding-left: 40px\"><span style=\"color: #000000\">ESPA<\/span><\/td>\n<td style=\"padding-left: 40px\"><span style=\"color: #000000\">3102<\/span><\/td>\n<td style=\"padding-left: 40px\"><span style=\"color: #000000\">Espa\u00f1ol B\u00e1sico II<\/span><\/td>\n<td style=\"padding-left: 40px\"><span style=\"color: #000000\">3<\/span><\/td>\n<\/tr>\n<tr style=\"padding-left: 40px\">\n<td style=\"padding-left: 40px\"><span style=\"color: #000000\">CISO<\/span><\/td>\n<td style=\"padding-left: 40px\"><span style=\"color: #000000\">3122<\/span><\/td>\n<td style=\"padding-left: 40px\"><span style=\"color: #000000\">Introducci\u00f3n a las Ciencias Sociales II**<\/span><\/td>\n<td style=\"padding-left: 40px\"><span style=\"color: #000000\">3<\/span><\/td>\n<\/tr>\n<tr style=\"padding-left: 40px\">\n<td style=\"padding-left: 40px\"><span style=\"color: #000000\">TEFI<\/span><\/td>\n<td style=\"padding-left: 40px\"><span style=\"color: #000000\">1038<\/span><\/td>\n<td style=\"padding-left: 40px\"><span style=\"color: #000000\">Disfunci\u00f3n Psicosocial ***<\/span><\/td>\n<td style=\"padding-left: 40px\"><span style=\"color: #000000\">3<\/span><\/td>\n<\/tr>\n<tr style=\"padding-left: 40px\">\n<td style=\"padding-left: 40px\"><span style=\"color: #000000\"><u>TEFI<\/u><\/span><\/td>\n<td style=\"padding-left: 40px\"><span style=\"color: #000000\"><u>2002<\/u><\/span><\/td>\n<td style=\"padding-left: 40px\"><span style=\"color: #000000\">Experiencia Cl\u00ednica III ***<\/span><\/td>\n<td style=\"padding-left: 40px\"><span style=\"color: #000000\">2<\/span><\/td>\n<\/tr>\n<tr style=\"padding-left: 40px\">\n<td style=\"padding-left: 40px\"><span style=\"color: #000000\">TEFI<\/span><\/td>\n<td style=\"padding-left: 40px\"><span style=\"color: #000000\">2007<\/span><\/td>\n<td style=\"padding-left: 40px\"><span style=\"color: #000000\">Actividades Funcionales ***<\/span><\/td>\n<td style=\"padding-left: 40px\"><span style=\"color: #000000\">4<\/span><\/td>\n<\/tr>\n<tr style=\"padding-left: 40px\">\n<td style=\"padding-left: 40px\"><span style=\"color: #000000\">TEFI<\/span><\/td>\n<td style=\"padding-left: 40px\"><span style=\"color: #000000\">2008<\/span><\/td>\n<td style=\"padding-left: 40px\"><span style=\"color: #000000\">Laboratorio Actividades Funcionales<\/span><\/td>\n<td style=\"padding-left: 40px\"><span style=\"color: #000000\">0<\/span><\/td>\n<\/tr>\n<tr style=\"padding-left: 40px\">\n<td style=\"padding-left: 40px\"><span style=\"color: #000000\">TEFI<\/span><\/td>\n<td style=\"padding-left: 40px\"><span style=\"color: #000000\">2009<\/span><\/td>\n<td style=\"padding-left: 40px\"><span style=\"color: #000000\">Aplicaci\u00f3n de Terapia F\u00edsica en Disfunci\u00f3n F\u00edsica ***<\/span><\/td>\n<td style=\"padding-left: 40px\"><span style=\"color: #000000\">4<\/span><\/td>\n<\/tr>\n<tr style=\"padding-left: 40px\">\n<td style=\"padding-left: 40px\"><span style=\"color: #000000\">TEFI<\/span><\/td>\n<td style=\"padding-left: 40px\"><span style=\"color: #000000\">2013<\/span><\/td>\n<td style=\"padding-left: 40px\"><span style=\"color: #000000\">Laboratorio de Aplicaci\u00f3n de Terapia F\u00edsica en Disfunci\u00f3n F\u00edsica<\/span><\/td>\n<td style=\"padding-left: 40px\"><span style=\"color: #000000\">0<\/span><\/td>\n<\/tr>\n<tr style=\"padding-left: 40px\">\n<td style=\"padding-left: 40px\"><\/td>\n<td style=\"padding-left: 40px\"><\/td>\n<td style=\"padding-left: 40px\"><span style=\"color: #000000\"><strong>Subtotal<\/strong><\/span><\/td>\n<td style=\"padding-left: 40px\">\n<p style=\"padding-left: 40px\"><span style=\"color: #000000\">19<\/span><\/p>\n<p style=\"padding-left: 40px\">\n<\/td>\n<\/tr>\n<\/tbody>\n<\/table>\n<p style=\"padding-left: 40px\"><span style=\"color: #000000\"><strong>\u00a0\u00a0\u00a0\u00a0\u00a0\u00a0\u00a0\u00a0\u00a0\u00a0\u00a0\u00a0\u00a0\u00a0\u00a0\u00a0\u00a0\u00a0\u00a0\u00a0\u00a0\u00a0\u00a0 \u00a0\u00a0\u00a0\u00a0\u00a0\u00a0\u00a0\u00a0\u00a0\u00a0\u00a0\u00a0\u00a0\u00a0\u00a0\u00a0\u00a0\u00a0\u00a0\u00a0\u00a0\u00a0\u00a0\u00a0\u00a0\u00a0\u00a0\u00a0\u00a0 TOTAL DE CR\u00c9DITOS:\u00a0\u00a0\u00a0 72<\/strong><\/span><\/p>\n<p style=\"padding-left: 40px\"><span style=\"color: #000000\">** Los 6 cr\u00e9ditos de CISO 3121 y 3122 se pueden sustituir por HUMA 3101 y 3102.<\/span><\/p>\n<p style=\"padding-left: 40px\"><span style=\"color: #000000\">*** Lo cursos con codificaci\u00f3n BIOL, TEFI y TFOC deben ser aprobados con una\u00a0calificaci\u00f3n de C o m\u00e1s. <em>Certificaci\u00f3n 2000-2001-03.<\/em><\/span><\/p>\n\n\t\t<\/div>\n\t<\/div>\n<\/div><\/div><\/div><div class=\"wpb_column vc_column_container vc_col-sm-12 vc_col-lg-2 vc_col-md-2 vc_col-xs-12\"><div class=\"vc_column-inner\"><div class=\"wpb_wrapper\"><\/div><\/div><\/div><\/div><div class=\"ult-spacer spacer-6a9b7133230b0\" data-id=\"6a9b7133230b0\" data-height=\"10\" data-height-mobile=\"10\" data-height-tab=\"10\" data-height-tab-portrait=\"\" data-height-mobile-landscape=\"\" style=\"clear:both;display:block;\"><\/div><\/div><\/div><div class=\"vc_tta-panel\" id=\"descripcion-cursos\" data-vc-content=\".vc_tta-panel-body\"><div class=\"vc_tta-panel-heading\"><h4 class=\"vc_tta-panel-title\"><a href=\"#descripcion-cursos\" data-vc-accordion data-vc-container=\".vc_tta-container\"><i class=\"vc_tta-icon fas fa-paw\"><\/i><span class=\"vc_tta-title-text\">Descripci\u00f3n de Cursos<\/span><\/a><\/h4><\/div><div class=\"vc_tta-panel-body\"><div class=\"vc_row wpb_row vc_inner vc_row-fluid\"><div class=\"wpb_column vc_column_container vc_col-sm-12 vc_col-xs-12\"><div class=\"vc_column-inner\"><div class=\"wpb_wrapper\"><q class=\"h4-size shortcode-pullquote wf-cell align-left wf-1\"><h4 style=\"text-align: center\">Descripci\u00f3n de Cursos<\/h4>\n<\/q><\/div><\/div><\/div><\/div><div class=\"ult-spacer spacer-6a9b7133236bb\" data-id=\"6a9b7133236bb\" data-height=\"10\" data-height-mobile=\"10\" data-height-tab=\"10\" data-height-tab-portrait=\"\" data-height-mobile-landscape=\"\" style=\"clear:both;display:block;\"><\/div><div class=\"vc_row wpb_row vc_inner vc_row-fluid\"><div class=\"wpb_column vc_column_container vc_col-sm-12 vc_col-lg-2 vc_col-md-2 vc_col-xs-12\"><div class=\"vc_column-inner\"><div class=\"wpb_wrapper\"><\/div><\/div><\/div><div class=\"wpb_column vc_column_container vc_col-sm-12 vc_col-lg-8 vc_col-md-8 vc_col-xs-12\"><div class=\"vc_column-inner\"><div class=\"wpb_wrapper\">\n\t<div class=\"wpb_text_column wpb_content_element \" >\n\t\t<div class=\"wpb_wrapper\">\n\t\t\t<p style=\"text-align: right\"><a href=\"https:\/\/www.uprp.edu\" class=\"su-button su-button-style-flat\" style=\"color:#333;background-color:#e7e7e7;border-color:#b9b9b9;border-radius:45px\" target=\"_blank\" onClick=\"this.href=&#039;https:\/\/www.uprp.edu\/wp-content\/uploads\/sites\/11\/2019\/03\/descripcion-de-cursos.pdf&#039;; return confirm(&#039;Desea ver el documento en una nueva ventana?&#039;);\" rel=\"noreferrer noopener nofollow\"><span style=\"color:#333;padding:7px 22px;font-size:17px;line-height:26px;border-color:#efefef;border-radius:45px;text-shadow:none\"><i class=\"sui sui-file-pdf-o\" style=\"font-size:17px;color:#FFFFFF\"><\/i> Abrir en Nueva Ventana<\/span><\/a><\/p>\n\n\t\t<\/div>\n\t<\/div>\n\n\t<div class=\"wpb_text_column wpb_content_element \" >\n\t\t<div class=\"wpb_wrapper\">\n\t\t\t<p style=\"text-align: center\"><div class=\"su-document su-u-responsive-media-yes\"><iframe src=\"\/\/docs.google.com\/viewer?embedded=true&url=https:\/\/www.uprp.edu\/wp-content\/uploads\/sites\/11\/2019\/03\/descripcion-de-cursos.pdf\" width=\"1200\" height=\"1200\" class=\"su-document myDocPDF1\" title=\"Documento PDF: Descripci\u00f3n de Cursos\"><\/iframe><\/div>\n\n\t\t<\/div>\n\t<\/div>\n<\/div><\/div><\/div><div class=\"wpb_column vc_column_container vc_col-sm-12 vc_col-lg-2 vc_col-md-2 vc_col-xs-12\"><div class=\"vc_column-inner\"><div class=\"wpb_wrapper\"><\/div><\/div><\/div><\/div><div class=\"ult-spacer spacer-6a9b713323ff6\" data-id=\"6a9b713323ff6\" data-height=\"10\" data-height-mobile=\"10\" data-height-tab=\"10\" data-height-tab-portrait=\"\" data-height-mobile-landscape=\"\" style=\"clear:both;display:block;\"><\/div><div class=\"vc_row wpb_row vc_inner vc_row-fluid\"><div class=\"wpb_column vc_column_container vc_col-sm-12 vc_col-xs-12\"><div class=\"vc_column-inner\"><div class=\"wpb_wrapper\">\n\t<div class=\"wpb_raw_code wpb_raw_js\" >\n\t\t<div class=\"wpb_wrapper\">\n\t\t\t<script> (function( $ ){ setTimeout( function(){ \n\t  var myDocSrc, myDocUrl, myDocPDF = $( \"* > .su-document > .myDocPDF1\" );\n\t  \/\/ validar si esta en preview o en vivo!\n\t  if( myDocPDF.length > 0 ){ if( typeof myDocPDF.attr( \"data-src\" ) !== typeof undefined )\n\t  { myDocSrc = myDocPDF.attr( \"data-src\" ); } \/\/ en vivo \n\t  else { myDocSrc = myDocPDF.attr( \"src\" ); } \/\/ en preview \n\t  myDocUrl = myDocSrc.split( \"url=\" ); myDocPDF.attr( \"src\", myDocUrl[1] ); \n\t  myDocPDF.scrollTop(1); \/\/ scroll manipulation!\n}}, 500 ); })( jQuery ); <\/script>\n\t\t<\/div>\n\t<\/div>\n<\/div><\/div><\/div><\/div><\/div><\/div><div class=\"vc_tta-panel\" id=\"oportunidades-empleo\" data-vc-content=\".vc_tta-panel-body\"><div class=\"vc_tta-panel-heading\"><h4 class=\"vc_tta-panel-title\"><a href=\"#oportunidades-empleo\" data-vc-accordion data-vc-container=\".vc_tta-container\"><i class=\"vc_tta-icon fas fa-paw\"><\/i><span class=\"vc_tta-title-text\">Oportunidades de Empleo<\/span><\/a><\/h4><\/div><div class=\"vc_tta-panel-body\"><blockquote class=\"text-big shortcode-blockquote\"><h3 style=\"text-align: center\">Oportunidades de Empleo<\/h3>\n<\/blockquote><div class=\"ult-spacer spacer-6a9b713324730\" data-id=\"6a9b713324730\" data-height=\"10\" data-height-mobile=\"10\" data-height-tab=\"10\" data-height-tab-portrait=\"\" data-height-mobile-landscape=\"\" style=\"clear:both;display:block;\"><\/div>\n\t<div class=\"wpb_text_column wpb_content_element \" >\n\t\t<div class=\"wpb_wrapper\">\n\t\t\t<h4><span class=\"su-dropcap su-dropcap-style-flat blueLetter\" style=\"font-size:1.5em\">L<\/span>os Asistentes del Fisioterapista pueden ser empleados en diferentes escenarios de trabajo tales como:<\/h4>\n<ul>\n<li>\n<h4>Oficinas Privadas<\/h4>\n<\/li>\n<li>\n<h4>Hospitales P\u00fablicos y Privados<\/h4>\n<\/li>\n<li>\n<h4>Programas de Servicios de Salud en el<\/h4>\n<\/li>\n<li>\n<h4>Hogar (Home Care)<\/h4>\n<\/li>\n<li>\n<h4>Centros Pedi\u00e1tricos<\/h4>\n<\/li>\n<li>\n<h4>Centros de Envejecientes<\/h4>\n<\/li>\n<li>\n<h4>Hospicios y Programas Escolares<\/h4>\n<\/li>\n<\/ul>\n\n\t\t<\/div>\n\t<\/div>\n<\/div><\/div><div class=\"vc_tta-panel\" id=\"opusculo\" data-vc-content=\".vc_tta-panel-body\"><div class=\"vc_tta-panel-heading\"><h4 class=\"vc_tta-panel-title\"><a href=\"#opusculo\" data-vc-accordion data-vc-container=\".vc_tta-container\"><i class=\"vc_tta-icon fas fa-paw\"><\/i><span class=\"vc_tta-title-text\">Op\u00fasculo<\/span><\/a><\/h4><\/div><div class=\"vc_tta-panel-body\"><div class=\"vc_row wpb_row vc_inner vc_row-fluid\"><div class=\"wpb_column vc_column_container vc_col-sm-12 vc_col-xs-12\"><div class=\"vc_column-inner\"><div class=\"wpb_wrapper\"><blockquote class=\"text-big shortcode-blockquote\"><h3 style=\"text-align: center\">Op\u00fasculo<\/h3>\n<\/blockquote><\/div><\/div><\/div><\/div><div class=\"ult-spacer spacer-6a9b713324e22\" data-id=\"6a9b713324e22\" data-height=\"10\" data-height-mobile=\"10\" data-height-tab=\"10\" data-height-tab-portrait=\"\" data-height-mobile-landscape=\"\" style=\"clear:both;display:block;\"><\/div><div class=\"vc_row wpb_row vc_inner vc_row-fluid\"><div class=\"wpb_column vc_column_container vc_col-sm-12 vc_col-lg-2 vc_col-md-2 vc_col-xs-12\"><div class=\"vc_column-inner\"><div class=\"wpb_wrapper\"><\/div><\/div><\/div><div class=\"wpb_column vc_column_container vc_col-sm-12 vc_col-lg-8 vc_col-md-8 vc_col-xs-12\"><div class=\"vc_column-inner\"><div class=\"wpb_wrapper\"><div class=\"standard-arrow list-divider bullet-top\"><h4 title=\"Enlace a la Secci\u00f3n de 'Students Right to Know (SRTK)'\">Para m\u00e1s informaci\u00f3n, visite la Secci\u00f3n \u201cStudents Right to Know\u201d en:\u00a0<span style=\"color: #3366ff\"><a style=\"color: #3366ff\" title=\"Enlace a la Secci\u00f3n de 'Students Right to Know (SRTK)'\" href=\"https:\/\/www.uprp.edu\/articulos\/rectoria\/opei\/srtk\/#requirements-for-professional-licensure\">https:\/\/www.uprp.edu\/articulos\/rectoria\/opei\/srtk\/#requirements-for-professional-licensure<\/a><\/span><\/h4>\n<\/div><div class=\" ubtn-ctn-left more-info\"><a class=\"ubtn-link ult-adjust-bottom-margin ubtn-left ubtn-normal more-info\" href=\"https:\/\/www.uprp.edu\/wp-content\/uploads\/sites\/11\/2025\/05\/tabla-licencia-terapia-fisica.pdf\" title=\"Ver Tabla de Lincencia TEFI\" target=\"_blank\" rel=\"nofollow  noopener\" ><button type=\"button\" id=\"ubtn-7865\"  class=\"ubtn ult-adjust-bottom-margin ult-responsive ubtn-normal ubtn-no-hover-bg  none  ubtn-left   tooltip-6a9b71332523a ubtn-tooltip right\" data-toggle=\"tooltip\" data-placement=\"right\" title=\"Ver Tabla de Lincencia TEFI\" data-hover=\"\" data-border-color=\"\" data-bg=\"#e0e0e0\" data-hover-bg=\"\" data-border-hover=\"\" data-shadow-hover=\"\" data-shadow-click=\"none\" data-shadow=\"\" data-shd-shadow=\"\"  data-ultimate-target='#ubtn-7865'  data-responsive-json-new='{\"font-size\":\"\",\"line-height\":\"\"}'  style=\"font-weight:normal;border:none;background: #e0e0e0;color: #E40E0E;\"><span class=\"ubtn-hover\" style=\"background-color:\"><\/span><span class=\"ubtn-data ubtn-text \" >Para mayor informaci\u00f3n, oprima aqu\u00ed.<\/span><\/button><\/a><\/div><\/div><\/div><\/div><div class=\"wpb_column vc_column_container vc_col-sm-12 vc_col-lg-2 vc_col-md-2 vc_col-xs-12\"><div class=\"vc_column-inner\"><div class=\"wpb_wrapper\"><\/div><\/div><\/div><\/div><div class=\"ult-spacer spacer-6a9b713325409\" data-id=\"6a9b713325409\" data-height=\"10\" data-height-mobile=\"10\" data-height-tab=\"10\" data-height-tab-portrait=\"\" data-height-mobile-landscape=\"\" style=\"clear:both;display:block;\"><\/div><div class=\"vc_row wpb_row vc_inner vc_row-fluid\"><div class=\"wpb_column vc_column_container vc_col-sm-12 vc_col-lg-2 vc_col-md-2 vc_col-xs-12\"><div class=\"vc_column-inner\"><div class=\"wpb_wrapper\"><\/div><\/div><\/div><div class=\"wpb_column vc_column_container vc_col-sm-12 vc_col-lg-8 vc_col-md-8 vc_col-xs-12\"><div class=\"vc_column-inner\"><div class=\"wpb_wrapper\">\n\t<div class=\"wpb_text_column wpb_content_element \" >\n\t\t<div class=\"wpb_wrapper\">\n\t\t\t<p style=\"text-align: right\"><a href=\"https:\/\/www.uprp.edu\" class=\"su-button su-button-style-flat\" style=\"color:#333;background-color:#e7e7e7;border-color:#b9b9b9;border-radius:45px\" target=\"_blank\" onClick=\"this.href=&#039;https:\/\/www.uprp.edu\/wp-content\/uploads\/sites\/11\/2026\/02\/opusculo-grado-asociado-en-terapia-fisica-revisado-politica-divulgacion-de-licencias-prof-rev-febrero-2026-1.pdf&#039;; return confirm(&#039;Desea ver el documento en una nueva ventana?&#039;);\" rel=\"noreferrer noopener nofollow\"><span style=\"color:#333;padding:7px 22px;font-size:17px;line-height:26px;border-color:#efefef;border-radius:45px;text-shadow:none\"><i class=\"sui sui-file-pdf-o\" style=\"font-size:17px;color:#FFFFFF\"><\/i> Abrir en Nueva Ventana<\/span><\/a><\/p>\n\n\t\t<\/div>\n\t<\/div>\n\n\t<div class=\"wpb_text_column wpb_content_element \" >\n\t\t<div class=\"wpb_wrapper\">\n\t\t\t<p style=\"text-align: center\"><div class=\"su-document su-u-responsive-media-yes\"><iframe src=\"\/\/docs.google.com\/viewer?embedded=true&url=https:\/\/www.uprp.edu\/wp-content\/uploads\/sites\/11\/2026\/02\/opusculo-grado-asociado-en-terapia-fisica-revisado-politica-divulgacion-de-licencias-prof-rev-febrero-2026-1.pdf\" width=\"1200\" height=\"1200\" class=\"su-document myDocPDF\" title=\"\"><\/iframe><\/div>\n\n\t\t<\/div>\n\t<\/div>\n<\/div><\/div><\/div><div class=\"wpb_column vc_column_container vc_col-sm-12 vc_col-lg-2 vc_col-md-2 vc_col-xs-12\"><div class=\"vc_column-inner\"><div class=\"wpb_wrapper\"><\/div><\/div><\/div><\/div><div class=\"ult-spacer spacer-6a9b713325f59\" data-id=\"6a9b713325f59\" data-height=\"10\" data-height-mobile=\"10\" data-height-tab=\"10\" data-height-tab-portrait=\"\" data-height-mobile-landscape=\"\" style=\"clear:both;display:block;\"><\/div><div class=\"vc_row wpb_row vc_inner vc_row-fluid\"><div class=\"wpb_column vc_column_container vc_col-sm-12 vc_col-xs-12\"><div class=\"vc_column-inner\"><div class=\"wpb_wrapper\">\n\t<div class=\"wpb_raw_code wpb_raw_js\" >\n\t\t<div class=\"wpb_wrapper\">\n\t\t\t<script> (function( $ ){ setTimeout( function(){ \n\t  var myDocSrc, myDocUrl, myDocPDF = $( \"* > .su-document > .myDocPDF\" );\n\t  \/\/ validar si esta en preview o en vivo!\n\t  if( myDocPDF.length > 0 || myDocPDF != null )\n\t  { if( typeof myDocPDF.attr( \"data-src\" ) !== \"undefined\" )\n\t    \t { myDocSrc = myDocPDF.attr( \"data-src\" ); console.info( \"data-src => \" + myDocSrc ); } \/\/ en vivo \n\t    else { myDocSrc = myDocPDF.attr( \"src\" ); console.info( \"src => \" + myDocSrc ); } \/\/ en preview \n\t    myDocUrl = myDocSrc.split( \"url=\" ); console.info( \"myDocUrl[0] => \" + myDocUrl[0] );\n\t    myDocPDF.attr( \"data-src\", myDocUrl[1] ); console.info( \"myDocUrl[1] => \" + myDocUrl[1] );\n\t    myDocPDF.attr( \"src\", myDocUrl[1] ); console.info( \"src => \" + myDocPDF.attr( \"src\" ));\n}}, 1000 ); })( jQuery ); <\/script>\n\t\t<\/div>\n\t<\/div>\n\n\t<div class=\"wpb_raw_code wpb_raw_js\" >\n\t\t<div class=\"wpb_wrapper\">\n\t\t\t<script>\r\n\t\/**\r\n\t * ------------------------------------------------\r\n\t * Created @ 2015\r\n\t * Webmaster: Mr. Efrain Alvarez  \r\n\t * Updated @ 2024\r\n\t * ------------------------------------------------\r\n\t *\/\r\n\r\n\t\/* --------------------------------------------------------------------------------------------- *\/\r\n\t\t\/\/ run when page load full! - $(document).ready(function(){});\r\n\t\/* --------------------------------------------------------------------------------------------- *\/\r\n\t( function( $ ) \r\n\t{ setTimeout( function(){ \/\/ begin-script\r\n\t  \/* --------------------------------------------------------------------------------------------- *\/\r\n\r\n\t\t  \/* --------------------------------------------------------------------------------------------- *\/\r\n\t\t\t\/\/ Modify this 2 properties only if needed!!!\r\n\t\t  \/* --------------------------------------------------------------------------------------------- *\/\r\n\t\t  const menu  = {  \r\n\t\t\t\tpc    : { id   : \"#menu-tour\" }, \/\/ ID of the 'TourMenu' in PC version!!! \r\n\t\t\t\tmovil : { id   : \"#opusculo\" }, \/\/ ID of the 'parent DIV' in movil version!!! \r\n\t\t\t\tbtn\t  : { pos  : 12 } \/\/ order position number of the menu button element!!! \r\n\t\t  }; \r\n\t\t  \/* --------------------------------------------------------------------------------------------- *\/\r\n\r\n\t\t  \/* --------------------------------------------------------------------------------------------- *\/\r\n\t\t\t  \/\/ WARNING: \r\n\t\t\t  \/\/\tif you do not know what your are doing!!! \r\n\t\t\t  \/\/\t\tDo not edit below this line!!!\r\n\t\t  \/* --------------------------------------------------------------------------------------------- *\/\r\n\t\t\t  \/\/ \tvalidateThisEle() & redirect2ThisURL() functions are global!\r\n\t\t\t  \/\/ \t\tSee wordpress JS settings!!!\r\n\t\t  \/* --------------------------------------------------------------------------------------------- *\/\r\n\r\n\t\t  \/* --------------------------------------------------------------------------------------------- *\/\r\n\t\t\t  \/\/ Version Movil \r\n\t\t  \/* --------------------------------------------------------------------------------------------- *\/\r\n\t\t\t  let movilView = menu.movil.id + \" > .vc_tta-panel-heading > h4\"; \r\n\t\t\t  \r\n\t\t\t   \/\/ validateThisEle() function is global in wordpress JS settings!!!\r\n\t\t\t   if( validateThisEle( $( movilView + ' > a' ))) \/\/ if element exists continue!\r\n\t\t\t   { console.log( \"Movil object found!!!\" );\r\n\t\t\t     $( movilView + ' > a' ) \/\/ .attr({ 'href': menu.url.http })\r\n\t\t\t\t   .on( 'click', function( e ) \/\/ if movil click (e)vent happen!\r\n\t\t\t\t { e.preventDefault(); \/\/ do not run automatic!\r\n\t\t\t\t   console.log('tab open!');\r\n\t\t\t\t\t  $( menu.movil.id + ' .more-info > a' ) \r\n\t\t\t\t\t\t.attr('title', \r\n\t\t\t\t\t\t\t$( menu.movil.id + ' .more-info > a > button' )\r\n\t\t\t\t\t\t\t\t.data('original-title')\r\n\t\t\t\t\t  ); \r\n\t\t\t\t   console.log( $( menu.movil.id + ' .more-info > a' ).attr( 'title' ));\r\n\t\t\t\t }); \r\n\t\t\t   } else { console.log( \"ERR: Movil object not found!!!\" ); \/\/ show err!!! \r\n\t\t  \/* --------------------------------------------------------------------------------------------- *\/\r\n\r\n\t\t  \/* --------------------------------------------------------------------------------------------- *\/\r\n\t\t\t  \/\/ Version PC \r\n\t\t  \/* --------------------------------------------------------------------------------------------- *\/\r\n\t\t\t  let pcView = menu.pc.id + \" > div > .vc_tta-tabs-container > ul > li:nth-child(\" + menu.btn.pos + \")\"; \r\n\t\t\t  \r\n\t\t\t   if( validateThisEle( $( pcView + ' > a' ))) \/\/ if element exists continue!\r\n\t\t\t   { console.log( \"PC object found!!!\" );\r\n\t\t\t     $( pcView + ' > a' ) \/\/ .attr({ 'href': menu.url.http })\r\n\t\t\t\t   .on( 'click', function( e ) \/\/ if pc click (e)vent happen!\r\n\t\t\t\t { e.preventDefault(); \/\/ do not run automatic!\r\n\t\t\t\t   console.log('tab open!');\r\n\t\t\t\t\t  $( menu.movil.id + ' .more-info > a' )\r\n\t\t\t\t\t\t.attr('title', \r\n\t\t\t\t\t\t\t$( menu.movil.id + ' .more-info > a > button' )\r\n\t\t\t\t\t\t\t\t.data('original-title')\r\n\t\t\t\t\t  ); \r\n\t\t\t\t   console.log( $( menu.movil.id + ' .more-info > a' ).attr( 'title' ));\r\n\t\t\t\t }); \r\n\t\t\t   } else { console.log( \"ERR: PC object not found!!!\" ); }} \/\/ show err!!!\r\n\t\t  \/* --------------------------------------------------------------------------------------------- *\/\r\n\r\n\t  \/* --------------------------------------------------------------------------------------------- *\/\r\n\t\/\/ end-script \r\n\t}, 500 ); })( jQuery ); \/\/ load this javascript library!\r\n\t\/\/ this method is recommended for wordpress developers!\r\n\t\/* --------------------------------------------------------------------------------------------- *\/\r\n<\/script>\n\t\t<\/div>\n\t<\/div>\n<\/div><\/div><\/div><\/div><\/div><\/div><div class=\"vc_tta-panel\" id=\"estatus-acreditacion\" data-vc-content=\".vc_tta-panel-body\"><div class=\"vc_tta-panel-heading\"><h4 class=\"vc_tta-panel-title\"><a href=\"#estatus-acreditacion\" data-vc-accordion data-vc-container=\".vc_tta-container\"><i class=\"vc_tta-icon fas fa-paw\"><\/i><span class=\"vc_tta-title-text\">Estatus de la Acreditaci\u00f3n<\/span><\/a><\/h4><\/div><div class=\"vc_tta-panel-body\"><div class=\"vc_row wpb_row vc_inner vc_row-fluid\"><div class=\"wpb_column vc_column_container vc_col-sm-12 vc_col-xs-12\"><div class=\"vc_column-inner\"><div class=\"wpb_wrapper\"><q class=\"h4-size shortcode-pullquote wf-cell align-left wf-1\"><h4 style=\"text-align: center\"><span style=\"color: #333333\">Estatus de la Acreditaci\u00f3n<\/span><\/h4>\n<\/q><\/div><\/div><\/div><\/div><div class=\"ult-spacer spacer-6a9b713326b1c\" data-id=\"6a9b713326b1c\" data-height=\"10\" data-height-mobile=\"10\" data-height-tab=\"10\" data-height-tab-portrait=\"\" data-height-mobile-landscape=\"\" style=\"clear:both;display:block;\"><\/div><div class=\"vc_row wpb_row vc_inner vc_row-fluid\"><div class=\"wpb_column vc_column_container vc_col-sm-12 vc_col-xs-12\"><div class=\"vc_column-inner\"><div class=\"wpb_wrapper\"><div class=\"standard-arrow list-divider bullet-top\"><div class=\"su-tabs su-tabs-style-default su-tabs-mobile-stack all_tabs su-tabs-vertical\" data-active=\"1\" data-scroll-offset=\"0\" data-anchor-in-url=\"no\"><div class=\"su-tabs-nav\"><span class=\" single_tab\" data-url=\"\" data-target=\"blank\" tabindex=\"0\" role=\"button\">Retiro de la Acreditaci\u00f3n (Nov. 2022)<\/span><span class=\" single_tab\" data-url=\"\" data-target=\"blank\" tabindex=\"0\" role=\"button\">Estatus Probatorio (May. 2022)<\/span><span class=\" single_tab\" data-url=\"\" data-target=\"blank\" tabindex=\"0\" role=\"button\">Estatus Probatorio 'Show Cause' (Dic. 2021)<\/span><span class=\" single_tab\" data-url=\"\" data-target=\"blank\" tabindex=\"0\" role=\"button\">Estatus Probatorio se mantiene (May. 2021)<\/span><span class=\" single_tab\" data-url=\"\" data-target=\"blank\" tabindex=\"0\" role=\"button\">Estatus Probatorio (Dic. 2020)<\/span><\/div><div class=\"su-tabs-panes\"><div class=\"su-tabs-pane su-u-clearfix su-u-trim single_tab\" data-title=\"Retiro de la Acreditaci\u00f3n (Nov. 2022)\"><\/p>\n<blockquote><p>\n<a class=\"dt-pswp-item\" href=\"https:\/\/www.uprp.edu\/wp-content\/uploads\/sites\/11\/2022\/11\/notification-withdraw-prospectives-students.pdf\" target=\"_blank\" rel=\"nofollow noopener noreferrer\" data-dt-img-description=\"\" data-large_image_width=\"630\" data-large_image_height=\"930\"><img decoding=\"async\" class=\"aligncenter wp-image-25110 size-full\" src=\"https:\/\/www.uprp.edu\/wp-content\/uploads\/sites\/11\/2022\/11\/notification-withdraw-prospectives-students.png\" alt=\"RETIRO DE NOTIFICACI\u00d3N - PROSPECTIVOS ESTUDIANTES\" width=\"630\" height=\"930\" srcset=\"https:\/\/www.uprp.edu\/wp-content\/uploads\/sites\/11\/2022\/11\/notification-withdraw-prospectives-students.png 994w, https:\/\/www.uprp.edu\/wp-content\/uploads\/sites\/11\/2022\/11\/notification-withdraw-prospectives-students-203x300.png 203w, https:\/\/www.uprp.edu\/wp-content\/uploads\/sites\/11\/2022\/11\/notification-withdraw-prospectives-students-693x1024.png 693w, https:\/\/www.uprp.edu\/wp-content\/uploads\/sites\/11\/2022\/11\/notification-withdraw-prospectives-students-768x1134.png 768w, https:\/\/www.uprp.edu\/wp-content\/uploads\/sites\/11\/2022\/11\/notification-withdraw-prospectives-students-8x12.png 8w\" sizes=\"(max-width: 630px) 100vw, 630px\" \/><\/a>\n<\/p><\/blockquote>\n<p><\/div>\n<div class=\"su-tabs-pane su-u-clearfix su-u-trim single_tab\" data-title=\"Estatus Probatorio (May. 2022)\"><\/p>\n<blockquote><p>\n<a class=\"dt-pswp-item\" href=\"https:\/\/www.uprp.edu\/wp-content\/uploads\/sites\/11\/2022\/06\/notification-withdraw-accreditation-prospectives-students-1.pdf\" target=\"_blank\" rel=\"nofollow noopener noreferrer\" data-dt-img-description=\"\" data-large_image_width=\"630\" data-large_image_height=\"930\"><img decoding=\"async\" class=\"wp-image-22997 size-full aligncenter\" src=\"https:\/\/www.uprp.edu\/wp-content\/uploads\/sites\/11\/2022\/06\/notification-withdraw-accreditation-prospectives-students-1-1-1.png\" alt=\"RETIRADA DEL ESTADO DE ACREDITACI\u00d3N\" width=\"630\" height=\"930\" \/><\/a>\n<\/p><\/blockquote>\n<p><\/div>\n<div class=\"su-tabs-pane su-u-clearfix su-u-trim single_tab\" data-title=\"Estatus Probatorio &#039;Show Cause&#039; (Dic. 2021)\"><\/p>\n<blockquote><p>\n<a class=\"dt-pswp-item\" href=\"https:\/\/www.uprp.edu\/wp-content\/uploads\/sites\/11\/2021\/12\/notification-show-cause-probatory-status-to-prospectives-and-enrolled-students.pdf\" target=\"_blank\" rel=\"nofollow noopener noreferrer\" data-dt-img-description=\"\" data-large_image_width=\"630\" data-large_image_height=\"930\"><img loading=\"lazy\" decoding=\"async\" class=\"aligncenter wp-image-22997 size-full\" src=\"https:\/\/www.uprp.edu\/wp-content\/uploads\/sites\/11\/2021\/12\/notification-show-cause-probatory-status-to-prospectives-and-enrolled-students.png\" alt=\"Notificaci\u00f3n Mostrar causa estado probatorio a prospectivos y estudiantes matriculados\" width=\"630\" height=\"930\" srcset=\"https:\/\/www.uprp.edu\/wp-content\/uploads\/sites\/11\/2021\/12\/notification-show-cause-probatory-status-to-prospectives-and-enrolled-students.png 630w, https:\/\/www.uprp.edu\/wp-content\/uploads\/sites\/11\/2021\/12\/notification-show-cause-probatory-status-to-prospectives-and-enrolled-students-203x300.png 203w\" sizes=\"(max-width: 630px) 100vw, 630px\" \/><\/a>\n<\/p><\/blockquote>\n<p><\/div>\n<div class=\"su-tabs-pane su-u-clearfix su-u-trim single_tab\" data-title=\"Estatus Probatorio se mantiene (May. 2021)\"><\/p>\n<blockquote><p>\n<a class=\"dt-pswp-item\" href=\"https:\/\/www.uprp.edu\/wp-content\/uploads\/sites\/11\/2021\/05\/memorandum-continue-probation.pdf\" target=\"_blank\" rel=\"nofollow noopener noreferrer\" data-dt-img-description=\"\" data-large_image_width=\"630\" data-large_image_height=\"930\"><img loading=\"lazy\" decoding=\"async\" class=\"aligncenter wp-image-22996 size-full\" src=\"https:\/\/www.uprp.edu\/wp-content\/uploads\/sites\/11\/2021\/12\/memorandum-continue-probation.png\" alt=\"Memor\u00e1ndum: Probatoria Continua\" width=\"630\" height=\"930\" \/><\/a>\n<\/p><\/blockquote>\n<p><\/div>\n<div class=\"su-tabs-pane su-u-clearfix su-u-trim single_tab\" data-title=\"Estatus Probatorio (Dic. 2020)\"><\/p>\n<blockquote><p>\n<a class=\"dt-pswp-item\" href=\"https:\/\/www.uprp.edu\/wp-content\/uploads\/sites\/11\/2020\/12\/memorando-a-los-estudiantes-propectos-del-programa-estatus-de-probatoria.pdf\" target=\"_blank\" rel=\"nofollow noopene noopener noreferrer\" data-dt-img-description=\"\" data-large_image_width=\"630\" data-large_image_height=\"930\"><img loading=\"lazy\" decoding=\"async\" class=\"aligncenter wp-image-22995 size-full\" src=\"https:\/\/www.uprp.edu\/wp-content\/uploads\/sites\/11\/2021\/12\/memorando-a-los-estudiantes-propectos-del-programa-estatus-de-probatoria.png\" alt=\"Memorando A Los Estudiantes Propectos Del Programa Estatus De Probatoria\" width=\"630\" height=\"930\" \/><\/a>\n<\/p><\/blockquote>\n<p><\/div><\/div><\/div>\n<\/div><\/div><\/div><\/div><\/div><div class=\"ult-spacer spacer-6a9b7133270b0\" data-id=\"6a9b7133270b0\" data-height=\"10\" data-height-mobile=\"10\" data-height-tab=\"10\" data-height-tab-portrait=\"\" data-height-mobile-landscape=\"\" style=\"clear:both;display:block;\"><\/div><\/div><\/div><div class=\"vc_tta-panel\" id=\"manual-estudiantes\" data-vc-content=\".vc_tta-panel-body\"><div class=\"vc_tta-panel-heading\"><h4 class=\"vc_tta-panel-title\"><a href=\"#manual-estudiantes\" data-vc-accordion data-vc-container=\".vc_tta-container\"><i class=\"vc_tta-icon fa fa-solid fa-paw\"><\/i><span class=\"vc_tta-title-text\">Manual del Estudiante<\/span><\/a><\/h4><\/div><div class=\"vc_tta-panel-body\"><div class=\"vc_row wpb_row vc_inner vc_row-fluid\"><div class=\"wpb_column vc_column_container vc_col-sm-5 vc_col-xs-12\"><div class=\"vc_column-inner\"><div class=\"wpb_wrapper\"><\/div><\/div><\/div><div class=\"wpb_column vc_column_container vc_col-sm-2\"><div class=\"vc_column-inner\"><div class=\"wpb_wrapper\">\n\t<div  class=\"wpb_single_image wpb_content_element vc_align_center\">\n\t\t\n\t\t<figure class=\"wpb_wrapper vc_figure\">\n\t\t\t<div class=\"vc_single_image-wrapper  \"><img loading=\"lazy\" decoding=\"async\" width=\"548\" height=\"209\" src=\"https:\/\/www.uprp.edu\/wp-content\/uploads\/sites\/11\/2024\/09\/loading-gif-800x600-1-e1786564110242.gif\" class=\"vc_single_image-img attachment-full\" alt=\"loading-gif-800x600\" title=\"loading-gif-800x600\"  data-dt-location=\"https:\/\/www.uprp.edu\/en\/articulos\/academicos\/departamentos\/oficinas-adscritas\/loading-gif-800x600\/\" \/><\/div>\n\t\t<\/figure>\n\t<\/div>\n<\/div><\/div><\/div><div class=\"wpb_column vc_column_container vc_col-sm-5\"><div class=\"vc_column-inner\"><div class=\"wpb_wrapper\"><\/div><\/div><\/div><\/div><div class=\"vc_row wpb_row vc_inner vc_row-fluid\"><div class=\"wpb_column vc_column_container vc_col-sm-12\"><div class=\"vc_column-inner\"><div class=\"wpb_wrapper\">\n\t<div class=\"wpb_raw_code wpb_raw_js\" >\n\t\t<div class=\"wpb_wrapper\">\n\t\t\t<script>\n\t( function( $ )\n\t{ let autoStd_PC = \"#menu-tour > div > .vc_tta-tabs-container > ul > .vc_tta-tab:nth-child(14) > a\"; \n\t  if( typeof $( autoStd_PC ) !== \"undefined\" && $( autoStd_PC ).length )\n\t  { $( autoStd_PC ).click( function( e )\n\t    { e.preventDefault();\n\t\t  setTimeout( function()\n\t\t  { if( $( this ).parent( 'li' ).hasClass( 'vc_active' )) \/\/ true or false \n\t\t\t{ let redirect_to_this_url = 'https:\/\/www.uprp.edu\/articulos\/academicos\/departamentos\/deas\/tefi-english-version\/student-manual-pdf-page-8\/';\n\t\t\t  location.replace( redirect_to_this_url ); \n\t\t\t} else console.log( 'I can not found: - vc_active className' );\n\t\t  }, 500 );\n\t\t});\n\t  } else console.log( 'I can not found: autoStd_PC' );\n\t})( jQuery );\n<\/script>\n\t\t<\/div>\n\t<\/div>\n<\/div><\/div><\/div><\/div><div class=\"vc_row wpb_row vc_inner vc_row-fluid\"><div class=\"wpb_column vc_column_container vc_col-sm-12\"><div class=\"vc_column-inner\"><div class=\"wpb_wrapper\">\n\t<div class=\"wpb_raw_code wpb_raw_js\" >\n\t\t<div class=\"wpb_wrapper\">\n\t\t\t<script>\n\t( function( $ )\n\t{ let autoStd_Movil = \"#manual-estudiantes > .vc_tta-panel-heading > h4 > a\"; \n\t  if( typeof $( autoStd_Movil ) !== \"undefined\" && $( autoStd_Movil ).length )\n\t  { $( autoStd_Movil ).click( function( e )\n\t    { e.preventDefault();\n\t\t  setTimeout( function()\n\t\t  { if( $( '#manual-estudiantes' ).hasClass( 'vc_active' )) \/\/ true or false \n\t\t\t{ let redirect_to_this_url = 'https:\/\/www.uprp.edu\/articulos\/academicos\/departamentos\/deas\/tefi-english-version\/student-manual-pdf-page-8\/';\n\t\t\t  location.replace( redirect_to_this_url ); \n\t\t\t} else console.log( 'I can not found: - vc_active className' );\n\t\t  }, 500 );\n\t\t});\n\t  } else console.log( 'I can not found: autoStd_Movil' );\n\t})( jQuery );\n<\/script>\n\t\t<\/div>\n\t<\/div>\n<\/div><\/div><\/div><\/div><\/div><\/div><div class=\"vc_tta-panel\" id=\"students-outcomes\" data-vc-content=\".vc_tta-panel-body\"><div class=\"vc_tta-panel-heading\"><h4 class=\"vc_tta-panel-title\"><a href=\"#students-outcomes\" data-vc-accordion data-vc-container=\".vc_tta-container\"><i class=\"vc_tta-icon fas fa-paw\"><\/i><span class=\"vc_tta-title-text\">\"Students Outcomes\"<\/span><\/a><\/h4><\/div><div class=\"vc_tta-panel-body\"><div class=\"vc_row wpb_row vc_inner vc_row-fluid\"><div class=\"wpb_column vc_column_container vc_col-sm-12 vc_col-xs-12\"><div class=\"vc_column-inner\"><div class=\"wpb_wrapper\"><blockquote class=\"text-big shortcode-blockquote block-style-widget\"><h3 style=\"text-align: center\">\u00abStudents Outcomes\u00bb<\/h3>\n<\/blockquote><div class=\"ult-spacer spacer-6a9b7133294ef\" data-id=\"6a9b7133294ef\" data-height=\"10\" data-height-mobile=\"10\" data-height-tab=\"10\" data-height-tab-portrait=\"\" data-height-mobile-landscape=\"\" style=\"clear:both;display:block;\"><\/div>\n\t<div class=\"wpb_text_column wpb_content_element \" >\n\t\t<div class=\"wpb_wrapper\">\n\t\t\t<h4>El programa de la PTA sigue evaluando los resultados de los estudiantes. Se proporciona informaci\u00f3n sobre la tasa de graduaci\u00f3n, la tasa de aprobaci\u00f3n de licencia y la tasa de empleo. La tasa de empleo se eval\u00faa dentro de un a\u00f1o despu\u00e9s de la graduaci\u00f3n.<\/h4>\n\n\t\t<\/div>\n\t<\/div>\n<div class=\"ult-spacer spacer-6a9b713329665\" data-id=\"6a9b713329665\" data-height=\"10\" data-height-mobile=\"10\" data-height-tab=\"10\" data-height-tab-portrait=\"\" data-height-mobile-landscape=\"\" style=\"clear:both;display:block;\"><\/div>\n\t<div  class=\"wpb_single_image wpb_content_element vc_align_center\">\n\t\t\n\t\t<figure class=\"wpb_wrapper vc_figure\">\n\t\t\t\n<a\n\thref=\"https:\/\/www.upr.edu\/ponce\/wp-content\/uploads\/sites\/11\/2021\/11\/students-outcomes-2019-2020.pdf\"\n\t\t\tclass=\"vc_single_image-wrapper vc_box_rounded \"\n\t\t\t\ttitle=\"STUDENTS OUTCOMES 2019-2020\"\n\t>\n\t<img loading=\"lazy\" decoding=\"async\" width=\"980\" height=\"709\" src=\"https:\/\/www.uprp.edu\/wp-content\/uploads\/sites\/11\/2021\/11\/students-outcomes-2019-2020-1.jpg\" class=\"vc_single_image-img attachment-full\" alt=\"\" title=\"STUDENTS OUTCOMES 2019-2020\" srcset=\"https:\/\/www.uprp.edu\/wp-content\/uploads\/sites\/11\/2021\/11\/students-outcomes-2019-2020-1.jpg 980w, https:\/\/www.uprp.edu\/wp-content\/uploads\/sites\/11\/2021\/11\/students-outcomes-2019-2020-1-300x217.jpg 300w, https:\/\/www.uprp.edu\/wp-content\/uploads\/sites\/11\/2021\/11\/students-outcomes-2019-2020-1-768x556.jpg 768w\" sizes=\"(max-width: 980px) 100vw, 980px\" data-dt-location=\"https:\/\/www.uprp.edu\/en\/articulos\/academicos\/departamentos\/deas\/tefi-version-espanol\/students-outcomes-2019-2020-5\/\" \/><\/a>\n\n\t\t<\/figure>\n\t<\/div>\n<\/div><\/div><\/div><\/div><\/div><\/div><div class=\"vc_tta-panel\" id=\"solicitud-examen-revalida\" data-vc-content=\".vc_tta-panel-body\"><div class=\"vc_tta-panel-heading\"><h4 class=\"vc_tta-panel-title\"><a href=\"#solicitud-examen-revalida\" data-vc-accordion data-vc-container=\".vc_tta-container\"><i class=\"vc_tta-icon fas fa-paw\"><\/i><span class=\"vc_tta-title-text\">Solicitud Examen de Rev\u00e1lida<\/span><\/a><\/h4><\/div><div class=\"vc_tta-panel-body\"><div class=\"vc_row wpb_row vc_inner vc_row-fluid\"><div class=\"wpb_column vc_column_container vc_col-sm-12 vc_col-xs-12\"><div class=\"vc_column-inner\"><div class=\"wpb_wrapper\"><q class=\"h4-size shortcode-pullquote wf-cell align-left wf-1\"><h4 style=\"text-align: center\"><span style=\"color: #333333\">Formularios<\/span><\/h4>\n<\/q><\/div><\/div><\/div><\/div><div class=\"ult-spacer spacer-6a9b71332ab25\" data-id=\"6a9b71332ab25\" data-height=\"10\" data-height-mobile=\"10\" data-height-tab=\"10\" data-height-tab-portrait=\"\" data-height-mobile-landscape=\"\" style=\"clear:both;display:block;\"><\/div><div class=\"vc_row wpb_row vc_inner vc_row-fluid\"><div class=\"wpb_column vc_column_container vc_col-sm-12 vc_col-xs-12\"><div class=\"vc_column-inner\"><div class=\"wpb_wrapper\">\n\t<div class=\"wpb_text_column wpb_content_element \" >\n\t\t<div class=\"wpb_wrapper\">\n\t\t\t<p style=\"text-align: right\"><a href=\"https:\/\/www.uprp.edu\" class=\"su-button su-button-style-flat\" style=\"color:#333;background-color:#e7e7e7;border-color:#b9b9b9;border-radius:45px\" target=\"_blank\" onClick=\"this.href=&#039;https:\/\/www.uprp.edu\/wp-content\/uploads\/sites\/11\/2023\/07\/solicitud-para-examen-de-revalida.pdf&#039;; return confirm(&#039;Desea ver el documento en una nueva ventana?&#039;);\" rel=\"noreferrer noopener nofollow\"><span style=\"color:#333;padding:7px 22px;font-size:17px;line-height:26px;border-color:#efefef;border-radius:45px;text-shadow:none\"><i class=\"sui sui-file-pdf-o\" style=\"font-size:17px;color:#FFFFFF\"><\/i> Abrir en Nueva Ventana<\/span><\/a><\/p>\n\n\t\t<\/div>\n\t<\/div>\n\n\t<div class=\"wpb_text_column wpb_content_element \" >\n\t\t<div class=\"wpb_wrapper\">\n\t\t\t<p style=\"text-align: center\"><div class=\"su-document su-u-responsive-media-yes\"><iframe src=\"\/\/docs.google.com\/viewer?embedded=true&url=https:\/\/www.uprp.edu\/wp-content\/uploads\/sites\/11\/2023\/07\/solicitud-para-examen-de-revalida.pdf\" width=\"1200\" height=\"1200\" class=\"su-document myDocPDF4\" title=\"\"><\/iframe><\/div>\n\n\t\t<\/div>\n\t<\/div>\n\n\t<div class=\"wpb_raw_code wpb_raw_js\" >\n\t\t<div class=\"wpb_wrapper\">\n\t\t\t<script> (function( $ ){ setTimeout( function(){ \n\t  var myDocSrc, myDocUrl, myDocPDF = $( \"* > .su-document > .myDocPDF4\" );\n\t  \/\/ validar si esta en preview o en vivo!\n\t  if( myDocPDF.length > 0 || myDocPDF != null )\n\t  { if( typeof myDocPDF.attr( \"data-src\" ) !== \"undefined\" )\n\t    \t { myDocSrc = myDocPDF.attr( \"data-src\" ); console.info( \"data-src => \" + myDocSrc ); } \/\/ en vivo \n\t    else { myDocSrc = myDocPDF.attr( \"src\" ); console.info( \"src => \" + myDocSrc ); } \/\/ en preview \n\t    myDocUrl = myDocSrc.split( \"url=\" ); console.info( \"myDocUrl[0] => \" + myDocUrl[0] );\n\t    myDocPDF.attr( \"data-src\", myDocUrl[1] ); console.info( \"myDocUrl[1] => \" + myDocUrl[1] );\n\t    myDocPDF.attr( \"src\", myDocUrl[1] ); console.info( \"src => \" + myDocPDF.attr( \"src\" ));\n}}, 1000 ); })( jQuery ); <\/script>\n\t\t<\/div>\n\t<\/div>\n<\/div><\/div><\/div><\/div><\/div><\/div><div class=\"vc_tta-panel\" id=\"actividades-programa\" data-vc-content=\".vc_tta-panel-body\"><div class=\"vc_tta-panel-heading\"><h4 class=\"vc_tta-panel-title\"><a href=\"#actividades-programa\" data-vc-accordion data-vc-container=\".vc_tta-container\"><i class=\"vc_tta-icon fas fa-paw\"><\/i><span class=\"vc_tta-title-text\">Actividades del Programa<\/span><\/a><\/h4><\/div><div class=\"vc_tta-panel-body\"><q class=\"h4-size shortcode-pullquote wf-cell align-left wf-1\"><h4 style=\"text-align: center\"><span style=\"color: #333333\">Actividades del Programa<\/span><\/h4>\n<\/q><div class=\"ult-spacer spacer-6a9b71332b5af\" data-id=\"6a9b71332b5af\" data-height=\"10\" data-height-mobile=\"10\" data-height-tab=\"10\" data-height-tab-portrait=\"\" data-height-mobile-landscape=\"\" style=\"clear:both;display:block;\"><\/div><div class=\"vc_row wpb_row vc_inner vc_row-fluid\"><div class=\"wpb_column vc_column_container vc_col-sm-12 vc_col-lg-6 vc_col-md-6 vc_col-xs-12\"><div class=\"vc_column-inner\"><div class=\"wpb_wrapper\"><blockquote class=\"h4-size shortcode-blockquote block-style-widget\"><h3 style=\"text-align: center\"><span style=\"color: #333333\">\u00abCombined Section Meeting\u00bb<\/span><\/h3>\n<h3 style=\"text-align: center\">Febrero 2019<\/h3>\n<\/blockquote><div class=\"ult-spacer spacer-6a9b71332b8bd\" data-id=\"6a9b71332b8bd\" data-height=\"10\" data-height-mobile=\"10\" data-height-tab=\"10\" data-height-tab-portrait=\"\" data-height-mobile-landscape=\"\" style=\"clear:both;display:block;\"><\/div><\/div><\/div><\/div><div class=\"wpb_column vc_column_container vc_col-sm-12 vc_col-lg-6 vc_col-md-6 vc_col-xs-12\"><div class=\"vc_column-inner\"><div class=\"wpb_wrapper\"><blockquote class=\"h4-size shortcode-blockquote block-style-widget\"><h3 style=\"text-align: center\">Cl\u00ednica de Salud F\u00edsica<\/h3>\n<h3 style=\"text-align: center\">Octubre 2018<\/h3>\n<\/blockquote><div class=\"ult-spacer spacer-6a9b71332ba63\" data-id=\"6a9b71332ba63\" data-height=\"10\" data-height-mobile=\"10\" data-height-tab=\"10\" data-height-tab-portrait=\"\" data-height-mobile-landscape=\"\" style=\"clear:both;display:block;\"><\/div><\/div><\/div><\/div><\/div><div class=\"ult-spacer spacer-6a9b71332baa6\" data-id=\"6a9b71332baa6\" data-height=\"10\" data-height-mobile=\"10\" data-height-tab=\"10\" data-height-tab-portrait=\"\" data-height-mobile-landscape=\"\" style=\"clear:both;display:block;\"><\/div><\/div><\/div><div class=\"vc_tta-panel\" id=\"facultad-personal\" data-vc-content=\".vc_tta-panel-body\"><div class=\"vc_tta-panel-heading\"><h4 class=\"vc_tta-panel-title\"><a href=\"#facultad-personal\" data-vc-accordion data-vc-container=\".vc_tta-container\"><i class=\"vc_tta-icon fas fa-paw\"><\/i><span class=\"vc_tta-title-text\">Facultad y Personal Administrativo<\/span><\/a><\/h4><\/div><div class=\"vc_tta-panel-body\"><div class=\"vc_row wpb_row vc_inner vc_row-fluid\"><div class=\"wpb_column vc_column_container vc_col-sm-12 vc_col-xs-12\"><div class=\"vc_column-inner\"><div class=\"wpb_wrapper\"><q class=\"h4-size fadeInRightBig animate-element shortcode-pullquote wf-cell align-left wf-1\"><h3 style=\"text-align: center\"><span style=\"color: #333333\">Informaci\u00f3n\u00a0de Contacto<\/span><\/h3>\n<\/q><\/div><\/div><\/div><\/div><div class=\"ult-spacer spacer-6a9b71332c026\" data-id=\"6a9b71332c026\" data-height=\"10\" data-height-mobile=\"10\" data-height-tab=\"10\" data-height-tab-portrait=\"\" data-height-mobile-landscape=\"\" style=\"clear:both;display:block;\"><\/div><div class=\"vc_row wpb_row vc_inner vc_row-fluid\"><div class=\"wpb_column vc_column_container vc_col-sm-12 vc_col-lg-4 vc_col-md-4 vc_col-xs-12\"><div class=\"vc_column-inner\"><div class=\"wpb_wrapper\"><blockquote class=\"h5-size shortcode-blockquote block-style-widget\"><h5 style=\"text-align: center\"><span style=\"color: #333333\">Lunes a Viernes:<br \/>\n8:00 am &#8211; 4:30 pm<\/span><\/h5>\n<\/blockquote><\/div><\/div><\/div><div class=\"wpb_column vc_column_container vc_col-sm-12 vc_col-lg-4 vc_col-md-4 vc_col-xs-12\"><div class=\"vc_column-inner\"><div class=\"wpb_wrapper\"><blockquote class=\"h5-size shortcode-blockquote block-style-widget\"><h5 style=\"text-align: center\"><span style=\"color: #333333\">Edificio Acad\u00e9mico<br \/>\nRuth Fortu\u00f1o de Calzada<br \/>\n2do Piso &#8211; Oficina #232<\/span><\/h5>\n<\/blockquote><\/div><\/div><\/div><div class=\"wpb_column vc_column_container vc_col-sm-12 vc_col-lg-4 vc_col-md-4 vc_col-xs-12\"><div class=\"vc_column-inner\"><div class=\"wpb_wrapper\"><blockquote class=\"h5-size shortcode-blockquote block-style-widget\"><h5 style=\"text-align: center\"><span style=\"color: #333333\">Cuadro: (787) 844-8181<br \/>\nExts. 2414 y 2415<\/span><\/h5>\n<h5 style=\"text-align: center\">Para m\u00e1s informaci\u00f3n<br \/>\n<span style=\"color: #ff0000\"><a style=\"color: #ff0000\" href=\"http:\/\/www.uprp.edu\/articulos\/academicos\/departamentos\/estudios-aliados\/#facultad-personal\">pulse aqu\u00ed<\/a><\/span>.<\/h5>\n<\/blockquote><\/div><\/div><\/div><\/div><div class=\"ult-spacer spacer-6a9b71332c688\" data-id=\"6a9b71332c688\" data-height=\"10\" data-height-mobile=\"10\" data-height-tab=\"10\" data-height-tab-portrait=\"\" data-height-mobile-landscape=\"\" style=\"clear:both;display:block;\"><\/div><div class=\"vc_row wpb_row vc_inner vc_row-fluid\"><div class=\"wpb_column vc_column_container vc_col-sm-12 vc_col-lg-3 vc_col-md-3 vc_col-xs-12\"><div class=\"vc_column-inner\"><div class=\"wpb_wrapper\"><div class=\"ult-team-member-wrap ult-style-1 person  vc_custom_1719254468649\"><div class=\"ult-team-member-image\" style=\"\"> <img decoding=\"async\" class=\"\" src=\"https:\/\/www.uprp.edu\/wp-content\/uploads\/sites\/11\/2024\/06\/enrico-encarnacion.jpg\" alt=\"null\"  style=\"\"><span class=\"ult-team-member-image-overlay \"  ><\/span><\/div><div class=\"ult-team-member-bio-wrap style-1 ultimate-heading6a9b71332ce7c\" style=\"text-align:center;; \"><div class=\"ult-team-member-name-wrap\"><h2 class=\"ult-team-member-name ult-responsive\"  data-ultimate-target='.ult-team-member-bio-wrap.ultimate-heading6a9b71332ce7c .ult-team-member-name'  data-responsive-json-new='{\"font-size\":\"\",\"line-height\":\"\"}'  style=\"\">Prof. Enrico Encarnaci\u00f3n Col\u00f3n<\/h2><div class=\"ult-team-member-position ult-responsive\"  data-ultimate-target='.ult-team-member-bio-wrap.ultimate-heading6a9b71332ce7c .ult-team-member-position'  data-responsive-json-new='{\"font-size\":\"\",\"line-height\":\"\"}'  style=\"\">Director de Departamento<\/div><div class=\"ult-team-member-description ult-responsive\"  data-ultimate-target='.ult-team-member-bio-wrap.ultimate-heading6a9b71332ce7c .ult-team-member-description'  data-responsive-json-new='{\"font-size\":\"\",\"line-height\":\"\"}'  style=\"\"><div class=\"su-divider su-divider-style-default\" style=\"margin:5px 0;border-width:1px;border-color:#d9d9d9\"><\/div>\n<p>(787) 844-8181, ext. 2414<\/p><\/div><div style=\"margin-bottom:15px\"><\/div><\/div><\/div><\/div><div class=\"ult_exp_section_layer ult-adjust-bottom-margin email\" >\n\t\t<div id=\"uvc-exp-wrap-9319\" role=\"button\" tabindex=\"0\" aria-pressed=\"false\"  data-ultimate-target='#uvc-exp-wrap-9319'  data-responsive-json-new='{\"font-size\":\"desktop:12px;\",\"line-height\":\"desktop:20px;\"}'  class=\"ult_exp_section  ult-responsive \" style=\"color:#f9f9f9;background-color:#1e73be;font-family:Open Sans;font-weight:normal;font-style:normal;margin:0px;padding:2px;text-align:center;\" data-textcolor=\"#f9f9f9\"data-texthover=\"#f9f9f9\"data-icncolor=\"#f9f9f9\"data-ihover=\"#f9f9f9\"data-height=\"0\"data-cntbg=\"#1e73be\"data-cnthvrbg=\"#1e73be\"data-headerbg=\"#1e73be\"data-headerhover=\"#1e73be\"data-title=\"enrico.encarnacion@upr.edu\"data-newtitle=\"enrico.encarnacion@upr.edu\"data-icon=\"fas fa-mail-bulk\"data-newicon=\"fas fa-mail-bulk\"data-activeicon=\"#f9f9f9\"data-effect=\"slideToggle\"data-override=\"0\"data-activetitle=\"#f9f9f9\"data-activebg=\"#1e73be\"data-img=\"\"data-newimg=\"\"><div class=\"ult_exp_section-main ult_expleft_icon\">\t<div class=\"ult-just-icon-wrapper ult_exp_icon\">\n\t\t\t\t\t<div class=\"align-icon \">\n\t\t\t\t\t\t\n<span class=\"aio-icon  none  ult_expsection_icon \"  style=\"color:#f9f9f9;font-size:16px;\">\n\t<i class=\"fas fa-mail-bulk ult_ex_icon\"  ><\/i>\n<\/span>\n\t\t\t\t\t<\/div>\n\t\t\t\t<\/div>\n\t\t\t\t<div class=\"ult_expheader\" >enrico.encarnacion@upr.edu\n\t\t\t\t<\/div>\n\t\t\t<\/div>\n\t\t<\/div><div class=\"ult_exp_content \" style=\"background-color:#f9f9f9;padding:2px;margin:0px;\"><div class=\"ult_ecpsub_cont\" style=\" \" >\n\t<div class=\"wpb_text_column wpb_content_element \" >\n\t\t<div class=\"wpb_wrapper\">\n\t\t\t<blockquote>\n<h6 style=\"text-align: center\"><span style=\"color: #333333\">Contactar mediante:<br \/>\n(<span style=\"color: #3366ff\"><a style=\"color: #3366ff\" title=\"Enviar correo electr\u00f3nico a trav\u00e9s de la aplicaci\u00f3n instalada en su m\u00e1quina.\" href=\"mailto:enrico.encarnacion@upr.edu\">Mi PC<\/a><\/span> | <span style=\"color: #3366ff\"><a style=\"color: #3366ff\" title=\"Enviar correo electr\u00f3nico a trav\u00e9s de la aplicaci\u00f3n en l\u00ednea: Gmail.\" href=\"https:\/\/mail.google.com\/mail\/?to=enrico.encarnacion@upr.edu&amp;su=&amp;body=&amp;view=cm&amp;ui=2&amp;tf=0&amp;fs=1\" target=\"_blank\" rel=\"nofollow noopener noreferrer\">Gmail<\/a><\/span> | <span style=\"color: #3366ff\"><a style=\"color: #3366ff\" title=\"Enviar correo electr\u00f3nico a trav\u00e9s de la aplicaci\u00f3n en l\u00ednea: Outlook.\" href=\"https:\/\/outlook.office.com\/mail\/deeplink\/compose?to=enrico.encarnacion@upr.edu&amp;popoutv2=1\" target=\"_blank\" rel=\"nofollow noopener noreferrer\">Outlook<\/a><\/span>)<\/span><\/h6>\n<\/blockquote>\n\n\t\t<\/div>\n\t<\/div>\n<\/div><\/div>\n\n\t\t\t<\/div><\/div><\/div><\/div><div class=\"wpb_column vc_column_container vc_col-sm-12 vc_col-lg-3 vc_col-md-3 vc_col-xs-12\"><div class=\"vc_column-inner\"><div class=\"wpb_wrapper\"><div class=\"ult-team-member-wrap ult-style-1 person  vc_custom_1719256656108\"><div class=\"ult-team-member-image\" style=\"\"> <img decoding=\"async\" class=\"\" src=\"https:\/\/www.uprp.edu\/wp-content\/uploads\/sites\/11\/2024\/06\/jason-adames.jpg\" alt=\"null\"  style=\"\"><span class=\"ult-team-member-image-overlay \"  ><\/span><\/div><div class=\"ult-team-member-bio-wrap style-1 ultimate-heading6a9b71332d743\" style=\"text-align:center;padding:0px;; \"><div class=\"ult-team-member-name-wrap\"><h2 class=\"ult-team-member-name ult-responsive\"  data-ultimate-target='.ult-team-member-bio-wrap.ultimate-heading6a9b71332d743 .ult-team-member-name'  data-responsive-json-new='{\"font-size\":\"\",\"line-height\":\"\"}'  style=\"\">Dr. Jason Adames Vargas<\/h2><div class=\"ult-team-member-position ult-responsive\"  data-ultimate-target='.ult-team-member-bio-wrap.ultimate-heading6a9b71332d743 .ult-team-member-position'  data-responsive-json-new='{\"font-size\":\"\",\"line-height\":\"\"}'  style=\"\">Coordinador del Programa<\/div><div class=\"ult-team-member-description ult-responsive\"  data-ultimate-target='.ult-team-member-bio-wrap.ultimate-heading6a9b71332d743 .ult-team-member-description'  data-responsive-json-new='{\"font-size\":\"\",\"line-height\":\"\"}'  style=\"\"><div class=\"su-divider su-divider-style-default\" style=\"margin:5px 0;border-width:1px;border-color:#d9d9d9\"><\/div>\n<p>(787) 844-8181, ext. 2738<\/p><\/div><div style=\"margin-bottom:15px\"><\/div><\/div><\/div><\/div><div class=\"ult_exp_section_layer ult-adjust-bottom-margin email\" >\n\t\t<div id=\"uvc-exp-wrap-3676\" role=\"button\" tabindex=\"0\" aria-pressed=\"false\"  data-ultimate-target='#uvc-exp-wrap-3676'  data-responsive-json-new='{\"font-size\":\"desktop:12px;\",\"line-height\":\"desktop:20px;\"}'  class=\"ult_exp_section  ult-responsive \" style=\"color:#f9f9f9;background-color:#1e73be;font-family:Open Sans;font-weight:normal;font-style:normal;margin:0px;padding:2px;text-align:center;\" data-textcolor=\"#f9f9f9\"data-texthover=\"#f9f9f9\"data-icncolor=\"#f9f9f9\"data-ihover=\"#f9f9f9\"data-height=\"0\"data-cntbg=\"#1e73be\"data-cnthvrbg=\"#1e73be\"data-headerbg=\"#1e73be\"data-headerhover=\"#1e73be\"data-title=\"jason.adames@upr.edu\"data-newtitle=\"jason.adames@upr.edu\"data-icon=\"fas fa-mail-bulk\"data-newicon=\"fas fa-mail-bulk\"data-activeicon=\"#f9f9f9\"data-effect=\"slideToggle\"data-override=\"0\"data-activetitle=\"#f9f9f9\"data-activebg=\"#1e73be\"data-img=\"\"data-newimg=\"\"><div class=\"ult_exp_section-main ult_expleft_icon\">\t<div class=\"ult-just-icon-wrapper ult_exp_icon\">\n\t\t\t\t\t<div class=\"align-icon \">\n\t\t\t\t\t\t\n<span class=\"aio-icon  none  ult_expsection_icon \"  style=\"color:#f9f9f9;font-size:16px;\">\n\t<i class=\"fas fa-mail-bulk ult_ex_icon\"  ><\/i>\n<\/span>\n\t\t\t\t\t<\/div>\n\t\t\t\t<\/div>\n\t\t\t\t<div class=\"ult_expheader\" >jason.adames@upr.edu\n\t\t\t\t<\/div>\n\t\t\t<\/div>\n\t\t<\/div><div class=\"ult_exp_content \" style=\"background-color:#f9f9f9;padding:2px;margin:0px;\"><div class=\"ult_ecpsub_cont\" style=\" \" >\n\t<div class=\"wpb_text_column wpb_content_element \" >\n\t\t<div class=\"wpb_wrapper\">\n\t\t\t<blockquote>\n<h6 style=\"text-align: center\"><span style=\"color: #333333\">Contactar mediante:<br \/>\n(<span style=\"color: #3366ff\"><a style=\"color: #3366ff\" title=\"Enviar correo electr\u00f3nico a trav\u00e9s de la aplicaci\u00f3n instalada en su m\u00e1quina.\" href=\"mailto:jason.adames@upr.edu\">Mi PC<\/a><\/span> | <span style=\"color: #3366ff\"><a style=\"color: #3366ff\" title=\"Enviar correo electr\u00f3nico a trav\u00e9s de la aplicaci\u00f3n en l\u00ednea: Gmail.\" href=\"https:\/\/mail.google.com\/mail\/?to=jason.adames@upr.edu&amp;su=&amp;body=&amp;view=cm&amp;ui=2&amp;tf=0&amp;fs=1\" target=\"_blank\" rel=\"nofollow noopener noreferrer\">Gmail<\/a><\/span> | <span style=\"color: #3366ff\"><a style=\"color: #3366ff\" title=\"Enviar correo electr\u00f3nico a trav\u00e9s de la aplicaci\u00f3n en l\u00ednea: Outlook.\" href=\"https:\/\/outlook.office.com\/mail\/deeplink\/compose?to=jason.adames@upr.edu&amp;popoutv2=1\" target=\"_blank\" rel=\"nofollow noopener noreferrer\">Outlook<\/a><\/span>)<\/span><\/h6>\n<\/blockquote>\n\n\t\t<\/div>\n\t<\/div>\n<\/div><\/div>\n\n\t\t\t<\/div><\/div><\/div><\/div><div class=\"wpb_column vc_column_container vc_col-sm-12 vc_col-lg-3 vc_col-md-3 vc_col-xs-12\"><div class=\"vc_column-inner\"><div class=\"wpb_wrapper\"><div class=\"ult-team-member-wrap ult-style-1 person  vc_custom_1719256663700\"><div class=\"ult-team-member-image\" style=\"\"> <img decoding=\"async\" class=\"\" src=\"https:\/\/www.uprp.edu\/wp-content\/uploads\/sites\/11\/2024\/06\/alma-ortiz.jpg\" alt=\"null\"  style=\"\"><span class=\"ult-team-member-image-overlay \"  ><\/span><\/div><div class=\"ult-team-member-bio-wrap style-1 ultimate-heading6a9b71332df35\" style=\"text-align:center;padding:0px;; \"><div class=\"ult-team-member-name-wrap\"><h2 class=\"ult-team-member-name ult-responsive\"  data-ultimate-target='.ult-team-member-bio-wrap.ultimate-heading6a9b71332df35 .ult-team-member-name'  data-responsive-json-new='{\"font-size\":\"\",\"line-height\":\"\"}'  style=\"\">Dra. Alma Ortiz Nieves<\/h2><div class=\"ult-team-member-position ult-responsive\"  data-ultimate-target='.ult-team-member-bio-wrap.ultimate-heading6a9b71332df35 .ult-team-member-position'  data-responsive-json-new='{\"font-size\":\"\",\"line-height\":\"\"}'  style=\"\">Catedr\u00e1tica Asociada<\/div><div class=\"ult-team-member-description ult-responsive\"  data-ultimate-target='.ult-team-member-bio-wrap.ultimate-heading6a9b71332df35 .ult-team-member-description'  data-responsive-json-new='{\"font-size\":\"\",\"line-height\":\"\"}'  style=\"\"><div class=\"su-divider su-divider-style-default\" style=\"margin:5px 0;border-width:1px;border-color:#d9d9d9\"><\/div>\n<p>(787) 844-8181, ext. 2739<\/p><\/div><div style=\"margin-bottom:15px\"><\/div><\/div><\/div><\/div><div class=\"ult_exp_section_layer ult-adjust-bottom-margin email\" >\n\t\t<div id=\"uvc-exp-wrap-8062\" role=\"button\" tabindex=\"0\" aria-pressed=\"false\"  data-ultimate-target='#uvc-exp-wrap-8062'  data-responsive-json-new='{\"font-size\":\"desktop:12px;\",\"line-height\":\"desktop:20px;\"}'  class=\"ult_exp_section  ult-responsive \" style=\"color:#f9f9f9;background-color:#1e73be;font-family:Open Sans;font-weight:normal;font-style:normal;margin:0px;padding:2px;text-align:center;\" data-textcolor=\"#f9f9f9\"data-texthover=\"#f9f9f9\"data-icncolor=\"#f9f9f9\"data-ihover=\"#f9f9f9\"data-height=\"0\"data-cntbg=\"#1e73be\"data-cnthvrbg=\"#1e73be\"data-headerbg=\"#1e73be\"data-headerhover=\"#1e73be\"data-title=\"alma.ortiz@upr.edu\"data-newtitle=\"alma.ortiz@upr.edu\"data-icon=\"fas fa-mail-bulk\"data-newicon=\"fas fa-mail-bulk\"data-activeicon=\"#f9f9f9\"data-effect=\"slideToggle\"data-override=\"0\"data-activetitle=\"#f9f9f9\"data-activebg=\"#1e73be\"data-img=\"\"data-newimg=\"\"><div class=\"ult_exp_section-main ult_expleft_icon\">\t<div class=\"ult-just-icon-wrapper ult_exp_icon\">\n\t\t\t\t\t<div class=\"align-icon \">\n\t\t\t\t\t\t\n<span class=\"aio-icon  none  ult_expsection_icon \"  style=\"color:#f9f9f9;font-size:16px;\">\n\t<i class=\"fas fa-mail-bulk ult_ex_icon\"  ><\/i>\n<\/span>\n\t\t\t\t\t<\/div>\n\t\t\t\t<\/div>\n\t\t\t\t<div class=\"ult_expheader\" >alma.ortiz@upr.edu\n\t\t\t\t<\/div>\n\t\t\t<\/div>\n\t\t<\/div><div class=\"ult_exp_content \" style=\"background-color:#f9f9f9;padding:2px;margin:0px;\"><div class=\"ult_ecpsub_cont\" style=\" \" >\n\t<div class=\"wpb_text_column wpb_content_element \" >\n\t\t<div class=\"wpb_wrapper\">\n\t\t\t<blockquote>\n<h6 style=\"text-align: center\"><span style=\"color: #333333\">Contactar mediante:<br \/>\n(<span style=\"color: #3366ff\"><a style=\"color: #3366ff\" title=\"Enviar correo electr\u00f3nico a trav\u00e9s de la aplicaci\u00f3n instalada en su m\u00e1quina.\" href=\"mailto:alma.ortiz@upr.edu\">Mi PC<\/a><\/span> | <span style=\"color: #3366ff\"><a style=\"color: #3366ff\" title=\"Enviar correo electr\u00f3nico a trav\u00e9s de la aplicaci\u00f3n en l\u00ednea: Gmail.\" href=\"https:\/\/mail.google.com\/mail\/?to=alma.ortiz@upr.edu&amp;su=&amp;body=&amp;view=cm&amp;ui=2&amp;tf=0&amp;fs=1\" target=\"_blank\" rel=\"nofollow noopener noreferrer\">Gmail<\/a><\/span> | <span style=\"color: #3366ff\"><a style=\"color: #3366ff\" title=\"Enviar correo electr\u00f3nico a trav\u00e9s de la aplicaci\u00f3n en l\u00ednea: Outlook.\" href=\"https:\/\/outlook.office.com\/mail\/deeplink\/compose?to=alma.ortiz@upr.edu&amp;popoutv2=1\" target=\"_blank\" rel=\"nofollow noopener noreferrer\">Outlook<\/a><\/span>)<\/span><\/h6>\n<\/blockquote>\n\n\t\t<\/div>\n\t<\/div>\n<\/div><\/div>\n\n\t\t\t<\/div><\/div><\/div><\/div><div class=\"wpb_column vc_column_container vc_col-sm-12 vc_col-lg-3 vc_col-md-3 vc_col-xs-12\"><div class=\"vc_column-inner\"><div class=\"wpb_wrapper\"><div class=\"ult-team-member-wrap ult-style-1 person  vc_custom_1719256697643\"><div class=\"ult-team-member-image\" style=\"\"> <img decoding=\"async\" class=\"\" src=\"https:\/\/www.uprp.edu\/wp-content\/uploads\/sites\/11\/2024\/06\/carmen-soto.jpg\" alt=\"null\"  style=\"\"><span class=\"ult-team-member-image-overlay \"  ><\/span><\/div><div class=\"ult-team-member-bio-wrap style-1 ultimate-heading6a9b71332e87e\" style=\"text-align:center;padding:0px;; \"><div class=\"ult-team-member-name-wrap\"><h2 class=\"ult-team-member-name ult-responsive\"  data-ultimate-target='.ult-team-member-bio-wrap.ultimate-heading6a9b71332e87e .ult-team-member-name'  data-responsive-json-new='{\"font-size\":\"\",\"line-height\":\"\"}'  style=\"\">Dra. Carmen Soto Ortiz<\/h2><div class=\"ult-team-member-position ult-responsive\"  data-ultimate-target='.ult-team-member-bio-wrap.ultimate-heading6a9b71332e87e .ult-team-member-position'  data-responsive-json-new='{\"font-size\":\"\",\"line-height\":\"\"}'  style=\"\">Catedr\u00e1tica<\/div><div class=\"ult-team-member-description ult-responsive\"  data-ultimate-target='.ult-team-member-bio-wrap.ultimate-heading6a9b71332e87e .ult-team-member-description'  data-responsive-json-new='{\"font-size\":\"\",\"line-height\":\"\"}'  style=\"\"><div class=\"su-divider su-divider-style-default\" style=\"margin:5px 0;border-width:1px;border-color:#d9d9d9\"><\/div>\n<p>(787) 844-8181, ext. 2739<\/p><\/div><div style=\"margin-bottom:15px\"><\/div><\/div><\/div><\/div><div class=\"ult_exp_section_layer ult-adjust-bottom-margin email\" >\n\t\t<div id=\"uvc-exp-wrap-3207\" role=\"button\" tabindex=\"0\" aria-pressed=\"false\"  data-ultimate-target='#uvc-exp-wrap-3207'  data-responsive-json-new='{\"font-size\":\"desktop:12px;\",\"line-height\":\"desktop:20px;\"}'  class=\"ult_exp_section  ult-responsive \" style=\"color:#f9f9f9;background-color:#1e73be;font-family:Open Sans;font-weight:normal;font-style:normal;margin:0px;padding:2px;text-align:center;\" data-textcolor=\"#f9f9f9\"data-texthover=\"#f9f9f9\"data-icncolor=\"#f9f9f9\"data-ihover=\"#f9f9f9\"data-height=\"0\"data-cntbg=\"#1e73be\"data-cnthvrbg=\"#1e73be\"data-headerbg=\"#1e73be\"data-headerhover=\"#1e73be\"data-title=\"carmen.soto1@upr.edu\"data-newtitle=\"carmen.soto1@upr.edu\"data-icon=\"fas fa-mail-bulk\"data-newicon=\"fas fa-mail-bulk\"data-activeicon=\"#f9f9f9\"data-effect=\"slideToggle\"data-override=\"0\"data-activetitle=\"#f9f9f9\"data-activebg=\"#1e73be\"data-img=\"\"data-newimg=\"\"><div class=\"ult_exp_section-main ult_expleft_icon\">\t<div class=\"ult-just-icon-wrapper ult_exp_icon\">\n\t\t\t\t\t<div class=\"align-icon \">\n\t\t\t\t\t\t\n<span class=\"aio-icon  none  ult_expsection_icon \"  style=\"color:#f9f9f9;font-size:16px;\">\n\t<i class=\"fas fa-mail-bulk ult_ex_icon\"  ><\/i>\n<\/span>\n\t\t\t\t\t<\/div>\n\t\t\t\t<\/div>\n\t\t\t\t<div class=\"ult_expheader\" >carmen.soto1@upr.edu\n\t\t\t\t<\/div>\n\t\t\t<\/div>\n\t\t<\/div><div class=\"ult_exp_content \" style=\"background-color:#f9f9f9;padding:2px;margin:0px;\"><div class=\"ult_ecpsub_cont\" style=\" \" >\n\t<div class=\"wpb_text_column wpb_content_element \" >\n\t\t<div class=\"wpb_wrapper\">\n\t\t\t<blockquote>\n<h6 style=\"text-align: center\"><span style=\"color: #333333\">Contactar mediante:<br \/>\n(<span style=\"color: #3366ff\"><a style=\"color: #3366ff\" title=\"Enviar correo electr\u00f3nico a trav\u00e9s de la aplicaci\u00f3n instalada en su m\u00e1quina.\" href=\"mailto:carmen.soto1@upr.edu\">Mi PC<\/a><\/span> | <span style=\"color: #3366ff\"><a style=\"color: #3366ff\" title=\"Enviar correo electr\u00f3nico a trav\u00e9s de la aplicaci\u00f3n en l\u00ednea: Gmail.\" href=\"https:\/\/mail.google.com\/mail\/?to=carmen.soto1@upr.edu&amp;su=&amp;body=&amp;view=cm&amp;ui=2&amp;tf=0&amp;fs=1\" target=\"_blank\" rel=\"nofollow noopener noreferrer\">Gmail<\/a><\/span> | <span style=\"color: #3366ff\"><a style=\"color: #3366ff\" title=\"Enviar correo electr\u00f3nico a trav\u00e9s de la aplicaci\u00f3n en l\u00ednea: Outlook.\" href=\"https:\/\/outlook.office.com\/mail\/deeplink\/compose?to=carmen.soto1@upr.edu&amp;popoutv2=1\" target=\"_blank\" rel=\"nofollow noopener noreferrer\">Outlook<\/a><\/span>)<\/span><\/h6>\n<\/blockquote>\n\n\t\t<\/div>\n\t<\/div>\n<\/div><\/div>\n\n\t\t\t<\/div><\/div><\/div><\/div><\/div><div class=\"ult-spacer spacer-6a9b71332ecc1\" data-id=\"6a9b71332ecc1\" data-height=\"10\" data-height-mobile=\"10\" data-height-tab=\"10\" data-height-tab-portrait=\"\" data-height-mobile-landscape=\"\" style=\"clear:both;display:block;\"><\/div><div class=\"vc_row wpb_row vc_inner vc_row-fluid\"><div class=\"wpb_column vc_column_container vc_col-sm-12 vc_col-lg-3 vc_col-md-3 vc_col-xs-12\"><div class=\"vc_column-inner\"><div class=\"wpb_wrapper\"><div class=\"ult-team-member-wrap ult-style-1 person  vc_custom_1719405750002\"><div class=\"ult-team-member-image\" style=\"\"> <img decoding=\"async\" class=\"\" src=\"https:\/\/www.uprp.edu\/wp-content\/uploads\/sites\/11\/2024\/06\/yesenia-castillo.jpg\" alt=\"null\"  style=\"\"><span class=\"ult-team-member-image-overlay \"  ><\/span><\/div><div class=\"ult-team-member-bio-wrap style-1 ultimate-heading6a9b71332f2d3\" style=\"text-align:center;padding:0px;; \"><div class=\"ult-team-member-name-wrap\"><h2 class=\"ult-team-member-name ult-responsive\"  data-ultimate-target='.ult-team-member-bio-wrap.ultimate-heading6a9b71332f2d3 .ult-team-member-name'  data-responsive-json-new='{\"font-size\":\"\",\"line-height\":\"\"}'  style=\"\">Dra. Yesenia Castillo Ocampo<\/h2><div class=\"ult-team-member-position ult-responsive\"  data-ultimate-target='.ult-team-member-bio-wrap.ultimate-heading6a9b71332f2d3 .ult-team-member-position'  data-responsive-json-new='{\"font-size\":\"\",\"line-height\":\"\"}'  style=\"\">Catedr\u00e1tica Auxiliar<\/div><div class=\"ult-team-member-description ult-responsive\"  data-ultimate-target='.ult-team-member-bio-wrap.ultimate-heading6a9b71332f2d3 .ult-team-member-description'  data-responsive-json-new='{\"font-size\":\"\",\"line-height\":\"\"}'  style=\"\"><div class=\"su-divider su-divider-style-default\" style=\"margin:5px 0;border-width:1px;border-color:#d9d9d9\"><\/div>\n<p>(787) 844-8181, ext. 2738<\/p><\/div><div style=\"margin-bottom:15px\"><\/div><\/div><\/div><\/div><div class=\"ult_exp_section_layer ult-adjust-bottom-margin email\" >\n\t\t<div id=\"uvc-exp-wrap-4413\" role=\"button\" tabindex=\"0\" aria-pressed=\"false\"  data-ultimate-target='#uvc-exp-wrap-4413'  data-responsive-json-new='{\"font-size\":\"desktop:12px;\",\"line-height\":\"desktop:20px;\"}'  class=\"ult_exp_section  ult-responsive \" style=\"color:#f9f9f9;background-color:#1e73be;font-family:Open Sans;font-weight:normal;font-style:normal;margin:0px;padding:2px;text-align:center;\" data-textcolor=\"#f9f9f9\"data-texthover=\"#f9f9f9\"data-icncolor=\"#f9f9f9\"data-ihover=\"#f9f9f9\"data-height=\"0\"data-cntbg=\"#1e73be\"data-cnthvrbg=\"#1e73be\"data-headerbg=\"#1e73be\"data-headerhover=\"#1e73be\"data-title=\"yesenia.castillo1@upr.edu\"data-newtitle=\"yesenia.castillo1@upr.edu\"data-icon=\"fas fa-mail-bulk\"data-newicon=\"fas fa-mail-bulk\"data-activeicon=\"#f9f9f9\"data-effect=\"slideToggle\"data-override=\"0\"data-activetitle=\"#f9f9f9\"data-activebg=\"#1e73be\"data-img=\"\"data-newimg=\"\"><div class=\"ult_exp_section-main ult_expleft_icon\">\t<div class=\"ult-just-icon-wrapper ult_exp_icon\">\n\t\t\t\t\t<div class=\"align-icon \">\n\t\t\t\t\t\t\n<span class=\"aio-icon  none  ult_expsection_icon \"  style=\"color:#f9f9f9;font-size:16px;\">\n\t<i class=\"fas fa-mail-bulk ult_ex_icon\"  ><\/i>\n<\/span>\n\t\t\t\t\t<\/div>\n\t\t\t\t<\/div>\n\t\t\t\t<div class=\"ult_expheader\" >yesenia.castillo1@upr.edu\n\t\t\t\t<\/div>\n\t\t\t<\/div>\n\t\t<\/div><div class=\"ult_exp_content \" style=\"background-color:#f9f9f9;padding:2px;margin:0px;\"><div class=\"ult_ecpsub_cont\" style=\" \" >\n\t<div class=\"wpb_text_column wpb_content_element \" >\n\t\t<div class=\"wpb_wrapper\">\n\t\t\t<blockquote>\n<h6 style=\"text-align: center\"><span style=\"color: #333333\">Contactar mediante:<br \/>\n(<span style=\"color: #3366ff\"><a style=\"color: #3366ff\" title=\"Enviar correo electr\u00f3nico a trav\u00e9s de la aplicaci\u00f3n instalada en su m\u00e1quina.\" href=\"mailto:edelmarie.rivera@upr.edu\">Mi PC<\/a><\/span> | <span style=\"color: #3366ff\"><a style=\"color: #3366ff\" title=\"Enviar correo electr\u00f3nico a trav\u00e9s de la aplicaci\u00f3n en l\u00ednea: Gmail.\" href=\"https:\/\/mail.google.com\/mail\/?to=edelmarie.rivera@upr.edu&amp;su=&amp;body=&amp;view=cm&amp;ui=2&amp;tf=0&amp;fs=1\" target=\"_blank\" rel=\"nofollow noopener noreferrer\">Gmail<\/a><\/span> | <span style=\"color: #3366ff\"><a style=\"color: #3366ff\" title=\"Enviar correo electr\u00f3nico a trav\u00e9s de la aplicaci\u00f3n en l\u00ednea: Outlook.\" href=\"https:\/\/outlook.office.com\/mail\/deeplink\/compose?to=edelmarie.rivera@upr.edu&amp;popoutv2=1\" target=\"_blank\" rel=\"nofollow noopener noreferrer\">Outlook<\/a><\/span>)<\/span><\/h6>\n<\/blockquote>\n\n\t\t<\/div>\n\t<\/div>\n<\/div><\/div>\n\n\t\t\t<\/div><\/div><\/div><\/div><div class=\"wpb_column vc_column_container vc_col-sm-3\"><div class=\"vc_column-inner\"><div class=\"wpb_wrapper\"><div class=\"ult-team-member-wrap ult-style-1 person  vc_custom_1719256759797\"><div class=\"ult-team-member-image\" style=\"\"> <img decoding=\"async\" class=\"\" src=\"https:\/\/www.uprp.edu\/wp-content\/uploads\/sites\/11\/2024\/06\/fernando-rodriguez.jpg\" alt=\"null\"  style=\"\"><span class=\"ult-team-member-image-overlay \"  ><\/span><\/div><div class=\"ult-team-member-bio-wrap style-1 ultimate-heading6a9b71332faa7\" style=\"text-align:center;padding:0px;; \"><div class=\"ult-team-member-name-wrap\"><h2 class=\"ult-team-member-name ult-responsive\"  data-ultimate-target='.ult-team-member-bio-wrap.ultimate-heading6a9b71332faa7 .ult-team-member-name'  data-responsive-json-new='{\"font-size\":\"\",\"line-height\":\"\"}'  style=\"\">Dr. Fernando Rodriguez Rodriguez<\/h2><div class=\"ult-team-member-position ult-responsive\"  data-ultimate-target='.ult-team-member-bio-wrap.ultimate-heading6a9b71332faa7 .ult-team-member-position'  data-responsive-json-new='{\"font-size\":\"\",\"line-height\":\"\"}'  style=\"\">Catedr\u00e1tico<\/div><div class=\"ult-team-member-description ult-responsive\"  data-ultimate-target='.ult-team-member-bio-wrap.ultimate-heading6a9b71332faa7 .ult-team-member-description'  data-responsive-json-new='{\"font-size\":\"\",\"line-height\":\"\"}'  style=\"\"><div class=\"su-divider su-divider-style-default\" style=\"margin:5px 0;border-width:1px;border-color:#d9d9d9\"><\/div>\n<p>(787) 844-8181, ext. 2438<\/p><\/div><div style=\"margin-bottom:15px\"><\/div><\/div><\/div><\/div><div class=\"ult_exp_section_layer ult-adjust-bottom-margin email\" >\n\t\t<div id=\"uvc-exp-wrap-8534\" role=\"button\" tabindex=\"0\" aria-pressed=\"false\"  data-ultimate-target='#uvc-exp-wrap-8534'  data-responsive-json-new='{\"font-size\":\"desktop:12px;\",\"line-height\":\"desktop:20px;\"}'  class=\"ult_exp_section  ult-responsive \" style=\"color:#f9f9f9;background-color:#1e73be;font-family:Open Sans;font-weight:normal;font-style:normal;margin:0px;padding:2px;text-align:center;\" data-textcolor=\"#f9f9f9\"data-texthover=\"#f9f9f9\"data-icncolor=\"#f9f9f9\"data-ihover=\"#f9f9f9\"data-height=\"0\"data-cntbg=\"#1e73be\"data-cnthvrbg=\"#1e73be\"data-headerbg=\"#1e73be\"data-headerhover=\"#1e73be\"data-title=\"fernando.rodriguez5@upr.edu\"data-newtitle=\"fernando.rodriguez5@upr.edu\"data-icon=\"fas fa-mail-bulk\"data-newicon=\"fas fa-mail-bulk\"data-activeicon=\"#f9f9f9\"data-effect=\"slideToggle\"data-override=\"0\"data-activetitle=\"#f9f9f9\"data-activebg=\"#1e73be\"data-img=\"\"data-newimg=\"\"><div class=\"ult_exp_section-main ult_expleft_icon\">\t<div class=\"ult-just-icon-wrapper ult_exp_icon\">\n\t\t\t\t\t<div class=\"align-icon \">\n\t\t\t\t\t\t\n<span class=\"aio-icon  none  ult_expsection_icon \"  style=\"color:#f9f9f9;font-size:16px;\">\n\t<i class=\"fas fa-mail-bulk ult_ex_icon\"  ><\/i>\n<\/span>\n\t\t\t\t\t<\/div>\n\t\t\t\t<\/div>\n\t\t\t\t<div class=\"ult_expheader\" >fernando.rodriguez5@upr.edu\n\t\t\t\t<\/div>\n\t\t\t<\/div>\n\t\t<\/div><div class=\"ult_exp_content \" style=\"background-color:#f9f9f9;padding:2px;margin:0px;\"><div class=\"ult_ecpsub_cont\" style=\" \" >\n\t<div class=\"wpb_text_column wpb_content_element \" >\n\t\t<div class=\"wpb_wrapper\">\n\t\t\t<blockquote>\n<h6 style=\"text-align: center\"><span style=\"color: #333333\">Contactar mediante:<br \/>\n(<span style=\"color: #3366ff\"><a style=\"color: #3366ff\" title=\"Enviar correo electr\u00f3nico a trav\u00e9s de la aplicaci\u00f3n instalada en su m\u00e1quina.\" href=\"mailto:fernando.rodriguez5@upr.edu\">Mi PC<\/a><\/span> | <span style=\"color: #3366ff\"><a style=\"color: #3366ff\" title=\"Enviar correo electr\u00f3nico a trav\u00e9s de la aplicaci\u00f3n en l\u00ednea: Gmail.\" href=\"https:\/\/mail.google.com\/mail\/?to=fernando.rodriguez5@upr.edu&amp;su=&amp;body=&amp;view=cm&amp;ui=2&amp;tf=0&amp;fs=1\" target=\"_blank\" rel=\"nofollow noopener noreferrer\">Gmail<\/a><\/span> | <span style=\"color: #3366ff\"><a style=\"color: #3366ff\" title=\"Enviar correo electr\u00f3nico a trav\u00e9s de la aplicaci\u00f3n en l\u00ednea: Outlook.\" href=\"https:\/\/outlook.office.com\/mail\/deeplink\/compose?to=fernando.rodriguez5@upr.edu&amp;popoutv2=1\" target=\"_blank\" rel=\"nofollow noopener noreferrer\">Outlook<\/a><\/span>)<\/span><\/h6>\n<\/blockquote>\n\n\t\t<\/div>\n\t<\/div>\n<\/div><\/div>\n\n\t\t\t<\/div><\/div><\/div><\/div><div class=\"wpb_column vc_column_container vc_col-sm-12 vc_col-lg-3 vc_col-md-3 vc_col-xs-12\"><div class=\"vc_column-inner\"><div class=\"wpb_wrapper\"><div class=\"ult-team-member-wrap ult-style-1 person  vc_custom_1719256778212\"><div class=\"ult-team-member-image\" style=\"\"> <img decoding=\"async\" class=\"\" src=\"https:\/\/www.uprp.edu\/wp-content\/uploads\/sites\/11\/2024\/06\/enid-vidal.jpg\" alt=\"null\"  style=\"\"><span class=\"ult-team-member-image-overlay \"  ><\/span><\/div><div class=\"ult-team-member-bio-wrap style-1 ultimate-heading6a9b71333026f\" style=\"text-align:center;padding:0px;; \"><div class=\"ult-team-member-name-wrap\"><h2 class=\"ult-team-member-name ult-responsive\"  data-ultimate-target='.ult-team-member-bio-wrap.ultimate-heading6a9b71333026f .ult-team-member-name'  data-responsive-json-new='{\"font-size\":\"\",\"line-height\":\"\"}'  style=\"\">Sra. Enid A. Vidal Orengo<\/h2><div class=\"ult-team-member-position ult-responsive\"  data-ultimate-target='.ult-team-member-bio-wrap.ultimate-heading6a9b71333026f .ult-team-member-position'  data-responsive-json-new='{\"font-size\":\"\",\"line-height\":\"\"}'  style=\"\">Secretaria Administrativa IV<\/div><div class=\"ult-team-member-description ult-responsive\"  data-ultimate-target='.ult-team-member-bio-wrap.ultimate-heading6a9b71333026f .ult-team-member-description'  data-responsive-json-new='{\"font-size\":\"\",\"line-height\":\"\"}'  style=\"\"><div class=\"su-divider su-divider-style-default\" style=\"margin:5px 0;border-width:1px;border-color:#d9d9d9\"><\/div>\n<p>(787) 844-8181, ext. 2415<\/p><\/div><div style=\"margin-bottom:15px\"><\/div><\/div><\/div><\/div><div class=\"ult_exp_section_layer ult-adjust-bottom-margin email\" >\n\t\t<div id=\"uvc-exp-wrap-8518\" role=\"button\" tabindex=\"0\" aria-pressed=\"false\"  data-ultimate-target='#uvc-exp-wrap-8518'  data-responsive-json-new='{\"font-size\":\"desktop:12px;\",\"line-height\":\"desktop:20px;\"}'  class=\"ult_exp_section  ult-responsive \" style=\"color:#f9f9f9;background-color:#1e73be;font-family:Open Sans;font-weight:normal;font-style:normal;margin:0px;padding:2px;text-align:center;\" data-textcolor=\"#f9f9f9\"data-texthover=\"#f9f9f9\"data-icncolor=\"#f9f9f9\"data-ihover=\"#f9f9f9\"data-height=\"0\"data-cntbg=\"#1e73be\"data-cnthvrbg=\"#1e73be\"data-headerbg=\"#1e73be\"data-headerhover=\"#1e73be\"data-title=\"enid.vidal@upr.edu\"data-newtitle=\"enid.vidal@upr.edu\"data-icon=\"fas fa-mail-bulk\"data-newicon=\"fas fa-mail-bulk\"data-activeicon=\"#f9f9f9\"data-effect=\"slideToggle\"data-override=\"0\"data-activetitle=\"#f9f9f9\"data-activebg=\"#1e73be\"data-img=\"\"data-newimg=\"\"><div class=\"ult_exp_section-main ult_expleft_icon\">\t<div class=\"ult-just-icon-wrapper ult_exp_icon\">\n\t\t\t\t\t<div class=\"align-icon \">\n\t\t\t\t\t\t\n<span class=\"aio-icon  none  ult_expsection_icon \"  style=\"color:#f9f9f9;font-size:16px;\">\n\t<i class=\"fas fa-mail-bulk ult_ex_icon\"  ><\/i>\n<\/span>\n\t\t\t\t\t<\/div>\n\t\t\t\t<\/div>\n\t\t\t\t<div class=\"ult_expheader\" >enid.vidal@upr.edu\n\t\t\t\t<\/div>\n\t\t\t<\/div>\n\t\t<\/div><div class=\"ult_exp_content \" style=\"background-color:#f9f9f9;padding:2px;margin:0px;\"><div class=\"ult_ecpsub_cont\" style=\" \" >\n\t<div class=\"wpb_text_column wpb_content_element \" >\n\t\t<div class=\"wpb_wrapper\">\n\t\t\t<blockquote>\n<h6 style=\"text-align: center\"><span style=\"color: #333333\">Contactar mediante:<br \/>\n(<span style=\"color: #3366ff\"><a style=\"color: #3366ff\" title=\"Enviar correo electr\u00f3nico a trav\u00e9s de la aplicaci\u00f3n instalada en su m\u00e1quina.\" href=\"mailto:enid.vidal@upr.edu\">Mi PC<\/a><\/span> | <span style=\"color: #3366ff\"><a style=\"color: #3366ff\" title=\"Enviar correo electr\u00f3nico a trav\u00e9s de la aplicaci\u00f3n en l\u00ednea: Gmail.\" href=\"https:\/\/mail.google.com\/mail\/?to=enid.vidal@upr.edu&amp;su=&amp;body=&amp;view=cm&amp;ui=2&amp;tf=0&amp;fs=1\" target=\"_blank\" rel=\"nofollow noopener noreferrer\">Gmail<\/a><\/span> | <span style=\"color: #3366ff\"><a style=\"color: #3366ff\" title=\"Enviar correo electr\u00f3nico a trav\u00e9s de la aplicaci\u00f3n en l\u00ednea: Outlook.\" href=\"https:\/\/outlook.office.com\/mail\/deeplink\/compose?to=enid.vidal@upr.edu&amp;popoutv2=1\" target=\"_blank\" rel=\"nofollow noopener noreferrer\">Outlook<\/a><\/span>)<\/span><\/h6>\n<\/blockquote>\n\n\t\t<\/div>\n\t<\/div>\n<\/div><\/div>\n\n\t\t\t<\/div><\/div><\/div><\/div><div class=\"wpb_column vc_column_container vc_col-sm-12 vc_col-lg-3 vc_col-md-3 vc_col-xs-12\"><div class=\"vc_column-inner\"><div class=\"wpb_wrapper\"><\/div><\/div><\/div><\/div><div class=\"ult-spacer spacer-6a9b7133307bc\" data-id=\"6a9b7133307bc\" data-height=\"10\" data-height-mobile=\"10\" data-height-tab=\"10\" data-height-tab-portrait=\"\" data-height-mobile-landscape=\"\" style=\"clear:both;display:block;\"><\/div>\n\t<div class=\"wpb_raw_code wpb_raw_html wpb_content_element\" >\n\t\t<div class=\"wpb_wrapper\">\n\t\t\t<style> #facultad-personal .vc_tta-panel-body .wpb_wrapper > .ult-team-member-wrap { min-height: 440px !important; } <\/style>\n\t\t<\/div>\n\t<\/div>\n\n\t<div class=\"wpb_raw_code wpb_raw_js\" >\n\t\t<div class=\"wpb_wrapper\">\n\t\t\t<script> \n\t( function( $ )\n\t{ \tsetTimeout( function()\n\t\t{\t\/* --------------------------------------------------------- *\/\n\t\t\tlet person = '#personal-contacto > .vc_tta-panel-body .person';\n\t\t\tlet email  = '#personal-contacto > .vc_tta-panel-body .email' ;\n\t\t\t\/* --------------------------------------------------------- *\/\n\t\t\t$(  person ).each( function()\n\t\t\t{ let photo = $( this ).find( '.ult-team-member-image' \t  );\n\t\t\t  let desc  = $( this ).find( '.ult-team-member-bio-wrap' );\n\t\t\t  let info  = desc.contents().find( 'h2' ).text();\n\t\t\t\t  info += ', ';\n\t\t\t\t  info += desc.contents().find( '.ult-team-member-position' ).text();\n\t\t\t\t  console.info( info ); photo.attr( 'title', 'Foto de: ' + info ); \n\t\t\t  photo.contents().find( 'span' ).attr( 'title', 'Foto de: ' + info ); \n\t\t\t  photo.contents().find(  'img' ).attr( 'title', 'Foto de: ' + info ).attr( 'alt', 'Foto de: ' + info ); \n\t\t\t});\n\t\t\t\/* --------------------------------------------------------- *\/\n\t\t\t$(  email  ).each( function()\n\t\t\t{ let boton = $( this ).find( \"[id^='uvc-exp-wrap-'] .ult_expheader\" );\n\t\t\t  $( this ).attr( 'title', 'Enviar un email a: ' + boton.text());\n\t\t\t});\n\t\t\t\/* --------------------------------------------------------- *\/\n\t\t}, 500 );\n\t})( jQuery );\n<\/script>\n\t\t<\/div>\n\t<\/div>\n<\/div><\/div><\/div><\/div><\/div><\/div>\n\t<div class=\"wpb_raw_code wpb_raw_js\" >\n\t\t<div class=\"wpb_wrapper\">\n\t\t\t<script> \n\t( function( $ )\n\t{ \tsetTimeout( function()\n\t\t{\tlet anchor = $( '#menu-tour > div > .vc_tta-tabs-container > ul > .vc_tta-tab > a' );\n\t\t\t\tanchor.each( function()\n\t\t\t{ $( this ).attr( 'title', 'Ver contenido: ' + $( this ).find( 'span' ).text()); \n\t\t\t});\n\t\t}, 500 );\n\t})( jQuery );\n<\/script>\n\t\t<\/div>\n\t<\/div>\n<\/div><\/div><\/div><\/div><\/section>\n<\/div>","protected":false},"excerpt":{"rendered":"<p>Terapia F\u00edsica (TEFI)Departamento de Estudios Aliados a la SaludBienvenidaVisi\u00f3n, Misi\u00f3n y ValoresMetasFundamentos Filos\u00f3ficosDefinici\u00f3n de ConceptosFunciones EsencialesPerfil del EgresadoRequisitos de Admisi\u00f3nCurr\u00edculoDescripci\u00f3n de CursosOportunidades de EmpleoOp\u00fasculoEstatus de la Acreditaci\u00f3nManual del Estudiante\u00bbStudents Outcomes\u00bbSolicitud Examen de Rev\u00e1lidaActividades del ProgramaFacultad y Personal AdministrativoBienvenidaMensaje de Bienvenida Bienvenidos al programa de Grado Asociado en Terapia F\u00edsica de la Universidad de Puerto Rico&hellip; <a class=\"continue\" href=\"https:\/\/www.uprp.edu\/en\/articulos\/academicos\/departamentos\/deas\/tefi-version-espanol\/\">*Informaci\u00f3n adicional sobre el tema<span> Terapia F\u00edsica (TEFI) &#8211; espa\u00f1ol<\/span><\/a><\/p>","protected":false},"author":168,"featured_media":0,"parent":628,"menu_order":85,"comment_status":"closed","ping_status":"closed","template":"","meta":{"_themeisle_gutenberg_block_has_review":false,"footnotes":""},"class_list":["post-8783","page","type-page","status-publish","hentry","description-off"],"_links":{"self":[{"href":"https:\/\/www.uprp.edu\/en\/wp-json\/wp\/v2\/pages\/8783","targetHints":{"allow":["GET"]}}],"collection":[{"href":"https:\/\/www.uprp.edu\/en\/wp-json\/wp\/v2\/pages"}],"about":[{"href":"https:\/\/www.uprp.edu\/en\/wp-json\/wp\/v2\/types\/page"}],"author":[{"embeddable":true,"href":"https:\/\/www.uprp.edu\/en\/wp-json\/wp\/v2\/users\/168"}],"replies":[{"embeddable":true,"href":"https:\/\/www.uprp.edu\/en\/wp-json\/wp\/v2\/comments?post=8783"}],"version-history":[{"count":255,"href":"https:\/\/www.uprp.edu\/en\/wp-json\/wp\/v2\/pages\/8783\/revisions"}],"predecessor-version":[{"id":35238,"href":"https:\/\/www.uprp.edu\/en\/wp-json\/wp\/v2\/pages\/8783\/revisions\/35238"}],"up":[{"embeddable":true,"href":"https:\/\/www.uprp.edu\/en\/wp-json\/wp\/v2\/pages\/628"}],"wp:attachment":[{"href":"https:\/\/www.uprp.edu\/en\/wp-json\/wp\/v2\/media?parent=8783"}],"curies":[{"name":"wp","href":"https:\/\/api.w.org\/{rel}","templated":true}]}}